{"id":27353,"date":"2022-08-31T08:43:23","date_gmt":"2022-08-31T13:43:23","guid":{"rendered":"https:\/\/zonales.quito.gob.ec\/?page_id=27353"},"modified":"2025-07-04T15:51:10","modified_gmt":"2025-07-04T20:51:10","slug":"belleza","status":"publish","type":"page","link":"https:\/\/zonales.quito.gob.ec\/?page_id=27353","title":{"rendered":"Belleza"},"content":{"rendered":"\t\t<div data-elementor-type=\"wp-page\" data-elementor-id=\"27353\" class=\"elementor elementor-27353\" data-elementor-post-type=\"page\">\n\t\t\t\t\t\t<section class=\"elementor-section elementor-top-section elementor-element elementor-element-57b1044 elementor-section-full_width elementor-section-items-bottom elementor-section-height-min-height elementor-section-height-default\" data-id=\"57b1044\" data-element_type=\"section\" data-settings=\"{&quot;background_background&quot;:&quot;classic&quot;}\">\n\t\t\t\t\t\t\t<div class=\"elementor-background-overlay\"><\/div>\n\t\t\t\t\t\t\t<div class=\"elementor-container elementor-column-gap-default\">\n\t\t\t\t\t<div class=\"elementor-column elementor-col-100 elementor-top-column elementor-element elementor-element-ad4877b\" data-id=\"ad4877b\" data-element_type=\"column\">\n\t\t\t<div class=\"elementor-widget-wrap elementor-element-populated\">\n\t\t\t\t\t\t<section class=\"elementor-section elementor-inner-section elementor-element elementor-element-8d31f2e elementor-section-boxed elementor-section-height-default elementor-section-height-default\" data-id=\"8d31f2e\" data-element_type=\"section\">\n\t\t\t\t\t\t<div class=\"elementor-container elementor-column-gap-default\">\n\t\t\t\t\t<div class=\"elementor-column elementor-col-100 elementor-inner-column elementor-element elementor-element-fc3ca5b\" data-id=\"fc3ca5b\" data-element_type=\"column\">\n\t\t\t<div class=\"elementor-widget-wrap elementor-element-populated\">\n\t\t\t\t\t\t<div class=\"elementor-element elementor-element-5109cc4 elementor-widget elementor-widget-page-title\" data-id=\"5109cc4\" data-element_type=\"widget\" data-settings=\"{&quot;align&quot;:&quot;center&quot;}\" data-widget_type=\"page-title.default\">\n\t\t\t\t<div class=\"elementor-widget-container\">\n\t\t\t\t\t\t\t\n\t\t<div class=\"hfe-page-title hfe-page-title-wrapper elementor-widget-heading\">\n\n\t\t\t\t\t\t\t\t\t\t\t<a href=\"https:\/\/zonales.quito.gob.ec\">\n\t\t\t\t\t\t<h2 class=\"elementor-heading-title elementor-size-default\">\n\t\t\t\t\t\t\t\t\n\t\t\t\tBelleza  \n\t\t\t<\/h2 > \n\t\t\t\t\t\t\t\t\t<\/a>\n\t\t\t\t\t<\/div>\n\t\t\t\t\t\t<\/div>\n\t\t\t\t<\/div>\n\t\t\t\t<div class=\"elementor-element elementor-element-b06cc83 elementor-widget elementor-widget-text-editor\" data-id=\"b06cc83\" data-element_type=\"widget\" data-widget_type=\"text-editor.default\">\n\t\t\t\t<div class=\"elementor-widget-container\">\n\t\t\t\t\t\t\t\t\t<p>Visualiza, consulta\u00a0 e inscr\u00edbete en los talleres de esta categor\u00eda<\/p>\t\t\t\t\t\t\t\t<\/div>\n\t\t\t\t<\/div>\n\t\t\t\t\t<\/div>\n\t\t<\/div>\n\t\t\t\t\t<\/div>\n\t\t<\/section>\n\t\t\t\t\t<\/div>\n\t\t<\/div>\n\t\t\t\t\t<\/div>\n\t\t<\/section>\n\t\t\t\t<section class=\"elementor-section elementor-top-section elementor-element elementor-element-2d7ab5f elementor-section-full_width elementor-section-height-default elementor-section-height-default\" data-id=\"2d7ab5f\" data-element_type=\"section\" data-settings=\"{&quot;background_background&quot;:&quot;classic&quot;}\">\n\t\t\t\t\t\t<div class=\"elementor-container elementor-column-gap-default\">\n\t\t\t\t\t<div class=\"elementor-column elementor-col-100 elementor-top-column elementor-element elementor-element-d27eac1\" data-id=\"d27eac1\" data-element_type=\"column\">\n\t\t\t<div class=\"elementor-widget-wrap elementor-element-populated\">\n\t\t\t\t\t\t<div class=\"elementor-element elementor-element-058977f hfe-submenu-animation-slide_up hfe-link-redirect-self_link hfe-nav-menu__align-center hfe-submenu-icon-arrow hfe-nav-menu__breakpoint-tablet elementor-widget elementor-widget-navigation-menu\" data-id=\"058977f\" data-element_type=\"widget\" data-settings=\"{&quot;distance_from_menu_mobile&quot;:{&quot;unit&quot;:&quot;px&quot;,&quot;size&quot;:-3,&quot;sizes&quot;:[]},&quot;padding_horizontal_menu_item&quot;:{&quot;unit&quot;:&quot;px&quot;,&quot;size&quot;:15,&quot;sizes&quot;:[]},&quot;padding_horizontal_menu_item_tablet&quot;:{&quot;unit&quot;:&quot;px&quot;,&quot;size&quot;:&quot;&quot;,&quot;sizes&quot;:[]},&quot;padding_horizontal_menu_item_mobile&quot;:{&quot;unit&quot;:&quot;px&quot;,&quot;size&quot;:&quot;&quot;,&quot;sizes&quot;:[]},&quot;padding_vertical_menu_item&quot;:{&quot;unit&quot;:&quot;px&quot;,&quot;size&quot;:15,&quot;sizes&quot;:[]},&quot;padding_vertical_menu_item_tablet&quot;:{&quot;unit&quot;:&quot;px&quot;,&quot;size&quot;:&quot;&quot;,&quot;sizes&quot;:[]},&quot;padding_vertical_menu_item_mobile&quot;:{&quot;unit&quot;:&quot;px&quot;,&quot;size&quot;:&quot;&quot;,&quot;sizes&quot;:[]},&quot;menu_space_between&quot;:{&quot;unit&quot;:&quot;px&quot;,&quot;size&quot;:&quot;&quot;,&quot;sizes&quot;:[]},&quot;menu_space_between_tablet&quot;:{&quot;unit&quot;:&quot;px&quot;,&quot;size&quot;:&quot;&quot;,&quot;sizes&quot;:[]},&quot;menu_space_between_mobile&quot;:{&quot;unit&quot;:&quot;px&quot;,&quot;size&quot;:&quot;&quot;,&quot;sizes&quot;:[]},&quot;menu_row_space&quot;:{&quot;unit&quot;:&quot;px&quot;,&quot;size&quot;:&quot;&quot;,&quot;sizes&quot;:[]},&quot;menu_row_space_tablet&quot;:{&quot;unit&quot;:&quot;px&quot;,&quot;size&quot;:&quot;&quot;,&quot;sizes&quot;:[]},&quot;menu_row_space_mobile&quot;:{&quot;unit&quot;:&quot;px&quot;,&quot;size&quot;:&quot;&quot;,&quot;sizes&quot;:[]},&quot;dropdown_border_radius&quot;:{&quot;unit&quot;:&quot;px&quot;,&quot;top&quot;:&quot;&quot;,&quot;right&quot;:&quot;&quot;,&quot;bottom&quot;:&quot;&quot;,&quot;left&quot;:&quot;&quot;,&quot;isLinked&quot;:true},&quot;dropdown_border_radius_tablet&quot;:{&quot;unit&quot;:&quot;px&quot;,&quot;top&quot;:&quot;&quot;,&quot;right&quot;:&quot;&quot;,&quot;bottom&quot;:&quot;&quot;,&quot;left&quot;:&quot;&quot;,&quot;isLinked&quot;:true},&quot;dropdown_border_radius_mobile&quot;:{&quot;unit&quot;:&quot;px&quot;,&quot;top&quot;:&quot;&quot;,&quot;right&quot;:&quot;&quot;,&quot;bottom&quot;:&quot;&quot;,&quot;left&quot;:&quot;&quot;,&quot;isLinked&quot;:true},&quot;width_dropdown_item&quot;:{&quot;unit&quot;:&quot;px&quot;,&quot;size&quot;:&quot;220&quot;,&quot;sizes&quot;:[]},&quot;width_dropdown_item_tablet&quot;:{&quot;unit&quot;:&quot;px&quot;,&quot;size&quot;:&quot;&quot;,&quot;sizes&quot;:[]},&quot;width_dropdown_item_mobile&quot;:{&quot;unit&quot;:&quot;px&quot;,&quot;size&quot;:&quot;&quot;,&quot;sizes&quot;:[]},&quot;padding_horizontal_dropdown_item&quot;:{&quot;unit&quot;:&quot;px&quot;,&quot;size&quot;:&quot;&quot;,&quot;sizes&quot;:[]},&quot;padding_horizontal_dropdown_item_tablet&quot;:{&quot;unit&quot;:&quot;px&quot;,&quot;size&quot;:&quot;&quot;,&quot;sizes&quot;:[]},&quot;padding_horizontal_dropdown_item_mobile&quot;:{&quot;unit&quot;:&quot;px&quot;,&quot;size&quot;:&quot;&quot;,&quot;sizes&quot;:[]},&quot;padding_vertical_dropdown_item&quot;:{&quot;unit&quot;:&quot;px&quot;,&quot;size&quot;:15,&quot;sizes&quot;:[]},&quot;padding_vertical_dropdown_item_tablet&quot;:{&quot;unit&quot;:&quot;px&quot;,&quot;size&quot;:&quot;&quot;,&quot;sizes&quot;:[]},&quot;padding_vertical_dropdown_item_mobile&quot;:{&quot;unit&quot;:&quot;px&quot;,&quot;size&quot;:&quot;&quot;,&quot;sizes&quot;:[]},&quot;distance_from_menu&quot;:{&quot;unit&quot;:&quot;px&quot;,&quot;size&quot;:&quot;&quot;,&quot;sizes&quot;:[]},&quot;distance_from_menu_tablet&quot;:{&quot;unit&quot;:&quot;px&quot;,&quot;size&quot;:&quot;&quot;,&quot;sizes&quot;:[]},&quot;toggle_size&quot;:{&quot;unit&quot;:&quot;px&quot;,&quot;size&quot;:&quot;&quot;,&quot;sizes&quot;:[]},&quot;toggle_size_tablet&quot;:{&quot;unit&quot;:&quot;px&quot;,&quot;size&quot;:&quot;&quot;,&quot;sizes&quot;:[]},&quot;toggle_size_mobile&quot;:{&quot;unit&quot;:&quot;px&quot;,&quot;size&quot;:&quot;&quot;,&quot;sizes&quot;:[]},&quot;toggle_border_width&quot;:{&quot;unit&quot;:&quot;px&quot;,&quot;size&quot;:&quot;&quot;,&quot;sizes&quot;:[]},&quot;toggle_border_width_tablet&quot;:{&quot;unit&quot;:&quot;px&quot;,&quot;size&quot;:&quot;&quot;,&quot;sizes&quot;:[]},&quot;toggle_border_width_mobile&quot;:{&quot;unit&quot;:&quot;px&quot;,&quot;size&quot;:&quot;&quot;,&quot;sizes&quot;:[]},&quot;toggle_border_radius&quot;:{&quot;unit&quot;:&quot;px&quot;,&quot;size&quot;:&quot;&quot;,&quot;sizes&quot;:[]},&quot;toggle_border_radius_tablet&quot;:{&quot;unit&quot;:&quot;px&quot;,&quot;size&quot;:&quot;&quot;,&quot;sizes&quot;:[]},&quot;toggle_border_radius_mobile&quot;:{&quot;unit&quot;:&quot;px&quot;,&quot;size&quot;:&quot;&quot;,&quot;sizes&quot;:[]}}\" data-widget_type=\"navigation-menu.default\">\n\t\t\t\t<div class=\"elementor-widget-container\">\n\t\t\t\t\t\t\t\t<div class=\"hfe-nav-menu hfe-layout-horizontal hfe-nav-menu-layout horizontal hfe-pointer__underline hfe-animation__fade\" data-layout=\"horizontal\">\n\t\t\t\t<div role=\"button\" class=\"hfe-nav-menu__toggle elementor-clickable\" tabindex=\"0\" aria-label=\"Alternar men\u00fa\">\n\t\t\t\t\t<span class=\"screen-reader-text\">Men\u00fa<\/span>\n\t\t\t\t\t<div class=\"hfe-nav-menu-icon\">\n\t\t\t\t\t\t<svg aria-hidden=\"true\"  class=\"e-font-icon-svg e-fas-align-justify\" viewBox=\"0 0 448 512\" xmlns=\"http:\/\/www.w3.org\/2000\/svg\"><path d=\"M432 416H16a16 16 0 0 0-16 16v32a16 16 0 0 0 16 16h416a16 16 0 0 0 16-16v-32a16 16 0 0 0-16-16zm0-128H16a16 16 0 0 0-16 16v32a16 16 0 0 0 16 16h416a16 16 0 0 0 16-16v-32a16 16 0 0 0-16-16zm0-128H16a16 16 0 0 0-16 16v32a16 16 0 0 0 16 16h416a16 16 0 0 0 16-16v-32a16 16 0 0 0-16-16zm0-128H16A16 16 0 0 0 0 48v32a16 16 0 0 0 16 16h416a16 16 0 0 0 16-16V48a16 16 0 0 0-16-16z\"><\/path><\/svg>\t\t\t\t\t<\/div>\n\t\t\t\t<\/div>\n\t\t\t\t<nav itemscope=\"itemscope\" itemtype=\"https:\/\/schema.org\/SiteNavigationElement\" class=\"hfe-nav-menu__layout-horizontal hfe-nav-menu__submenu-arrow\" data-toggle-icon=\"&lt;svg aria-hidden=&quot;true&quot; tabindex=&quot;0&quot; class=&quot;e-font-icon-svg e-fas-align-justify&quot; viewBox=&quot;0 0 448 512&quot; xmlns=&quot;http:\/\/www.w3.org\/2000\/svg&quot;&gt;&lt;path d=&quot;M432 416H16a16 16 0 0 0-16 16v32a16 16 0 0 0 16 16h416a16 16 0 0 0 16-16v-32a16 16 0 0 0-16-16zm0-128H16a16 16 0 0 0-16 16v32a16 16 0 0 0 16 16h416a16 16 0 0 0 16-16v-32a16 16 0 0 0-16-16zm0-128H16a16 16 0 0 0-16 16v32a16 16 0 0 0 16 16h416a16 16 0 0 0 16-16v-32a16 16 0 0 0-16-16zm0-128H16A16 16 0 0 0 0 48v32a16 16 0 0 0 16 16h416a16 16 0 0 0 16-16V48a16 16 0 0 0-16-16z&quot;&gt;&lt;\/path&gt;&lt;\/svg&gt;\" data-close-icon=\"&lt;svg aria-hidden=&quot;true&quot; tabindex=&quot;0&quot; class=&quot;e-font-icon-svg e-far-window-close&quot; viewBox=&quot;0 0 512 512&quot; xmlns=&quot;http:\/\/www.w3.org\/2000\/svg&quot;&gt;&lt;path d=&quot;M464 32H48C21.5 32 0 53.5 0 80v352c0 26.5 21.5 48 48 48h416c26.5 0 48-21.5 48-48V80c0-26.5-21.5-48-48-48zm0 394c0 3.3-2.7 6-6 6H54c-3.3 0-6-2.7-6-6V86c0-3.3 2.7-6 6-6h404c3.3 0 6 2.7 6 6v340zM356.5 194.6L295.1 256l61.4 61.4c4.6 4.6 4.6 12.1 0 16.8l-22.3 22.3c-4.6 4.6-12.1 4.6-16.8 0L256 295.1l-61.4 61.4c-4.6 4.6-12.1 4.6-16.8 0l-22.3-22.3c-4.6-4.6-4.6-12.1 0-16.8l61.4-61.4-61.4-61.4c-4.6-4.6-4.6-12.1 0-16.8l22.3-22.3c4.6-4.6 12.1-4.6 16.8 0l61.4 61.4 61.4-61.4c4.6-4.6 12.1-4.6 16.8 0l22.3 22.3c4.7 4.6 4.7 12.1 0 16.8z&quot;&gt;&lt;\/path&gt;&lt;\/svg&gt;\" data-full-width=\"yes\">\n\t\t\t\t\t<ul id=\"menu-1-058977f\" class=\"hfe-nav-menu\"><li id=\"menu-item-27380\" itemprop=\"name\" class=\"menu-item menu-item-type-post_type menu-item-object-page parent hfe-creative-menu\"><a href=\"https:\/\/zonales.quito.gob.ec\/?page_id=16694\" itemprop=\"url\" class = \"hfe-menu-item\">CASAS SOMOS<\/a><\/li>\n<li id=\"menu-item-27366\" itemprop=\"name\" class=\"menu-item menu-item-type-post_type menu-item-object-page parent hfe-creative-menu\"><a href=\"https:\/\/zonales.quito.gob.ec\/?page_id=27340\" itemprop=\"url\" class = \"hfe-menu-item\">Educaci\u00f3n<\/a><\/li>\n<li id=\"menu-item-27367\" itemprop=\"name\" class=\"menu-item menu-item-type-post_type menu-item-object-page parent hfe-creative-menu\"><a href=\"https:\/\/zonales.quito.gob.ec\/?page_id=27315\" itemprop=\"url\" class = \"hfe-menu-item\">Cuidado Animal<\/a><\/li>\n<li id=\"menu-item-27365\" itemprop=\"name\" class=\"menu-item menu-item-type-post_type menu-item-object-page parent hfe-creative-menu\"><a href=\"https:\/\/zonales.quito.gob.ec\/?page_id=27353\" itemprop=\"url\" class = \"hfe-menu-item\">Belleza<\/a><\/li>\n<li id=\"menu-item-283012\" itemprop=\"name\" class=\"menu-item menu-item-type-post_type menu-item-object-page parent hfe-creative-menu\"><a href=\"https:\/\/zonales.quito.gob.ec\/?page_id=282953\" itemprop=\"url\" class = \"hfe-menu-item\">Bienestar<\/a><\/li>\n<li id=\"menu-item-27364\" itemprop=\"name\" class=\"menu-item menu-item-type-post_type menu-item-object-page parent hfe-creative-menu\"><a href=\"https:\/\/zonales.quito.gob.ec\/?page_id=27355\" itemprop=\"url\" class = \"hfe-menu-item\">Deportes<\/a><\/li>\n<li id=\"menu-item-27363\" itemprop=\"name\" class=\"menu-item menu-item-type-post_type menu-item-object-page parent hfe-creative-menu\"><a href=\"https:\/\/zonales.quito.gob.ec\/?page_id=27357\" itemprop=\"url\" class = \"hfe-menu-item\">Desarrollo Art\u00edstico<\/a><\/li>\n<li id=\"menu-item-27486\" itemprop=\"name\" class=\"menu-item menu-item-type-post_type menu-item-object-page parent hfe-creative-menu\"><a href=\"https:\/\/zonales.quito.gob.ec\/?page_id=27430\" itemprop=\"url\" class = \"hfe-menu-item\">Inclusi\u00f3n para Grupos de Atenci\u00f3n Prioritaria<\/a><\/li>\n<li id=\"menu-item-27362\" itemprop=\"name\" class=\"menu-item menu-item-type-post_type menu-item-object-page parent hfe-creative-menu\"><a href=\"https:\/\/zonales.quito.gob.ec\/?page_id=27359\" itemprop=\"url\" class = \"hfe-menu-item\">Gastronom\u00eda<\/a><\/li>\n<li id=\"menu-item-27485\" itemprop=\"name\" class=\"menu-item menu-item-type-post_type menu-item-object-page parent hfe-creative-menu\"><a href=\"https:\/\/zonales.quito.gob.ec\/?page_id=27435\" itemprop=\"url\" class = \"hfe-menu-item\">Administraci\u00f3n de Emprendimientos<\/a><\/li>\n<li id=\"menu-item-27481\" itemprop=\"name\" class=\"menu-item menu-item-type-post_type menu-item-object-page parent hfe-creative-menu\"><a href=\"https:\/\/zonales.quito.gob.ec\/?page_id=27455\" itemprop=\"url\" class = \"hfe-menu-item\">Ocupacional<\/a><\/li>\n<li id=\"menu-item-27480\" itemprop=\"name\" class=\"menu-item menu-item-type-post_type menu-item-object-page parent hfe-creative-menu\"><a href=\"https:\/\/zonales.quito.gob.ec\/?page_id=27460\" itemprop=\"url\" class = \"hfe-menu-item\">Producci\u00f3n artesanal y Manualidades<\/a><\/li>\n<li id=\"menu-item-27479\" itemprop=\"name\" class=\"menu-item menu-item-type-post_type menu-item-object-page parent hfe-creative-menu\"><a href=\"https:\/\/zonales.quito.gob.ec\/?page_id=27465\" itemprop=\"url\" class = \"hfe-menu-item\">Tecnolog\u00eda y Computaci\u00f3n<\/a><\/li>\n<\/ul> \n\t\t\t\t<\/nav>\n\t\t\t<\/div>\n\t\t\t\t\t\t\t<\/div>\n\t\t\t\t<\/div>\n\t\t\t\t<div class=\"elementor-element elementor-element-b2f43ae elementor-widget elementor-widget-heading\" data-id=\"b2f43ae\" data-element_type=\"widget\" data-widget_type=\"heading.default\">\n\t\t\t\t<div class=\"elementor-widget-container\">\n\t\t\t\t\t<h2 class=\"elementor-heading-title elementor-size-default\">Busque el taller que desee<\/h2>\t\t\t\t<\/div>\n\t\t\t\t<\/div>\n\t\t\t\t<div class=\"elementor-element elementor-element-41f9086 elementor-widget elementor-widget-shortcode\" data-id=\"41f9086\" data-element_type=\"widget\" data-widget_type=\"shortcode.default\">\n\t\t\t\t<div class=\"elementor-widget-container\">\n\t\t\t\t\t\t\t<div class=\"elementor-shortcode\"><div class=\"asl_w_container asl_w_container_1\" data-id=\"1\" data-instance=\"1\">\n\t<div id='ajaxsearchlite1'\n\t\tdata-id=\"1\"\n\t\tdata-instance=\"1\"\n\t\tclass=\"asl_w asl_m asl_m_1 asl_m_1_1\">\n\t\t<div class=\"probox\">\n\n\t\n\t<div class='prosettings' style='display:none;' data-opened=0>\n\t\t\t\t<div class='innericon'>\n\t\t\t<svg version=\"1.1\" xmlns=\"http:\/\/www.w3.org\/2000\/svg\" xmlns:xlink=\"http:\/\/www.w3.org\/1999\/xlink\" x=\"0px\" y=\"0px\" width=\"22\" height=\"22\" viewBox=\"0 0 512 512\" enable-background=\"new 0 0 512 512\" xml:space=\"preserve\">\n\t\t\t\t\t<polygon transform = \"rotate(90 256 256)\" points=\"142.332,104.886 197.48,50 402.5,256 197.48,462 142.332,407.113 292.727,256 \"\/>\n\t\t\t\t<\/svg>\n\t\t<\/div>\n\t<\/div>\n\n\t\n\t\n\t<div class='proinput'>\n\t\t<form role=\"search\" action='#' autocomplete=\"off\"\n\t\t\t\taria-label=\"Search form\">\n\t\t\t<input aria-label=\"Search input\"\n\t\t\t\t\ttype='search' class='orig'\n\t\t\t\t\ttabindex=\"0\"\n\t\t\t\t\tname='phrase'\n\t\t\t\t\tplaceholder='Buscar aqu\u00ed'\n\t\t\t\t\tvalue=''\n\t\t\t\t\tautocomplete=\"off\"\/>\n\t\t\t<input aria-label=\"Search autocomplete input\"\n\t\t\t\t\ttype='text'\n\t\t\t\t\tclass='autocomplete'\n\t\t\t\t\ttabindex=\"-1\"\n\t\t\t\t\tname='phrase'\n\t\t\t\t\tvalue=''\n\t\t\t\t\tautocomplete=\"off\" disabled\/>\n\t\t\t<input type='submit' value=\"Start search\" style='width:0; height: 0; visibility: hidden;'>\n\t\t<\/form>\n\t<\/div>\n\n\t\n\t\n\t<button class='promagnifier' tabindex=\"0\" aria-label=\"Search magnifier button\">\n\t\t\t\t<span class='innericon' style=\"display:block;\">\n\t\t\t<svg version=\"1.1\" xmlns=\"http:\/\/www.w3.org\/2000\/svg\" xmlns:xlink=\"http:\/\/www.w3.org\/1999\/xlink\" x=\"0px\" y=\"0px\" width=\"22\" height=\"22\" viewBox=\"0 0 512 512\" enable-background=\"new 0 0 512 512\" xml:space=\"preserve\">\n\t\t\t\t\t<path d=\"M460.355,421.59L353.844,315.078c20.041-27.553,31.885-61.437,31.885-98.037\n\t\t\t\t\t\tC385.729,124.934,310.793,50,218.686,50C126.58,50,51.645,124.934,51.645,217.041c0,92.106,74.936,167.041,167.041,167.041\n\t\t\t\t\t\tc34.912,0,67.352-10.773,94.184-29.158L419.945,462L460.355,421.59z M100.631,217.041c0-65.096,52.959-118.056,118.055-118.056\n\t\t\t\t\t\tc65.098,0,118.057,52.959,118.057,118.056c0,65.096-52.959,118.056-118.057,118.056C153.59,335.097,100.631,282.137,100.631,217.041\n\t\t\t\t\t\tz\"\/>\n\t\t\t\t<\/svg>\n\t\t<\/span>\n\t<\/button>\n\n\t\n\t\n\t<div class='proloading'>\n\n\t\t<div class=\"asl_loader\"><div class=\"asl_loader-inner asl_simple-circle\"><\/div><\/div>\n\n\t\t\t<\/div>\n\n\t\t\t<div class='proclose'>\n\t\t\t<svg version=\"1.1\" xmlns=\"http:\/\/www.w3.org\/2000\/svg\" xmlns:xlink=\"http:\/\/www.w3.org\/1999\/xlink\" x=\"0px\"\n\t\t\t\ty=\"0px\"\n\t\t\t\twidth=\"12\" height=\"12\" viewBox=\"0 0 512 512\" enable-background=\"new 0 0 512 512\"\n\t\t\t\txml:space=\"preserve\">\n\t\t\t\t<polygon points=\"438.393,374.595 319.757,255.977 438.378,137.348 374.595,73.607 255.995,192.225 137.375,73.622 73.607,137.352 192.246,255.983 73.622,374.625 137.352,438.393 256.002,319.734 374.652,438.378 \"\/>\n\t\t\t<\/svg>\n\t\t<\/div>\n\t\n\t\n<\/div>\t<\/div>\n\t<div class='asl_data_container' style=\"display:none !important;\">\n\t\t<div class=\"asl_init_data wpdreams_asl_data_ct\"\n\tstyle=\"display:none !important;\"\n\tid=\"asl_init_id_1\"\n\tdata-asl-id=\"1\"\n\tdata-asl-instance=\"1\"\n\tdata-settings=\"{&quot;homeurl&quot;:&quot;https:\\\/\\\/zonales.quito.gob.ec\\\/&quot;,&quot;resultstype&quot;:&quot;vertical&quot;,&quot;resultsposition&quot;:&quot;hover&quot;,&quot;itemscount&quot;:6,&quot;charcount&quot;:0,&quot;minWordLength&quot;:2,&quot;highlight&quot;:false,&quot;highlightWholewords&quot;:true,&quot;singleHighlight&quot;:false,&quot;scrollToResults&quot;:{&quot;enabled&quot;:false,&quot;offset&quot;:0},&quot;resultareaclickable&quot;:1,&quot;autocomplete&quot;:{&quot;enabled&quot;:true,&quot;lang&quot;:&quot;es&quot;,&quot;trigger_charcount&quot;:0},&quot;mobile&quot;:{&quot;menu_selector&quot;:&quot;#menu-toggle&quot;},&quot;trigger&quot;:{&quot;click&quot;:&quot;results_page&quot;,&quot;click_location&quot;:&quot;same&quot;,&quot;update_href&quot;:false,&quot;return&quot;:&quot;results_page&quot;,&quot;return_location&quot;:&quot;same&quot;,&quot;facet&quot;:true,&quot;type&quot;:true,&quot;redirect_url&quot;:&quot;?s={phrase}&quot;,&quot;delay&quot;:300},&quot;animations&quot;:{&quot;pc&quot;:{&quot;settings&quot;:{&quot;anim&quot;:&quot;fadedrop&quot;,&quot;dur&quot;:300},&quot;results&quot;:{&quot;anim&quot;:&quot;fadedrop&quot;,&quot;dur&quot;:300},&quot;items&quot;:&quot;voidanim&quot;},&quot;mob&quot;:{&quot;settings&quot;:{&quot;anim&quot;:&quot;fadedrop&quot;,&quot;dur&quot;:300},&quot;results&quot;:{&quot;anim&quot;:&quot;fadedrop&quot;,&quot;dur&quot;:300},&quot;items&quot;:&quot;voidanim&quot;}},&quot;autop&quot;:{&quot;state&quot;:true,&quot;phrase&quot;:&quot;&quot;,&quot;count&quot;:&quot;1&quot;},&quot;resPage&quot;:{&quot;useAjax&quot;:false,&quot;selector&quot;:&quot;#main&quot;,&quot;trigger_type&quot;:true,&quot;trigger_facet&quot;:true,&quot;trigger_magnifier&quot;:false,&quot;trigger_return&quot;:false},&quot;resultsSnapTo&quot;:&quot;left&quot;,&quot;results&quot;:{&quot;width&quot;:&quot;auto&quot;,&quot;width_tablet&quot;:&quot;auto&quot;,&quot;width_phone&quot;:&quot;auto&quot;},&quot;settingsimagepos&quot;:&quot;right&quot;,&quot;closeOnDocClick&quot;:true,&quot;overridewpdefault&quot;:true,&quot;override_method&quot;:&quot;get&quot;}\"><\/div>\n\t<div id=\"asl_hidden_data\">\n\t\t<svg style=\"position:absolute\" height=\"0\" width=\"0\">\n\t\t\t<filter id=\"aslblur\">\n\t\t\t\t<feGaussianBlur in=\"SourceGraphic\" stdDeviation=\"4\"\/>\n\t\t\t<\/filter>\n\t\t<\/svg>\n\t\t<svg style=\"position:absolute\" height=\"0\" width=\"0\">\n\t\t\t<filter id=\"no_aslblur\"><\/filter>\n\t\t<\/svg>\n\t<\/div>\n\t<\/div>\n\n\t<div id='ajaxsearchliteres1'\n\tclass='vertical wpdreams_asl_results asl_w asl_r asl_r_1 asl_r_1_1'>\n\n\t\n\t<div class=\"results\">\n\n\t\t\n\t\t<div class=\"resdrg\">\n\t\t<\/div>\n\n\t\t\n\t<\/div>\n\n\t\n\t\t\t\t\t<p class='showmore'>\n\t\t\t<span>M\u00e1s resultados<\/span>\n\t\t<\/p>\n\t\t\t\n<\/div>\n\n\t<div id='__original__ajaxsearchlitesettings1'\n\t\tdata-id=\"1\"\n\t\tclass=\"searchsettings wpdreams_asl_settings asl_w asl_s asl_s_1\">\n\t\t<form name='options'\n\t\taria-label=\"Search settings form\"\n\t\tautocomplete = 'off'>\n\n\t\n\t\n\t<input type=\"hidden\" name=\"filters_changed\" style=\"display:none;\" value=\"0\">\n\t<input type=\"hidden\" name=\"filters_initial\" style=\"display:none;\" value=\"1\">\n\n\t<div class=\"asl_option_inner hiddend\">\n\t\t<input type='hidden' name='qtranslate_lang' id='qtranslate_lang'\n\t\t\t\tvalue='0'\/>\n\t<\/div>\n\n\t\n\t\n\t<fieldset class=\"asl_sett_scroll\">\n\t\t<legend style=\"display: none;\">Generic selectors<\/legend>\n\t\t<div class=\"asl_option\" tabindex=\"0\">\n\t\t\t<div class=\"asl_option_inner\">\n\t\t\t\t<input type=\"checkbox\" value=\"exact\"\n\t\t\t\t\t\taria-label=\"Exact matches only\"\n\t\t\t\t\t\tname=\"asl_gen[]\" \/>\n\t\t\t\t<div class=\"asl_option_checkbox\"><\/div>\n\t\t\t<\/div>\n\t\t\t<div class=\"asl_option_label\">\n\t\t\t\tExact matches only\t\t\t<\/div>\n\t\t<\/div>\n\t\t<div class=\"asl_option\" tabindex=\"0\">\n\t\t\t<div class=\"asl_option_inner\">\n\t\t\t\t<input type=\"checkbox\" value=\"title\"\n\t\t\t\t\t\taria-label=\"Search in title\"\n\t\t\t\t\t\tname=\"asl_gen[]\"  checked=\"checked\"\/>\n\t\t\t\t<div class=\"asl_option_checkbox\"><\/div>\n\t\t\t<\/div>\n\t\t\t<div class=\"asl_option_label\">\n\t\t\t\tSearch in title\t\t\t<\/div>\n\t\t<\/div>\n\t\t<div class=\"asl_option\" tabindex=\"0\">\n\t\t\t<div class=\"asl_option_inner\">\n\t\t\t\t<input type=\"checkbox\" value=\"content\"\n\t\t\t\t\t\taria-label=\"Search in content\"\n\t\t\t\t\t\tname=\"asl_gen[]\"  checked=\"checked\"\/>\n\t\t\t\t<div class=\"asl_option_checkbox\"><\/div>\n\t\t\t<\/div>\n\t\t\t<div class=\"asl_option_label\">\n\t\t\t\tSearch in content\t\t\t<\/div>\n\t\t<\/div>\n\t\t<div class=\"asl_option_inner hiddend\">\n\t\t\t<input type=\"checkbox\" value=\"excerpt\"\n\t\t\t\t\taria-label=\"Search in excerpt\"\n\t\t\t\t\tname=\"asl_gen[]\" \/>\n\t\t\t<div class=\"asl_option_checkbox\"><\/div>\n\t\t<\/div>\n\t<\/fieldset>\n\t<fieldset class=\"asl_sett_scroll\">\n\t\t<legend style=\"display: none;\">Post Type Selectors<\/legend>\n\t\t\t\t\t<div class=\"asl_option_inner hiddend\">\n\t\t\t\t<input type=\"checkbox\" value=\"post\"\n\t\t\t\t\t\taria-label=\"Hidden option, ignore please\"\n\t\t\t\t\t\tname=\"customset[]\" checked=\"checked\"\/>\n\t\t\t<\/div>\n\t\t\t\t<\/fieldset>\n\t<\/form>\n\t<\/div>\n<\/div>\n<\/div>\n\t\t\t\t\t\t<\/div>\n\t\t\t\t<\/div>\n\t\t\t\t<div class=\"elementor-element elementor-element-267f49a elementor-widget elementor-widget-shortcode\" data-id=\"267f49a\" data-element_type=\"widget\" data-widget_type=\"shortcode.default\">\n\t\t\t\t<div class=\"elementor-widget-container\">\n\t\t\t\t\t\t\t<div class=\"elementor-shortcode\"><div class=\"pt-cv-wrapper\"><div class=\"pt-cv-view pt-cv-grid pt-cv-colsys\" id=\"pt-cv-view-20729e97mx\"><div data-id=\"pt-cv-page-1\" class=\"pt-cv-page\" data-cvc=\"3\"><div class=\"col-md-4 col-sm-6 col-xs-12 pt-cv-content-item pt-cv-1-col\" ><div class='pt-cv-ifield'><a href=\"https:\/\/zonales.quito.gob.ec\/?p=439749\" class=\"_self pt-cv-href-thumbnail pt-cv-thumb-default\" target=\"_self\" ><img fetchpriority=\"high\" decoding=\"async\" width=\"450\" height=\"208\" src=\"https:\/\/zonales.quito.gob.ec\/wp-content\/uploads\/WhatsApp-Image-2026-09-03-at-6.50.34-PM.jpeg\" class=\"pt-cv-thumbnail\" alt=\"\" \/><\/a>\n<h3 class=\"pt-cv-title\"><a href=\"https:\/\/zonales.quito.gob.ec\/?p=439749\" class=\"_self\" target=\"_self\" >ELABORACI\u00d3N DE PEINADOS INFANTILES Y JUVENILES\/BELLEZA<\/a><\/h3>\n<div class=\"pt-cv-content\">CASA SOMOS MULTIGENERACIONAL LA MERCED Descripci\u00f3n:Desarrollar habilidades en peinados creativos ...<br \/><div class=\"pt-cv-rmwrap\"><a href=\"https:\/\/zonales.quito.gob.ec\/?p=439749\" class=\"_self pt-cv-readmore btn btn-success\" target=\"_self\">Leer M\u00e1s<\/a><\/div><\/div><\/div><\/div>\n<div class=\"col-md-4 col-sm-6 col-xs-12 pt-cv-content-item pt-cv-1-col\" ><div class='pt-cv-ifield'><a href=\"https:\/\/zonales.quito.gob.ec\/?p=438768\" class=\"_self pt-cv-href-thumbnail pt-cv-thumb-default\" target=\"_self\" ><img decoding=\"async\" width=\"140\" height=\"250\" src=\"https:\/\/zonales.quito.gob.ec\/wp-content\/uploads\/WhatsApp-Image-2026-09-03-at-5.54.44-PM.jpeg\" class=\"pt-cv-thumbnail\" alt=\"\" \/><\/a>\n<h3 class=\"pt-cv-title\"><a href=\"https:\/\/zonales.quito.gob.ec\/?p=438768\" class=\"_self\" target=\"_self\" >CREACI\u00d3N DE COLETAS Y TRENZAS CON KANEKALON\/BELLEZA<\/a><\/h3>\n<div class=\"pt-cv-content\">CASA SOMOS MULTIGENERACIONAL LA MERCED Descripci\u00f3n:Ayudar a crear a los ...<br \/><div class=\"pt-cv-rmwrap\"><a href=\"https:\/\/zonales.quito.gob.ec\/?p=438768\" class=\"_self pt-cv-readmore btn btn-success\" target=\"_self\">Leer M\u00e1s<\/a><\/div><\/div><\/div><\/div>\n<div class=\"col-md-4 col-sm-6 col-xs-12 pt-cv-content-item pt-cv-1-col\" ><div class='pt-cv-ifield'><a href=\"https:\/\/zonales.quito.gob.ec\/?p=439497\" class=\"_self pt-cv-href-thumbnail pt-cv-thumb-default\" target=\"_self\" ><img decoding=\"async\" width=\"450\" height=\"250\" src=\"https:\/\/zonales.quito.gob.ec\/wp-content\/uploads\/PELUQUERIA-450x250.jpg\" class=\"pt-cv-thumbnail\" alt=\"\" \/><\/a>\n<h3 class=\"pt-cv-title\"><a href=\"https:\/\/zonales.quito.gob.ec\/?p=439497\" class=\"_self\" target=\"_self\" >PELUQUER\u00cdA Y COLORIMETR\u00cdA<\/a><\/h3>\n<div class=\"pt-cv-content\">CASA SOMOS SAN JUAN Descripci\u00f3n: APLICAR T\u00c9CNICAS DE CORTE, COLORACI\u00d3N ...<br \/><div class=\"pt-cv-rmwrap\"><a href=\"https:\/\/zonales.quito.gob.ec\/?p=439497\" class=\"_self pt-cv-readmore btn btn-success\" target=\"_self\">Leer M\u00e1s<\/a><\/div><\/div><\/div><\/div>\n<div class=\"col-md-4 col-sm-6 col-xs-12 pt-cv-content-item pt-cv-1-col\" ><div class='pt-cv-ifield'><a href=\"https:\/\/zonales.quito.gob.ec\/?p=439254\" class=\"_self pt-cv-href-thumbnail pt-cv-thumb-default\" target=\"_self\" ><img loading=\"lazy\" decoding=\"async\" width=\"226\" height=\"223\" src=\"https:\/\/zonales.quito.gob.ec\/wp-content\/uploads\/cejas.jpg\" class=\"pt-cv-thumbnail\" alt=\"\" \/><\/a>\n<h3 class=\"pt-cv-title\"><a href=\"https:\/\/zonales.quito.gob.ec\/?p=439254\" class=\"_self\" target=\"_self\" >ARTE\/ EN CEJAS \/BELLEZA<\/a><\/h3>\n<div class=\"pt-cv-content\">CASA SOMOS BULEVAR Descripci\u00f3n:Desarrollar t\u00e9cnicas para el cuidado y embellecimiento ...<br \/><div class=\"pt-cv-rmwrap\"><a href=\"https:\/\/zonales.quito.gob.ec\/?p=439254\" class=\"_self pt-cv-readmore btn btn-success\" target=\"_self\">Leer M\u00e1s<\/a><\/div><\/div><\/div><\/div>\n<div class=\"col-md-4 col-sm-6 col-xs-12 pt-cv-content-item pt-cv-1-col\" ><div class='pt-cv-ifield'><a href=\"https:\/\/zonales.quito.gob.ec\/?p=438574\" class=\"_self pt-cv-href-thumbnail pt-cv-thumb-default\" target=\"_self\" ><img loading=\"lazy\" decoding=\"async\" width=\"450\" height=\"250\" src=\"https:\/\/zonales.quito.gob.ec\/wp-content\/uploads\/Manicure-Monjas-450x250.jpg\" class=\"pt-cv-thumbnail\" alt=\"\" \/><\/a>\n<h3 class=\"pt-cv-title\"><a href=\"https:\/\/zonales.quito.gob.ec\/?p=438574\" class=\"_self\" target=\"_self\" >MANICURE  \/BELLEZA\/ADOLESCENTES, J\u00d3VENES, ADULTOS Y ADULTOS MAYORES<\/a><\/h3>\n<div class=\"pt-cv-content\">CASA SOMOS CUMBAY\u00c1 Descripci\u00f3n:Taller presencial enfocado a todo p\u00fablico donde ...<br \/><div class=\"pt-cv-rmwrap\"><a href=\"https:\/\/zonales.quito.gob.ec\/?p=438574\" class=\"_self pt-cv-readmore btn btn-success\" target=\"_self\">Leer M\u00e1s<\/a><\/div><\/div><\/div><\/div>\n<div class=\"col-md-4 col-sm-6 col-xs-12 pt-cv-content-item pt-cv-1-col\" ><div class='pt-cv-ifield'><a href=\"https:\/\/zonales.quito.gob.ec\/?p=431128\" class=\"_self pt-cv-href-thumbnail pt-cv-thumb-default\" target=\"_self\" ><img loading=\"lazy\" decoding=\"async\" width=\"333\" height=\"250\" src=\"https:\/\/zonales.quito.gob.ec\/wp-content\/uploads\/UNAS-1.jpeg\" class=\"pt-cv-thumbnail\" alt=\"\" \/><\/a>\n<h3 class=\"pt-cv-title\"><a href=\"https:\/\/zonales.quito.gob.ec\/?p=431128\" class=\"_self\" target=\"_self\" >DISE\u00d1O DE U\u00d1AS \/ BELLEZA \/ DISE\u00d1O DE U\u00d1AS Y ACR\u00cdLICO<\/a><\/h3>\n<div class=\"pt-cv-content\">CASA SOMOS GUAYLLABAMBA Descripci\u00f3n:El taller tiene como objetivo que las ...<br \/><div class=\"pt-cv-rmwrap\"><a href=\"https:\/\/zonales.quito.gob.ec\/?p=431128\" class=\"_self pt-cv-readmore btn btn-success\" target=\"_self\">Leer M\u00e1s<\/a><\/div><\/div><\/div><\/div>\n<div class=\"col-md-4 col-sm-6 col-xs-12 pt-cv-content-item pt-cv-1-col\" ><div class='pt-cv-ifield'><a href=\"https:\/\/zonales.quito.gob.ec\/?p=438379\" class=\"_self pt-cv-href-thumbnail pt-cv-thumb-default\" target=\"_self\" ><img loading=\"lazy\" decoding=\"async\" width=\"450\" height=\"250\" src=\"https:\/\/zonales.quito.gob.ec\/wp-content\/uploads\/WhatsApp-Image-2025-01-07-at-2.28.21-PM-2-1-450x250.jpeg\" class=\"pt-cv-thumbnail\" alt=\"\" \/><\/a>\n<h3 class=\"pt-cv-title\"><a href=\"https:\/\/zonales.quito.gob.ec\/?p=438379\" class=\"_self\" target=\"_self\" >ARTE EN U\u00d1AS DESDE CERO\/ BELLEZA<\/a><\/h3>\n<div class=\"pt-cv-content\">CASA SOMOS CHILIBULO Descripci\u00f3n:Taller pr\u00e1ctico para personas de 14 a\u00f1os ...<br \/><div class=\"pt-cv-rmwrap\"><a href=\"https:\/\/zonales.quito.gob.ec\/?p=438379\" class=\"_self pt-cv-readmore btn btn-success\" target=\"_self\">Leer M\u00e1s<\/a><\/div><\/div><\/div><\/div>\n<div class=\"col-md-4 col-sm-6 col-xs-12 pt-cv-content-item pt-cv-1-col\" ><div class='pt-cv-ifield'><a href=\"https:\/\/zonales.quito.gob.ec\/?p=437970\" class=\"_self pt-cv-href-thumbnail pt-cv-thumb-default\" target=\"_self\" ><img loading=\"lazy\" decoding=\"async\" width=\"450\" height=\"169\" src=\"https:\/\/zonales.quito.gob.ec\/wp-content\/uploads\/UNAS-SEMIPERMANENTES-1.jpg\" class=\"pt-cv-thumbnail\" alt=\"\" \/><\/a>\n<h3 class=\"pt-cv-title\"><a href=\"https:\/\/zonales.quito.gob.ec\/?p=437970\" class=\"_self\" target=\"_self\" >U\u00d1AS SEMIPERMANENTES\/BELLEZA<\/a><\/h3>\n<div class=\"pt-cv-content\">CASA SOMOS DIVERSIDADES Descripci\u00f3n:Domina la t\u00e9cnica b\u00e1sica del esmaltado semipermanente ...<br \/><div class=\"pt-cv-rmwrap\"><a href=\"https:\/\/zonales.quito.gob.ec\/?p=437970\" class=\"_self pt-cv-readmore btn btn-success\" target=\"_self\">Leer M\u00e1s<\/a><\/div><\/div><\/div><\/div>\n<div class=\"col-md-4 col-sm-6 col-xs-12 pt-cv-content-item pt-cv-1-col\" ><div class='pt-cv-ifield'><a href=\"https:\/\/zonales.quito.gob.ec\/?p=437940\" class=\"_self pt-cv-href-thumbnail pt-cv-thumb-default\" target=\"_self\" ><img loading=\"lazy\" decoding=\"async\" width=\"450\" height=\"250\" src=\"https:\/\/zonales.quito.gob.ec\/wp-content\/uploads\/automaquillaje-espacio-libero-p-450x250.jpg\" class=\"pt-cv-thumbnail\" alt=\"\" \/><\/a>\n<h3 class=\"pt-cv-title\"><a href=\"https:\/\/zonales.quito.gob.ec\/?p=437940\" class=\"_self\" target=\"_self\" >AUTOMAQUILLAJE\/BELLEZA\/SKINCARE<\/a><\/h3>\n<div class=\"pt-cv-content\">CASA SOMOS TUMBACO Descripci\u00f3n:En el taller de Automaquillaje se aprende ...<br \/><div class=\"pt-cv-rmwrap\"><a href=\"https:\/\/zonales.quito.gob.ec\/?p=437940\" class=\"_self pt-cv-readmore btn btn-success\" target=\"_self\">Leer M\u00e1s<\/a><\/div><\/div><\/div><\/div>\n<div class=\"col-md-4 col-sm-6 col-xs-12 pt-cv-content-item pt-cv-1-col\" ><div class='pt-cv-ifield'><a href=\"https:\/\/zonales.quito.gob.ec\/?p=437751\" class=\"_self pt-cv-href-thumbnail pt-cv-thumb-default\" target=\"_self\" ><img loading=\"lazy\" decoding=\"async\" width=\"301\" height=\"250\" src=\"https:\/\/zonales.quito.gob.ec\/wp-content\/uploads\/Captura-de-pantalla-2026-08-27-131119.png\" class=\"pt-cv-thumbnail\" alt=\"\" \/><\/a>\n<h3 class=\"pt-cv-title\"><a href=\"https:\/\/zonales.quito.gob.ec\/?p=437751\" class=\"_self\" target=\"_self\" >U\u00d1AS CON EFECTO\/BELLEZA\/PARA TODA EDAD<\/a><\/h3>\n<div class=\"pt-cv-content\">CASA SOMOS COCHAPAMBA Men\u00fa Informaci\u00f3n 57 Casas Somos Quito Talleres ...<br \/><div class=\"pt-cv-rmwrap\"><a href=\"https:\/\/zonales.quito.gob.ec\/?p=437751\" class=\"_self pt-cv-readmore btn btn-success\" target=\"_self\">Leer M\u00e1s<\/a><\/div><\/div><\/div><\/div>\n<div class=\"col-md-4 col-sm-6 col-xs-12 pt-cv-content-item pt-cv-1-col\" ><div class='pt-cv-ifield'><a href=\"https:\/\/zonales.quito.gob.ec\/?p=437449\" class=\"_self pt-cv-href-thumbnail pt-cv-thumb-default\" target=\"_self\" ><img loading=\"lazy\" decoding=\"async\" width=\"277\" height=\"250\" src=\"https:\/\/zonales.quito.gob.ec\/wp-content\/uploads\/soft-gel-.jpg\" class=\"pt-cv-thumbnail\" alt=\"\" \/><\/a>\n<h3 class=\"pt-cv-title\"><a href=\"https:\/\/zonales.quito.gob.ec\/?p=437449\" class=\"_self\" target=\"_self\" >U\u00d1AS SOFT GEL\/BELLEZA\/PARA TODA EDAD<\/a><\/h3>\n<div class=\"pt-cv-content\">CASA SOMOS COCHAPAMBA Men\u00fa Informaci\u00f3n 57 Casas Somos Quito Talleres ...<br \/><div class=\"pt-cv-rmwrap\"><a href=\"https:\/\/zonales.quito.gob.ec\/?p=437449\" class=\"_self pt-cv-readmore btn btn-success\" target=\"_self\">Leer M\u00e1s<\/a><\/div><\/div><\/div><\/div>\n<div class=\"col-md-4 col-sm-6 col-xs-12 pt-cv-content-item pt-cv-1-col\" ><div class='pt-cv-ifield'><a href=\"https:\/\/zonales.quito.gob.ec\/?p=436727\" class=\"_self pt-cv-href-thumbnail pt-cv-thumb-default\" target=\"_self\" ><img loading=\"lazy\" decoding=\"async\" width=\"278\" height=\"250\" src=\"https:\/\/zonales.quito.gob.ec\/wp-content\/uploads\/image-2.png\" class=\"pt-cv-thumbnail\" alt=\"\" \/><\/a>\n<h3 class=\"pt-cv-title\"><a href=\"https:\/\/zonales.quito.gob.ec\/?p=436727\" class=\"_self\" target=\"_self\" >U\u00d1AS POLI GEL\/BELLEZA\/PARA TODA EDAD<\/a><\/h3>\n<div class=\"pt-cv-content\">CASA SOMOS COCHAPAMBA Men\u00fa Informaci\u00f3n 57 Casas Somos Quito Talleres ...<br \/><div class=\"pt-cv-rmwrap\"><a href=\"https:\/\/zonales.quito.gob.ec\/?p=436727\" class=\"_self pt-cv-readmore btn btn-success\" target=\"_self\">Leer M\u00e1s<\/a><\/div><\/div><\/div><\/div>\n<div class=\"col-md-4 col-sm-6 col-xs-12 pt-cv-content-item pt-cv-1-col\" ><div class='pt-cv-ifield'><a href=\"https:\/\/zonales.quito.gob.ec\/?p=436854\" class=\"_self pt-cv-href-thumbnail pt-cv-thumb-default\" target=\"_self\" ><img loading=\"lazy\" decoding=\"async\" width=\"437\" height=\"250\" src=\"https:\/\/zonales.quito.gob.ec\/wp-content\/uploads\/image-4.jpg\" class=\"pt-cv-thumbnail\" alt=\"\" \/><\/a>\n<h3 class=\"pt-cv-title\"><a href=\"https:\/\/zonales.quito.gob.ec\/?p=436854\" class=\"_self\" target=\"_self\" >U\u00d1AS ACRILICAS\/BELLEZA\/PARA TODA EDAD<\/a><\/h3>\n<div class=\"pt-cv-content\">CASA SOMOS COCHAPAMBA Men\u00fa Informaci\u00f3n 57 Casas Somos Quito Talleres ...<br \/><div class=\"pt-cv-rmwrap\"><a href=\"https:\/\/zonales.quito.gob.ec\/?p=436854\" class=\"_self pt-cv-readmore btn btn-success\" target=\"_self\">Leer M\u00e1s<\/a><\/div><\/div><\/div><\/div>\n<div class=\"col-md-4 col-sm-6 col-xs-12 pt-cv-content-item pt-cv-1-col\" ><div class='pt-cv-ifield'><a href=\"https:\/\/zonales.quito.gob.ec\/?p=435148\" class=\"_self pt-cv-href-thumbnail pt-cv-thumb-default\" target=\"_self\" ><img loading=\"lazy\" decoding=\"async\" width=\"450\" height=\"250\" src=\"https:\/\/zonales.quito.gob.ec\/wp-content\/uploads\/cejas-y-pestanas-1-450x250.jpg\" class=\"pt-cv-thumbnail\" alt=\"\" \/><\/a>\n<h3 class=\"pt-cv-title\"><a href=\"https:\/\/zonales.quito.gob.ec\/?p=435148\" class=\"_self\" target=\"_self\" >CEJAS Y PESTA\u00d1AS\/ BELLEZA \/ 12 A\u00d1OS EN ADELANTE<\/a><\/h3>\n<div class=\"pt-cv-content\">CASA SOMOS Z\u00c1MBIZA Descripci\u00f3n:Aprende t\u00e9cnicas y conocimientos para el dise\u00f1o, ...<br \/><div class=\"pt-cv-rmwrap\"><a href=\"https:\/\/zonales.quito.gob.ec\/?p=435148\" class=\"_self pt-cv-readmore btn btn-success\" target=\"_self\">Leer M\u00e1s<\/a><\/div><\/div><\/div><\/div>\n<div class=\"col-md-4 col-sm-6 col-xs-12 pt-cv-content-item pt-cv-1-col\" ><div class='pt-cv-ifield'><a href=\"https:\/\/zonales.quito.gob.ec\/?p=434318\" class=\"_self pt-cv-href-thumbnail pt-cv-thumb-default\" target=\"_self\" ><img loading=\"lazy\" decoding=\"async\" width=\"225\" height=\"225\" src=\"https:\/\/zonales.quito.gob.ec\/wp-content\/uploads\/peinados-y-keratinas.jpg\" class=\"pt-cv-thumbnail\" alt=\"\" \/><\/a>\n<h3 class=\"pt-cv-title\"><a href=\"https:\/\/zonales.quito.gob.ec\/?p=434318\" class=\"_self\" target=\"_self\" >KERATINA\/BELLEZA\/Y ALISADO<\/a><\/h3>\n<div class=\"pt-cv-content\">CASA SOMOS TUMBACO Descripci\u00f3n:En el taller de Keratina y Alisado ...<br \/><div class=\"pt-cv-rmwrap\"><a href=\"https:\/\/zonales.quito.gob.ec\/?p=434318\" class=\"_self pt-cv-readmore btn btn-success\" target=\"_self\">Leer M\u00e1s<\/a><\/div><\/div><\/div><\/div>\n<div class=\"col-md-4 col-sm-6 col-xs-12 pt-cv-content-item pt-cv-1-col\" ><div class='pt-cv-ifield'><a href=\"https:\/\/zonales.quito.gob.ec\/?p=433246\" class=\"_self pt-cv-href-thumbnail pt-cv-thumb-default\" target=\"_self\" ><img loading=\"lazy\" decoding=\"async\" width=\"450\" height=\"250\" src=\"https:\/\/zonales.quito.gob.ec\/wp-content\/uploads\/DISENO-DE-CEJAS-450x250.jpg\" class=\"pt-cv-thumbnail\" alt=\"\" \/><\/a>\n<h3 class=\"pt-cv-title\"><a href=\"https:\/\/zonales.quito.gob.ec\/?p=433246\" class=\"_self\" target=\"_self\" >CEJAS Y PESTA\u00d1AS\/BELLEZA<\/a><\/h3>\n<div class=\"pt-cv-content\">CASA SOMOS ALANGAS\u00cd Descripci\u00f3n:Aprender a dise\u00f1ar la mirada con t\u00e9cnicas ...<br \/><div class=\"pt-cv-rmwrap\"><a href=\"https:\/\/zonales.quito.gob.ec\/?p=433246\" class=\"_self pt-cv-readmore btn btn-success\" target=\"_self\">Leer M\u00e1s<\/a><\/div><\/div><\/div><\/div>\n<div class=\"col-md-4 col-sm-6 col-xs-12 pt-cv-content-item pt-cv-1-col\" ><div class='pt-cv-ifield'><a href=\"https:\/\/zonales.quito.gob.ec\/?p=433233\" class=\"_self pt-cv-href-thumbnail pt-cv-thumb-default\" target=\"_self\" ><img loading=\"lazy\" decoding=\"async\" width=\"186\" height=\"186\" src=\"https:\/\/zonales.quito.gob.ec\/wp-content\/uploads\/manicure.jpg\" class=\"pt-cv-thumbnail\" alt=\"\" \/><\/a>\n<h3 class=\"pt-cv-title\"><a href=\"https:\/\/zonales.quito.gob.ec\/?p=433233\" class=\"_self\" target=\"_self\" >MANICURE\/BELLEZA<\/a><\/h3>\n<div class=\"pt-cv-content\">CASA SOMOS ALANGAS\u00cd Descripci\u00f3n:Aprender las nuevas t\u00e9cnicas para un manicure ...<br \/><div class=\"pt-cv-rmwrap\"><a href=\"https:\/\/zonales.quito.gob.ec\/?p=433233\" class=\"_self pt-cv-readmore btn btn-success\" target=\"_self\">Leer M\u00e1s<\/a><\/div><\/div><\/div><\/div>\n<div class=\"col-md-4 col-sm-6 col-xs-12 pt-cv-content-item pt-cv-1-col\" ><div class='pt-cv-ifield'><a href=\"https:\/\/zonales.quito.gob.ec\/?p=433228\" class=\"_self pt-cv-href-thumbnail pt-cv-thumb-default\" target=\"_self\" ><img loading=\"lazy\" decoding=\"async\" width=\"433\" height=\"250\" src=\"https:\/\/zonales.quito.gob.ec\/wp-content\/uploads\/maquillaje-18.jpg\" class=\"pt-cv-thumbnail\" alt=\"\" \/><\/a>\n<h3 class=\"pt-cv-title\"><a href=\"https:\/\/zonales.quito.gob.ec\/?p=433228\" class=\"_self\" target=\"_self\" >MAQUILLAJE\/BELLEZA<\/a><\/h3>\n<div class=\"pt-cv-content\">CASA SOMOS ALANGAS\u00cd Descripci\u00f3n:Conocimiento sobre el correcto tratamiento en la ...<br \/><div class=\"pt-cv-rmwrap\"><a href=\"https:\/\/zonales.quito.gob.ec\/?p=433228\" class=\"_self pt-cv-readmore btn btn-success\" target=\"_self\">Leer M\u00e1s<\/a><\/div><\/div><\/div><\/div>\n<div class=\"col-md-4 col-sm-6 col-xs-12 pt-cv-content-item pt-cv-1-col\" ><div class='pt-cv-ifield'><a href=\"https:\/\/zonales.quito.gob.ec\/?p=432163\" class=\"_self pt-cv-href-thumbnail pt-cv-thumb-default\" target=\"_self\" ><img loading=\"lazy\" decoding=\"async\" width=\"124\" height=\"250\" src=\"https:\/\/zonales.quito.gob.ec\/wp-content\/uploads\/diseno-de-mirada.jpeg\" class=\"pt-cv-thumbnail\" alt=\"\" \/><\/a>\n<h3 class=\"pt-cv-title\"><a href=\"https:\/\/zonales.quito.gob.ec\/?p=432163\" class=\"_self\" target=\"_self\" >DISE\u00d1O DE MIRADA\/BELLEZA\/B\u00c1SICA<\/a><\/h3>\n<div class=\"pt-cv-content\">CASA SOMOS GUALO Descripci\u00f3n:Es un conjunto de t\u00e9cnicas est\u00e9ticas personalizadas ...<br \/><div class=\"pt-cv-rmwrap\"><a href=\"https:\/\/zonales.quito.gob.ec\/?p=432163\" class=\"_self pt-cv-readmore btn btn-success\" target=\"_self\">Leer M\u00e1s<\/a><\/div><\/div><\/div><\/div>\n<div class=\"col-md-4 col-sm-6 col-xs-12 pt-cv-content-item pt-cv-1-col\" ><div class='pt-cv-ifield'><a href=\"https:\/\/zonales.quito.gob.ec\/?p=432938\" class=\"_self pt-cv-href-thumbnail pt-cv-thumb-default\" target=\"_self\" ><img loading=\"lazy\" decoding=\"async\" width=\"450\" height=\"225\" src=\"https:\/\/zonales.quito.gob.ec\/wp-content\/uploads\/UNAS-EN-GEL-1.jpg\" class=\"pt-cv-thumbnail\" alt=\"\" \/><\/a>\n<h3 class=\"pt-cv-title\"><a href=\"https:\/\/zonales.quito.gob.ec\/?p=432938\" class=\"_self\" target=\"_self\" >SPA DE U\u00d1AS\/BELLEZA<\/a><\/h3>\n<div class=\"pt-cv-content\">CASA SOMOS LA BOTA Descripci\u00f3n:Un taller de u\u00f1as es un ...<br \/><div class=\"pt-cv-rmwrap\"><a href=\"https:\/\/zonales.quito.gob.ec\/?p=432938\" class=\"_self pt-cv-readmore btn btn-success\" target=\"_self\">Leer M\u00e1s<\/a><\/div><\/div><\/div><\/div>\n<div class=\"col-md-4 col-sm-6 col-xs-12 pt-cv-content-item pt-cv-1-col\" ><div class='pt-cv-ifield'><a href=\"https:\/\/zonales.quito.gob.ec\/?p=432769\" class=\"_self pt-cv-href-thumbnail pt-cv-thumb-default\" target=\"_self\" ><img loading=\"lazy\" decoding=\"async\" width=\"450\" height=\"225\" src=\"https:\/\/zonales.quito.gob.ec\/wp-content\/uploads\/UNAS-EN-GEL-1.jpg\" class=\"pt-cv-thumbnail\" alt=\"\" \/><\/a>\n<h3 class=\"pt-cv-title\"><a href=\"https:\/\/zonales.quito.gob.ec\/?p=432769\" class=\"_self\" target=\"_self\" >U\u00d1AS ACR\u00cdLICAS\/BELLEZA<\/a><\/h3>\n<div class=\"pt-cv-content\">CASA SOMOS LA BOTA Descripci\u00f3n:Un taller de u\u00f1as es un ...<br \/><div class=\"pt-cv-rmwrap\"><a href=\"https:\/\/zonales.quito.gob.ec\/?p=432769\" class=\"_self pt-cv-readmore btn btn-success\" target=\"_self\">Leer M\u00e1s<\/a><\/div><\/div><\/div><\/div>\n<div class=\"col-md-4 col-sm-6 col-xs-12 pt-cv-content-item pt-cv-1-col\" ><div class='pt-cv-ifield'><a href=\"https:\/\/zonales.quito.gob.ec\/?p=432179\" class=\"_self pt-cv-href-thumbnail pt-cv-thumb-default\" target=\"_self\" ><img loading=\"lazy\" decoding=\"async\" width=\"189\" height=\"250\" src=\"https:\/\/zonales.quito.gob.ec\/wp-content\/uploads\/Efectos-y-decoracion-de-unas.jpeg\" class=\"pt-cv-thumbnail\" alt=\"\" \/><\/a>\n<h3 class=\"pt-cv-title\"><a href=\"https:\/\/zonales.quito.gob.ec\/?p=432179\" class=\"_self\" target=\"_self\" >U\u00d1AS DECORACI\u00d3N Y EFECTOS\/BELLEZA\/AVANZADO<\/a><\/h3>\n<div class=\"pt-cv-content\">CASA SOMOS GUALO Descripci\u00f3n:Personalizar unas u\u00f1as acr\u00edlicas, la decoraci\u00f3n y ...<br \/><div class=\"pt-cv-rmwrap\"><a href=\"https:\/\/zonales.quito.gob.ec\/?p=432179\" class=\"_self pt-cv-readmore btn btn-success\" target=\"_self\">Leer M\u00e1s<\/a><\/div><\/div><\/div><\/div>\n<div class=\"col-md-4 col-sm-6 col-xs-12 pt-cv-content-item pt-cv-1-col\" ><div class='pt-cv-ifield'><a href=\"https:\/\/zonales.quito.gob.ec\/?p=432161\" class=\"_self pt-cv-href-thumbnail pt-cv-thumb-default\" target=\"_self\" ><img loading=\"lazy\" decoding=\"async\" width=\"179\" height=\"250\" src=\"https:\/\/zonales.quito.gob.ec\/wp-content\/uploads\/unas-acrilicas-5.jpeg\" class=\"pt-cv-thumbnail\" alt=\"\" \/><\/a>\n<h3 class=\"pt-cv-title\"><a href=\"https:\/\/zonales.quito.gob.ec\/?p=432161\" class=\"_self\" target=\"_self\" >U\u00d1AS ACR\u00cdLICAS\/BELLEZA\/INTERMEDIO<\/a><\/h3>\n<div class=\"pt-cv-content\">CASA SOMOS GUALO Descripci\u00f3n:Las u\u00f1as acr\u00edlicas son extensiones artificiales que ...<br \/><div class=\"pt-cv-rmwrap\"><a href=\"https:\/\/zonales.quito.gob.ec\/?p=432161\" class=\"_self pt-cv-readmore btn btn-success\" target=\"_self\">Leer M\u00e1s<\/a><\/div><\/div><\/div><\/div>\n<div class=\"col-md-4 col-sm-6 col-xs-12 pt-cv-content-item pt-cv-1-col\" ><div class='pt-cv-ifield'><a href=\"https:\/\/zonales.quito.gob.ec\/?p=432160\" class=\"_self pt-cv-href-thumbnail pt-cv-thumb-default\" target=\"_self\" ><img loading=\"lazy\" decoding=\"async\" width=\"199\" height=\"250\" src=\"https:\/\/zonales.quito.gob.ec\/wp-content\/uploads\/unas-basicas-1.jpg\" class=\"pt-cv-thumbnail\" alt=\"\" \/><\/a>\n<h3 class=\"pt-cv-title\"><a href=\"https:\/\/zonales.quito.gob.ec\/?p=432160\" class=\"_self\" target=\"_self\" >U\u00d1AS\/ BELLEZA\/ B\u00c1SICA<\/a><\/h3>\n<div class=\"pt-cv-content\">CASA SOMOS GUALO Descripci\u00f3n: Es un tratamiento est\u00e9tico y de ...<br \/><div class=\"pt-cv-rmwrap\"><a href=\"https:\/\/zonales.quito.gob.ec\/?p=432160\" class=\"_self pt-cv-readmore btn btn-success\" target=\"_self\">Leer M\u00e1s<\/a><\/div><\/div><\/div><\/div>\n<div class=\"col-md-4 col-sm-6 col-xs-12 pt-cv-content-item pt-cv-1-col\" ><div class='pt-cv-ifield'><a href=\"https:\/\/zonales.quito.gob.ec\/?p=432162\" class=\"_self pt-cv-href-thumbnail pt-cv-thumb-default\" target=\"_self\" ><img loading=\"lazy\" decoding=\"async\" width=\"156\" height=\"250\" src=\"https:\/\/zonales.quito.gob.ec\/wp-content\/uploads\/automaquillaje-3.jpeg\" class=\"pt-cv-thumbnail\" alt=\"\" \/><\/a>\n<h3 class=\"pt-cv-title\"><a href=\"https:\/\/zonales.quito.gob.ec\/?p=432162\" class=\"_self\" target=\"_self\" >AUTOMAQUILLAJE\/ BELLEZA\/B\u00c1SICA<\/a><\/h3>\n<div class=\"pt-cv-content\">CASA SOMOS GUALO Descripci\u00f3n:El automaquillaje es la t\u00e9cnica de aplicarse ...<br \/><div class=\"pt-cv-rmwrap\"><a href=\"https:\/\/zonales.quito.gob.ec\/?p=432162\" class=\"_self pt-cv-readmore btn btn-success\" target=\"_self\">Leer M\u00e1s<\/a><\/div><\/div><\/div><\/div>\n<div class=\"col-md-4 col-sm-6 col-xs-12 pt-cv-content-item pt-cv-1-col\" ><div class='pt-cv-ifield'><a href=\"https:\/\/zonales.quito.gob.ec\/?p=432110\" class=\"_self pt-cv-href-thumbnail pt-cv-thumb-default\" target=\"_self\" ><img loading=\"lazy\" decoding=\"async\" width=\"312\" height=\"250\" src=\"https:\/\/zonales.quito.gob.ec\/wp-content\/uploads\/ChatGPT-Image-21-ago-2026-18_47_24.png\" class=\"pt-cv-thumbnail\" alt=\"\" \/><\/a>\n<h3 class=\"pt-cv-title\"><a href=\"https:\/\/zonales.quito.gob.ec\/?p=432110\" class=\"_self\" target=\"_self\" >EST\u00c9TICA INTEGRAL\/BELLEZA\/CALACAL\u00cd CENTRO-GRATUITO-CS-ISTP<\/a><\/h3>\n<div class=\"pt-cv-content\">CASA SOMOS NANEGALITO Descripci\u00f3n:El taller gratuito de est\u00e9tica integral est\u00e1 ...<br \/><div class=\"pt-cv-rmwrap\"><a href=\"https:\/\/zonales.quito.gob.ec\/?p=432110\" class=\"_self pt-cv-readmore btn btn-success\" target=\"_self\">Leer M\u00e1s<\/a><\/div><\/div><\/div><\/div>\n<div class=\"col-md-4 col-sm-6 col-xs-12 pt-cv-content-item pt-cv-1-col\" ><div class='pt-cv-ifield'><a href=\"https:\/\/zonales.quito.gob.ec\/?p=431898\" class=\"_self pt-cv-href-thumbnail pt-cv-thumb-default\" target=\"_self\" ><img loading=\"lazy\" decoding=\"async\" width=\"450\" height=\"225\" src=\"https:\/\/zonales.quito.gob.ec\/wp-content\/uploads\/COLORIMETRIA-TALLER-.jpg\" class=\"pt-cv-thumbnail\" alt=\"\" \/><\/a>\n<h3 class=\"pt-cv-title\"><a href=\"https:\/\/zonales.quito.gob.ec\/?p=431898\" class=\"_self\" target=\"_self\" >COLORIMETRIA\/ BELLEZA\/MEDIA Y AVANZADA<\/a><\/h3>\n<div class=\"pt-cv-content\">CASA SOMOS CARAPUNGO Descripci\u00f3n:En un\u00a0taller de colorimetr\u00eda\u00a0se aprende a identificar ...<br \/><div class=\"pt-cv-rmwrap\"><a href=\"https:\/\/zonales.quito.gob.ec\/?p=431898\" class=\"_self pt-cv-readmore btn btn-success\" target=\"_self\">Leer M\u00e1s<\/a><\/div><\/div><\/div><\/div>\n<div class=\"col-md-4 col-sm-6 col-xs-12 pt-cv-content-item pt-cv-1-col\" ><div class='pt-cv-ifield'><a href=\"https:\/\/zonales.quito.gob.ec\/?p=431235\" class=\"_self pt-cv-href-thumbnail pt-cv-thumb-default\" target=\"_self\" ><img loading=\"lazy\" decoding=\"async\" width=\"450\" height=\"225\" src=\"https:\/\/zonales.quito.gob.ec\/wp-content\/uploads\/UNAS-EN-GEL-1.jpg\" class=\"pt-cv-thumbnail\" alt=\"\" \/><\/a>\n<h3 class=\"pt-cv-title\"><a href=\"https:\/\/zonales.quito.gob.ec\/?p=431235\" class=\"_self\" target=\"_self\" >T\u00c9CNICAS DE U\u00d1AS\/BELLEZA\/ T\u00c9CNICAS EN GEL<\/a><\/h3>\n<div class=\"pt-cv-content\">CASA SOMOS CARAPUNGO Descripci\u00f3n:En el\u00a0taller de u\u00f1as en gel profesional\u00a0aprender\u00e1s ...<br \/><div class=\"pt-cv-rmwrap\"><a href=\"https:\/\/zonales.quito.gob.ec\/?p=431235\" class=\"_self pt-cv-readmore btn btn-success\" target=\"_self\">Leer M\u00e1s<\/a><\/div><\/div><\/div><\/div>\n<div class=\"col-md-4 col-sm-6 col-xs-12 pt-cv-content-item pt-cv-1-col\" ><div class='pt-cv-ifield'><a href=\"https:\/\/zonales.quito.gob.ec\/?p=431031\" class=\"_self pt-cv-href-thumbnail pt-cv-thumb-default\" target=\"_self\" ><img loading=\"lazy\" decoding=\"async\" width=\"450\" height=\"169\" src=\"https:\/\/zonales.quito.gob.ec\/wp-content\/uploads\/WhatsApp-Image-2026-08-20-at-2.51.03-PM.jpeg\" class=\"pt-cv-thumbnail\" alt=\"\" \/><\/a>\n<h3 class=\"pt-cv-title\"><a href=\"https:\/\/zonales.quito.gob.ec\/?p=431031\" class=\"_self\" target=\"_self\" >U\u00d1AS ACR\u00cdLICAS\/BELLEZA<\/a><\/h3>\n<div class=\"pt-cv-content\">CASA SOMOS ATAHUALPA Descripci\u00f3n:Aprende t\u00e9cnicas de decoraci\u00f3n y dise\u00f1os creativos ...<br \/><div class=\"pt-cv-rmwrap\"><a href=\"https:\/\/zonales.quito.gob.ec\/?p=431031\" class=\"_self pt-cv-readmore btn btn-success\" target=\"_self\">Leer M\u00e1s<\/a><\/div><\/div><\/div><\/div>\n<div class=\"col-md-4 col-sm-6 col-xs-12 pt-cv-content-item pt-cv-1-col\" ><div class='pt-cv-ifield'><a href=\"https:\/\/zonales.quito.gob.ec\/?p=430792\" class=\"_self pt-cv-href-thumbnail pt-cv-thumb-default\" target=\"_self\" ><img loading=\"lazy\" decoding=\"async\" width=\"450\" height=\"169\" src=\"https:\/\/zonales.quito.gob.ec\/wp-content\/uploads\/barberia-2-convertido-a-1600x600-1.jpeg\" class=\"pt-cv-thumbnail\" alt=\"\" \/><\/a>\n<h3 class=\"pt-cv-title\"><a href=\"https:\/\/zonales.quito.gob.ec\/?p=430792\" class=\"_self\" target=\"_self\" >BARBER\u00cdA\/BELLEZA\/NIVEL 2<\/a><\/h3>\n<div class=\"pt-cv-content\">CASA SOMOS ATAHUALPA Descripci\u00f3n: En este taller los\/as participantes aprender\u00e1n ...<br \/><div class=\"pt-cv-rmwrap\"><a href=\"https:\/\/zonales.quito.gob.ec\/?p=430792\" class=\"_self pt-cv-readmore btn btn-success\" target=\"_self\">Leer M\u00e1s<\/a><\/div><\/div><\/div><\/div>\n<div class=\"col-md-4 col-sm-6 col-xs-12 pt-cv-content-item pt-cv-1-col\" ><div class='pt-cv-ifield'><a href=\"https:\/\/zonales.quito.gob.ec\/?p=430675\" class=\"_self pt-cv-href-thumbnail pt-cv-thumb-default\" target=\"_self\" ><img loading=\"lazy\" decoding=\"async\" width=\"450\" height=\"250\" src=\"https:\/\/zonales.quito.gob.ec\/wp-content\/uploads\/COSMETOLOGIA-13-450x250.jpg\" class=\"pt-cv-thumbnail\" alt=\"\" \/><\/a>\n<h3 class=\"pt-cv-title\"><a href=\"https:\/\/zonales.quito.gob.ec\/?p=430675\" class=\"_self\" target=\"_self\" >COSMETOLOG\u00cdA\/BELLEZA<\/a><\/h3>\n<div class=\"pt-cv-content\">CASA SOMOS POMASQUI Descripci\u00f3n:Espacio destinado al aprendizaje y pr\u00e1ctica de ...<br \/><div class=\"pt-cv-rmwrap\"><a href=\"https:\/\/zonales.quito.gob.ec\/?p=430675\" class=\"_self pt-cv-readmore btn btn-success\" target=\"_self\">Leer M\u00e1s<\/a><\/div><\/div><\/div><\/div>\n<div class=\"col-md-4 col-sm-6 col-xs-12 pt-cv-content-item pt-cv-1-col\" ><div class='pt-cv-ifield'><a href=\"https:\/\/zonales.quito.gob.ec\/?p=429775\" class=\"_self pt-cv-href-thumbnail pt-cv-thumb-default\" target=\"_self\" ><img loading=\"lazy\" decoding=\"async\" width=\"450\" height=\"169\" src=\"https:\/\/zonales.quito.gob.ec\/wp-content\/uploads\/MAQUILLAJE-TENDENCIA-EUROPEA.png\" class=\"pt-cv-thumbnail\" alt=\"\" \/><\/a>\n<h3 class=\"pt-cv-title\"><a href=\"https:\/\/zonales.quito.gob.ec\/?p=429775\" class=\"_self\" target=\"_self\" >MAQUILLAJE CON TENDENCIA EUROPEA\/BELLEZA<\/a><\/h3>\n<div class=\"pt-cv-content\">CASA SOMOS CHIRIYACU Descripci\u00f3n:\u00a0Descubre el secreto del Europeo, aprende a ...<br \/><div class=\"pt-cv-rmwrap\"><a href=\"https:\/\/zonales.quito.gob.ec\/?p=429775\" class=\"_self pt-cv-readmore btn btn-success\" target=\"_self\">Leer M\u00e1s<\/a><\/div><\/div><\/div><\/div>\n<div class=\"col-md-4 col-sm-6 col-xs-12 pt-cv-content-item pt-cv-1-col\" ><div class='pt-cv-ifield'><a href=\"https:\/\/zonales.quito.gob.ec\/?p=428808\" class=\"_self pt-cv-href-thumbnail pt-cv-thumb-default\" target=\"_self\" ><img loading=\"lazy\" decoding=\"async\" width=\"450\" height=\"250\" src=\"https:\/\/zonales.quito.gob.ec\/wp-content\/uploads\/como_hacer_un_alisado_con_keratina_en_casa_paso_a_paso_45912_paso_2_600-450x250.jpg\" class=\"pt-cv-thumbnail\" alt=\"\" \/><\/a>\n<h3 class=\"pt-cv-title\"><a href=\"https:\/\/zonales.quito.gob.ec\/?p=428808\" class=\"_self\" target=\"_self\" >T\u00c9CNICAS DE ALISADO\/BELLEZA\/TODO P\u00daBLICO<\/a><\/h3>\n<div class=\"pt-cv-content\">CASA SOMOS CUMBAY\u00c1 Descripci\u00f3n:Taller presencial enfocado a todo p\u00fablico donde ...<br \/><div class=\"pt-cv-rmwrap\"><a href=\"https:\/\/zonales.quito.gob.ec\/?p=428808\" class=\"_self pt-cv-readmore btn btn-success\" target=\"_self\">Leer M\u00e1s<\/a><\/div><\/div><\/div><\/div>\n<div class=\"col-md-4 col-sm-6 col-xs-12 pt-cv-content-item pt-cv-1-col\" ><div class='pt-cv-ifield'><a href=\"https:\/\/zonales.quito.gob.ec\/?p=427497\" class=\"_self pt-cv-href-thumbnail pt-cv-thumb-default\" target=\"_self\" ><img loading=\"lazy\" decoding=\"async\" width=\"450\" height=\"250\" src=\"https:\/\/zonales.quito.gob.ec\/wp-content\/uploads\/BARBERIA-4-450x250.jpg\" class=\"pt-cv-thumbnail\" alt=\"\" \/><\/a>\n<h3 class=\"pt-cv-title\"><a href=\"https:\/\/zonales.quito.gob.ec\/?p=427497\" class=\"_self\" target=\"_self\" >BARBER\u00cdA\/BELLEZA<\/a><\/h3>\n<div class=\"pt-cv-content\">CASA SOMOS FRANCO M\u00c9NDEZ Descripci\u00f3n:Este taller \u00a0proporciona a los y ...<br \/><div class=\"pt-cv-rmwrap\"><a href=\"https:\/\/zonales.quito.gob.ec\/?p=427497\" class=\"_self pt-cv-readmore btn btn-success\" target=\"_self\">Leer M\u00e1s<\/a><\/div><\/div><\/div><\/div>\n<div class=\"col-md-4 col-sm-6 col-xs-12 pt-cv-content-item pt-cv-1-col\" ><div class='pt-cv-ifield'><a href=\"https:\/\/zonales.quito.gob.ec\/?p=427009\" class=\"_self pt-cv-href-thumbnail pt-cv-thumb-default\" target=\"_self\" ><img loading=\"lazy\" decoding=\"async\" width=\"333\" height=\"250\" src=\"https:\/\/zonales.quito.gob.ec\/wp-content\/uploads\/WhatsApp-Image-2026-06-10-at-9.44.54-AM.jpeg\" class=\"pt-cv-thumbnail\" alt=\"\" \/><\/a>\n<h3 class=\"pt-cv-title\"><a href=\"https:\/\/zonales.quito.gob.ec\/?p=427009\" class=\"_self\" target=\"_self\" >U\u00d1AS SOFT GEL 3D Y POLYGELS\/BELLEZA<\/a><\/h3>\n<div class=\"pt-cv-content\">CASA SOMOS NUEVA AURORA Descripci\u00f3n:Taller especializado en la aplicaci\u00f3n de ...<br \/><div class=\"pt-cv-rmwrap\"><a href=\"https:\/\/zonales.quito.gob.ec\/?p=427009\" class=\"_self pt-cv-readmore btn btn-success\" target=\"_self\">Leer M\u00e1s<\/a><\/div><\/div><\/div><\/div>\n<div class=\"col-md-4 col-sm-6 col-xs-12 pt-cv-content-item pt-cv-1-col\" ><div class='pt-cv-ifield'><a href=\"https:\/\/zonales.quito.gob.ec\/?p=427001\" class=\"_self pt-cv-href-thumbnail pt-cv-thumb-default\" target=\"_self\" ><img loading=\"lazy\" decoding=\"async\" width=\"450\" height=\"250\" src=\"https:\/\/zonales.quito.gob.ec\/wp-content\/uploads\/manicura_pedicura_pagina-450x250.jpg\" class=\"pt-cv-thumbnail\" alt=\"\" \/><\/a>\n<h3 class=\"pt-cv-title\"><a href=\"https:\/\/zonales.quito.gob.ec\/?p=427001\" class=\"_self\" target=\"_self\" >MANICURE Y PEDICURE 1\/BELLEZA<\/a><\/h3>\n<div class=\"pt-cv-content\">CASA SOMOS NUEVA AURORA Descripci\u00f3n:Aprende t\u00e9cnicas esenciales de cuidado y ...<br \/><div class=\"pt-cv-rmwrap\"><a href=\"https:\/\/zonales.quito.gob.ec\/?p=427001\" class=\"_self pt-cv-readmore btn btn-success\" target=\"_self\">Leer M\u00e1s<\/a><\/div><\/div><\/div><\/div>\n<div class=\"col-md-4 col-sm-6 col-xs-12 pt-cv-content-item pt-cv-1-col\" ><div class='pt-cv-ifield'><a href=\"https:\/\/zonales.quito.gob.ec\/?p=426986\" class=\"_self pt-cv-href-thumbnail pt-cv-thumb-default\" target=\"_self\" ><img loading=\"lazy\" decoding=\"async\" width=\"450\" height=\"250\" src=\"https:\/\/zonales.quito.gob.ec\/wp-content\/uploads\/TALLER-UNAS-ACRILICAS-ESCULPIDAS-Y-ENCAPSULADAS-1-450x250.jpg\" class=\"pt-cv-thumbnail\" alt=\"\" \/><\/a>\n<h3 class=\"pt-cv-title\"><a href=\"https:\/\/zonales.quito.gob.ec\/?p=426986\" class=\"_self\" target=\"_self\" >U\u00d1AS ACR\u00cdLICAS EN 3D Y TODAS LAS T\u00c9CNICAS\/BELLEZA<\/a><\/h3>\n<div class=\"pt-cv-content\">CASA SOMOS NUEVA AURORA Descripci\u00f3n:Taller completo de u\u00f1as acr\u00edlicas donde ...<br \/><div class=\"pt-cv-rmwrap\"><a href=\"https:\/\/zonales.quito.gob.ec\/?p=426986\" class=\"_self pt-cv-readmore btn btn-success\" target=\"_self\">Leer M\u00e1s<\/a><\/div><\/div><\/div><\/div>\n<div class=\"col-md-4 col-sm-6 col-xs-12 pt-cv-content-item pt-cv-1-col\" ><div class='pt-cv-ifield'><a href=\"https:\/\/zonales.quito.gob.ec\/?p=426979\" class=\"_self pt-cv-href-thumbnail pt-cv-thumb-default\" target=\"_self\" ><img loading=\"lazy\" decoding=\"async\" width=\"450\" height=\"250\" src=\"https:\/\/zonales.quito.gob.ec\/wp-content\/uploads\/unas-2-450x250.jpg\" class=\"pt-cv-thumbnail\" alt=\"\" \/><\/a>\n<h3 class=\"pt-cv-title\"><a href=\"https:\/\/zonales.quito.gob.ec\/?p=426979\" class=\"_self\" target=\"_self\" >U\u00d1AS PERMANENTES ALTO RELIEVE Y OJO DE GATO \/BELLEZA<\/a><\/h3>\n<div class=\"pt-cv-content\">CASA SOMOS NUEVA AURORA Descripci\u00f3n:Este taller ense\u00f1a t\u00e9cnicas b\u00e1sicas y ...<br \/><div class=\"pt-cv-rmwrap\"><a href=\"https:\/\/zonales.quito.gob.ec\/?p=426979\" class=\"_self pt-cv-readmore btn btn-success\" target=\"_self\">Leer M\u00e1s<\/a><\/div><\/div><\/div><\/div>\n<div class=\"col-md-4 col-sm-6 col-xs-12 pt-cv-content-item pt-cv-1-col\" ><div class='pt-cv-ifield'><a href=\"https:\/\/zonales.quito.gob.ec\/?p=426948\" class=\"_self pt-cv-href-thumbnail pt-cv-thumb-default\" target=\"_self\" ><img loading=\"lazy\" decoding=\"async\" width=\"450\" height=\"250\" src=\"https:\/\/zonales.quito.gob.ec\/wp-content\/uploads\/PEINADOS-MONOS-Y-TRENZA-2-450x250.jpg\" class=\"pt-cv-thumbnail\" alt=\"\" \/><\/a>\n<h3 class=\"pt-cv-title\"><a href=\"https:\/\/zonales.quito.gob.ec\/?p=426948\" class=\"_self\" target=\"_self\" >PEINADOS DE TEMPORADA Y CIRUG\u00cdA CAPILAR\/BELLEZA<\/a><\/h3>\n<div class=\"pt-cv-content\">CASA SOMOS NUEVA AURORA Descripci\u00f3n:El taller est\u00e1 dise\u00f1ado para brindar ...<br \/><div class=\"pt-cv-rmwrap\"><a href=\"https:\/\/zonales.quito.gob.ec\/?p=426948\" class=\"_self pt-cv-readmore btn btn-success\" target=\"_self\">Leer M\u00e1s<\/a><\/div><\/div><\/div><\/div>\n<div class=\"col-md-4 col-sm-6 col-xs-12 pt-cv-content-item pt-cv-1-col\" ><div class='pt-cv-ifield'><a href=\"https:\/\/zonales.quito.gob.ec\/?p=426938\" class=\"_self pt-cv-href-thumbnail pt-cv-thumb-default\" target=\"_self\" ><img loading=\"lazy\" decoding=\"async\" width=\"450\" height=\"250\" src=\"https:\/\/zonales.quito.gob.ec\/wp-content\/uploads\/MASCARILLAS-Y-ESFOLIANTES-NATURALES-1-450x250.jpg\" class=\"pt-cv-thumbnail\" alt=\"\" \/><\/a>\n<h3 class=\"pt-cv-title\"><a href=\"https:\/\/zonales.quito.gob.ec\/?p=426938\" class=\"_self\" target=\"_self\" >COSMETOLOG\u00cdA NATURAL\/BELLEZA<\/a><\/h3>\n<div class=\"pt-cv-content\">CASA SOMOS NUEVA AURORA Descripci\u00f3n: Aprende a cuidarte la piel ...<br \/><div class=\"pt-cv-rmwrap\"><a href=\"https:\/\/zonales.quito.gob.ec\/?p=426938\" class=\"_self pt-cv-readmore btn btn-success\" target=\"_self\">Leer M\u00e1s<\/a><\/div><\/div><\/div><\/div>\n<div class=\"col-md-4 col-sm-6 col-xs-12 pt-cv-content-item pt-cv-1-col\" ><div class='pt-cv-ifield'><a href=\"https:\/\/zonales.quito.gob.ec\/?p=426911\" class=\"_self pt-cv-href-thumbnail pt-cv-thumb-default\" target=\"_self\" ><img loading=\"lazy\" decoding=\"async\" width=\"450\" height=\"250\" src=\"https:\/\/zonales.quito.gob.ec\/wp-content\/uploads\/PEINADOS-2-450x250.jpg\" class=\"pt-cv-thumbnail\" alt=\"\" \/><\/a>\n<h3 class=\"pt-cv-title\"><a href=\"https:\/\/zonales.quito.gob.ec\/?p=426911\" class=\"_self\" target=\"_self\" >COLOR LADY BARBER STILOS\/BELLEZA<\/a><\/h3>\n<div class=\"pt-cv-content\">CASA SOMOS NUEVA AURORA Descripci\u00f3n:Aprende los fundamentos de la colorimetr\u00eda ...<br \/><div class=\"pt-cv-rmwrap\"><a href=\"https:\/\/zonales.quito.gob.ec\/?p=426911\" class=\"_self pt-cv-readmore btn btn-success\" target=\"_self\">Leer M\u00e1s<\/a><\/div><\/div><\/div><\/div>\n<div class=\"col-md-4 col-sm-6 col-xs-12 pt-cv-content-item pt-cv-1-col\" ><div class='pt-cv-ifield'><a href=\"https:\/\/zonales.quito.gob.ec\/?p=426903\" class=\"_self pt-cv-href-thumbnail pt-cv-thumb-default\" target=\"_self\" ><img loading=\"lazy\" decoding=\"async\" width=\"450\" height=\"250\" src=\"https:\/\/zonales.quito.gob.ec\/wp-content\/uploads\/cejas-y-pestanas-1-450x250.jpg\" class=\"pt-cv-thumbnail\" alt=\"\" \/><\/a>\n<h3 class=\"pt-cv-title\"><a href=\"https:\/\/zonales.quito.gob.ec\/?p=426903\" class=\"_self\" target=\"_self\" >CEJAS Y MIRADAS PERFECTAS\/BELLEZA<\/a><\/h3>\n<div class=\"pt-cv-content\">CASA SOMOS NUEVA AURORA Descripci\u00f3n:Aprende a dise\u00f1ar, perfilar y maquillar ...<br \/><div class=\"pt-cv-rmwrap\"><a href=\"https:\/\/zonales.quito.gob.ec\/?p=426903\" class=\"_self pt-cv-readmore btn btn-success\" target=\"_self\">Leer M\u00e1s<\/a><\/div><\/div><\/div><\/div>\n<div class=\"col-md-4 col-sm-6 col-xs-12 pt-cv-content-item pt-cv-1-col\" ><div class='pt-cv-ifield'><a href=\"https:\/\/zonales.quito.gob.ec\/?p=426854\" class=\"_self pt-cv-href-thumbnail pt-cv-thumb-default\" target=\"_self\" ><img loading=\"lazy\" decoding=\"async\" width=\"450\" height=\"250\" src=\"https:\/\/zonales.quito.gob.ec\/wp-content\/uploads\/Belleza-4-450x250.jpg\" class=\"pt-cv-thumbnail\" alt=\"\" \/><\/a>\n<h3 class=\"pt-cv-title\"><a href=\"https:\/\/zonales.quito.gob.ec\/?p=426854\" class=\"_self\" target=\"_self\" >BELLEZA Y ESTILISMO\/BELLEZA<\/a><\/h3>\n<div class=\"pt-cv-content\">CASA SOMOS NUEVA AURORA Descripci\u00f3n:Aprende t\u00e9cnicas b\u00e1sicas de cuidado capilar, ...<br \/><div class=\"pt-cv-rmwrap\"><a href=\"https:\/\/zonales.quito.gob.ec\/?p=426854\" class=\"_self pt-cv-readmore btn btn-success\" target=\"_self\">Leer M\u00e1s<\/a><\/div><\/div><\/div><\/div>\n<div class=\"col-md-4 col-sm-6 col-xs-12 pt-cv-content-item pt-cv-1-col\" ><div class='pt-cv-ifield'><a href=\"https:\/\/zonales.quito.gob.ec\/?p=426812\" class=\"_self pt-cv-href-thumbnail pt-cv-thumb-default\" target=\"_self\" ><img loading=\"lazy\" decoding=\"async\" width=\"450\" height=\"250\" src=\"https:\/\/zonales.quito.gob.ec\/wp-content\/uploads\/BARBERIA-5-450x250.jpeg\" class=\"pt-cv-thumbnail\" alt=\"\" \/><\/a>\n<h3 class=\"pt-cv-title\"><a href=\"https:\/\/zonales.quito.gob.ec\/?p=426812\" class=\"_self\" target=\"_self\" >BARBER\u00cdA\/BELLEZA\/NIVEL 3<\/a><\/h3>\n<div class=\"pt-cv-content\">CASA SOMOS NUEVA AURORA Descripci\u00f3n:En este taller los\/as participantes aprender\u00e1n ...<br \/><div class=\"pt-cv-rmwrap\"><a href=\"https:\/\/zonales.quito.gob.ec\/?p=426812\" class=\"_self pt-cv-readmore btn btn-success\" target=\"_self\">Leer M\u00e1s<\/a><\/div><\/div><\/div><\/div>\n<div class=\"col-md-4 col-sm-6 col-xs-12 pt-cv-content-item pt-cv-1-col\" ><div class='pt-cv-ifield'><a href=\"https:\/\/zonales.quito.gob.ec\/?p=426795\" class=\"_self pt-cv-href-thumbnail pt-cv-thumb-default\" target=\"_self\" ><img loading=\"lazy\" decoding=\"async\" width=\"450\" height=\"250\" src=\"https:\/\/zonales.quito.gob.ec\/wp-content\/uploads\/AUTOMAQUILLAJE-11-450x250.jpg\" class=\"pt-cv-thumbnail\" alt=\"\" \/><\/a>\n<h3 class=\"pt-cv-title\"><a href=\"https:\/\/zonales.quito.gob.ec\/?p=426795\" class=\"_self\" target=\"_self\" >AUTOMAQUILLAJE \/BELLEZA<\/a><\/h3>\n<div class=\"pt-cv-content\">CASA SOMOS NUEVA AURORA Descripci\u00f3n:Aprende a maquillarte paso a paso ...<br \/><div class=\"pt-cv-rmwrap\"><a href=\"https:\/\/zonales.quito.gob.ec\/?p=426795\" class=\"_self pt-cv-readmore btn btn-success\" target=\"_self\">Leer M\u00e1s<\/a><\/div><\/div><\/div><\/div>\n<div class=\"col-md-4 col-sm-6 col-xs-12 pt-cv-content-item pt-cv-1-col\" ><div class='pt-cv-ifield'><a href=\"https:\/\/zonales.quito.gob.ec\/?p=426788\" class=\"_self pt-cv-href-thumbnail pt-cv-thumb-default\" target=\"_self\" ><img loading=\"lazy\" decoding=\"async\" width=\"450\" height=\"250\" src=\"https:\/\/zonales.quito.gob.ec\/wp-content\/uploads\/Libros-de-Barberia-450x250.jpg\" class=\"pt-cv-thumbnail\" alt=\"\" \/><\/a>\n<h3 class=\"pt-cv-title\"><a href=\"https:\/\/zonales.quito.gob.ec\/?p=426788\" class=\"_self\" target=\"_self\" >BARBER\u00cdA \/BELLEZA<\/a><\/h3>\n<div class=\"pt-cv-content\">CASA SOMOS NUEVA AURORA Descripci\u00f3n:Perfecciona tus t\u00e9cnicas en cortes modernos, ...<br \/><div class=\"pt-cv-rmwrap\"><a href=\"https:\/\/zonales.quito.gob.ec\/?p=426788\" class=\"_self pt-cv-readmore btn btn-success\" target=\"_self\">Leer M\u00e1s<\/a><\/div><\/div><\/div><\/div>\n<div class=\"col-md-4 col-sm-6 col-xs-12 pt-cv-content-item pt-cv-1-col\" ><div class='pt-cv-ifield'><a href=\"https:\/\/zonales.quito.gob.ec\/?p=426758\" class=\"_self pt-cv-href-thumbnail pt-cv-thumb-default\" target=\"_self\" ><img loading=\"lazy\" decoding=\"async\" width=\"450\" height=\"250\" src=\"https:\/\/zonales.quito.gob.ec\/wp-content\/uploads\/maquillaje-profesional-1024x683-1-450x250.png\" class=\"pt-cv-thumbnail\" alt=\"\" \/><\/a>\n<h3 class=\"pt-cv-title\"><a href=\"https:\/\/zonales.quito.gob.ec\/?p=426758\" class=\"_self\" target=\"_self\" >AUTOMAQUILLAJE PARA PRINCIPIANTES (ADOLESCENTES Y ADULTAS) \/BELLEZA<\/a><\/h3>\n<div class=\"pt-cv-content\">CASA SOMOS NUEVA AURORA Descripci\u00f3n: Taller donde aprender\u00e1s t\u00e9cnicas b\u00e1sicas ...<br \/><div class=\"pt-cv-rmwrap\"><a href=\"https:\/\/zonales.quito.gob.ec\/?p=426758\" class=\"_self pt-cv-readmore btn btn-success\" target=\"_self\">Leer M\u00e1s<\/a><\/div><\/div><\/div><\/div>\n<div class=\"col-md-4 col-sm-6 col-xs-12 pt-cv-content-item pt-cv-1-col\" ><div class='pt-cv-ifield'><a href=\"https:\/\/zonales.quito.gob.ec\/?p=391060\" class=\"_self pt-cv-href-thumbnail pt-cv-thumb-default\" target=\"_self\" ><img loading=\"lazy\" decoding=\"async\" width=\"405\" height=\"250\" src=\"https:\/\/zonales.quito.gob.ec\/wp-content\/uploads\/maquillaje-17.jpg\" class=\"pt-cv-thumbnail\" alt=\"\" \/><\/a>\n<h3 class=\"pt-cv-title\"><a href=\"https:\/\/zonales.quito.gob.ec\/?p=391060\" class=\"_self\" target=\"_self\" >AUTOMAQUILLAJE\/ BELLEZA<\/a><\/h3>\n<div class=\"pt-cv-content\">CASA SOMOS CIUDAD BICENTENARIO Descripci\u00f3n:Proceso de analizar tus propias facciones, ...<br \/><div class=\"pt-cv-rmwrap\"><a href=\"https:\/\/zonales.quito.gob.ec\/?p=391060\" class=\"_self pt-cv-readmore btn btn-success\" target=\"_self\">Leer M\u00e1s<\/a><\/div><\/div><\/div><\/div>\n<div class=\"col-md-4 col-sm-6 col-xs-12 pt-cv-content-item pt-cv-1-col\" ><div class='pt-cv-ifield'><a href=\"https:\/\/zonales.quito.gob.ec\/?p=425345\" class=\"_self pt-cv-href-thumbnail pt-cv-thumb-default\" target=\"_self\" ><img loading=\"lazy\" decoding=\"async\" width=\"450\" height=\"169\" src=\"https:\/\/zonales.quito.gob.ec\/wp-content\/uploads\/MAQUILLAJE-1.21.32-convertido-a-1600x600-1.jpeg\" class=\"pt-cv-thumbnail\" alt=\"\" \/><\/a>\n<h3 class=\"pt-cv-title\"><a href=\"https:\/\/zonales.quito.gob.ec\/?p=425345\" class=\"_self\" target=\"_self\" >MAQUILLAJE\/ BELLEZA<\/a><\/h3>\n<div class=\"pt-cv-content\">CASA SOMOS CIUDAD BICENTENARIO Descripci\u00f3n:Aprender\u00e1s t\u00e9cnicas avanzadas para dominar la ...<br \/><div class=\"pt-cv-rmwrap\"><a href=\"https:\/\/zonales.quito.gob.ec\/?p=425345\" class=\"_self pt-cv-readmore btn btn-success\" target=\"_self\">Leer M\u00e1s<\/a><\/div><\/div><\/div><\/div>\n<div class=\"col-md-4 col-sm-6 col-xs-12 pt-cv-content-item pt-cv-1-col\" ><div class='pt-cv-ifield'><a href=\"https:\/\/zonales.quito.gob.ec\/?p=425947\" class=\"_self pt-cv-href-thumbnail pt-cv-thumb-default\" target=\"_self\" ><img loading=\"lazy\" decoding=\"async\" width=\"374\" height=\"250\" src=\"https:\/\/zonales.quito.gob.ec\/wp-content\/uploads\/unas-9.jpg\" class=\"pt-cv-thumbnail\" alt=\"\" \/><\/a>\n<h3 class=\"pt-cv-title\"><a href=\"https:\/\/zonales.quito.gob.ec\/?p=425947\" class=\"_self\" target=\"_self\" >U\u00d1AS\/ BELLEZA\/ BASICO VESPERTINA<\/a><\/h3>\n<div class=\"pt-cv-content\">CASA SOMOS BIENESTAR Y VIDA BELLAVISTA Descripci\u00f3n:Es un tratamiento est\u00e9tico ...<br \/><div class=\"pt-cv-rmwrap\"><a href=\"https:\/\/zonales.quito.gob.ec\/?p=425947\" class=\"_self pt-cv-readmore btn btn-success\" target=\"_self\">Leer M\u00e1s<\/a><\/div><\/div><\/div><\/div>\n<div class=\"col-md-4 col-sm-6 col-xs-12 pt-cv-content-item pt-cv-1-col\" ><div class='pt-cv-ifield'><a href=\"https:\/\/zonales.quito.gob.ec\/?p=425946\" class=\"_self pt-cv-href-thumbnail pt-cv-thumb-default\" target=\"_self\" ><img loading=\"lazy\" decoding=\"async\" width=\"374\" height=\"250\" src=\"https:\/\/zonales.quito.gob.ec\/wp-content\/uploads\/unas-9.jpg\" class=\"pt-cv-thumbnail\" alt=\"\" \/><\/a>\n<h3 class=\"pt-cv-title\"><a href=\"https:\/\/zonales.quito.gob.ec\/?p=425946\" class=\"_self\" target=\"_self\" >U\u00d1AS\/ BELLEZA\/ BASICO MATUTINA<\/a><\/h3>\n<div class=\"pt-cv-content\">CASA SOMOS BIENESTAR Y VIDA BELLAVISTA Descripci\u00f3n:Es un tratamiento est\u00e9tico ...<br \/><div class=\"pt-cv-rmwrap\"><a href=\"https:\/\/zonales.quito.gob.ec\/?p=425946\" class=\"_self pt-cv-readmore btn btn-success\" target=\"_self\">Leer M\u00e1s<\/a><\/div><\/div><\/div><\/div>\n<div class=\"col-md-4 col-sm-6 col-xs-12 pt-cv-content-item pt-cv-1-col\" ><div class='pt-cv-ifield'><a href=\"https:\/\/zonales.quito.gob.ec\/?p=390997\" class=\"_self pt-cv-href-thumbnail pt-cv-thumb-default\" target=\"_self\" ><img loading=\"lazy\" decoding=\"async\" width=\"375\" height=\"250\" src=\"https:\/\/zonales.quito.gob.ec\/wp-content\/uploads\/MANICURE-PEDICURE-1.jpeg\" class=\"pt-cv-thumbnail\" alt=\"\" \/><\/a>\n<h3 class=\"pt-cv-title\"><a href=\"https:\/\/zonales.quito.gob.ec\/?p=390997\" class=\"_self\" target=\"_self\" >U\u00d1AS\/ BELLEZA\/ B\u00c1SICAS<\/a><\/h3>\n<div class=\"pt-cv-content\">CASA SOMOS CIUDAD BICENTENARIO Descripci\u00f3n:Aprende anatom\u00eda b\u00e1sica, esterilizaci\u00f3n, limado profesional ...<br \/><div class=\"pt-cv-rmwrap\"><a href=\"https:\/\/zonales.quito.gob.ec\/?p=390997\" class=\"_self pt-cv-readmore btn btn-success\" target=\"_self\">Leer M\u00e1s<\/a><\/div><\/div><\/div><\/div>\n<div class=\"col-md-4 col-sm-6 col-xs-12 pt-cv-content-item pt-cv-1-col\" ><div class='pt-cv-ifield'><a href=\"https:\/\/zonales.quito.gob.ec\/?p=391013\" class=\"_self pt-cv-href-thumbnail pt-cv-thumb-default\" target=\"_self\" ><img loading=\"lazy\" decoding=\"async\" width=\"444\" height=\"250\" src=\"https:\/\/zonales.quito.gob.ec\/wp-content\/uploads\/gel-convertido-a-1600x900-1.jpeg\" class=\"pt-cv-thumbnail\" alt=\"\" \/><\/a>\n<h3 class=\"pt-cv-title\"><a href=\"https:\/\/zonales.quito.gob.ec\/?p=391013\" class=\"_self\" target=\"_self\" >U\u00d1AS\/ BELLEZA\/ GEL INICIO ACRILICAS<\/a><\/h3>\n<div class=\"pt-cv-content\">CASA SOMOS CIUDAD BICENTENARIO Descripci\u00f3n:Capacitaci\u00f3n pr\u00e1ctica donde aprender\u00e1s las t\u00e9cnicas ...<br \/><div class=\"pt-cv-rmwrap\"><a href=\"https:\/\/zonales.quito.gob.ec\/?p=391013\" class=\"_self pt-cv-readmore btn btn-success\" target=\"_self\">Leer M\u00e1s<\/a><\/div><\/div><\/div><\/div>\n<div class=\"col-md-4 col-sm-6 col-xs-12 pt-cv-content-item pt-cv-1-col\" ><div class='pt-cv-ifield'><a href=\"https:\/\/zonales.quito.gob.ec\/?p=390996\" class=\"_self pt-cv-href-thumbnail pt-cv-thumb-default\" target=\"_self\" ><img loading=\"lazy\" decoding=\"async\" width=\"450\" height=\"250\" src=\"https:\/\/zonales.quito.gob.ec\/wp-content\/uploads\/TALLER-PELUQUERIA-UNISEX-450x250.jpg\" class=\"pt-cv-thumbnail\" alt=\"\" \/><\/a>\n<h3 class=\"pt-cv-title\"><a href=\"https:\/\/zonales.quito.gob.ec\/?p=390996\" class=\"_self\" target=\"_self\" >PELUQUER\u00cdA INNOVADORA\/ BELLEZA<\/a><\/h3>\n<div class=\"pt-cv-content\">CASA SOMOS CIUDAD BICENTENARIO Descripci\u00f3n:Espacio de formaci\u00f3n pr\u00e1ctica y te\u00f3rica ...<br \/><div class=\"pt-cv-rmwrap\"><a href=\"https:\/\/zonales.quito.gob.ec\/?p=390996\" class=\"_self pt-cv-readmore btn btn-success\" target=\"_self\">Leer M\u00e1s<\/a><\/div><\/div><\/div><\/div>\n<div class=\"col-md-4 col-sm-6 col-xs-12 pt-cv-content-item pt-cv-1-col\" ><div class='pt-cv-ifield'><a href=\"https:\/\/zonales.quito.gob.ec\/?p=425412\" class=\"_self pt-cv-href-thumbnail pt-cv-thumb-default\" target=\"_self\" ><img loading=\"lazy\" decoding=\"async\" width=\"374\" height=\"250\" src=\"https:\/\/zonales.quito.gob.ec\/wp-content\/uploads\/unas-9.jpg\" class=\"pt-cv-thumbnail\" alt=\"\" \/><\/a>\n<h3 class=\"pt-cv-title\"><a href=\"https:\/\/zonales.quito.gob.ec\/?p=425412\" class=\"_self\" target=\"_self\" >U\u00d1AS\/ BELLEZA\/ AVANZADO VESPERTINA<\/a><\/h3>\n<div class=\"pt-cv-content\">CASA SOMOS BIENESTAR Y VIDA BELLAVISTA Descripci\u00f3n:Es un tratamiento est\u00e9tico ...<br \/><div class=\"pt-cv-rmwrap\"><a href=\"https:\/\/zonales.quito.gob.ec\/?p=425412\" class=\"_self pt-cv-readmore btn btn-success\" target=\"_self\">Leer M\u00e1s<\/a><\/div><\/div><\/div><\/div>\n<div class=\"col-md-4 col-sm-6 col-xs-12 pt-cv-content-item pt-cv-1-col\" ><div class='pt-cv-ifield'><a href=\"https:\/\/zonales.quito.gob.ec\/?p=331867\" class=\"_self pt-cv-href-thumbnail pt-cv-thumb-default\" target=\"_self\" ><img loading=\"lazy\" decoding=\"async\" width=\"450\" height=\"250\" src=\"https:\/\/zonales.quito.gob.ec\/wp-content\/uploads\/cs-diversidades-barberia-450x250.jpg\" class=\"pt-cv-thumbnail\" alt=\"\" \/><\/a>\n<h3 class=\"pt-cv-title\"><a href=\"https:\/\/zonales.quito.gob.ec\/?p=331867\" class=\"_self\" target=\"_self\" >BARBER\u00cdA\/ BELLEZA<\/a><\/h3>\n<div class=\"pt-cv-content\">CASA SOMOS CIUDAD BICENTENARIO Descripci\u00f3n:Espacio de formaci\u00f3n te\u00f3rico-pr\u00e1ctica dise\u00f1ado para ...<br \/><div class=\"pt-cv-rmwrap\"><a href=\"https:\/\/zonales.quito.gob.ec\/?p=331867\" class=\"_self pt-cv-readmore btn btn-success\" target=\"_self\">Leer M\u00e1s<\/a><\/div><\/div><\/div><\/div>\n<div class=\"col-md-4 col-sm-6 col-xs-12 pt-cv-content-item pt-cv-1-col\" ><div class='pt-cv-ifield'><a href=\"https:\/\/zonales.quito.gob.ec\/?p=425832\" class=\"_self pt-cv-href-thumbnail pt-cv-thumb-default\" target=\"_self\" ><img loading=\"lazy\" decoding=\"async\" width=\"450\" height=\"250\" src=\"https:\/\/zonales.quito.gob.ec\/wp-content\/uploads\/cs-diversidades-barberia-450x250.jpg\" class=\"pt-cv-thumbnail\" alt=\"\" \/><\/a>\n<h3 class=\"pt-cv-title\"><a href=\"https:\/\/zonales.quito.gob.ec\/?p=425832\" class=\"_self\" target=\"_self\" >COLORIMETR\u00cdA\/ BELLEZA<\/a><\/h3>\n<div class=\"pt-cv-content\">CASA SOMOS CIUDAD BICENTENARIO Descripci\u00f3n:Aprende desde el diagn\u00f3stico y el ...<br \/><div class=\"pt-cv-rmwrap\"><a href=\"https:\/\/zonales.quito.gob.ec\/?p=425832\" class=\"_self pt-cv-readmore btn btn-success\" target=\"_self\">Leer M\u00e1s<\/a><\/div><\/div><\/div><\/div>\n<div class=\"col-md-4 col-sm-6 col-xs-12 pt-cv-content-item pt-cv-1-col\" ><div class='pt-cv-ifield'><a href=\"https:\/\/zonales.quito.gob.ec\/?p=424911\" class=\"_self pt-cv-href-thumbnail pt-cv-thumb-default\" target=\"_self\" ><img loading=\"lazy\" decoding=\"async\" width=\"375\" height=\"250\" src=\"https:\/\/zonales.quito.gob.ec\/wp-content\/uploads\/Automaquillaje-17.jpg\" class=\"pt-cv-thumbnail\" alt=\"\" \/><\/a>\n<h3 class=\"pt-cv-title\"><a href=\"https:\/\/zonales.quito.gob.ec\/?p=424911\" class=\"_self\" target=\"_self\" >MAQUILLAJE PROFESIONAL Y COLORIMETR\u00cdA \/ BELLEZA<\/a><\/h3>\n<div class=\"pt-cv-content\">CASA SOMOS SAN JUAN DE CALDER\u00d3N Descripci\u00f3n:El Taller de\u00a0maquillaje\u00a0profesional\u00a0es\u00a0una\u00a0formaci\u00f3n\u00a0pr\u00e1ctica\u00a0que\u00a0capacita\u00a0a\u00a0los\u00a0estudiantes\u00a0en\u00a0las\u00a0t\u00e9cnicas\u00a0y\u00a0herramientas\u00a0necesarias\u00a0para\u00a0trabajar\u00a0como\u00a0maquilladores\u00a0en\u00a0diversas\u00a0industrias.\u00a0Los\u00a0cursos\u00a0suelen\u00a0incluir\u00a0fundamentos\u00a0de\u00a0la\u00a0piel,\u00a0t\u00e9cnicas\u00a0de\u00a0base\u00a0y\u00a0color,\u00a0y\u00a0especialidades\u00a0como\u00a0maquillaje\u00a0de\u00a0novias\u00a0y\u00a0editorial.\u00a0Estos\u00a0talleres\u00a0son\u00a0esenciales\u00a0para\u00a0aquellos\u00a0que\u00a0desean\u00a0convertirse\u00a0en\u00a0profesionales\u00a0en\u00a0el\u00a0mundo\u00a0del\u00a0maquillaje,\u00a0ya\u00a0que\u00a0les\u00a0proporcionan\u00a0las\u00a0habilidades\u00a0y\u00a0conocimientos\u00a0necesarios\u00a0para\u00a0ofrecer\u00a0maquillaje\u00a0de\u00a0alta\u00a0calidad\u00a0y\u00a0resultados\u00a0consistentes. Informaci\u00f3n ...<br \/><div class=\"pt-cv-rmwrap\"><a href=\"https:\/\/zonales.quito.gob.ec\/?p=424911\" class=\"_self pt-cv-readmore btn btn-success\" target=\"_self\">Leer M\u00e1s<\/a><\/div><\/div><\/div><\/div>\n<div class=\"col-md-4 col-sm-6 col-xs-12 pt-cv-content-item pt-cv-1-col\" ><div class='pt-cv-ifield'><a href=\"https:\/\/zonales.quito.gob.ec\/?p=424751\" class=\"_self pt-cv-href-thumbnail pt-cv-thumb-default\" target=\"_self\" ><img loading=\"lazy\" decoding=\"async\" width=\"376\" height=\"250\" src=\"https:\/\/zonales.quito.gob.ec\/wp-content\/uploads\/Colorimetria-2.png\" class=\"pt-cv-thumbnail\" alt=\"\" \/><\/a>\n<h3 class=\"pt-cv-title\"><a href=\"https:\/\/zonales.quito.gob.ec\/?p=424751\" class=\"_self\" target=\"_self\" >COLORIMETR\u00cdA\/ BELLEZA<\/a><\/h3>\n<div class=\"pt-cv-content\">CASA SOMOS SAN JUAN DE CALDER\u00d3N Descripci\u00f3n:La colorimetr\u00eda capilar es ...<br \/><div class=\"pt-cv-rmwrap\"><a href=\"https:\/\/zonales.quito.gob.ec\/?p=424751\" class=\"_self pt-cv-readmore btn btn-success\" target=\"_self\">Leer M\u00e1s<\/a><\/div><\/div><\/div><\/div>\n<div class=\"col-md-4 col-sm-6 col-xs-12 pt-cv-content-item pt-cv-1-col\" ><div class='pt-cv-ifield'><a href=\"https:\/\/zonales.quito.gob.ec\/?p=394353\" class=\"_self pt-cv-href-thumbnail pt-cv-thumb-default\" target=\"_self\" ><img loading=\"lazy\" decoding=\"async\" width=\"450\" height=\"169\" src=\"https:\/\/zonales.quito.gob.ec\/wp-content\/uploads\/MAQUILLAJE-ARTISTICO.png\" class=\"pt-cv-thumbnail\" alt=\"\" \/><\/a>\n<h3 class=\"pt-cv-title\"><a href=\"https:\/\/zonales.quito.gob.ec\/?p=394353\" class=\"_self\" target=\"_self\" >MAQUILLAJE ART\u00cdSTICO Y FANYASIA\/BELLEZA<\/a><\/h3>\n<div class=\"pt-cv-content\">CASA SOMOS CHIRIYACU Descripci\u00f3n:Aprende t\u00e9cnicas para realzar tus ojos con ...<br \/><div class=\"pt-cv-rmwrap\"><a href=\"https:\/\/zonales.quito.gob.ec\/?p=394353\" class=\"_self pt-cv-readmore btn btn-success\" target=\"_self\">Leer M\u00e1s<\/a><\/div><\/div><\/div><\/div>\n<div class=\"col-md-4 col-sm-6 col-xs-12 pt-cv-content-item pt-cv-1-col\" ><div class='pt-cv-ifield'><a href=\"https:\/\/zonales.quito.gob.ec\/?p=421290\" class=\"_self pt-cv-href-thumbnail pt-cv-thumb-default\" target=\"_self\" ><img loading=\"lazy\" decoding=\"async\" width=\"450\" height=\"250\" src=\"https:\/\/zonales.quito.gob.ec\/wp-content\/uploads\/BARBERIA-5-450x250.jpeg\" class=\"pt-cv-thumbnail\" alt=\"\" \/><\/a>\n<h3 class=\"pt-cv-title\"><a href=\"https:\/\/zonales.quito.gob.ec\/?p=421290\" class=\"_self\" target=\"_self\" >BARBER\u00cdA\/BELLEZA\/NIVEL II<\/a><\/h3>\n<div class=\"pt-cv-content\">CASA SOMOS SOLANDA Descripci\u00f3n:En este taller los\/as participantes aprender\u00e1n a ...<br \/><div class=\"pt-cv-rmwrap\"><a href=\"https:\/\/zonales.quito.gob.ec\/?p=421290\" class=\"_self pt-cv-readmore btn btn-success\" target=\"_self\">Leer M\u00e1s<\/a><\/div><\/div><\/div><\/div>\n<div class=\"col-md-4 col-sm-6 col-xs-12 pt-cv-content-item pt-cv-1-col\" ><div class='pt-cv-ifield'><a href=\"https:\/\/zonales.quito.gob.ec\/?p=420518\" class=\"_self pt-cv-href-thumbnail pt-cv-thumb-default\" target=\"_self\" ><img loading=\"lazy\" decoding=\"async\" width=\"375\" height=\"250\" src=\"https:\/\/zonales.quito.gob.ec\/wp-content\/uploads\/unas-3-1.jpg\" class=\"pt-cv-thumbnail\" alt=\"\" \/><\/a>\n<h3 class=\"pt-cv-title\"><a href=\"https:\/\/zonales.quito.gob.ec\/?p=420518\" class=\"_self\" target=\"_self\" >U\u00d1AS\/BELLEZA<\/a><\/h3>\n<div class=\"pt-cv-content\">CASA SOMOS GUANGOPOLO U\u00d1AS BELLEZA Descripci\u00f3n:Ense\u00f1ar t\u00e9cnicas para que las ...<br \/><div class=\"pt-cv-rmwrap\"><a href=\"https:\/\/zonales.quito.gob.ec\/?p=420518\" class=\"_self pt-cv-readmore btn btn-success\" target=\"_self\">Leer M\u00e1s<\/a><\/div><\/div><\/div><\/div>\n<div class=\"col-md-4 col-sm-6 col-xs-12 pt-cv-content-item pt-cv-1-col\" ><div class='pt-cv-ifield'><a href=\"https:\/\/zonales.quito.gob.ec\/?p=419579\" class=\"_self pt-cv-href-thumbnail pt-cv-thumb-default\" target=\"_self\" ><img loading=\"lazy\" decoding=\"async\" width=\"450\" height=\"250\" src=\"https:\/\/zonales.quito.gob.ec\/wp-content\/uploads\/maquillaje-15-450x250.jpg\" class=\"pt-cv-thumbnail\" alt=\"\" \/><\/a>\n<h3 class=\"pt-cv-title\"><a href=\"https:\/\/zonales.quito.gob.ec\/?p=419579\" class=\"_self\" target=\"_self\" >TALLER DE  AUTOMAQUILLAJE Y PEINADOS \/ BELLEZA<\/a><\/h3>\n<div class=\"pt-cv-content\">CASA SOMOS CHILIBULO Descripci\u00f3n: Este taller , tiene la finalidad, ...<br \/><div class=\"pt-cv-rmwrap\"><a href=\"https:\/\/zonales.quito.gob.ec\/?p=419579\" class=\"_self pt-cv-readmore btn btn-success\" target=\"_self\">Leer M\u00e1s<\/a><\/div><\/div><\/div><\/div>\n<div class=\"col-md-4 col-sm-6 col-xs-12 pt-cv-content-item pt-cv-1-col\" ><div class='pt-cv-ifield'><a href=\"https:\/\/zonales.quito.gob.ec\/?p=416695\" class=\"_self pt-cv-href-thumbnail pt-cv-thumb-default\" target=\"_self\" ><img loading=\"lazy\" decoding=\"async\" width=\"450\" height=\"250\" src=\"https:\/\/zonales.quito.gob.ec\/wp-content\/uploads\/SPA-DE-UNAS-450x250.jpg\" class=\"pt-cv-thumbnail\" alt=\"\" \/><\/a>\n<h3 class=\"pt-cv-title\"><a href=\"https:\/\/zonales.quito.gob.ec\/?p=416695\" class=\"_self\" target=\"_self\" >SPA DE U\u00d1AS \/ BELLEZA \/ ARTE Y SPA PARA U\u00d1AS<\/a><\/h3>\n<div class=\"pt-cv-content\">CASA SOMOS GUAYLLABAMBA Descripci\u00f3n:El taller tiene como objetivo que las ...<br \/><div class=\"pt-cv-rmwrap\"><a href=\"https:\/\/zonales.quito.gob.ec\/?p=416695\" class=\"_self pt-cv-readmore btn btn-success\" target=\"_self\">Leer M\u00e1s<\/a><\/div><\/div><\/div><\/div>\n<div class=\"col-md-4 col-sm-6 col-xs-12 pt-cv-content-item pt-cv-1-col\" ><div class='pt-cv-ifield'><a href=\"https:\/\/zonales.quito.gob.ec\/?p=414998\" class=\"_self pt-cv-href-thumbnail pt-cv-thumb-default\" target=\"_self\" ><img loading=\"lazy\" decoding=\"async\" width=\"450\" height=\"169\" src=\"https:\/\/zonales.quito.gob.ec\/wp-content\/uploads\/UNAS-NINAS-convertido-a-1600x600-1.jpeg\" class=\"pt-cv-thumbnail\" alt=\"\" \/><\/a>\n<h3 class=\"pt-cv-title\"><a href=\"https:\/\/zonales.quito.gob.ec\/?p=414998\" class=\"_self\" target=\"_self\" >U\u00d1AS INFANTIL\/BELLEZA<\/a><\/h3>\n<div class=\"pt-cv-content\">CASA SOMOS CHIRIYACU Descripci\u00f3n:Taller dirigido a ni\u00f1os y ni\u00f1as de ...<br \/><div class=\"pt-cv-rmwrap\"><a href=\"https:\/\/zonales.quito.gob.ec\/?p=414998\" class=\"_self pt-cv-readmore btn btn-success\" target=\"_self\">Leer M\u00e1s<\/a><\/div><\/div><\/div><\/div>\n<div class=\"col-md-4 col-sm-6 col-xs-12 pt-cv-content-item pt-cv-1-col\" ><div class='pt-cv-ifield'><a href=\"https:\/\/zonales.quito.gob.ec\/?p=412791\" class=\"_self pt-cv-href-thumbnail pt-cv-thumb-default\" target=\"_self\" ><img loading=\"lazy\" decoding=\"async\" width=\"225\" height=\"225\" src=\"https:\/\/zonales.quito.gob.ec\/wp-content\/uploads\/MAQUILLAJE-PROFECIONAL.jpg\" class=\"pt-cv-thumbnail\" alt=\"\" \/><\/a>\n<h3 class=\"pt-cv-title\"><a href=\"https:\/\/zonales.quito.gob.ec\/?p=412791\" class=\"_self\" target=\"_self\" >MAQUILLAJE  \/BELLEZA\/ADOLESCENTES, J\u00d3VENES, ADULTOS Y ADULTOS MAYORES<\/a><\/h3>\n<div class=\"pt-cv-content\">CASA SOMOS CUMBAY\u00c1 Descripci\u00f3n:Taller presencial enfocado a todo p\u00fablico donde ...<br \/><div class=\"pt-cv-rmwrap\"><a href=\"https:\/\/zonales.quito.gob.ec\/?p=412791\" class=\"_self pt-cv-readmore btn btn-success\" target=\"_self\">Leer M\u00e1s<\/a><\/div><\/div><\/div><\/div>\n<div class=\"col-md-4 col-sm-6 col-xs-12 pt-cv-content-item pt-cv-1-col\" ><div class='pt-cv-ifield'><a href=\"https:\/\/zonales.quito.gob.ec\/?p=412093\" class=\"_self pt-cv-href-thumbnail pt-cv-thumb-default\" target=\"_self\" ><img loading=\"lazy\" decoding=\"async\" width=\"450\" height=\"250\" src=\"https:\/\/zonales.quito.gob.ec\/wp-content\/uploads\/COSMETOLOGIA-450x250.png\" class=\"pt-cv-thumbnail\" alt=\"\" \/><\/a>\n<h3 class=\"pt-cv-title\"><a href=\"https:\/\/zonales.quito.gob.ec\/?p=412093\" class=\"_self\" target=\"_self\" >COSMETOLOG\u00cdA\/BELLEZA<\/a><\/h3>\n<div class=\"pt-cv-content\">CASA SOMOS SAN JUAN Descripci\u00f3n:DESARROLLAR COMPETENCIAS B\u00c1SICAS EN CUIDADO Y ...<br \/><div class=\"pt-cv-rmwrap\"><a href=\"https:\/\/zonales.quito.gob.ec\/?p=412093\" class=\"_self pt-cv-readmore btn btn-success\" target=\"_self\">Leer M\u00e1s<\/a><\/div><\/div><\/div><\/div>\n<div class=\"col-md-4 col-sm-6 col-xs-12 pt-cv-content-item pt-cv-1-col\" ><div class='pt-cv-ifield'><a href=\"https:\/\/zonales.quito.gob.ec\/?p=412090\" class=\"_self pt-cv-href-thumbnail pt-cv-thumb-default\" target=\"_self\" ><img loading=\"lazy\" decoding=\"async\" width=\"450\" height=\"250\" src=\"https:\/\/zonales.quito.gob.ec\/wp-content\/uploads\/MAQUILLAJE-ARTISTICO-2-450x250.jpg\" class=\"pt-cv-thumbnail\" alt=\"\" \/><\/a>\n<h3 class=\"pt-cv-title\"><a href=\"https:\/\/zonales.quito.gob.ec\/?p=412090\" class=\"_self\" target=\"_self\" >MAQUILLAJE ART\u00cdSTICO\/BELLEZA<\/a><\/h3>\n<div class=\"pt-cv-content\">CASA SOMOS SAN JUAN Descripci\u00f3n:DESARROLLAR T\u00c9CNICAS DE MAQUILLAJE CON FINES ...<br \/><div class=\"pt-cv-rmwrap\"><a href=\"https:\/\/zonales.quito.gob.ec\/?p=412090\" class=\"_self pt-cv-readmore btn btn-success\" target=\"_self\">Leer M\u00e1s<\/a><\/div><\/div><\/div><\/div>\n<div class=\"col-md-4 col-sm-6 col-xs-12 pt-cv-content-item pt-cv-1-col\" ><div class='pt-cv-ifield'><a href=\"https:\/\/zonales.quito.gob.ec\/?p=412085\" class=\"_self pt-cv-href-thumbnail pt-cv-thumb-default\" target=\"_self\" ><img loading=\"lazy\" decoding=\"async\" width=\"450\" height=\"225\" src=\"https:\/\/zonales.quito.gob.ec\/wp-content\/uploads\/Diseno-unas-taller.jpg\" class=\"pt-cv-thumbnail\" alt=\"\" \/><\/a>\n<h3 class=\"pt-cv-title\"><a href=\"https:\/\/zonales.quito.gob.ec\/?p=412085\" class=\"_self\" target=\"_self\" >DISE\u00d1O DE U\u00d1AS\/PRESS ON<\/a><\/h3>\n<div class=\"pt-cv-content\">CASA SOMOS SAN JUAN Descripci\u00f3n:Ense\u00f1ar t\u00e9cnica de embellecimiento que ha ...<br \/><div class=\"pt-cv-rmwrap\"><a href=\"https:\/\/zonales.quito.gob.ec\/?p=412085\" class=\"_self pt-cv-readmore btn btn-success\" target=\"_self\">Leer M\u00e1s<\/a><\/div><\/div><\/div><\/div>\n<div class=\"col-md-4 col-sm-6 col-xs-12 pt-cv-content-item pt-cv-1-col\" ><div class='pt-cv-ifield'><a href=\"https:\/\/zonales.quito.gob.ec\/?p=411420\" class=\"_self pt-cv-href-thumbnail pt-cv-thumb-default\" target=\"_self\" ><img loading=\"lazy\" decoding=\"async\" width=\"312\" height=\"250\" src=\"https:\/\/zonales.quito.gob.ec\/wp-content\/uploads\/UNAS-STICKERS.png\" class=\"pt-cv-thumbnail\" alt=\"\" \/><\/a>\n<h3 class=\"pt-cv-title\"><a href=\"https:\/\/zonales.quito.gob.ec\/?p=411420\" class=\"_self\" target=\"_self\" >U\u00d1AS ACR\u00cdLICAS\/BELLEZA<\/a><\/h3>\n<div class=\"pt-cv-content\">CASA SOMOS SAN JUAN Descripci\u00f3n:Mejorar la condici\u00f3n f\u00edsica general, fortaleciendo ...<br \/><div class=\"pt-cv-rmwrap\"><a href=\"https:\/\/zonales.quito.gob.ec\/?p=411420\" class=\"_self pt-cv-readmore btn btn-success\" target=\"_self\">Leer M\u00e1s<\/a><\/div><\/div><\/div><\/div>\n<div class=\"col-md-4 col-sm-6 col-xs-12 pt-cv-content-item pt-cv-1-col\" ><div class='pt-cv-ifield'><a href=\"https:\/\/zonales.quito.gob.ec\/?p=410674\" class=\"_self pt-cv-href-thumbnail pt-cv-thumb-default\" target=\"_self\" ><img loading=\"lazy\" decoding=\"async\" width=\"450\" height=\"250\" src=\"https:\/\/zonales.quito.gob.ec\/wp-content\/uploads\/semana-el-pepino-el-mejor-aliado-de-la-belleza-de-tu-piel-y-tu-pelo-450x250.webp\" class=\"pt-cv-thumbnail\" alt=\"\" \/><\/a>\n<h3 class=\"pt-cv-title\"><a href=\"https:\/\/zonales.quito.gob.ec\/?p=410674\" class=\"_self\" target=\"_self\" >LIMPIEZA FACIAL PROFUNDA\/BELLEZA\/LIMPIEZA FACIAL B\u00c1SICA<\/a><\/h3>\n<div class=\"pt-cv-content\">CASA SOMOS TOCTIUCO Descripci\u00f3n:El objetivo principal de un taller de ...<br \/><div class=\"pt-cv-rmwrap\"><a href=\"https:\/\/zonales.quito.gob.ec\/?p=410674\" class=\"_self pt-cv-readmore btn btn-success\" target=\"_self\">Leer M\u00e1s<\/a><\/div><\/div><\/div><\/div>\n<div class=\"col-md-4 col-sm-6 col-xs-12 pt-cv-content-item pt-cv-1-col\" ><div class='pt-cv-ifield'><a href=\"https:\/\/zonales.quito.gob.ec\/?p=410656\" class=\"_self pt-cv-href-thumbnail pt-cv-thumb-default\" target=\"_self\" ><img loading=\"lazy\" decoding=\"async\" width=\"450\" height=\"250\" src=\"https:\/\/zonales.quito.gob.ec\/wp-content\/uploads\/UNAS-ACRLICAS-Y-EN-3-D-1-450x250.jpg\" class=\"pt-cv-thumbnail\" alt=\"\" \/><\/a>\n<h3 class=\"pt-cv-title\"><a href=\"https:\/\/zonales.quito.gob.ec\/?p=410656\" class=\"_self\" target=\"_self\" >DISE\u00d1O DE U\u00d1AS\/BELLEZA<\/a><\/h3>\n<div class=\"pt-cv-content\">CASA SOMOS TOCTIUCO Descripci\u00f3n:Objetivo capacitar a los estudiantes en t\u00e9cnicas ...<br \/><div class=\"pt-cv-rmwrap\"><a href=\"https:\/\/zonales.quito.gob.ec\/?p=410656\" class=\"_self pt-cv-readmore btn btn-success\" target=\"_self\">Leer M\u00e1s<\/a><\/div><\/div><\/div><\/div>\n<div class=\"col-md-4 col-sm-6 col-xs-12 pt-cv-content-item pt-cv-1-col\" ><div class='pt-cv-ifield'><a href=\"https:\/\/zonales.quito.gob.ec\/?p=410594\" class=\"_self pt-cv-href-thumbnail pt-cv-thumb-default\" target=\"_self\" ><img loading=\"lazy\" decoding=\"async\" width=\"200\" height=\"250\" src=\"https:\/\/zonales.quito.gob.ec\/wp-content\/uploads\/unas-semipermanentes-1.jpg\" class=\"pt-cv-thumbnail\" alt=\"\" \/><\/a>\n<h3 class=\"pt-cv-title\"><a href=\"https:\/\/zonales.quito.gob.ec\/?p=410594\" class=\"_self\" target=\"_self\" >SPA DE U\u00d1AS\/BELLEZA\/ARTE EN MANICURA<\/a><\/h3>\n<div class=\"pt-cv-content\">CASA SOMOS TOCTIUCO Descripci\u00f3n:Capacitar a los estudiantes para brindar tratamientos ...<br \/><div class=\"pt-cv-rmwrap\"><a href=\"https:\/\/zonales.quito.gob.ec\/?p=410594\" class=\"_self pt-cv-readmore btn btn-success\" target=\"_self\">Leer M\u00e1s<\/a><\/div><\/div><\/div><\/div>\n<div class=\"col-md-4 col-sm-6 col-xs-12 pt-cv-content-item pt-cv-1-col\" ><div class='pt-cv-ifield'><a href=\"https:\/\/zonales.quito.gob.ec\/?p=407130\" class=\"_self pt-cv-href-thumbnail pt-cv-thumb-default\" target=\"_self\" ><img loading=\"lazy\" decoding=\"async\" width=\"450\" height=\"169\" src=\"https:\/\/zonales.quito.gob.ec\/wp-content\/uploads\/MAQUILLAJE-123654789-convertido-a-1600x600-2.jpeg\" class=\"pt-cv-thumbnail\" alt=\"\" \/><\/a>\n<h3 class=\"pt-cv-title\"><a href=\"https:\/\/zonales.quito.gob.ec\/?p=407130\" class=\"_self\" target=\"_self\" >MAQUILLAJE PROFESIONAL Y PEINADOS\/BELLEZA<\/a><\/h3>\n<div class=\"pt-cv-content\">CASA SOMOS LA MARISCAL Descripci\u00f3n:El Taller se enfoca en peinados ...<br \/><div class=\"pt-cv-rmwrap\"><a href=\"https:\/\/zonales.quito.gob.ec\/?p=407130\" class=\"_self pt-cv-readmore btn btn-success\" target=\"_self\">Leer M\u00e1s<\/a><\/div><\/div><\/div><\/div>\n<div class=\"col-md-4 col-sm-6 col-xs-12 pt-cv-content-item pt-cv-1-col\" ><div class='pt-cv-ifield'><a href=\"https:\/\/zonales.quito.gob.ec\/?p=406290\" class=\"_self pt-cv-href-thumbnail pt-cv-thumb-default\" target=\"_self\" ><img loading=\"lazy\" decoding=\"async\" width=\"450\" height=\"250\" src=\"https:\/\/zonales.quito.gob.ec\/wp-content\/uploads\/cosmetologia-1-1-450x250.jpeg\" class=\"pt-cv-thumbnail\" alt=\"\" \/><\/a>\n<h3 class=\"pt-cv-title\"><a href=\"https:\/\/zonales.quito.gob.ec\/?p=406290\" class=\"_self\" target=\"_self\" >COSMETOLOG\u00cdA\/ BELLEZA \/ 12 A\u00d1OS EN ADELANTE<\/a><\/h3>\n<div class=\"pt-cv-content\">CASA SOMOS Z\u00c1MBIZA Descripci\u00f3n:Aprende t\u00e9cnicas y conocimientos b\u00e1sicos para el ...<br \/><div class=\"pt-cv-rmwrap\"><a href=\"https:\/\/zonales.quito.gob.ec\/?p=406290\" class=\"_self pt-cv-readmore btn btn-success\" target=\"_self\">Leer M\u00e1s<\/a><\/div><\/div><\/div><\/div>\n<div class=\"col-md-4 col-sm-6 col-xs-12 pt-cv-content-item pt-cv-1-col\" ><div class='pt-cv-ifield'><a href=\"https:\/\/zonales.quito.gob.ec\/?p=403717\" class=\"_self pt-cv-href-thumbnail pt-cv-thumb-default\" target=\"_self\" ><img loading=\"lazy\" decoding=\"async\" width=\"450\" height=\"250\" src=\"https:\/\/zonales.quito.gob.ec\/wp-content\/uploads\/PELUQUERIA-DESDE-CERO-3-450x250.jpg\" class=\"pt-cv-thumbnail\" alt=\"\" \/><\/a>\n<h3 class=\"pt-cv-title\"><a href=\"https:\/\/zonales.quito.gob.ec\/?p=403717\" class=\"_self\" target=\"_self\" >PELUQUER\u00cdA\/BELLEZA\/CORTES DE CABELLO\/YARUQU\u00cd<\/a><\/h3>\n<div class=\"pt-cv-content\">CASA SOMOS YARUQU\u00cd Informaci\u00f3n Adicional Descripci\u00f3n: Modalidad: Presencial Responsable del ...<br \/><div class=\"pt-cv-rmwrap\"><a href=\"https:\/\/zonales.quito.gob.ec\/?p=403717\" class=\"_self pt-cv-readmore btn btn-success\" target=\"_self\">Leer M\u00e1s<\/a><\/div><\/div><\/div><\/div>\n<div class=\"col-md-4 col-sm-6 col-xs-12 pt-cv-content-item pt-cv-1-col\" ><div class='pt-cv-ifield'><a href=\"https:\/\/zonales.quito.gob.ec\/?p=403694\" class=\"_self pt-cv-href-thumbnail pt-cv-thumb-default\" target=\"_self\" ><img loading=\"lazy\" decoding=\"async\" width=\"140\" height=\"250\" src=\"https:\/\/zonales.quito.gob.ec\/wp-content\/uploads\/belleza-corporal.jpg\" class=\"pt-cv-thumbnail\" alt=\"\" \/><\/a>\n<h3 class=\"pt-cv-title\"><a href=\"https:\/\/zonales.quito.gob.ec\/?p=403694\" class=\"_self\" target=\"_self\" >BELLEZA Y ESTILISMO\/BELLEZA\/ NAYON CENTRO<\/a><\/h3>\n<div class=\"pt-cv-content\">CASA SOMOS NAY\u00d3N Men\u00fa Informaci\u00f3n 57 Casas Somos Quito Talleres ...<br \/><div class=\"pt-cv-rmwrap\"><a href=\"https:\/\/zonales.quito.gob.ec\/?p=403694\" class=\"_self pt-cv-readmore btn btn-success\" target=\"_self\">Leer M\u00e1s<\/a><\/div><\/div><\/div><\/div>\n<div class=\"col-md-4 col-sm-6 col-xs-12 pt-cv-content-item pt-cv-1-col\" ><div class='pt-cv-ifield'><a href=\"https:\/\/zonales.quito.gob.ec\/?p=403681\" class=\"_self pt-cv-href-thumbnail pt-cv-thumb-default\" target=\"_self\" ><img loading=\"lazy\" decoding=\"async\" width=\"450\" height=\"250\" src=\"https:\/\/zonales.quito.gob.ec\/wp-content\/uploads\/tintes-cabello-1-450x250.jpg\" class=\"pt-cv-thumbnail\" alt=\"\" \/><\/a>\n<h3 class=\"pt-cv-title\"><a href=\"https:\/\/zonales.quito.gob.ec\/?p=403681\" class=\"_self\" target=\"_self\" >PELUQUER\u00cdA Y COLORIMETR\u00cdA\/BELLEZA\/TINTES Y ONDULACIONES DE CABELLO\/YARUQU\u00cd<\/a><\/h3>\n<div class=\"pt-cv-content\">CASA SOMOS YARUQU\u00cd Informaci\u00f3n Adicional Descripci\u00f3n: Modalidad: Presencial Responsable del ...<br \/><div class=\"pt-cv-rmwrap\"><a href=\"https:\/\/zonales.quito.gob.ec\/?p=403681\" class=\"_self pt-cv-readmore btn btn-success\" target=\"_self\">Leer M\u00e1s<\/a><\/div><\/div><\/div><\/div>\n<div class=\"col-md-4 col-sm-6 col-xs-12 pt-cv-content-item pt-cv-1-col\" ><div class='pt-cv-ifield'><a href=\"https:\/\/zonales.quito.gob.ec\/?p=403684\" class=\"_self pt-cv-href-thumbnail pt-cv-thumb-default\" target=\"_self\" ><img loading=\"lazy\" decoding=\"async\" width=\"140\" height=\"250\" src=\"https:\/\/zonales.quito.gob.ec\/wp-content\/uploads\/belleza-corporal.jpg\" class=\"pt-cv-thumbnail\" alt=\"\" \/><\/a>\n<h3 class=\"pt-cv-title\"><a href=\"https:\/\/zonales.quito.gob.ec\/?p=403684\" class=\"_self\" target=\"_self\" >BELLEZA Y ESTILISMO\/BELLEZA\/ INCHAPICHO<\/a><\/h3>\n<div class=\"pt-cv-content\">CASA SOMOS NAY\u00d3N Men\u00fa Informaci\u00f3n 57 Casas Somos Quito Talleres ...<br \/><div class=\"pt-cv-rmwrap\"><a href=\"https:\/\/zonales.quito.gob.ec\/?p=403684\" class=\"_self pt-cv-readmore btn btn-success\" target=\"_self\">Leer M\u00e1s<\/a><\/div><\/div><\/div><\/div>\n<div class=\"col-md-4 col-sm-6 col-xs-12 pt-cv-content-item pt-cv-1-col\" ><div class='pt-cv-ifield'><a href=\"https:\/\/zonales.quito.gob.ec\/?p=403671\" class=\"_self pt-cv-href-thumbnail pt-cv-thumb-default\" target=\"_self\" ><img loading=\"lazy\" decoding=\"async\" width=\"167\" height=\"250\" src=\"https:\/\/zonales.quito.gob.ec\/wp-content\/uploads\/cosmeto.jpg\" class=\"pt-cv-thumbnail\" alt=\"\" \/><\/a>\n<h3 class=\"pt-cv-title\"><a href=\"https:\/\/zonales.quito.gob.ec\/?p=403671\" class=\"_self\" target=\"_self\" >COSMETOLOG\u00cdA\/BELLEZA\/ NAYON CENTRO<\/a><\/h3>\n<div class=\"pt-cv-content\">CASA SOMOS NAY\u00d3N Men\u00fa Informaci\u00f3n 57 Casas Somos Quito Talleres ...<br \/><div class=\"pt-cv-rmwrap\"><a href=\"https:\/\/zonales.quito.gob.ec\/?p=403671\" class=\"_self pt-cv-readmore btn btn-success\" target=\"_self\">Leer M\u00e1s<\/a><\/div><\/div><\/div><\/div>\n<div class=\"col-md-4 col-sm-6 col-xs-12 pt-cv-content-item pt-cv-1-col\" ><div class='pt-cv-ifield'><a href=\"https:\/\/zonales.quito.gob.ec\/?p=340029\" class=\"_self pt-cv-href-thumbnail pt-cv-thumb-default\" target=\"_self\" ><img loading=\"lazy\" decoding=\"async\" width=\"450\" height=\"250\" src=\"https:\/\/zonales.quito.gob.ec\/wp-content\/uploads\/UNAS-2-1-450x250.jpg\" class=\"pt-cv-thumbnail\" alt=\"\" \/><\/a>\n<h3 class=\"pt-cv-title\"><a href=\"https:\/\/zonales.quito.gob.ec\/?p=340029\" class=\"_self\" target=\"_self\" >U\u00d1AS\/BELLEZA\/GEL Y ACR\u00cdLICO\/YARUQU\u00cd<\/a><\/h3>\n<div class=\"pt-cv-content\">CASA SOMOS YARUQU\u00cd Informaci\u00f3n Adicional Descripci\u00f3n:Modalidad:PresencialResponsable del taller:Alba Cuti\u00a0Horario de ...<br \/><div class=\"pt-cv-rmwrap\"><a href=\"https:\/\/zonales.quito.gob.ec\/?p=340029\" class=\"_self pt-cv-readmore btn btn-success\" target=\"_self\">Leer M\u00e1s<\/a><\/div><\/div><\/div><\/div>\n<div class=\"col-md-4 col-sm-6 col-xs-12 pt-cv-content-item pt-cv-1-col\" ><div class='pt-cv-ifield'><a href=\"https:\/\/zonales.quito.gob.ec\/?p=402749\" class=\"_self pt-cv-href-thumbnail pt-cv-thumb-default\" target=\"_self\" ><img loading=\"lazy\" decoding=\"async\" width=\"333\" height=\"250\" src=\"https:\/\/zonales.quito.gob.ec\/wp-content\/uploads\/WhatsApp-Image-2026-06-18-at-15.30.50.jpeg\" class=\"pt-cv-thumbnail\" alt=\"\" \/><\/a>\n<h3 class=\"pt-cv-title\"><a href=\"https:\/\/zonales.quito.gob.ec\/?p=402749\" class=\"_self\" target=\"_self\" >U\u00d1AS ACR\u00cdLICAS\/BELLEZA<\/a><\/h3>\n<div class=\"pt-cv-content\">CASA SOMOS SAN MARCOS Descripci\u00f3n:Taller presencialEnse\u00f1ar las t\u00e9cnicas fundamentales para ...<br \/><div class=\"pt-cv-rmwrap\"><a href=\"https:\/\/zonales.quito.gob.ec\/?p=402749\" class=\"_self pt-cv-readmore btn btn-success\" target=\"_self\">Leer M\u00e1s<\/a><\/div><\/div><\/div><\/div>\n<div class=\"col-md-4 col-sm-6 col-xs-12 pt-cv-content-item pt-cv-1-col\" ><div class='pt-cv-ifield'><a href=\"https:\/\/zonales.quito.gob.ec\/?p=403075\" class=\"_self pt-cv-href-thumbnail pt-cv-thumb-default\" target=\"_self\" ><img loading=\"lazy\" decoding=\"async\" width=\"351\" height=\"250\" src=\"https:\/\/zonales.quito.gob.ec\/wp-content\/uploads\/WhatsApp-Image-2026-04-02-at-12.04.33.jpeg\" class=\"pt-cv-thumbnail\" alt=\"\" \/><\/a>\n<h3 class=\"pt-cv-title\"><a href=\"https:\/\/zonales.quito.gob.ec\/?p=403075\" class=\"_self\" target=\"_self\" >BARBER\u00cdA\/BELLEZA<\/a><\/h3>\n<div class=\"pt-cv-content\">CASA SOMOS SAN MARCOS Descripci\u00f3n:Taller presencialAprende barber\u00eda para dominar el ...<br \/><div class=\"pt-cv-rmwrap\"><a href=\"https:\/\/zonales.quito.gob.ec\/?p=403075\" class=\"_self pt-cv-readmore btn btn-success\" target=\"_self\">Leer M\u00e1s<\/a><\/div><\/div><\/div><\/div>\n<div class=\"col-md-4 col-sm-6 col-xs-12 pt-cv-content-item pt-cv-1-col\" ><div class='pt-cv-ifield'><a href=\"https:\/\/zonales.quito.gob.ec\/?p=381853\" class=\"_self pt-cv-href-thumbnail pt-cv-thumb-default\" target=\"_self\" ><img loading=\"lazy\" decoding=\"async\" width=\"372\" height=\"250\" src=\"https:\/\/zonales.quito.gob.ec\/wp-content\/uploads\/AUTOMAQUILLAJE-2.png\" class=\"pt-cv-thumbnail\" alt=\"\" \/><\/a>\n<h3 class=\"pt-cv-title\"><a href=\"https:\/\/zonales.quito.gob.ec\/?p=381853\" class=\"_self\" target=\"_self\" >AUTOMAQUILLAJE\/BELLEZA\/TODO P\u00daBLICO<\/a><\/h3>\n<div class=\"pt-cv-content\">CASA SOMOS AMAGUA\u00d1A Descripci\u00f3n:El proyecto se realiza con el fin ...<br \/><div class=\"pt-cv-rmwrap\"><a href=\"https:\/\/zonales.quito.gob.ec\/?p=381853\" class=\"_self pt-cv-readmore btn btn-success\" target=\"_self\">Leer M\u00e1s<\/a><\/div><\/div><\/div><\/div>\n<div class=\"col-md-4 col-sm-6 col-xs-12 pt-cv-content-item pt-cv-1-col\" ><div class='pt-cv-ifield'><a href=\"https:\/\/zonales.quito.gob.ec\/?p=402255\" class=\"_self pt-cv-href-thumbnail pt-cv-thumb-default\" target=\"_self\" ><img loading=\"lazy\" decoding=\"async\" width=\"450\" height=\"250\" src=\"https:\/\/zonales.quito.gob.ec\/wp-content\/uploads\/manicura_pedicura_pagina-450x250.jpg\" class=\"pt-cv-thumbnail\" alt=\"\" \/><\/a>\n<h3 class=\"pt-cv-title\"><a href=\"https:\/\/zonales.quito.gob.ec\/?p=402255\" class=\"_self\" target=\"_self\" >MANICURE Y PEDICURE \/BELLEZA<\/a><\/h3>\n<div class=\"pt-cv-content\">CASA SOMOS CEDOC Descripci\u00f3n:Aprende t\u00e9cnicas esenciales de cuidado y embellecimiento ...<br \/><div class=\"pt-cv-rmwrap\"><a href=\"https:\/\/zonales.quito.gob.ec\/?p=402255\" class=\"_self pt-cv-readmore btn btn-success\" target=\"_self\">Leer M\u00e1s<\/a><\/div><\/div><\/div><\/div>\n<div class=\"col-md-4 col-sm-6 col-xs-12 pt-cv-content-item pt-cv-1-col\" ><div class='pt-cv-ifield'><a href=\"https:\/\/zonales.quito.gob.ec\/?p=400428\" class=\"_self pt-cv-href-thumbnail pt-cv-thumb-default\" target=\"_self\" ><img loading=\"lazy\" decoding=\"async\" width=\"401\" height=\"250\" src=\"https:\/\/zonales.quito.gob.ec\/wp-content\/uploads\/WhatsApp-Image-2026-06-18-at-15.43.12.jpeg\" class=\"pt-cv-thumbnail\" alt=\"\" \/><\/a>\n<h3 class=\"pt-cv-title\"><a href=\"https:\/\/zonales.quito.gob.ec\/?p=400428\" class=\"_self\" target=\"_self\" >U\u00d1AS ACR\u00cdLICAS\/BELLEZA\/Y POLYGEL<\/a><\/h3>\n<div class=\"pt-cv-content\">CASA SOMOS PUENGAS\u00cd Descripci\u00f3n:Aprender de forma pr\u00e1ctica y especializada orientado ...<br \/><div class=\"pt-cv-rmwrap\"><a href=\"https:\/\/zonales.quito.gob.ec\/?p=400428\" class=\"_self pt-cv-readmore btn btn-success\" target=\"_self\">Leer M\u00e1s<\/a><\/div><\/div><\/div><\/div>\n<div class=\"col-md-4 col-sm-6 col-xs-12 pt-cv-content-item pt-cv-1-col\" ><div class='pt-cv-ifield'><a href=\"https:\/\/zonales.quito.gob.ec\/?p=400406\" class=\"_self pt-cv-href-thumbnail pt-cv-thumb-default\" target=\"_self\" ><img loading=\"lazy\" decoding=\"async\" width=\"333\" height=\"250\" src=\"https:\/\/zonales.quito.gob.ec\/wp-content\/uploads\/WhatsApp-Image-2026-06-18-at-15.30.50.jpeg\" class=\"pt-cv-thumbnail\" alt=\"\" \/><\/a>\n<h3 class=\"pt-cv-title\"><a href=\"https:\/\/zonales.quito.gob.ec\/?p=400406\" class=\"_self\" target=\"_self\" >U\u00d1AS SEMIPERMANENTES\/BELLEZA\/Y SOFT GEL<\/a><\/h3>\n<div class=\"pt-cv-content\">CASA SOMOS PUENGAS\u00cd Descripci\u00f3n:Aprender sistemas como acr\u00edlico, esmaltado semipermanente y ...<br \/><div class=\"pt-cv-rmwrap\"><a href=\"https:\/\/zonales.quito.gob.ec\/?p=400406\" class=\"_self pt-cv-readmore btn btn-success\" target=\"_self\">Leer M\u00e1s<\/a><\/div><\/div><\/div><\/div>\n<div class=\"col-md-4 col-sm-6 col-xs-12 pt-cv-content-item pt-cv-1-col\" ><div class='pt-cv-ifield'><a href=\"https:\/\/zonales.quito.gob.ec\/?p=399351\" class=\"_self pt-cv-href-thumbnail pt-cv-thumb-default\" target=\"_self\" ><img loading=\"lazy\" decoding=\"async\" width=\"450\" height=\"250\" src=\"https:\/\/zonales.quito.gob.ec\/wp-content\/uploads\/ARTE-EN-UNAS-450x250.jpeg\" class=\"pt-cv-thumbnail\" alt=\"\" \/><\/a>\n<h3 class=\"pt-cv-title\"><a href=\"https:\/\/zonales.quito.gob.ec\/?p=399351\" class=\"_self\" target=\"_self\" >DISE\u00d1O DE U\u00d1AS \/ BELLEZA \/ U\u00d1ITAS M\u00c1GICAS<\/a><\/h3>\n<div class=\"pt-cv-content\">CASA SOMOS GUAYLLABAMBA Descripci\u00f3n:El taller tiene como objetivo que las ...<br \/><div class=\"pt-cv-rmwrap\"><a href=\"https:\/\/zonales.quito.gob.ec\/?p=399351\" class=\"_self pt-cv-readmore btn btn-success\" target=\"_self\">Leer M\u00e1s<\/a><\/div><\/div><\/div><\/div>\n<div class=\"col-md-4 col-sm-6 col-xs-12 pt-cv-content-item pt-cv-1-col\" ><div class='pt-cv-ifield'><a href=\"https:\/\/zonales.quito.gob.ec\/?p=397956\" class=\"_self pt-cv-href-thumbnail pt-cv-thumb-default\" target=\"_self\" ><img loading=\"lazy\" decoding=\"async\" width=\"450\" height=\"242\" src=\"https:\/\/zonales.quito.gob.ec\/wp-content\/uploads\/WhatsApp-Image-2026-06-10-at-4.32.24-PM.jpeg\" class=\"pt-cv-thumbnail\" alt=\"\" \/><\/a>\n<h3 class=\"pt-cv-title\"><a href=\"https:\/\/zonales.quito.gob.ec\/?p=397956\" class=\"_self\" target=\"_self\" >U\u00d1AS ACR\u00cdLICAS\/BELLEZA<\/a><\/h3>\n<div class=\"pt-cv-content\">CASA SOMOS ALANGAS\u00cd Descripci\u00f3n:Aportar con conocimientos y habilidades en la ...<br \/><div class=\"pt-cv-rmwrap\"><a href=\"https:\/\/zonales.quito.gob.ec\/?p=397956\" class=\"_self pt-cv-readmore btn btn-success\" target=\"_self\">Leer M\u00e1s<\/a><\/div><\/div><\/div><\/div>\n<div class=\"col-md-4 col-sm-6 col-xs-12 pt-cv-content-item pt-cv-1-col\" ><div class='pt-cv-ifield'><a href=\"https:\/\/zonales.quito.gob.ec\/?p=397539\" class=\"_self pt-cv-href-thumbnail pt-cv-thumb-default\" target=\"_self\" ><img loading=\"lazy\" decoding=\"async\" width=\"450\" height=\"250\" src=\"https:\/\/zonales.quito.gob.ec\/wp-content\/uploads\/depositphotos_44197873-stock-photo-manicure-and-pedicure-450x250.webp\" class=\"pt-cv-thumbnail\" alt=\"\" \/><\/a>\n<h3 class=\"pt-cv-title\"><a href=\"https:\/\/zonales.quito.gob.ec\/?p=397539\" class=\"_self\" target=\"_self\" >TECNICAS DE U\u00d1AS ACRILICAS\/BELLEZA<\/a><\/h3>\n<div class=\"pt-cv-content\">CASA SOMOS BULEVAR Descripci\u00f3n:Desarrollar t\u00e9cnicas para el cuidado y embellecimiento ...<br \/><div class=\"pt-cv-rmwrap\"><a href=\"https:\/\/zonales.quito.gob.ec\/?p=397539\" class=\"_self pt-cv-readmore btn btn-success\" target=\"_self\">Leer M\u00e1s<\/a><\/div><\/div><\/div><\/div>\n<div class=\"col-md-4 col-sm-6 col-xs-12 pt-cv-content-item pt-cv-1-col\" ><div class='pt-cv-ifield'><a href=\"https:\/\/zonales.quito.gob.ec\/?p=397504\" class=\"_self pt-cv-href-thumbnail pt-cv-thumb-default\" target=\"_self\" ><img loading=\"lazy\" decoding=\"async\" width=\"375\" height=\"250\" src=\"https:\/\/zonales.quito.gob.ec\/wp-content\/uploads\/ChatGPT-Image-15-jun-2026-04_41_43-p.m.png\" class=\"pt-cv-thumbnail\" alt=\"\" \/><\/a>\n<h3 class=\"pt-cv-title\"><a href=\"https:\/\/zonales.quito.gob.ec\/?p=397504\" class=\"_self\" target=\"_self\" >ARTE EN MANICURE\/BELLEZA<\/a><\/h3>\n<div class=\"pt-cv-content\">CASA SOMOS BULEVAR Descripci\u00f3n:Desarrollar t\u00e9cnicas para el cuidado y embellecimiento ...<br \/><div class=\"pt-cv-rmwrap\"><a href=\"https:\/\/zonales.quito.gob.ec\/?p=397504\" class=\"_self pt-cv-readmore btn btn-success\" target=\"_self\">Leer M\u00e1s<\/a><\/div><\/div><\/div><\/div>\n<div class=\"col-md-4 col-sm-6 col-xs-12 pt-cv-content-item pt-cv-1-col\" ><div class='pt-cv-ifield'><a href=\"https:\/\/zonales.quito.gob.ec\/?p=395619\" class=\"_self pt-cv-href-thumbnail pt-cv-thumb-default\" target=\"_self\" ><img loading=\"lazy\" decoding=\"async\" width=\"375\" height=\"250\" src=\"https:\/\/zonales.quito.gob.ec\/wp-content\/uploads\/ChatGPT-Image-15-jun-2026-04_52_35-p.m.png\" class=\"pt-cv-thumbnail\" alt=\"\" \/><\/a>\n<h3 class=\"pt-cv-title\"><a href=\"https:\/\/zonales.quito.gob.ec\/?p=395619\" class=\"_self\" target=\"_self\" >DISE\u00d1O DE U\u00d1AS \/ BELLEZA \/ POLIGEL 14 A\u00d1OS EN ADELANTE<\/a><\/h3>\n<div class=\"pt-cv-content\">CASA SOMOS PU\u00c9LLARO Descripci\u00f3n:Taller para adolescentes y j\u00f3venes en donde ...<br \/><div class=\"pt-cv-rmwrap\"><a href=\"https:\/\/zonales.quito.gob.ec\/?p=395619\" class=\"_self pt-cv-readmore btn btn-success\" target=\"_self\">Leer M\u00e1s<\/a><\/div><\/div><\/div><\/div>\n<div class=\"col-md-4 col-sm-6 col-xs-12 pt-cv-content-item pt-cv-1-col\" ><div class='pt-cv-ifield'><a href=\"https:\/\/zonales.quito.gob.ec\/?p=395088\" class=\"_self pt-cv-href-thumbnail pt-cv-thumb-default\" target=\"_self\" ><img loading=\"lazy\" decoding=\"async\" width=\"450\" height=\"250\" src=\"https:\/\/zonales.quito.gob.ec\/wp-content\/uploads\/WhatsApp-Image-2025-01-07-at-2.28.21-PM-2-1-450x250.jpeg\" class=\"pt-cv-thumbnail\" alt=\"\" \/><\/a>\n<h3 class=\"pt-cv-title\"><a href=\"https:\/\/zonales.quito.gob.ec\/?p=395088\" class=\"_self\" target=\"_self\" >ARTE EN U\u00d1AS\/ BELLEZA\/ T\u00c9CNICA DE ACR\u00cdLICAS Y GEL DESDE CERO<\/a><\/h3>\n<div class=\"pt-cv-content\">CASA SOMOS FRANCO M\u00c9NDEZ Descripci\u00f3n:Taller pr\u00e1ctico para personas de 16 ...<br \/><div class=\"pt-cv-rmwrap\"><a href=\"https:\/\/zonales.quito.gob.ec\/?p=395088\" class=\"_self pt-cv-readmore btn btn-success\" target=\"_self\">Leer M\u00e1s<\/a><\/div><\/div><\/div><\/div>\n<div class=\"col-md-4 col-sm-6 col-xs-12 pt-cv-content-item pt-cv-1-col\" ><div class='pt-cv-ifield'><a href=\"https:\/\/zonales.quito.gob.ec\/?p=394388\" class=\"_self pt-cv-href-thumbnail pt-cv-thumb-default\" target=\"_self\" ><img loading=\"lazy\" decoding=\"async\" width=\"450\" height=\"169\" src=\"https:\/\/zonales.quito.gob.ec\/wp-content\/uploads\/ChatGPT-Image-12-jun-2026-10_34_08-p.m.-1.png\" class=\"pt-cv-thumbnail\" alt=\"\" \/><\/a>\n<h3 class=\"pt-cv-title\"><a href=\"https:\/\/zonales.quito.gob.ec\/?p=394388\" class=\"_self\" target=\"_self\" >EXTENSIONES DE PESTA\u00d1AS PELO A PELO\/BELLEZA<\/a><\/h3>\n<div class=\"pt-cv-content\">CASA SOMOS CHIRIYACU Descripci\u00f3n:Aprende t\u00e9cnicas para realzar tus ojos pesta\u00f1as ...<br \/><div class=\"pt-cv-rmwrap\"><a href=\"https:\/\/zonales.quito.gob.ec\/?p=394388\" class=\"_self pt-cv-readmore btn btn-success\" target=\"_self\">Leer M\u00e1s<\/a><\/div><\/div><\/div><\/div>\n<div class=\"col-md-4 col-sm-6 col-xs-12 pt-cv-content-item pt-cv-1-col\" ><div class='pt-cv-ifield'><a href=\"https:\/\/zonales.quito.gob.ec\/?p=394352\" class=\"_self pt-cv-href-thumbnail pt-cv-thumb-default\" target=\"_self\" ><img loading=\"lazy\" decoding=\"async\" width=\"450\" height=\"250\" src=\"https:\/\/zonales.quito.gob.ec\/wp-content\/uploads\/COSMETOLOGIA-10-450x250.jpg\" class=\"pt-cv-thumbnail\" alt=\"\" \/><\/a>\n<h3 class=\"pt-cv-title\"><a href=\"https:\/\/zonales.quito.gob.ec\/?p=394352\" class=\"_self\" target=\"_self\" >CUIDADO FACIAL PROFESIONAL\/BELLEZA<\/a><\/h3>\n<div class=\"pt-cv-content\">CASA SOMOS CHIRIYACU Descripci\u00f3n:En este taller los\/as participantes de 12 ...<br \/><div class=\"pt-cv-rmwrap\"><a href=\"https:\/\/zonales.quito.gob.ec\/?p=394352\" class=\"_self pt-cv-readmore btn btn-success\" target=\"_self\">Leer M\u00e1s<\/a><\/div><\/div><\/div><\/div>\n<div class=\"col-md-4 col-sm-6 col-xs-12 pt-cv-content-item pt-cv-1-col\" ><div class='pt-cv-ifield'><a href=\"https:\/\/zonales.quito.gob.ec\/?p=394322\" class=\"_self pt-cv-href-thumbnail pt-cv-thumb-default\" target=\"_self\" ><img loading=\"lazy\" decoding=\"async\" width=\"450\" height=\"250\" src=\"https:\/\/zonales.quito.gob.ec\/wp-content\/uploads\/TALLER-PELUQUERIA-UNISEX-450x250.jpg\" class=\"pt-cv-thumbnail\" alt=\"\" \/><\/a>\n<h3 class=\"pt-cv-title\"><a href=\"https:\/\/zonales.quito.gob.ec\/?p=394322\" class=\"_self\" target=\"_self\" >PELUQUER\u00cdA UNISEX\/BELLEZA<\/a><\/h3>\n<div class=\"pt-cv-content\">CASA SOMOS CHIRIYACU Descripci\u00f3n:Taller pr\u00e1ctico para adolescentes, j\u00f3venes y adultos, ...<br \/><div class=\"pt-cv-rmwrap\"><a href=\"https:\/\/zonales.quito.gob.ec\/?p=394322\" class=\"_self pt-cv-readmore btn btn-success\" target=\"_self\">Leer M\u00e1s<\/a><\/div><\/div><\/div><\/div>\n<div class=\"col-md-4 col-sm-6 col-xs-12 pt-cv-content-item pt-cv-1-col\" ><div class='pt-cv-ifield'><a href=\"https:\/\/zonales.quito.gob.ec\/?p=394030\" class=\"_self pt-cv-href-thumbnail pt-cv-thumb-default\" target=\"_self\" ><img loading=\"lazy\" decoding=\"async\" width=\"433\" height=\"250\" src=\"https:\/\/zonales.quito.gob.ec\/wp-content\/uploads\/maquillaje-18.jpg\" class=\"pt-cv-thumbnail\" alt=\"\" \/><\/a>\n<h3 class=\"pt-cv-title\"><a href=\"https:\/\/zonales.quito.gob.ec\/?p=394030\" class=\"_self\" target=\"_self\" >MAQUILLAJE \/ BELLEZA\/ PROFESIONAL<\/a><\/h3>\n<div class=\"pt-cv-content\">CASA SOMOS BIENESTAR Y VIDA BELLAVISTA Descripci\u00f3n:El maquillaje profesional se ...<br \/><div class=\"pt-cv-rmwrap\"><a href=\"https:\/\/zonales.quito.gob.ec\/?p=394030\" class=\"_self pt-cv-readmore btn btn-success\" target=\"_self\">Leer M\u00e1s<\/a><\/div><\/div><\/div><\/div>\n<div class=\"col-md-4 col-sm-6 col-xs-12 pt-cv-content-item pt-cv-1-col\" ><div class='pt-cv-ifield'><a href=\"https:\/\/zonales.quito.gob.ec\/?p=393957\" class=\"_self pt-cv-href-thumbnail pt-cv-thumb-default\" target=\"_self\" ><img loading=\"lazy\" decoding=\"async\" width=\"374\" height=\"250\" src=\"https:\/\/zonales.quito.gob.ec\/wp-content\/uploads\/unas-9.jpg\" class=\"pt-cv-thumbnail\" alt=\"\" \/><\/a>\n<h3 class=\"pt-cv-title\"><a href=\"https:\/\/zonales.quito.gob.ec\/?p=393957\" class=\"_self\" target=\"_self\" >U\u00d1AS\/ BELLEZA\/ AVANZADO MATUTINA<\/a><\/h3>\n<div class=\"pt-cv-content\">CASA SOMOS BIENESTAR Y VIDA BELLAVISTA Descripci\u00f3n:Es un tratamiento est\u00e9tico ...<br \/><div class=\"pt-cv-rmwrap\"><a href=\"https:\/\/zonales.quito.gob.ec\/?p=393957\" class=\"_self pt-cv-readmore btn btn-success\" target=\"_self\">Leer M\u00e1s<\/a><\/div><\/div><\/div><\/div>\n<div class=\"col-md-4 col-sm-6 col-xs-12 pt-cv-content-item pt-cv-1-col\" ><div class='pt-cv-ifield'><a href=\"https:\/\/zonales.quito.gob.ec\/?p=393046\" class=\"_self pt-cv-href-thumbnail pt-cv-thumb-default\" target=\"_self\" ><img loading=\"lazy\" decoding=\"async\" width=\"450\" height=\"225\" src=\"https:\/\/zonales.quito.gob.ec\/wp-content\/uploads\/CEJAS-Y-PESTANAS-TALLER.jpg\" class=\"pt-cv-thumbnail\" alt=\"\" \/><\/a>\n<h3 class=\"pt-cv-title\"><a href=\"https:\/\/zonales.quito.gob.ec\/?p=393046\" class=\"_self\" target=\"_self\" >CEJAS Y PESTA\u00d1AS\/BELLEZA\/DISE\u00d1O DE MIRADAS 2<\/a><\/h3>\n<div class=\"pt-cv-content\">CASA SOMOS CARAPUNGO Descripci\u00f3n:Un taller de cejas y pesta\u00f1as es ...<br \/><div class=\"pt-cv-rmwrap\"><a href=\"https:\/\/zonales.quito.gob.ec\/?p=393046\" class=\"_self pt-cv-readmore btn btn-success\" target=\"_self\">Leer M\u00e1s<\/a><\/div><\/div><\/div><\/div>\n<div class=\"col-md-4 col-sm-6 col-xs-12 pt-cv-content-item pt-cv-1-col\" ><div class='pt-cv-ifield'><a href=\"https:\/\/zonales.quito.gob.ec\/?p=392965\" class=\"_self pt-cv-href-thumbnail pt-cv-thumb-default\" target=\"_self\" ><img loading=\"lazy\" decoding=\"async\" width=\"450\" height=\"225\" src=\"https:\/\/zonales.quito.gob.ec\/wp-content\/uploads\/MAQUILLAJE-ARTISTICO-5.jpg\" class=\"pt-cv-thumbnail\" alt=\"\" \/><\/a>\n<h3 class=\"pt-cv-title\"><a href=\"https:\/\/zonales.quito.gob.ec\/?p=392965\" class=\"_self\" target=\"_self\" >MAQUILLAJE\/ BELLEZA\/PROFESIONAL Y ART\u00cdSTICO<\/a><\/h3>\n<div class=\"pt-cv-content\">CASA SOMOS CARAPUNGO Descripci\u00f3n:Un taller de maquillaje profesional y art\u00edstico ...<br \/><div class=\"pt-cv-rmwrap\"><a href=\"https:\/\/zonales.quito.gob.ec\/?p=392965\" class=\"_self pt-cv-readmore btn btn-success\" target=\"_self\">Leer M\u00e1s<\/a><\/div><\/div><\/div><\/div>\n<div class=\"col-md-4 col-sm-6 col-xs-12 pt-cv-content-item pt-cv-1-col\" ><div class='pt-cv-ifield'><a href=\"https:\/\/zonales.quito.gob.ec\/?p=392967\" class=\"_self pt-cv-href-thumbnail pt-cv-thumb-default\" target=\"_self\" ><img loading=\"lazy\" decoding=\"async\" width=\"450\" height=\"225\" src=\"https:\/\/zonales.quito.gob.ec\/wp-content\/uploads\/TALLER-PODOLOGIA.jpg\" class=\"pt-cv-thumbnail\" alt=\"\" \/><\/a>\n<h3 class=\"pt-cv-title\"><a href=\"https:\/\/zonales.quito.gob.ec\/?p=392967\" class=\"_self\" target=\"_self\" >PEDICURA\/BELLEZA\/CON PODOLOG\u00cdA  APLICADA 2<\/a><\/h3>\n<div class=\"pt-cv-content\">CASA SOMOS CARAPUNGO Descripci\u00f3n:Un taller de pedicura con podolog\u00eda aplicada ...<br \/><div class=\"pt-cv-rmwrap\"><a href=\"https:\/\/zonales.quito.gob.ec\/?p=392967\" class=\"_self pt-cv-readmore btn btn-success\" target=\"_self\">Leer M\u00e1s<\/a><\/div><\/div><\/div><\/div>\n<div class=\"col-md-4 col-sm-6 col-xs-12 pt-cv-content-item pt-cv-1-col\" ><div class='pt-cv-ifield'><a href=\"https:\/\/zonales.quito.gob.ec\/?p=391809\" class=\"_self pt-cv-href-thumbnail pt-cv-thumb-default\" target=\"_self\" ><img loading=\"lazy\" decoding=\"async\" width=\"450\" height=\"169\" src=\"https:\/\/zonales.quito.gob.ec\/wp-content\/uploads\/Diseno-sin-titulo-12-2.png\" class=\"pt-cv-thumbnail\" alt=\"\" \/><\/a>\n<h3 class=\"pt-cv-title\"><a href=\"https:\/\/zonales.quito.gob.ec\/?p=391809\" class=\"_self\" target=\"_self\" >COLOR PELUQUERIA UNISEX\/BELLEZA<\/a><\/h3>\n<div class=\"pt-cv-content\">CASA SOMOS SAN BARTOLO Descripci\u00f3n: Aprende t\u00e9cnicas b\u00e1sicas y avanzadas ...<br \/><div class=\"pt-cv-rmwrap\"><a href=\"https:\/\/zonales.quito.gob.ec\/?p=391809\" class=\"_self pt-cv-readmore btn btn-success\" target=\"_self\">Leer M\u00e1s<\/a><\/div><\/div><\/div><\/div>\n<div class=\"col-md-4 col-sm-6 col-xs-12 pt-cv-content-item pt-cv-1-col\" ><div class='pt-cv-ifield'><a href=\"https:\/\/zonales.quito.gob.ec\/?p=368323\" class=\"_self pt-cv-href-thumbnail pt-cv-thumb-default\" target=\"_self\" ><img loading=\"lazy\" decoding=\"async\" width=\"450\" height=\"250\" src=\"https:\/\/zonales.quito.gob.ec\/wp-content\/uploads\/TALLER-UNAS-ACRILICAS-ESCULPIDAS-Y-ENCAPSULADAS-1-450x250.jpg\" class=\"pt-cv-thumbnail\" alt=\"\" \/><\/a>\n<h3 class=\"pt-cv-title\"><a href=\"https:\/\/zonales.quito.gob.ec\/?p=368323\" class=\"_self\" target=\"_self\" >U\u00d1AS ACR\u00cdLICAS Y TODAS LAS T\u00c9CNICAS  \/BELLEZA<\/a><\/h3>\n<div class=\"pt-cv-content\">CASA SOMOS LA BALBINA Descripci\u00f3n:El taller de u\u00f1as acr\u00edlicas y ...<br \/><div class=\"pt-cv-rmwrap\"><a href=\"https:\/\/zonales.quito.gob.ec\/?p=368323\" class=\"_self pt-cv-readmore btn btn-success\" target=\"_self\">Leer M\u00e1s<\/a><\/div><\/div><\/div><\/div>\n<div class=\"col-md-4 col-sm-6 col-xs-12 pt-cv-content-item pt-cv-1-col\" ><div class='pt-cv-ifield'><a href=\"https:\/\/zonales.quito.gob.ec\/?p=368235\" class=\"_self pt-cv-href-thumbnail pt-cv-thumb-default\" target=\"_self\" ><img loading=\"lazy\" decoding=\"async\" width=\"445\" height=\"250\" src=\"https:\/\/zonales.quito.gob.ec\/wp-content\/uploads\/Modelo-con-diversas-tonalidades-de-cabello.jpg\" class=\"pt-cv-thumbnail\" alt=\"\" \/><\/a>\n<h3 class=\"pt-cv-title\"><a href=\"https:\/\/zonales.quito.gob.ec\/?p=368235\" class=\"_self\" target=\"_self\" >PELUQUER\u00cdA UNISEX \/BELLEZA<\/a><\/h3>\n<div class=\"pt-cv-content\">CASA SOMOS LA BALBINA Descripci\u00f3n:El taller brinda conocimientos pr\u00e1cticos en ...<br \/><div class=\"pt-cv-rmwrap\"><a href=\"https:\/\/zonales.quito.gob.ec\/?p=368235\" class=\"_self pt-cv-readmore btn btn-success\" target=\"_self\">Leer M\u00e1s<\/a><\/div><\/div><\/div><\/div>\n<div class=\"col-md-4 col-sm-6 col-xs-12 pt-cv-content-item pt-cv-1-col\" ><div class='pt-cv-ifield'><a href=\"https:\/\/zonales.quito.gob.ec\/?p=390787\" class=\"_self pt-cv-href-thumbnail pt-cv-thumb-default\" target=\"_self\" ><img loading=\"lazy\" decoding=\"async\" width=\"450\" height=\"169\" src=\"https:\/\/zonales.quito.gob.ec\/wp-content\/uploads\/ChatGPT-Image-15-ago-2026-09_04_47.png\" class=\"pt-cv-thumbnail\" alt=\"\" \/><\/a>\n<h3 class=\"pt-cv-title\"><a href=\"https:\/\/zonales.quito.gob.ec\/?p=390787\" class=\"_self\" target=\"_self\" >MASAJES TERAPE\u00daTICOS\/BELLEZA<\/a><\/h3>\n<div class=\"pt-cv-content\">CASA SOMOS CHILLOGALLO Descripci\u00f3n:El Taller de Masajes Relajantes est\u00e1 dirigido ...<br \/><div class=\"pt-cv-rmwrap\"><a href=\"https:\/\/zonales.quito.gob.ec\/?p=390787\" class=\"_self pt-cv-readmore btn btn-success\" target=\"_self\">Leer M\u00e1s<\/a><\/div><\/div><\/div><\/div>\n<div class=\"col-md-4 col-sm-6 col-xs-12 pt-cv-content-item pt-cv-1-col\" ><div class='pt-cv-ifield'><a href=\"https:\/\/zonales.quito.gob.ec\/?p=390658\" class=\"_self pt-cv-href-thumbnail pt-cv-thumb-default\" target=\"_self\" ><img loading=\"lazy\" decoding=\"async\" width=\"450\" height=\"169\" src=\"https:\/\/zonales.quito.gob.ec\/wp-content\/uploads\/ChatGPT-Image-15-ago-2026-09_07_43.png\" class=\"pt-cv-thumbnail\" alt=\"\" \/><\/a>\n<h3 class=\"pt-cv-title\"><a href=\"https:\/\/zonales.quito.gob.ec\/?p=390658\" class=\"_self\" target=\"_self\" >ATENCI\u00d3N Y CUIDADO DE LA PIEL\/BELLEZA<\/a><\/h3>\n<div class=\"pt-cv-content\">CASA SOMOS CHILLOGALLO Descripci\u00f3n:Est\u00e1 dirigido a j\u00f3venes y adultos interesados ...<br \/><div class=\"pt-cv-rmwrap\"><a href=\"https:\/\/zonales.quito.gob.ec\/?p=390658\" class=\"_self pt-cv-readmore btn btn-success\" target=\"_self\">Leer M\u00e1s<\/a><\/div><\/div><\/div><\/div>\n<div class=\"col-md-4 col-sm-6 col-xs-12 pt-cv-content-item pt-cv-1-col\" ><div class='pt-cv-ifield'><a href=\"https:\/\/zonales.quito.gob.ec\/?p=390380\" class=\"_self pt-cv-href-thumbnail pt-cv-thumb-default\" target=\"_self\" ><img loading=\"lazy\" decoding=\"async\" width=\"450\" height=\"250\" src=\"https:\/\/zonales.quito.gob.ec\/wp-content\/uploads\/TRATAMIENTOS-ESTETICOS-Y-SPA.png\" class=\"pt-cv-thumbnail\" alt=\"\" \/><\/a>\n<h3 class=\"pt-cv-title\"><a href=\"https:\/\/zonales.quito.gob.ec\/?p=390380\" class=\"_self\" target=\"_self\" >CUIDADO FACIAL Y MASCARILLAS\/BELLEZA<\/a><\/h3>\n<div class=\"pt-cv-content\">CASA SOMOS SAN JOS\u00c9 DE MONJAS Men\u00fa Informaci\u00f3n 57 Casas ...<br \/><div class=\"pt-cv-rmwrap\"><a href=\"https:\/\/zonales.quito.gob.ec\/?p=390380\" class=\"_self pt-cv-readmore btn btn-success\" target=\"_self\">Leer M\u00e1s<\/a><\/div><\/div><\/div><\/div>\n<div class=\"col-md-4 col-sm-6 col-xs-12 pt-cv-content-item pt-cv-1-col\" ><div class='pt-cv-ifield'><a href=\"https:\/\/zonales.quito.gob.ec\/?p=390183\" class=\"_self pt-cv-href-thumbnail pt-cv-thumb-default\" target=\"_self\" ><img loading=\"lazy\" decoding=\"async\" width=\"333\" height=\"250\" src=\"https:\/\/zonales.quito.gob.ec\/wp-content\/uploads\/WhatsApp-Image-2026-06-10-at-9.45.40-AM.jpeg\" class=\"pt-cv-thumbnail\" alt=\"\" \/><\/a>\n<h3 class=\"pt-cv-title\"><a href=\"https:\/\/zonales.quito.gob.ec\/?p=390183\" class=\"_self\" target=\"_self\" >CORTES DE CABELLO\/BELLEZA\/HOMBRES Y MUJERES<\/a><\/h3>\n<div class=\"pt-cv-content\">CASA SOMOS SAN JOS\u00c9 DE MONJAS Men\u00fa Informaci\u00f3n 57 Casas ...<br \/><div class=\"pt-cv-rmwrap\"><a href=\"https:\/\/zonales.quito.gob.ec\/?p=390183\" class=\"_self pt-cv-readmore btn btn-success\" target=\"_self\">Leer M\u00e1s<\/a><\/div><\/div><\/div><\/div>\n<div class=\"col-md-4 col-sm-6 col-xs-12 pt-cv-content-item pt-cv-1-col\" ><div class='pt-cv-ifield'><a href=\"https:\/\/zonales.quito.gob.ec\/?p=389938\" class=\"_self pt-cv-href-thumbnail pt-cv-thumb-default\" target=\"_self\" ><img loading=\"lazy\" decoding=\"async\" width=\"450\" height=\"169\" src=\"https:\/\/zonales.quito.gob.ec\/wp-content\/uploads\/Diseno-sin-titulo-18.png\" class=\"pt-cv-thumbnail\" alt=\"\" \/><\/a>\n<h3 class=\"pt-cv-title\"><a href=\"https:\/\/zonales.quito.gob.ec\/?p=389938\" class=\"_self\" target=\"_self\" >SALUD EST\u00c9TICA Y BIENESTAR INTEGRAL\/BELLEZA<\/a><\/h3>\n<div class=\"pt-cv-content\">CASA SOMOS SAN BARTOLO SALUD EST\u00c9TICA Y BIENESTAR INTEGRAL\/BELLEZA PRESENCIAL ...<br \/><div class=\"pt-cv-rmwrap\"><a href=\"https:\/\/zonales.quito.gob.ec\/?p=389938\" class=\"_self pt-cv-readmore btn btn-success\" target=\"_self\">Leer M\u00e1s<\/a><\/div><\/div><\/div><\/div>\n<div class=\"col-md-4 col-sm-6 col-xs-12 pt-cv-content-item pt-cv-1-col\" ><div class='pt-cv-ifield'><a href=\"https:\/\/zonales.quito.gob.ec\/?p=389686\" class=\"_self pt-cv-href-thumbnail pt-cv-thumb-default\" target=\"_self\" ><img loading=\"lazy\" decoding=\"async\" width=\"450\" height=\"169\" src=\"https:\/\/zonales.quito.gob.ec\/wp-content\/uploads\/Diseno-sin-titulo-22.png\" class=\"pt-cv-thumbnail\" alt=\"\" \/><\/a>\n<h3 class=\"pt-cv-title\"><a href=\"https:\/\/zonales.quito.gob.ec\/?p=389686\" class=\"_self\" target=\"_self\" >COSMETOLOG\u00cdA FACIAL\/BELLEZA<\/a><\/h3>\n<div class=\"pt-cv-content\">CASA SOMOS SAN BARTOLO COSMETOLOG\u00cdA FACIAL\/BELLEZA PRESENCIAL Descripci\u00f3n:Aprende las bases ...<br \/><div class=\"pt-cv-rmwrap\"><a href=\"https:\/\/zonales.quito.gob.ec\/?p=389686\" class=\"_self pt-cv-readmore btn btn-success\" target=\"_self\">Leer M\u00e1s<\/a><\/div><\/div><\/div><\/div>\n<div class=\"col-md-4 col-sm-6 col-xs-12 pt-cv-content-item pt-cv-1-col\" ><div class='pt-cv-ifield'><a href=\"https:\/\/zonales.quito.gob.ec\/?p=389447\" class=\"_self pt-cv-href-thumbnail pt-cv-thumb-default\" target=\"_self\" ><img loading=\"lazy\" decoding=\"async\" width=\"450\" height=\"169\" src=\"https:\/\/zonales.quito.gob.ec\/wp-content\/uploads\/Diseno-sin-titulo-32.png\" class=\"pt-cv-thumbnail\" alt=\"\" \/><\/a>\n<h3 class=\"pt-cv-title\"><a href=\"https:\/\/zonales.quito.gob.ec\/?p=389447\" class=\"_self\" target=\"_self\" >POLIGEL T\u00c9CNICA DE VANGUARDIA\/BELLEZA<\/a><\/h3>\n<div class=\"pt-cv-content\">CASA SOMOS SAN BARTOLO Descripci\u00f3n: \u201c\u00a1Dale estilo a tus manos! ...<br \/><div class=\"pt-cv-rmwrap\"><a href=\"https:\/\/zonales.quito.gob.ec\/?p=389447\" class=\"_self pt-cv-readmore btn btn-success\" target=\"_self\">Leer M\u00e1s<\/a><\/div><\/div><\/div><\/div>\n<div class=\"col-md-4 col-sm-6 col-xs-12 pt-cv-content-item pt-cv-1-col\" ><div class='pt-cv-ifield'><a href=\"https:\/\/zonales.quito.gob.ec\/?p=388870\" class=\"_self pt-cv-href-thumbnail pt-cv-thumb-default\" target=\"_self\" ><img loading=\"lazy\" decoding=\"async\" width=\"450\" height=\"169\" src=\"https:\/\/zonales.quito.gob.ec\/wp-content\/uploads\/Diseno-sin-titulo-39.png\" class=\"pt-cv-thumbnail\" alt=\"\" \/><\/a>\n<h3 class=\"pt-cv-title\"><a href=\"https:\/\/zonales.quito.gob.ec\/?p=388870\" class=\"_self\" target=\"_self\" >APLICACI\u00d3N DE U\u00d1AS ACR\u00cdLICAS\/BELLEZA\/B\u00c1SICO<\/a><\/h3>\n<div class=\"pt-cv-content\">CASA SOMOS SAN BARTOLO Descripci\u00f3n:\"\u00a1Dale estilo a tus manos! Inscr\u00edbete ...<br \/><div class=\"pt-cv-rmwrap\"><a href=\"https:\/\/zonales.quito.gob.ec\/?p=388870\" class=\"_self pt-cv-readmore btn btn-success\" target=\"_self\">Leer M\u00e1s<\/a><\/div><\/div><\/div><\/div>\n<div class=\"col-md-4 col-sm-6 col-xs-12 pt-cv-content-item pt-cv-1-col\" ><div class='pt-cv-ifield'><a href=\"https:\/\/zonales.quito.gob.ec\/?p=388098\" class=\"_self pt-cv-href-thumbnail pt-cv-thumb-default\" target=\"_self\" ><img loading=\"lazy\" decoding=\"async\" width=\"450\" height=\"169\" src=\"https:\/\/zonales.quito.gob.ec\/wp-content\/uploads\/DANZA-ANDINA-16.png\" class=\"pt-cv-thumbnail\" alt=\"\" \/><\/a>\n<h3 class=\"pt-cv-title\"><a href=\"https:\/\/zonales.quito.gob.ec\/?p=388098\" class=\"_self\" target=\"_self\" >AUTOMAQUILLAJE Y MAQUILLAJE PROFESIONAL\/BELLEZA<\/a><\/h3>\n<div class=\"pt-cv-content\">CASA SOMOS SAN BARTOLO Descripci\u00f3n: En nuestro taller, te ense\u00f1aremos ...<br \/><div class=\"pt-cv-rmwrap\"><a href=\"https:\/\/zonales.quito.gob.ec\/?p=388098\" class=\"_self pt-cv-readmore btn btn-success\" target=\"_self\">Leer M\u00e1s<\/a><\/div><\/div><\/div><\/div>\n<div class=\"col-md-4 col-sm-6 col-xs-12 pt-cv-content-item pt-cv-1-col\" ><div class='pt-cv-ifield'><a href=\"https:\/\/zonales.quito.gob.ec\/?p=388085\" class=\"_self pt-cv-href-thumbnail pt-cv-thumb-default\" target=\"_self\" ><img loading=\"lazy\" decoding=\"async\" width=\"450\" height=\"169\" src=\"https:\/\/zonales.quito.gob.ec\/wp-content\/uploads\/DANZA-ANDINA-17.png\" class=\"pt-cv-thumbnail\" alt=\"\" \/><\/a>\n<h3 class=\"pt-cv-title\"><a href=\"https:\/\/zonales.quito.gob.ec\/?p=388085\" class=\"_self\" target=\"_self\" >BARBER\u00cdA\/BELLEZA<\/a><\/h3>\n<div class=\"pt-cv-content\">CASA SOMOS SAN BARTOLO Descripci\u00f3n: Aprende desde t\u00e9cnicas b\u00e1sicas hasta ...<br \/><div class=\"pt-cv-rmwrap\"><a href=\"https:\/\/zonales.quito.gob.ec\/?p=388085\" class=\"_self pt-cv-readmore btn btn-success\" target=\"_self\">Leer M\u00e1s<\/a><\/div><\/div><\/div><\/div>\n<div class=\"col-md-4 col-sm-6 col-xs-12 pt-cv-content-item pt-cv-1-col\" ><div class='pt-cv-ifield'><a href=\"https:\/\/zonales.quito.gob.ec\/?p=388069\" class=\"_self pt-cv-href-thumbnail pt-cv-thumb-default\" target=\"_self\" ><img loading=\"lazy\" decoding=\"async\" width=\"450\" height=\"169\" src=\"https:\/\/zonales.quito.gob.ec\/wp-content\/uploads\/DANZA-ANDINA-15.png\" class=\"pt-cv-thumbnail\" alt=\"\" \/><\/a>\n<h3 class=\"pt-cv-title\"><a href=\"https:\/\/zonales.quito.gob.ec\/?p=388069\" class=\"_self\" target=\"_self\" >COLORIMETR\u00cdA\/BELLEZA<\/a><\/h3>\n<div class=\"pt-cv-content\">CASA SOMOS SAN BARTOLO Descripci\u00f3n: Aprende los fundamentos de la ...<br \/><div class=\"pt-cv-rmwrap\"><a href=\"https:\/\/zonales.quito.gob.ec\/?p=388069\" class=\"_self pt-cv-readmore btn btn-success\" target=\"_self\">Leer M\u00e1s<\/a><\/div><\/div><\/div><\/div>\n<div class=\"col-md-4 col-sm-6 col-xs-12 pt-cv-content-item pt-cv-1-col\" ><div class='pt-cv-ifield'><a href=\"https:\/\/zonales.quito.gob.ec\/?p=388037\" class=\"_self pt-cv-href-thumbnail pt-cv-thumb-default\" target=\"_self\" ><img loading=\"lazy\" decoding=\"async\" width=\"450\" height=\"169\" src=\"https:\/\/zonales.quito.gob.ec\/wp-content\/uploads\/DANZA-ANDINA-19-1.png\" class=\"pt-cv-thumbnail\" alt=\"\" \/><\/a>\n<h3 class=\"pt-cv-title\"><a href=\"https:\/\/zonales.quito.gob.ec\/?p=388037\" class=\"_self\" target=\"_self\" >DISE\u00d1O DE MIRADA CEJAS Y PESTA\u00d1AS\/BELLEZA<\/a><\/h3>\n<div class=\"pt-cv-content\">CASA SOMOS SAN BARTOLO Descripci\u00f3n:Aprende a realzar la belleza de ...<br \/><div class=\"pt-cv-rmwrap\"><a href=\"https:\/\/zonales.quito.gob.ec\/?p=388037\" class=\"_self pt-cv-readmore btn btn-success\" target=\"_self\">Leer M\u00e1s<\/a><\/div><\/div><\/div><\/div>\n<div class=\"col-md-4 col-sm-6 col-xs-12 pt-cv-content-item pt-cv-1-col\" ><div class='pt-cv-ifield'><a href=\"https:\/\/zonales.quito.gob.ec\/?p=388022\" class=\"_self pt-cv-href-thumbnail pt-cv-thumb-default\" target=\"_self\" ><img loading=\"lazy\" decoding=\"async\" width=\"450\" height=\"169\" src=\"https:\/\/zonales.quito.gob.ec\/wp-content\/uploads\/DANZA-ANDINA-20.png\" class=\"pt-cv-thumbnail\" alt=\"\" \/><\/a>\n<h3 class=\"pt-cv-title\"><a href=\"https:\/\/zonales.quito.gob.ec\/?p=388022\" class=\"_self\" target=\"_self\" >PELUQUER\u00cdA UNISEX\/BELLEZA<\/a><\/h3>\n<div class=\"pt-cv-content\">CASA SOMOS SAN BARTOLO Descripci\u00f3n: Aprende t\u00e9cnicas clave de peluquer\u00eda ...<br \/><div class=\"pt-cv-rmwrap\"><a href=\"https:\/\/zonales.quito.gob.ec\/?p=388022\" class=\"_self pt-cv-readmore btn btn-success\" target=\"_self\">Leer M\u00e1s<\/a><\/div><\/div><\/div><\/div>\n<div class=\"col-md-4 col-sm-6 col-xs-12 pt-cv-content-item pt-cv-1-col\" ><div class='pt-cv-ifield'><a href=\"https:\/\/zonales.quito.gob.ec\/?p=388008\" class=\"_self pt-cv-href-thumbnail pt-cv-thumb-default\" target=\"_self\" ><img loading=\"lazy\" decoding=\"async\" width=\"450\" height=\"169\" src=\"https:\/\/zonales.quito.gob.ec\/wp-content\/uploads\/DANZA-ANDINA-21.png\" class=\"pt-cv-thumbnail\" alt=\"\" \/><\/a>\n<h3 class=\"pt-cv-title\"><a href=\"https:\/\/zonales.quito.gob.ec\/?p=388008\" class=\"_self\" target=\"_self\" >CEJAS Y PESTA\u00d1AS A LA PERFECCI\u00d3N &#8220;MIRADA TOTAL&#8221;\/BELLEZA<\/a><\/h3>\n<div class=\"pt-cv-content\">CASA SOMOS SAN BARTOLO Descripci\u00f3n:Taller especializado en dise\u00f1o, depilaci\u00f3n y ...<br \/><div class=\"pt-cv-rmwrap\"><a href=\"https:\/\/zonales.quito.gob.ec\/?p=388008\" class=\"_self pt-cv-readmore btn btn-success\" target=\"_self\">Leer M\u00e1s<\/a><\/div><\/div><\/div><\/div>\n<div class=\"col-md-4 col-sm-6 col-xs-12 pt-cv-content-item pt-cv-1-col\" ><div class='pt-cv-ifield'><a href=\"https:\/\/zonales.quito.gob.ec\/?p=387179\" class=\"_self pt-cv-href-thumbnail pt-cv-thumb-default\" target=\"_self\" ><img loading=\"lazy\" decoding=\"async\" width=\"450\" height=\"169\" src=\"https:\/\/zonales.quito.gob.ec\/wp-content\/uploads\/WhatsApp-Image-2026-08-20-at-2.51.03-PM.jpeg\" class=\"pt-cv-thumbnail\" alt=\"\" \/><\/a>\n<h3 class=\"pt-cv-title\"><a href=\"https:\/\/zonales.quito.gob.ec\/?p=387179\" class=\"_self\" target=\"_self\" >U\u00d1AS DISE\u00d1O A MANO ALZADA\/BELLEZA\/EFECTOS EN TENDECIA<\/a><\/h3>\n<div class=\"pt-cv-content\">CASA SOMOS ATAHUALPA Descripci\u00f3n:Aprende t\u00e9cnicas de decoraci\u00f3n y dise\u00f1os creativos ...<br \/><div class=\"pt-cv-rmwrap\"><a href=\"https:\/\/zonales.quito.gob.ec\/?p=387179\" class=\"_self pt-cv-readmore btn btn-success\" target=\"_self\">Leer M\u00e1s<\/a><\/div><\/div><\/div><\/div>\n<div class=\"col-md-4 col-sm-6 col-xs-12 pt-cv-content-item pt-cv-1-col\" ><div class='pt-cv-ifield'><a href=\"https:\/\/zonales.quito.gob.ec\/?p=387988\" class=\"_self pt-cv-href-thumbnail pt-cv-thumb-default\" target=\"_self\" ><img loading=\"lazy\" decoding=\"async\" width=\"450\" height=\"169\" src=\"https:\/\/zonales.quito.gob.ec\/wp-content\/uploads\/DANZA-ANDINA-23.png\" class=\"pt-cv-thumbnail\" alt=\"\" \/><\/a>\n<h3 class=\"pt-cv-title\"><a href=\"https:\/\/zonales.quito.gob.ec\/?p=387988\" class=\"_self\" target=\"_self\" >U\u00d1AS EN GEL, POLIGEL, EFECTOS Y ACABADOS\/BELLEZA<\/a><\/h3>\n<div class=\"pt-cv-content\">CASA SOMOS SAN BARTOLO Descripci\u00f3n:Aprende a crear u\u00f1as acr\u00edlicas, esculpidas ...<br \/><div class=\"pt-cv-rmwrap\"><a href=\"https:\/\/zonales.quito.gob.ec\/?p=387988\" class=\"_self pt-cv-readmore btn btn-success\" target=\"_self\">Leer M\u00e1s<\/a><\/div><\/div><\/div><\/div>\n<div class=\"col-md-4 col-sm-6 col-xs-12 pt-cv-content-item pt-cv-1-col\" ><div class='pt-cv-ifield'><a href=\"https:\/\/zonales.quito.gob.ec\/?p=387523\" class=\"_self pt-cv-href-thumbnail pt-cv-thumb-default\" target=\"_self\" ><img loading=\"lazy\" decoding=\"async\" width=\"450\" height=\"169\" src=\"https:\/\/zonales.quito.gob.ec\/wp-content\/uploads\/DANZA-ANDINA-36.png\" class=\"pt-cv-thumbnail\" alt=\"\" \/><\/a>\n<h3 class=\"pt-cv-title\"><a href=\"https:\/\/zonales.quito.gob.ec\/?p=387523\" class=\"_self\" target=\"_self\" >PESTA\u00d1AS PELO A PELO\/BELLEZA<\/a><\/h3>\n<div class=\"pt-cv-content\">CASA SOMOS SAN BARTOLO Descripci\u00f3n:En este taller aprender\u00e1s a aplicar ...<br \/><div class=\"pt-cv-rmwrap\"><a href=\"https:\/\/zonales.quito.gob.ec\/?p=387523\" class=\"_self pt-cv-readmore btn btn-success\" target=\"_self\">Leer M\u00e1s<\/a><\/div><\/div><\/div><\/div>\n<div class=\"col-md-4 col-sm-6 col-xs-12 pt-cv-content-item pt-cv-1-col\" ><div class='pt-cv-ifield'><a href=\"https:\/\/zonales.quito.gob.ec\/?p=387200\" class=\"_self pt-cv-href-thumbnail pt-cv-thumb-default\" target=\"_self\" ><img loading=\"lazy\" decoding=\"async\" width=\"450\" height=\"169\" src=\"https:\/\/zonales.quito.gob.ec\/wp-content\/uploads\/Diseno-sin-titulo-2-1.png\" class=\"pt-cv-thumbnail\" alt=\"\" \/><\/a>\n<h3 class=\"pt-cv-title\"><a href=\"https:\/\/zonales.quito.gob.ec\/?p=387200\" class=\"_self\" target=\"_self\" >MANICURE Y PEDICURE PROFESIONAL\/BELLEZA<\/a><\/h3>\n<div class=\"pt-cv-content\">CASA SOMOS SAN BARTOLO Descripci\u00f3n:Aprend\u00e9 a realizar manicure y pedicure ...<br \/><div class=\"pt-cv-rmwrap\"><a href=\"https:\/\/zonales.quito.gob.ec\/?p=387200\" class=\"_self pt-cv-readmore btn btn-success\" target=\"_self\">Leer M\u00e1s<\/a><\/div><\/div><\/div><\/div>\n<div class=\"col-md-4 col-sm-6 col-xs-12 pt-cv-content-item pt-cv-1-col\" ><div class='pt-cv-ifield'><a href=\"https:\/\/zonales.quito.gob.ec\/?p=386103\" class=\"_self pt-cv-href-thumbnail pt-cv-thumb-default\" target=\"_self\" ><img loading=\"lazy\" decoding=\"async\" width=\"450\" height=\"169\" src=\"https:\/\/zonales.quito.gob.ec\/wp-content\/uploads\/UNAS-INFANTIL.png\" class=\"pt-cv-thumbnail\" alt=\"\" \/><\/a>\n<h3 class=\"pt-cv-title\"><a href=\"https:\/\/zonales.quito.gob.ec\/?p=386103\" class=\"_self\" target=\"_self\" >U\u00d1AS\/BELLEZA\/INFANTIL<\/a><\/h3>\n<div class=\"pt-cv-content\">CASA SOMOS SOLANDA Descripci\u00f3n:Taller pr\u00e1ctico donde las ni\u00f1as de 8 ...<br \/><div class=\"pt-cv-rmwrap\"><a href=\"https:\/\/zonales.quito.gob.ec\/?p=386103\" class=\"_self pt-cv-readmore btn btn-success\" target=\"_self\">Leer M\u00e1s<\/a><\/div><\/div><\/div><\/div>\n<div class=\"col-md-4 col-sm-6 col-xs-12 pt-cv-content-item pt-cv-1-col\" ><div class='pt-cv-ifield'><a href=\"https:\/\/zonales.quito.gob.ec\/?p=385530\" class=\"_self pt-cv-href-thumbnail pt-cv-thumb-default\" target=\"_self\" ><img loading=\"lazy\" decoding=\"async\" width=\"313\" height=\"250\" src=\"https:\/\/zonales.quito.gob.ec\/wp-content\/uploads\/Collage-de-fotos-horizontal-Feliz-San-Valentin-Sencillo-Blanco-y-negro-1-9.png\" class=\"pt-cv-thumbnail\" alt=\"\" \/><\/a>\n<h3 class=\"pt-cv-title\"><a href=\"https:\/\/zonales.quito.gob.ec\/?p=385530\" class=\"_self\" target=\"_self\" >T\u00c9CNICAS DE CORTE\/BELLEZA\/(A PARTIR DE LOS 15 A\u00d1OS)<\/a><\/h3>\n<div class=\"pt-cv-content\">CASA SOMOS NANEGALITO Descripci\u00f3n:Un taller pr\u00e1ctico donde aprender\u00e1s t\u00e9cnicas de ...<br \/><div class=\"pt-cv-rmwrap\"><a href=\"https:\/\/zonales.quito.gob.ec\/?p=385530\" class=\"_self pt-cv-readmore btn btn-success\" target=\"_self\">Leer M\u00e1s<\/a><\/div><\/div><\/div><\/div>\n<div class=\"col-md-4 col-sm-6 col-xs-12 pt-cv-content-item pt-cv-1-col\" ><div class='pt-cv-ifield'><a href=\"https:\/\/zonales.quito.gob.ec\/?p=382966\" class=\"_self pt-cv-href-thumbnail pt-cv-thumb-default\" target=\"_self\" ><img loading=\"lazy\" decoding=\"async\" width=\"450\" height=\"250\" src=\"https:\/\/zonales.quito.gob.ec\/wp-content\/uploads\/cuidado-de-cejas-foto-freepik-1-450x250.jpeg\" class=\"pt-cv-thumbnail\" alt=\"\" \/><\/a>\n<h3 class=\"pt-cv-title\"><a href=\"https:\/\/zonales.quito.gob.ec\/?p=382966\" class=\"_self\" target=\"_self\" >CEJAS Y PESTA\u00d1AS\/BELLEZA\/ADOLESCENTES, J\u00d3VENES, ADULTOS Y ADULTOS MAYORES<\/a><\/h3>\n<div class=\"pt-cv-content\">CASA SOMOS CUMBAY\u00c1 Descripci\u00f3n: Taller presencial enfocado a todo p\u00fablico ...<br \/><div class=\"pt-cv-rmwrap\"><a href=\"https:\/\/zonales.quito.gob.ec\/?p=382966\" class=\"_self pt-cv-readmore btn btn-success\" target=\"_self\">Leer M\u00e1s<\/a><\/div><\/div><\/div><\/div>\n<div class=\"col-md-4 col-sm-6 col-xs-12 pt-cv-content-item pt-cv-1-col\" ><div class='pt-cv-ifield'><a href=\"https:\/\/zonales.quito.gob.ec\/?p=382967\" class=\"_self pt-cv-href-thumbnail pt-cv-thumb-default\" target=\"_self\" ><img loading=\"lazy\" decoding=\"async\" width=\"450\" height=\"250\" src=\"https:\/\/zonales.quito.gob.ec\/wp-content\/uploads\/semana-el-pepino-el-mejor-aliado-de-la-belleza-de-tu-piel-y-tu-pelo-450x250.webp\" class=\"pt-cv-thumbnail\" alt=\"\" \/><\/a>\n<h3 class=\"pt-cv-title\"><a href=\"https:\/\/zonales.quito.gob.ec\/?p=382967\" class=\"_self\" target=\"_self\" >LIMPIEZA FACIAL\/BELLEZA\/ADOLESCENTES, J\u00d3VENES, ADULTOS Y ADULTOS MAYORES<\/a><\/h3>\n<div class=\"pt-cv-content\">CASA SOMOS CUMBAY\u00c1 Descripci\u00f3n:Taller presencial enfocado a todo p\u00fablico donde ...<br \/><div class=\"pt-cv-rmwrap\"><a href=\"https:\/\/zonales.quito.gob.ec\/?p=382967\" class=\"_self pt-cv-readmore btn btn-success\" target=\"_self\">Leer M\u00e1s<\/a><\/div><\/div><\/div><\/div>\n<div class=\"col-md-4 col-sm-6 col-xs-12 pt-cv-content-item pt-cv-1-col\" ><div class='pt-cv-ifield'><a href=\"https:\/\/zonales.quito.gob.ec\/?p=381928\" class=\"_self pt-cv-href-thumbnail pt-cv-thumb-default\" target=\"_self\" ><img loading=\"lazy\" decoding=\"async\" width=\"450\" height=\"225\" src=\"https:\/\/zonales.quito.gob.ec\/wp-content\/uploads\/cosmeltlogia-2.jpg\" class=\"pt-cv-thumbnail\" alt=\"\" \/><\/a>\n<h3 class=\"pt-cv-title\"><a href=\"https:\/\/zonales.quito.gob.ec\/?p=381928\" class=\"_self\" target=\"_self\" >COSMETOLOG\u00cdA\/BELLEZA<\/a><\/h3>\n<div class=\"pt-cv-content\">CASA SOMOS PUENGAS\u00cd Descripci\u00f3n:Aprender a mejorar la apariencia y el ...<br \/><div class=\"pt-cv-rmwrap\"><a href=\"https:\/\/zonales.quito.gob.ec\/?p=381928\" class=\"_self pt-cv-readmore btn btn-success\" target=\"_self\">Leer M\u00e1s<\/a><\/div><\/div><\/div><\/div>\n<div class=\"col-md-4 col-sm-6 col-xs-12 pt-cv-content-item pt-cv-1-col\" ><div class='pt-cv-ifield'><a href=\"https:\/\/zonales.quito.gob.ec\/?p=381816\" class=\"_self pt-cv-href-thumbnail pt-cv-thumb-default\" target=\"_self\" ><img loading=\"lazy\" decoding=\"async\" width=\"334\" height=\"250\" src=\"https:\/\/zonales.quito.gob.ec\/wp-content\/uploads\/Captura-de-pantalla-2026-04-16-120311.png\" class=\"pt-cv-thumbnail\" alt=\"\" \/><\/a>\n<h3 class=\"pt-cv-title\"><a href=\"https:\/\/zonales.quito.gob.ec\/?p=381816\" class=\"_self\" target=\"_self\" >CORTES DE CABELLO\/BELLEZA\/PERMANENTE<\/a><\/h3>\n<div class=\"pt-cv-content\">CASA SOMOS AMAGUA\u00d1A Descripci\u00f3n:El taller de cortes de cabello es ...<br \/><div class=\"pt-cv-rmwrap\"><a href=\"https:\/\/zonales.quito.gob.ec\/?p=381816\" class=\"_self pt-cv-readmore btn btn-success\" target=\"_self\">Leer M\u00e1s<\/a><\/div><\/div><\/div><\/div>\n<div class=\"col-md-4 col-sm-6 col-xs-12 pt-cv-content-item pt-cv-1-col\" ><div class='pt-cv-ifield'><a href=\"https:\/\/zonales.quito.gob.ec\/?p=381815\" class=\"_self pt-cv-href-thumbnail pt-cv-thumb-default\" target=\"_self\" ><img loading=\"lazy\" decoding=\"async\" width=\"450\" height=\"250\" src=\"https:\/\/zonales.quito.gob.ec\/wp-content\/uploads\/MASAJES-TERAPEUTICOS-PORTADAS-450x250.jpg\" class=\"pt-cv-thumbnail\" alt=\"\" \/><\/a>\n<h3 class=\"pt-cv-title\"><a href=\"https:\/\/zonales.quito.gob.ec\/?p=381815\" class=\"_self\" target=\"_self\" >MASAJES TERAP\u00c9UTICOS\/BELLEZA\/PERMANENTE<\/a><\/h3>\n<div class=\"pt-cv-content\">CASA SOMOS AMAGUA\u00d1A Descripci\u00f3n:El taller de masajes terap\u00e9uticos est\u00e1 dise\u00f1ado ...<br \/><div class=\"pt-cv-rmwrap\"><a href=\"https:\/\/zonales.quito.gob.ec\/?p=381815\" class=\"_self pt-cv-readmore btn btn-success\" target=\"_self\">Leer M\u00e1s<\/a><\/div><\/div><\/div><\/div>\n<div class=\"col-md-4 col-sm-6 col-xs-12 pt-cv-content-item pt-cv-1-col\" ><div class='pt-cv-ifield'><a href=\"https:\/\/zonales.quito.gob.ec\/?p=380499\" class=\"_self pt-cv-href-thumbnail pt-cv-thumb-default\" target=\"_self\" ><img loading=\"lazy\" decoding=\"async\" width=\"450\" height=\"250\" src=\"https:\/\/zonales.quito.gob.ec\/wp-content\/uploads\/peluqueria-6-450x250.jpg\" class=\"pt-cv-thumbnail\" alt=\"\" \/><\/a>\n<h3 class=\"pt-cv-title\"><a href=\"https:\/\/zonales.quito.gob.ec\/?p=380499\" class=\"_self\" target=\"_self\" >PELUQUER\u00cdA\/BELLEZA\/UNISEX<\/a><\/h3>\n<div class=\"pt-cv-content\">CASA SOMOS TUMBACO Descripci\u00f3n:En el taller de Peluqur\u00eda Unisex se ...<br \/><div class=\"pt-cv-rmwrap\"><a href=\"https:\/\/zonales.quito.gob.ec\/?p=380499\" class=\"_self pt-cv-readmore btn btn-success\" target=\"_self\">Leer M\u00e1s<\/a><\/div><\/div><\/div><\/div>\n<div class=\"col-md-4 col-sm-6 col-xs-12 pt-cv-content-item pt-cv-1-col\" ><div class='pt-cv-ifield'><a href=\"https:\/\/zonales.quito.gob.ec\/?p=379172\" class=\"_self pt-cv-href-thumbnail pt-cv-thumb-default\" target=\"_self\" ><img loading=\"lazy\" decoding=\"async\" width=\"450\" height=\"250\" src=\"https:\/\/zonales.quito.gob.ec\/wp-content\/uploads\/mirada-perfecta-450x250.jpg\" class=\"pt-cv-thumbnail\" alt=\"\" \/><\/a>\n<h3 class=\"pt-cv-title\"><a href=\"https:\/\/zonales.quito.gob.ec\/?p=379172\" class=\"_self\" target=\"_self\" >DISE\u00d1O DE MIRADA\/BELLEZA\/15 A\u00d1OS EN ADELANTE<\/a><\/h3>\n<div class=\"pt-cv-content\">CASA SOMOS AMAGUA\u00d1A Descripci\u00f3n:El dise\u00f1o de mirada perfecta es un ...<br \/><div class=\"pt-cv-rmwrap\"><a href=\"https:\/\/zonales.quito.gob.ec\/?p=379172\" class=\"_self pt-cv-readmore btn btn-success\" target=\"_self\">Leer M\u00e1s<\/a><\/div><\/div><\/div><\/div>\n<div class=\"col-md-4 col-sm-6 col-xs-12 pt-cv-content-item pt-cv-1-col\" ><div class='pt-cv-ifield'><a href=\"https:\/\/zonales.quito.gob.ec\/?p=378282\" class=\"_self pt-cv-href-thumbnail pt-cv-thumb-default\" target=\"_self\" ><img loading=\"lazy\" decoding=\"async\" width=\"450\" height=\"225\" src=\"https:\/\/zonales.quito.gob.ec\/wp-content\/uploads\/Diseno-unas-taller.jpg\" class=\"pt-cv-thumbnail\" alt=\"\" \/><\/a>\n<h3 class=\"pt-cv-title\"><a href=\"https:\/\/zonales.quito.gob.ec\/?p=378282\" class=\"_self\" target=\"_self\" >DISE\u00d1O DE U\u00d1AS\/BELLEZA\/GEL Y ACR\u00cdLICO<\/a><\/h3>\n<div class=\"pt-cv-content\">CASA SOMOS TUMBACO Descripci\u00f3n:En el Dise\u00f1o de U\u00f1as ofrece una ...<br \/><div class=\"pt-cv-rmwrap\"><a href=\"https:\/\/zonales.quito.gob.ec\/?p=378282\" class=\"_self pt-cv-readmore btn btn-success\" target=\"_self\">Leer M\u00e1s<\/a><\/div><\/div><\/div><\/div>\n<div class=\"col-md-4 col-sm-6 col-xs-12 pt-cv-content-item pt-cv-1-col\" ><div class='pt-cv-ifield'><a href=\"https:\/\/zonales.quito.gob.ec\/?p=378183\" class=\"_self pt-cv-href-thumbnail pt-cv-thumb-default\" target=\"_self\" ><img loading=\"lazy\" decoding=\"async\" width=\"450\" height=\"169\" src=\"https:\/\/zonales.quito.gob.ec\/wp-content\/uploads\/MAQUILLAJE-123654789-convertido-a-1600x600-1.jpeg\" class=\"pt-cv-thumbnail\" alt=\"\" \/><\/a>\n<h3 class=\"pt-cv-title\"><a href=\"https:\/\/zonales.quito.gob.ec\/?p=378183\" class=\"_self\" target=\"_self\" >MAQUILLAJE PROFESIONAL\/BELLEZA<\/a><\/h3>\n<div class=\"pt-cv-content\">CASA SOMOS ATAHUALPA Descripci\u00f3n: En este taller\/los participantes de maquillaje ...<br \/><div class=\"pt-cv-rmwrap\"><a href=\"https:\/\/zonales.quito.gob.ec\/?p=378183\" class=\"_self pt-cv-readmore btn btn-success\" target=\"_self\">Leer M\u00e1s<\/a><\/div><\/div><\/div><\/div>\n<div class=\"col-md-4 col-sm-6 col-xs-12 pt-cv-content-item pt-cv-1-col\" ><div class='pt-cv-ifield'><a href=\"https:\/\/zonales.quito.gob.ec\/?p=368246\" class=\"_self pt-cv-href-thumbnail pt-cv-thumb-default\" target=\"_self\" ><img loading=\"lazy\" decoding=\"async\" width=\"450\" height=\"250\" src=\"https:\/\/zonales.quito.gob.ec\/wp-content\/uploads\/TALLER-APRENDIENDO-CON-LA-COSMETOLOGIA-NATURAL-450x250.jpg\" class=\"pt-cv-thumbnail\" alt=\"\" \/><\/a>\n<h3 class=\"pt-cv-title\"><a href=\"https:\/\/zonales.quito.gob.ec\/?p=368246\" class=\"_self\" target=\"_self\" >COSMETOLOG\u00cdA NATURAL \/BELLEZA<\/a><\/h3>\n<div class=\"pt-cv-content\">CASA SOMOS LA BALBINA Descripci\u00f3n: Taller de peluquer\u00eda animal enfocado ...<br \/><div class=\"pt-cv-rmwrap\"><a href=\"https:\/\/zonales.quito.gob.ec\/?p=368246\" class=\"_self pt-cv-readmore btn btn-success\" target=\"_self\">Leer M\u00e1s<\/a><\/div><\/div><\/div><\/div>\n<div class=\"col-md-4 col-sm-6 col-xs-12 pt-cv-content-item pt-cv-1-col\" ><div class='pt-cv-ifield'><a href=\"https:\/\/zonales.quito.gob.ec\/?p=371600\" class=\"_self pt-cv-href-thumbnail pt-cv-thumb-default\" target=\"_self\" ><img loading=\"lazy\" decoding=\"async\" width=\"450\" height=\"169\" src=\"https:\/\/zonales.quito.gob.ec\/wp-content\/uploads\/UNAS-convertido-a-1600x600-1.jpeg\" class=\"pt-cv-thumbnail\" alt=\"\" \/><\/a>\n<h3 class=\"pt-cv-title\"><a href=\"https:\/\/zonales.quito.gob.ec\/?p=371600\" class=\"_self\" target=\"_self\" >U\u00d1AS\/BELLEZA\/SEMIPERMANENTE,EFECTOS Y SOFT GEL<\/a><\/h3>\n<div class=\"pt-cv-content\">CASA SOMOS ATAHUALPA Descripci\u00f3n:Taller pr\u00e1ctico de u\u00f1as donde aprender\u00e1s t\u00e9cnicas ...<br \/><div class=\"pt-cv-rmwrap\"><a href=\"https:\/\/zonales.quito.gob.ec\/?p=371600\" class=\"_self pt-cv-readmore btn btn-success\" target=\"_self\">Leer M\u00e1s<\/a><\/div><\/div><\/div><\/div>\n<div class=\"col-md-4 col-sm-6 col-xs-12 pt-cv-content-item pt-cv-1-col\" ><div class='pt-cv-ifield'><a href=\"https:\/\/zonales.quito.gob.ec\/?p=368322\" class=\"_self pt-cv-href-thumbnail pt-cv-thumb-default\" target=\"_self\" ><img loading=\"lazy\" decoding=\"async\" width=\"450\" height=\"250\" src=\"https:\/\/zonales.quito.gob.ec\/wp-content\/uploads\/CUIDADOFACIAL01-450x250.jpg\" class=\"pt-cv-thumbnail\" alt=\"\" \/><\/a>\n<h3 class=\"pt-cv-title\"><a href=\"https:\/\/zonales.quito.gob.ec\/?p=368322\" class=\"_self\" target=\"_self\" >CUIDADO FACIAL PROFESIONAL \/BELLEZA<\/a><\/h3>\n<div class=\"pt-cv-content\">CASA SOMOS LA BALBINA Descripci\u00f3n:El taller de cuidado facial est\u00e1 ...<br \/><div class=\"pt-cv-rmwrap\"><a href=\"https:\/\/zonales.quito.gob.ec\/?p=368322\" class=\"_self pt-cv-readmore btn btn-success\" target=\"_self\">Leer M\u00e1s<\/a><\/div><\/div><\/div><\/div>\n<div class=\"col-md-4 col-sm-6 col-xs-12 pt-cv-content-item pt-cv-1-col\" ><div class='pt-cv-ifield'><a href=\"https:\/\/zonales.quito.gob.ec\/?p=368239\" class=\"_self pt-cv-href-thumbnail pt-cv-thumb-default\" target=\"_self\" ><img loading=\"lazy\" decoding=\"async\" width=\"450\" height=\"250\" src=\"https:\/\/zonales.quito.gob.ec\/wp-content\/uploads\/TALLER-UNAS-ACRILICAS-ESCULPIDAS-Y-ENCAPSULADAS-1-450x250.jpg\" class=\"pt-cv-thumbnail\" alt=\"\" \/><\/a>\n<h3 class=\"pt-cv-title\"><a href=\"https:\/\/zonales.quito.gob.ec\/?p=368239\" class=\"_self\" target=\"_self\" >U\u00d1AS SOFF GEL 3D Y POLYGEL \/BELLEZA<\/a><\/h3>\n<div class=\"pt-cv-content\">CASA SOMOS LA BALBINA Descripci\u00f3n:El taller\u00a0 est\u00e1 dirigido a quienes ...<br \/><div class=\"pt-cv-rmwrap\"><a href=\"https:\/\/zonales.quito.gob.ec\/?p=368239\" class=\"_self pt-cv-readmore btn btn-success\" target=\"_self\">Leer M\u00e1s<\/a><\/div><\/div><\/div><\/div>\n<div class=\"col-md-4 col-sm-6 col-xs-12 pt-cv-content-item pt-cv-1-col\" ><div class='pt-cv-ifield'><a href=\"https:\/\/zonales.quito.gob.ec\/?p=368241\" class=\"_self pt-cv-href-thumbnail pt-cv-thumb-default\" target=\"_self\" ><img loading=\"lazy\" decoding=\"async\" width=\"450\" height=\"250\" src=\"https:\/\/zonales.quito.gob.ec\/wp-content\/uploads\/TRENZAS-450x250.jpg\" class=\"pt-cv-thumbnail\" alt=\"\" \/><\/a>\n<h3 class=\"pt-cv-title\"><a href=\"https:\/\/zonales.quito.gob.ec\/?p=368241\" class=\"_self\" target=\"_self\" >TRENZAS POP \/BELLEZA<\/a><\/h3>\n<div class=\"pt-cv-content\">CASA SOMOS LA BALBINA Descripci\u00f3n:El taller de Trenzas Pop est\u00e1 ...<br \/><div class=\"pt-cv-rmwrap\"><a href=\"https:\/\/zonales.quito.gob.ec\/?p=368241\" class=\"_self pt-cv-readmore btn btn-success\" target=\"_self\">Leer M\u00e1s<\/a><\/div><\/div><\/div><\/div>\n<div class=\"col-md-4 col-sm-6 col-xs-12 pt-cv-content-item pt-cv-1-col\" ><div class='pt-cv-ifield'><a href=\"https:\/\/zonales.quito.gob.ec\/?p=368236\" class=\"_self pt-cv-href-thumbnail pt-cv-thumb-default\" target=\"_self\" ><img loading=\"lazy\" decoding=\"async\" width=\"450\" height=\"250\" src=\"https:\/\/zonales.quito.gob.ec\/wp-content\/uploads\/Libros-de-Barberia-450x250.jpg\" class=\"pt-cv-thumbnail\" alt=\"\" \/><\/a>\n<h3 class=\"pt-cv-title\"><a href=\"https:\/\/zonales.quito.gob.ec\/?p=368236\" class=\"_self\" target=\"_self\" >BARBER\u00cdA \/BELLEZA<\/a><\/h3>\n<div class=\"pt-cv-content\">CASA SOMOS LA BALBINA Descripci\u00f3n:El taller de barber\u00eda est\u00e1 dirigido ...<br \/><div class=\"pt-cv-rmwrap\"><a href=\"https:\/\/zonales.quito.gob.ec\/?p=368236\" class=\"_self pt-cv-readmore btn btn-success\" target=\"_self\">Leer M\u00e1s<\/a><\/div><\/div><\/div><\/div>\n<div class=\"col-md-4 col-sm-6 col-xs-12 pt-cv-content-item pt-cv-1-col\" ><div class='pt-cv-ifield'><a href=\"https:\/\/zonales.quito.gob.ec\/?p=368242\" class=\"_self pt-cv-href-thumbnail pt-cv-thumb-default\" target=\"_self\" ><img loading=\"lazy\" decoding=\"async\" width=\"450\" height=\"250\" src=\"https:\/\/zonales.quito.gob.ec\/wp-content\/uploads\/CEJAS-2-1-450x250.jpg\" class=\"pt-cv-thumbnail\" alt=\"\" \/><\/a>\n<h3 class=\"pt-cv-title\"><a href=\"https:\/\/zonales.quito.gob.ec\/?p=368242\" class=\"_self\" target=\"_self\" >CEJAS Y MIRADAS PERFECTAS \/BELLEZA<\/a><\/h3>\n<div class=\"pt-cv-content\">CASA SOMOS LA BALBINA Descripci\u00f3n:El taller de cejas y miradas ...<br \/><div class=\"pt-cv-rmwrap\"><a href=\"https:\/\/zonales.quito.gob.ec\/?p=368242\" class=\"_self pt-cv-readmore btn btn-success\" target=\"_self\">Leer M\u00e1s<\/a><\/div><\/div><\/div><\/div>\n<div class=\"col-md-4 col-sm-6 col-xs-12 pt-cv-content-item pt-cv-1-col\" ><div class='pt-cv-ifield'><a href=\"https:\/\/zonales.quito.gob.ec\/?p=368240\" class=\"_self pt-cv-href-thumbnail pt-cv-thumb-default\" target=\"_self\" ><img loading=\"lazy\" decoding=\"async\" width=\"450\" height=\"250\" src=\"https:\/\/zonales.quito.gob.ec\/wp-content\/uploads\/manicura_pedicura_pagina-450x250.jpg\" class=\"pt-cv-thumbnail\" alt=\"\" \/><\/a>\n<h3 class=\"pt-cv-title\"><a href=\"https:\/\/zonales.quito.gob.ec\/?p=368240\" class=\"_self\" target=\"_self\" >MANICURE Y PEDICURE 1 \/BELLEZA<\/a><\/h3>\n<div class=\"pt-cv-content\">CASA SOMOS LA BALBINA Descripci\u00f3n:El taller de manicura est\u00e1 enfocado ...<br \/><div class=\"pt-cv-rmwrap\"><a href=\"https:\/\/zonales.quito.gob.ec\/?p=368240\" class=\"_self pt-cv-readmore btn btn-success\" target=\"_self\">Leer M\u00e1s<\/a><\/div><\/div><\/div><\/div>\n<div class=\"col-md-4 col-sm-6 col-xs-12 pt-cv-content-item pt-cv-1-col\" ><div class='pt-cv-ifield'><a href=\"https:\/\/zonales.quito.gob.ec\/?p=368238\" class=\"_self pt-cv-href-thumbnail pt-cv-thumb-default\" target=\"_self\" ><img loading=\"lazy\" decoding=\"async\" width=\"450\" height=\"250\" src=\"https:\/\/zonales.quito.gob.ec\/wp-content\/uploads\/unas-semipermanentes-450x250.jpg\" class=\"pt-cv-thumbnail\" alt=\"\" \/><\/a>\n<h3 class=\"pt-cv-title\"><a href=\"https:\/\/zonales.quito.gob.ec\/?p=368238\" class=\"_self\" target=\"_self\" >U\u00d1AS PERMANENTES RUBBER Y OJO DE GATO\/BELLEZA<\/a><\/h3>\n<div class=\"pt-cv-content\">CASA SOMOS LA BALBINA Descripci\u00f3n:El taller de u\u00f1as semipermanentes est\u00e1 ...<br \/><div class=\"pt-cv-rmwrap\"><a href=\"https:\/\/zonales.quito.gob.ec\/?p=368238\" class=\"_self pt-cv-readmore btn btn-success\" target=\"_self\">Leer M\u00e1s<\/a><\/div><\/div><\/div><\/div>\n<div class=\"col-md-4 col-sm-6 col-xs-12 pt-cv-content-item pt-cv-1-col\" ><div class='pt-cv-ifield'><a href=\"https:\/\/zonales.quito.gob.ec\/?p=368237\" class=\"_self pt-cv-href-thumbnail pt-cv-thumb-default\" target=\"_self\" ><img loading=\"lazy\" decoding=\"async\" width=\"450\" height=\"250\" src=\"https:\/\/zonales.quito.gob.ec\/wp-content\/uploads\/COLORIMETRIA-6-450x250.jpg\" class=\"pt-cv-thumbnail\" alt=\"\" \/><\/a>\n<h3 class=\"pt-cv-title\"><a href=\"https:\/\/zonales.quito.gob.ec\/?p=368237\" class=\"_self\" target=\"_self\" >COLORIMETR\u00cdA B\u00c1SICA \/BELLEZA<\/a><\/h3>\n<div class=\"pt-cv-content\">CASA SOMOS LA BALBINA Descripci\u00f3n:El taller \u00a0ense\u00f1a los fundamentos del ...<br \/><div class=\"pt-cv-rmwrap\"><a href=\"https:\/\/zonales.quito.gob.ec\/?p=368237\" class=\"_self pt-cv-readmore btn btn-success\" target=\"_self\">Leer M\u00e1s<\/a><\/div><\/div><\/div><\/div>\n<div class=\"col-md-4 col-sm-6 col-xs-12 pt-cv-content-item pt-cv-1-col\" ><div class='pt-cv-ifield'><a href=\"https:\/\/zonales.quito.gob.ec\/?p=368243\" class=\"_self pt-cv-href-thumbnail pt-cv-thumb-default\" target=\"_self\" ><img loading=\"lazy\" decoding=\"async\" width=\"450\" height=\"250\" src=\"https:\/\/zonales.quito.gob.ec\/wp-content\/uploads\/MAQUILLAJE-ARTISTICO-2-450x250.jpg\" class=\"pt-cv-thumbnail\" alt=\"\" \/><\/a>\n<h3 class=\"pt-cv-title\"><a href=\"https:\/\/zonales.quito.gob.ec\/?p=368243\" class=\"_self\" target=\"_self\" >MAQUILLAJE PARA DESFILES Y PRESENTACIONES \/BELLEZA<\/a><\/h3>\n<div class=\"pt-cv-content\">CASA SOMOS LA BALBINA Descripci\u00f3n:El taller de maquillaje profesional (bastoneras, ...<br \/><div class=\"pt-cv-rmwrap\"><a href=\"https:\/\/zonales.quito.gob.ec\/?p=368243\" class=\"_self pt-cv-readmore btn btn-success\" target=\"_self\">Leer M\u00e1s<\/a><\/div><\/div><\/div><\/div>\n<div class=\"col-md-4 col-sm-6 col-xs-12 pt-cv-content-item pt-cv-1-col\" ><div class='pt-cv-ifield'><a href=\"https:\/\/zonales.quito.gob.ec\/?p=368244\" class=\"_self pt-cv-href-thumbnail pt-cv-thumb-default\" target=\"_self\" ><img loading=\"lazy\" decoding=\"async\" width=\"427\" height=\"250\" src=\"https:\/\/zonales.quito.gob.ec\/wp-content\/uploads\/maquillaje-profesional-2021-MAGU-ECUADOR-940x550-1.jpg\" class=\"pt-cv-thumbnail\" alt=\"\" \/><\/a>\n<h3 class=\"pt-cv-title\"><a href=\"https:\/\/zonales.quito.gob.ec\/?p=368244\" class=\"_self\" target=\"_self\" >MAQUILLAJE PROFESIONAL \/BELLEZA<\/a><\/h3>\n<div class=\"pt-cv-content\">CASA SOMOS LA BALBINA Descripci\u00f3n:El taller de maquillaje profesional est\u00e1 ...<br \/><div class=\"pt-cv-rmwrap\"><a href=\"https:\/\/zonales.quito.gob.ec\/?p=368244\" class=\"_self pt-cv-readmore btn btn-success\" target=\"_self\">Leer M\u00e1s<\/a><\/div><\/div><\/div><\/div>\n<div class=\"col-md-4 col-sm-6 col-xs-12 pt-cv-content-item pt-cv-1-col\" ><div class='pt-cv-ifield'><a href=\"https:\/\/zonales.quito.gob.ec\/?p=368245\" class=\"_self pt-cv-href-thumbnail pt-cv-thumb-default\" target=\"_self\" ><img loading=\"lazy\" decoding=\"async\" width=\"450\" height=\"250\" src=\"https:\/\/zonales.quito.gob.ec\/wp-content\/uploads\/MASAJES-REDUCTORES-450x250.jpg\" class=\"pt-cv-thumbnail\" alt=\"\" \/><\/a>\n<h3 class=\"pt-cv-title\"><a href=\"https:\/\/zonales.quito.gob.ec\/?p=368245\" class=\"_self\" target=\"_self\" >MASAJES REDUCTORES \/BELLEZA<\/a><\/h3>\n<div class=\"pt-cv-content\">CASA SOMOS LA BALBINA Descripci\u00f3n:Espacio pr\u00e1ctico donde se aprenden t\u00e9cnicas ...<br \/><div class=\"pt-cv-rmwrap\"><a href=\"https:\/\/zonales.quito.gob.ec\/?p=368245\" class=\"_self pt-cv-readmore btn btn-success\" target=\"_self\">Leer M\u00e1s<\/a><\/div><\/div><\/div><\/div>\n<div class=\"col-md-4 col-sm-6 col-xs-12 pt-cv-content-item pt-cv-1-col\" ><div class='pt-cv-ifield'><a href=\"https:\/\/zonales.quito.gob.ec\/?p=366905\" class=\"_self pt-cv-href-thumbnail pt-cv-thumb-default\" target=\"_self\" ><img loading=\"lazy\" decoding=\"async\" width=\"450\" height=\"250\" src=\"https:\/\/zonales.quito.gob.ec\/wp-content\/uploads\/SPA-DE-UNAS-450x250.jpg\" class=\"pt-cv-thumbnail\" alt=\"\" \/><\/a>\n<h3 class=\"pt-cv-title\"><a href=\"https:\/\/zonales.quito.gob.ec\/?p=366905\" class=\"_self\" target=\"_self\" >U\u00d1AS ACR\u00cdLICAS \/ BELLEZA<\/a><\/h3>\n<div class=\"pt-cv-content\">CASA SOMOS GUAYLLABAMBA Descripci\u00f3n:El taller tiene como objetivo que las ...<br \/><div class=\"pt-cv-rmwrap\"><a href=\"https:\/\/zonales.quito.gob.ec\/?p=366905\" class=\"_self pt-cv-readmore btn btn-success\" target=\"_self\">Leer M\u00e1s<\/a><\/div><\/div><\/div><\/div>\n<div class=\"col-md-4 col-sm-6 col-xs-12 pt-cv-content-item pt-cv-1-col\" ><div class='pt-cv-ifield'><a href=\"https:\/\/zonales.quito.gob.ec\/?p=366584\" class=\"_self pt-cv-href-thumbnail pt-cv-thumb-default\" target=\"_self\" ><img loading=\"lazy\" decoding=\"async\" width=\"450\" height=\"225\" src=\"https:\/\/zonales.quito.gob.ec\/wp-content\/uploads\/Diseno-unas-taller.jpg\" class=\"pt-cv-thumbnail\" alt=\"\" \/><\/a>\n<h3 class=\"pt-cv-title\"><a href=\"https:\/\/zonales.quito.gob.ec\/?p=366584\" class=\"_self\" target=\"_self\" >DISE\u00d1O DE U\u00d1AS\/ BELLEZA \/ DECORACI\u00d3N<\/a><\/h3>\n<div class=\"pt-cv-content\">CASA SOMOS SAN JUAN DE CALDER\u00d3N Descripci\u00f3n:El taller de Dise\u00f1o ...<br \/><div class=\"pt-cv-rmwrap\"><a href=\"https:\/\/zonales.quito.gob.ec\/?p=366584\" class=\"_self pt-cv-readmore btn btn-success\" target=\"_self\">Leer M\u00e1s<\/a><\/div><\/div><\/div><\/div>\n<div class=\"col-md-4 col-sm-6 col-xs-12 pt-cv-content-item pt-cv-1-col\" ><div class='pt-cv-ifield'><a href=\"https:\/\/zonales.quito.gob.ec\/?p=364826\" class=\"_self pt-cv-href-thumbnail pt-cv-thumb-default\" target=\"_self\" ><img loading=\"lazy\" decoding=\"async\" width=\"450\" height=\"225\" src=\"https:\/\/zonales.quito.gob.ec\/wp-content\/uploads\/Diseno-unas-taller.jpg\" class=\"pt-cv-thumbnail\" alt=\"\" \/><\/a>\n<h3 class=\"pt-cv-title\"><a href=\"https:\/\/zonales.quito.gob.ec\/?p=364826\" class=\"_self\" target=\"_self\" >DISE\u00d1O DE U\u00d1AS\/ BELLEZA\/DECORACI\u00d3N DE U\u00d1AS Y EFECTO<\/a><\/h3>\n<div class=\"pt-cv-content\">CASA SOMOS CARAPUNGO Descripci\u00f3n:El Taller de U\u00f1as Acr\u00edlicas es un ...<br \/><div class=\"pt-cv-rmwrap\"><a href=\"https:\/\/zonales.quito.gob.ec\/?p=364826\" class=\"_self pt-cv-readmore btn btn-success\" target=\"_self\">Leer M\u00e1s<\/a><\/div><\/div><\/div><\/div>\n<div class=\"col-md-4 col-sm-6 col-xs-12 pt-cv-content-item pt-cv-1-col\" ><div class='pt-cv-ifield'><a href=\"https:\/\/zonales.quito.gob.ec\/?p=361784\" class=\"_self pt-cv-href-thumbnail pt-cv-thumb-default\" target=\"_self\" ><img loading=\"lazy\" decoding=\"async\" width=\"450\" height=\"169\" src=\"https:\/\/zonales.quito.gob.ec\/wp-content\/uploads\/WhatsApp-Image-2026-06-15-at-10.08.26-AM-convertido-a-1600x600-1.jpeg\" class=\"pt-cv-thumbnail\" alt=\"\" \/><\/a>\n<h3 class=\"pt-cv-title\"><a href=\"https:\/\/zonales.quito.gob.ec\/?p=361784\" class=\"_self\" target=\"_self\" >COSMETOLOG\u00cdA NATURAL\/BELLEZA<\/a><\/h3>\n<div class=\"pt-cv-content\">CASA SOMOS CHILLOGALLO Descripci\u00f3n:Aprende a elaborar productos cosm\u00e9ticos naturales utilizando ...<br \/><div class=\"pt-cv-rmwrap\"><a href=\"https:\/\/zonales.quito.gob.ec\/?p=361784\" class=\"_self pt-cv-readmore btn btn-success\" target=\"_self\">Leer M\u00e1s<\/a><\/div><\/div><\/div><\/div>\n<div class=\"col-md-4 col-sm-6 col-xs-12 pt-cv-content-item pt-cv-1-col\" ><div class='pt-cv-ifield'><a href=\"https:\/\/zonales.quito.gob.ec\/?p=361797\" class=\"_self pt-cv-href-thumbnail pt-cv-thumb-default\" target=\"_self\" ><img loading=\"lazy\" decoding=\"async\" width=\"450\" height=\"169\" src=\"https:\/\/zonales.quito.gob.ec\/wp-content\/uploads\/WhatsApp-Image-2026-06-14-at-9.39.35-AM-convertido-a-1600x600-1.jpeg\" class=\"pt-cv-thumbnail\" alt=\"\" \/><\/a>\n<h3 class=\"pt-cv-title\"><a href=\"https:\/\/zonales.quito.gob.ec\/?p=361797\" class=\"_self\" target=\"_self\" >MASAJES REDUCTORES Y DEPORTIVOS\/BELLEZA<\/a><\/h3>\n<div class=\"pt-cv-content\">CASA SOMOS CHILLOGALLO Descripci\u00f3n:Aprende t\u00e9cnicas de masaje orientadas a la ...<br \/><div class=\"pt-cv-rmwrap\"><a href=\"https:\/\/zonales.quito.gob.ec\/?p=361797\" class=\"_self pt-cv-readmore btn btn-success\" target=\"_self\">Leer M\u00e1s<\/a><\/div><\/div><\/div><\/div>\n<div class=\"col-md-4 col-sm-6 col-xs-12 pt-cv-content-item pt-cv-1-col\" ><div class='pt-cv-ifield'><a href=\"https:\/\/zonales.quito.gob.ec\/?p=361798\" class=\"_self pt-cv-href-thumbnail pt-cv-thumb-default\" target=\"_self\" ><img loading=\"lazy\" decoding=\"async\" width=\"450\" height=\"169\" src=\"https:\/\/zonales.quito.gob.ec\/wp-content\/uploads\/WhatsApp-Image-2026-08-15-at-1.28.55-PM-convertido-a-1600x600-1.jpeg\" class=\"pt-cv-thumbnail\" alt=\"\" \/><\/a>\n<h3 class=\"pt-cv-title\"><a href=\"https:\/\/zonales.quito.gob.ec\/?p=361798\" class=\"_self\" target=\"_self\" >U\u00d1AS ACR\u00cdLICAS 3D Y TODAS LAS T\u00c9CNICAS\/BELLEZA<\/a><\/h3>\n<div class=\"pt-cv-content\">CASA SOMOS CHILLOGALLO Descripci\u00f3n:Taller pr\u00e1ctico para aprender a aplicar u\u00f1as ...<br \/><div class=\"pt-cv-rmwrap\"><a href=\"https:\/\/zonales.quito.gob.ec\/?p=361798\" class=\"_self pt-cv-readmore btn btn-success\" target=\"_self\">Leer M\u00e1s<\/a><\/div><\/div><\/div><\/div>\n<div class=\"col-md-4 col-sm-6 col-xs-12 pt-cv-content-item pt-cv-1-col\" ><div class='pt-cv-ifield'><a href=\"https:\/\/zonales.quito.gob.ec\/?p=361796\" class=\"_self pt-cv-href-thumbnail pt-cv-thumb-default\" target=\"_self\" ><img loading=\"lazy\" decoding=\"async\" width=\"450\" height=\"169\" src=\"https:\/\/zonales.quito.gob.ec\/wp-content\/uploads\/WhatsApp-Image-2026-08-15-at-1.28.56-PM-convertido-a-1600x600-1.jpeg\" class=\"pt-cv-thumbnail\" alt=\"\" \/><\/a>\n<h3 class=\"pt-cv-title\"><a href=\"https:\/\/zonales.quito.gob.ec\/?p=361796\" class=\"_self\" target=\"_self\" >U\u00d1AS PERMANENTES CON ALTO RELIEVE Y OJO DE GATO\/BELLEZA<\/a><\/h3>\n<div class=\"pt-cv-content\">CASA SOMOS CHILLOGALLO Descripci\u00f3n:Taller especializado en la aplicaci\u00f3n de esmalte ...<br \/><div class=\"pt-cv-rmwrap\"><a href=\"https:\/\/zonales.quito.gob.ec\/?p=361796\" class=\"_self pt-cv-readmore btn btn-success\" target=\"_self\">Leer M\u00e1s<\/a><\/div><\/div><\/div><\/div>\n<div class=\"col-md-4 col-sm-6 col-xs-12 pt-cv-content-item pt-cv-1-col\" ><div class='pt-cv-ifield'><a href=\"https:\/\/zonales.quito.gob.ec\/?p=361795\" class=\"_self pt-cv-href-thumbnail pt-cv-thumb-default\" target=\"_self\" ><img loading=\"lazy\" decoding=\"async\" width=\"450\" height=\"169\" src=\"https:\/\/zonales.quito.gob.ec\/wp-content\/uploads\/WhatsApp-Image-2026-08-15-at-1.28.54-PM-1-convertido-a-1600x600-1.jpeg\" class=\"pt-cv-thumbnail\" alt=\"\" \/><\/a>\n<h3 class=\"pt-cv-title\"><a href=\"https:\/\/zonales.quito.gob.ec\/?p=361795\" class=\"_self\" target=\"_self\" >U\u00d1AS SOFT GEL Y 3D POLYGEL\/BELLEZA<\/a><\/h3>\n<div class=\"pt-cv-content\">CASA SOMOS CHILLOGALLO Descripci\u00f3n:Taller pr\u00e1ctico para aprender a aplicar y ...<br \/><div class=\"pt-cv-rmwrap\"><a href=\"https:\/\/zonales.quito.gob.ec\/?p=361795\" class=\"_self pt-cv-readmore btn btn-success\" target=\"_self\">Leer M\u00e1s<\/a><\/div><\/div><\/div><\/div>\n<div class=\"col-md-4 col-sm-6 col-xs-12 pt-cv-content-item pt-cv-1-col\" ><div class='pt-cv-ifield'><a href=\"https:\/\/zonales.quito.gob.ec\/?p=361799\" class=\"_self pt-cv-href-thumbnail pt-cv-thumb-default\" target=\"_self\" ><img loading=\"lazy\" decoding=\"async\" width=\"450\" height=\"169\" src=\"https:\/\/zonales.quito.gob.ec\/wp-content\/uploads\/WhatsApp-Image-2026-08-15-at-1.28.56-PM-1-convertido-a-1600x600-1.jpeg\" class=\"pt-cv-thumbnail\" alt=\"\" \/><\/a>\n<h3 class=\"pt-cv-title\"><a href=\"https:\/\/zonales.quito.gob.ec\/?p=361799\" class=\"_self\" target=\"_self\" >MANICURA Y PEDICURA B\u00c1SICO\/BELLEZA<\/a><\/h3>\n<div class=\"pt-cv-content\">CASA SOMOS CHILLOGALLO Descripci\u00f3n:Formaci\u00f3n pr\u00e1ctica en t\u00e9cnicas modernas de cuidado ...<br \/><div class=\"pt-cv-rmwrap\"><a href=\"https:\/\/zonales.quito.gob.ec\/?p=361799\" class=\"_self pt-cv-readmore btn btn-success\" target=\"_self\">Leer M\u00e1s<\/a><\/div><\/div><\/div><\/div>\n<div class=\"col-md-4 col-sm-6 col-xs-12 pt-cv-content-item pt-cv-1-col\" ><div class='pt-cv-ifield'><a href=\"https:\/\/zonales.quito.gob.ec\/?p=361800\" class=\"_self pt-cv-href-thumbnail pt-cv-thumb-default\" target=\"_self\" ><img loading=\"lazy\" decoding=\"async\" width=\"450\" height=\"169\" src=\"https:\/\/zonales.quito.gob.ec\/wp-content\/uploads\/WhatsApp-Image-2026-08-15-at-1.40.55-PM-convertido-a-1600x600-1.jpeg\" class=\"pt-cv-thumbnail\" alt=\"\" \/><\/a>\n<h3 class=\"pt-cv-title\"><a href=\"https:\/\/zonales.quito.gob.ec\/?p=361800\" class=\"_self\" target=\"_self\" >COLOR PELUQUER\u00cdA UNISEX\/BELLEZA<\/a><\/h3>\n<div class=\"pt-cv-content\">CASA SOMOS CHILLOGALLO Descripci\u00f3n:Espacio pr\u00e1ctico y creativo donde los participantes ...<br \/><div class=\"pt-cv-rmwrap\"><a href=\"https:\/\/zonales.quito.gob.ec\/?p=361800\" class=\"_self pt-cv-readmore btn btn-success\" target=\"_self\">Leer M\u00e1s<\/a><\/div><\/div><\/div><\/div>\n<div class=\"col-md-4 col-sm-6 col-xs-12 pt-cv-content-item pt-cv-1-col\" ><div class='pt-cv-ifield'><a href=\"https:\/\/zonales.quito.gob.ec\/?p=361801\" class=\"_self pt-cv-href-thumbnail pt-cv-thumb-default\" target=\"_self\" ><img loading=\"lazy\" decoding=\"async\" width=\"450\" height=\"169\" src=\"https:\/\/zonales.quito.gob.ec\/wp-content\/uploads\/WhatsApp-Image-2026-08-15-at-1.40.55-PM-2-convertido-a-1600x600-1.jpeg\" class=\"pt-cv-thumbnail\" alt=\"\" \/><\/a>\n<h3 class=\"pt-cv-title\"><a href=\"https:\/\/zonales.quito.gob.ec\/?p=361801\" class=\"_self\" target=\"_self\" >BARBER\u00cdA\/BELLEZA<\/a><\/h3>\n<div class=\"pt-cv-content\">CASA SOMOS CHILLOGALLO Descripci\u00f3n:Espacio pr\u00e1ctico y formativo donde los participantes ...<br \/><div class=\"pt-cv-rmwrap\"><a href=\"https:\/\/zonales.quito.gob.ec\/?p=361801\" class=\"_self pt-cv-readmore btn btn-success\" target=\"_self\">Leer M\u00e1s<\/a><\/div><\/div><\/div><\/div>\n<div class=\"col-md-4 col-sm-6 col-xs-12 pt-cv-content-item pt-cv-1-col\" ><div class='pt-cv-ifield'><a href=\"https:\/\/zonales.quito.gob.ec\/?p=361604\" class=\"_self pt-cv-href-thumbnail pt-cv-thumb-default\" target=\"_self\" ><img loading=\"lazy\" decoding=\"async\" width=\"450\" height=\"239\" src=\"https:\/\/zonales.quito.gob.ec\/wp-content\/uploads\/cejasperfectas-260WZ20231008.jpg\" class=\"pt-cv-thumbnail\" alt=\"\" \/><\/a>\n<h3 class=\"pt-cv-title\"><a href=\"https:\/\/zonales.quito.gob.ec\/?p=361604\" class=\"_self\" target=\"_self\" >CEJAS Y MIRADAS PERFECTAS\/BELLEZA<\/a><\/h3>\n<div class=\"pt-cv-content\">CASA SOMOS CHILLOGALLO Descripci\u00f3n:Espacio pr\u00e1ctico y creativo enfocado en el ...<br \/><div class=\"pt-cv-rmwrap\"><a href=\"https:\/\/zonales.quito.gob.ec\/?p=361604\" class=\"_self pt-cv-readmore btn btn-success\" target=\"_self\">Leer M\u00e1s<\/a><\/div><\/div><\/div><\/div>\n<div class=\"col-md-4 col-sm-6 col-xs-12 pt-cv-content-item pt-cv-1-col\" ><div class='pt-cv-ifield'><a href=\"https:\/\/zonales.quito.gob.ec\/?p=360855\" class=\"_self pt-cv-href-thumbnail pt-cv-thumb-default\" target=\"_self\" ><img loading=\"lazy\" decoding=\"async\" width=\"450\" height=\"250\" src=\"https:\/\/zonales.quito.gob.ec\/wp-content\/uploads\/AUTOMAQUILLAJE-5-450x250.jpg\" class=\"pt-cv-thumbnail\" alt=\"\" \/><\/a>\n<h3 class=\"pt-cv-title\"><a href=\"https:\/\/zonales.quito.gob.ec\/?p=360855\" class=\"_self\" target=\"_self\" >AUTOMAQUILLAJE\/BELLEZA<\/a><\/h3>\n<div class=\"pt-cv-content\">CASA SOMOS CHILLOGALLO Descripci\u00f3n:Espacio pr\u00e1ctico y creativo donde los participantes ...<br \/><div class=\"pt-cv-rmwrap\"><a href=\"https:\/\/zonales.quito.gob.ec\/?p=360855\" class=\"_self pt-cv-readmore btn btn-success\" target=\"_self\">Leer M\u00e1s<\/a><\/div><\/div><\/div><\/div>\n<div class=\"col-md-4 col-sm-6 col-xs-12 pt-cv-content-item pt-cv-1-col\" ><div class='pt-cv-ifield'><a href=\"https:\/\/zonales.quito.gob.ec\/?p=359766\" class=\"_self pt-cv-href-thumbnail pt-cv-thumb-default\" target=\"_self\" ><img loading=\"lazy\" decoding=\"async\" width=\"450\" height=\"250\" src=\"https:\/\/zonales.quito.gob.ec\/wp-content\/uploads\/WhatsApp-Image-2025-01-07-at-2.28.21-PM-2-1-450x250.jpeg\" class=\"pt-cv-thumbnail\" alt=\"\" \/><\/a>\n<h3 class=\"pt-cv-title\"><a href=\"https:\/\/zonales.quito.gob.ec\/?p=359766\" class=\"_self\" target=\"_self\" >U\u00d1AS ACR\u00cdLICAS\/BELLEZA<\/a><\/h3>\n<div class=\"pt-cv-content\">CASA SOMOS CEDOC GUAMAN\u00cd Descripci\u00f3n:Taller pr\u00e1ctico para personas de 16 ...<br \/><div class=\"pt-cv-rmwrap\"><a href=\"https:\/\/zonales.quito.gob.ec\/?p=359766\" class=\"_self pt-cv-readmore btn btn-success\" target=\"_self\">Leer M\u00e1s<\/a><\/div><\/div><\/div><\/div>\n<div class=\"col-md-4 col-sm-6 col-xs-12 pt-cv-content-item pt-cv-1-col\" ><div class='pt-cv-ifield'><a href=\"https:\/\/zonales.quito.gob.ec\/?p=359124\" class=\"_self pt-cv-href-thumbnail pt-cv-thumb-default\" target=\"_self\" ><img loading=\"lazy\" decoding=\"async\" width=\"450\" height=\"250\" src=\"https:\/\/zonales.quito.gob.ec\/wp-content\/uploads\/TALLER-CEJAS-Y-PESTANAS-A-LA-PERFECCION-MIRADA-PERFECTA-450x250.jpg\" class=\"pt-cv-thumbnail\" alt=\"\" \/><\/a>\n<h3 class=\"pt-cv-title\"><a href=\"https:\/\/zonales.quito.gob.ec\/?p=359124\" class=\"_self\" target=\"_self\" >CEJAS Y PESTA\u00d1AS PERFECTAS  \/BELLEZA<\/a><\/h3>\n<div class=\"pt-cv-content\">CASA SOMOS CEDOC GUAMANI Descripci\u00f3n:Taller especializado en dise\u00f1o, depilaci\u00f3n y ...<br \/><div class=\"pt-cv-rmwrap\"><a href=\"https:\/\/zonales.quito.gob.ec\/?p=359124\" class=\"_self pt-cv-readmore btn btn-success\" target=\"_self\">Leer M\u00e1s<\/a><\/div><\/div><\/div><\/div>\n<div class=\"col-md-4 col-sm-6 col-xs-12 pt-cv-content-item pt-cv-1-col\" ><div class='pt-cv-ifield'><a href=\"https:\/\/zonales.quito.gob.ec\/?p=359047\" class=\"_self pt-cv-href-thumbnail pt-cv-thumb-default\" target=\"_self\" ><img loading=\"lazy\" decoding=\"async\" width=\"450\" height=\"250\" src=\"https:\/\/zonales.quito.gob.ec\/wp-content\/uploads\/cs-diversidades-barberia-450x250.jpg\" class=\"pt-cv-thumbnail\" alt=\"\" \/><\/a>\n<h3 class=\"pt-cv-title\"><a href=\"https:\/\/zonales.quito.gob.ec\/?p=359047\" class=\"_self\" target=\"_self\" >BARBERIA\/BELLEZA<\/a><\/h3>\n<div class=\"pt-cv-content\">CASA SOMOS CEDOC GUAMANI Descripci\u00f3n:En este taller los participantes aprender\u00e1n ...<br \/><div class=\"pt-cv-rmwrap\"><a href=\"https:\/\/zonales.quito.gob.ec\/?p=359047\" class=\"_self pt-cv-readmore btn btn-success\" target=\"_self\">Leer M\u00e1s<\/a><\/div><\/div><\/div><\/div>\n<div class=\"col-md-4 col-sm-6 col-xs-12 pt-cv-content-item pt-cv-1-col\" ><div class='pt-cv-ifield'><a href=\"https:\/\/zonales.quito.gob.ec\/?p=358549\" class=\"_self pt-cv-href-thumbnail pt-cv-thumb-default\" target=\"_self\" ><img loading=\"lazy\" decoding=\"async\" width=\"450\" height=\"250\" src=\"https:\/\/zonales.quito.gob.ec\/wp-content\/uploads\/AUTOMAQUILLAJE-5-450x250.jpg\" class=\"pt-cv-thumbnail\" alt=\"\" \/><\/a>\n<h3 class=\"pt-cv-title\"><a href=\"https:\/\/zonales.quito.gob.ec\/?p=358549\" class=\"_self\" target=\"_self\" >BELLEZA Y ESTILISMO \/BELLEZA<\/a><\/h3>\n<div class=\"pt-cv-content\">CASA SOMOS CEDOC GUAMANI Descripci\u00f3n:Sesiones pr\u00e1cticas para aprender t\u00e9cnicas de ...<br \/><div class=\"pt-cv-rmwrap\"><a href=\"https:\/\/zonales.quito.gob.ec\/?p=358549\" class=\"_self pt-cv-readmore btn btn-success\" target=\"_self\">Leer M\u00e1s<\/a><\/div><\/div><\/div><\/div>\n<div class=\"col-md-4 col-sm-6 col-xs-12 pt-cv-content-item pt-cv-1-col\" ><div class='pt-cv-ifield'><a href=\"https:\/\/zonales.quito.gob.ec\/?p=350448\" class=\"_self pt-cv-href-thumbnail pt-cv-thumb-default\" target=\"_self\" ><img loading=\"lazy\" decoding=\"async\" width=\"446\" height=\"250\" src=\"https:\/\/zonales.quito.gob.ec\/wp-content\/uploads\/unas-soft-gel.jpg\" class=\"pt-cv-thumbnail\" alt=\"\" \/><\/a>\n<h3 class=\"pt-cv-title\"><a href=\"https:\/\/zonales.quito.gob.ec\/?p=350448\" class=\"_self\" target=\"_self\" >U\u00d1AS ACRILICAS ESTRUCTURA Y DISE\u00d1O\/BELLEZA<\/a><\/h3>\n<div class=\"pt-cv-content\">LA BOTA CASAS SOMOS Men\u00fa Informaci\u00f3n 57 Casas Somos Quito ...<br \/><div class=\"pt-cv-rmwrap\"><a href=\"https:\/\/zonales.quito.gob.ec\/?p=350448\" class=\"_self pt-cv-readmore btn btn-success\" target=\"_self\">Leer M\u00e1s<\/a><\/div><\/div><\/div><\/div>\n<div class=\"col-md-4 col-sm-6 col-xs-12 pt-cv-content-item pt-cv-1-col\" ><div class='pt-cv-ifield'><a href=\"https:\/\/zonales.quito.gob.ec\/?p=348320\" class=\"_self pt-cv-href-thumbnail pt-cv-thumb-default\" target=\"_self\" ><img loading=\"lazy\" decoding=\"async\" width=\"450\" height=\"250\" src=\"https:\/\/zonales.quito.gob.ec\/wp-content\/uploads\/barber-shop-background-d8q2uecwheabpqj0-450x250.jpg\" class=\"pt-cv-thumbnail\" alt=\"\" \/><\/a>\n<h3 class=\"pt-cv-title\"><a href=\"https:\/\/zonales.quito.gob.ec\/?p=348320\" class=\"_self\" target=\"_self\" >BARBER SHOP\/BELLEZA<\/a><\/h3>\n<div class=\"pt-cv-content\">CASA SOMOS CARCELEN ALTO Descripci\u00f3nAprende t\u00e9cnicas b\u00e1sicas y modernas de ...<br \/><div class=\"pt-cv-rmwrap\"><a href=\"https:\/\/zonales.quito.gob.ec\/?p=348320\" class=\"_self pt-cv-readmore btn btn-success\" target=\"_self\">Leer M\u00e1s<\/a><\/div><\/div><\/div><\/div>\n<div class=\"col-md-4 col-sm-6 col-xs-12 pt-cv-content-item pt-cv-1-col\" ><div class='pt-cv-ifield'><a href=\"https:\/\/zonales.quito.gob.ec\/?p=348108\" class=\"_self pt-cv-href-thumbnail pt-cv-thumb-default\" target=\"_self\" ><img loading=\"lazy\" decoding=\"async\" width=\"167\" height=\"250\" src=\"https:\/\/zonales.quito.gob.ec\/wp-content\/uploads\/cosmeto.jpg\" class=\"pt-cv-thumbnail\" alt=\"\" \/><\/a>\n<h3 class=\"pt-cv-title\"><a href=\"https:\/\/zonales.quito.gob.ec\/?p=348108\" class=\"_self\" target=\"_self\" >COSMETOLOG\u00cdA\/BELLEZA\/ INCHAPICHO<\/a><\/h3>\n<div class=\"pt-cv-content\">CASA SOMOS NAY\u00d3N Men\u00fa Informaci\u00f3n 57 Casas Somos Quito Talleres ...<br \/><div class=\"pt-cv-rmwrap\"><a href=\"https:\/\/zonales.quito.gob.ec\/?p=348108\" class=\"_self pt-cv-readmore btn btn-success\" target=\"_self\">Leer M\u00e1s<\/a><\/div><\/div><\/div><\/div>\n<div class=\"col-md-4 col-sm-6 col-xs-12 pt-cv-content-item pt-cv-1-col\" ><div class='pt-cv-ifield'><a href=\"https:\/\/zonales.quito.gob.ec\/?p=347479\" class=\"_self pt-cv-href-thumbnail pt-cv-thumb-default\" target=\"_self\" ><img loading=\"lazy\" decoding=\"async\" width=\"333\" height=\"250\" src=\"https:\/\/zonales.quito.gob.ec\/wp-content\/uploads\/Cosmetologia-Que-Es.jpg\" class=\"pt-cv-thumbnail\" alt=\"\" \/><\/a>\n<h3 class=\"pt-cv-title\"><a href=\"https:\/\/zonales.quito.gob.ec\/?p=347479\" class=\"_self\" target=\"_self\" >COSMETOLOG\u00cdA\/BELLEZA<\/a><\/h3>\n<div class=\"pt-cv-content\">LA BOTA CASAS SOMOS Men\u00fa Informaci\u00f3n 57 Casas Somos Quito ...<br \/><div class=\"pt-cv-rmwrap\"><a href=\"https:\/\/zonales.quito.gob.ec\/?p=347479\" class=\"_self pt-cv-readmore btn btn-success\" target=\"_self\">Leer M\u00e1s<\/a><\/div><\/div><\/div><\/div>\n<div class=\"col-md-4 col-sm-6 col-xs-12 pt-cv-content-item pt-cv-1-col\" ><div class='pt-cv-ifield'><a href=\"https:\/\/zonales.quito.gob.ec\/?p=346339\" class=\"_self pt-cv-href-thumbnail pt-cv-thumb-default\" target=\"_self\" ><img loading=\"lazy\" decoding=\"async\" width=\"375\" height=\"250\" src=\"https:\/\/zonales.quito.gob.ec\/wp-content\/uploads\/Foto-de-perfil-de-um-jovem-barbeiro-aparando-o-cabelo-de-seu-cliente-com-um-barbeador-eletrico-e-um-pente-em-uma-barbearia_-_-Foto-Premium-1.jpg\" class=\"pt-cv-thumbnail\" alt=\"\" \/><\/a>\n<h3 class=\"pt-cv-title\"><a href=\"https:\/\/zonales.quito.gob.ec\/?p=346339\" class=\"_self\" target=\"_self\" >BARBERIA\/BELLEZA\/BARBERSHOP<\/a><\/h3>\n<div class=\"pt-cv-content\">CASA SOMOS ROLD\u00d3S - PISULL\u00cd Descripci\u00f3n:\u00a1Domina el arte de la ...<br \/><div class=\"pt-cv-rmwrap\"><a href=\"https:\/\/zonales.quito.gob.ec\/?p=346339\" class=\"_self pt-cv-readmore btn btn-success\" target=\"_self\">Leer M\u00e1s<\/a><\/div><\/div><\/div><\/div>\n<div class=\"col-md-4 col-sm-6 col-xs-12 pt-cv-content-item pt-cv-1-col\" ><div class='pt-cv-ifield'><a href=\"https:\/\/zonales.quito.gob.ec\/?p=345368\" class=\"_self pt-cv-href-thumbnail pt-cv-thumb-default\" target=\"_self\" ><img loading=\"lazy\" decoding=\"async\" width=\"375\" height=\"250\" src=\"https:\/\/zonales.quito.gob.ec\/wp-content\/uploads\/depositphotos_23357848-stock-photo-pink-manicure-and-pedicure-with.webp\" class=\"pt-cv-thumbnail\" alt=\"\" \/><\/a>\n<h3 class=\"pt-cv-title\"><a href=\"https:\/\/zonales.quito.gob.ec\/?p=345368\" class=\"_self\" target=\"_self\" >PEDICURA\/BELLEZA<\/a><\/h3>\n<div class=\"pt-cv-content\">CASA SOMOS COCOTOG Men\u00fa Informaci\u00f3n 57 Casas Somos Quito Talleres ...<br \/><div class=\"pt-cv-rmwrap\"><a href=\"https:\/\/zonales.quito.gob.ec\/?p=345368\" class=\"_self pt-cv-readmore btn btn-success\" target=\"_self\">Leer M\u00e1s<\/a><\/div><\/div><\/div><\/div>\n<div class=\"col-md-4 col-sm-6 col-xs-12 pt-cv-content-item pt-cv-1-col\" ><div class='pt-cv-ifield'><a href=\"https:\/\/zonales.quito.gob.ec\/?p=345361\" class=\"_self pt-cv-href-thumbnail pt-cv-thumb-default\" target=\"_self\" ><img loading=\"lazy\" decoding=\"async\" width=\"376\" height=\"250\" src=\"https:\/\/zonales.quito.gob.ec\/wp-content\/uploads\/shutterstock_256290229p1.jpg\" class=\"pt-cv-thumbnail\" alt=\"\" \/><\/a>\n<h3 class=\"pt-cv-title\"><a href=\"https:\/\/zonales.quito.gob.ec\/?p=345361\" class=\"_self\" target=\"_self\" >CEJAS Y PESTA\u00d1AS\/BELLEZA<\/a><\/h3>\n<div class=\"pt-cv-content\">CASA SOMOS COCOTOG Men\u00fa Informaci\u00f3n 57 Casas Somos Quito Talleres ...<br \/><div class=\"pt-cv-rmwrap\"><a href=\"https:\/\/zonales.quito.gob.ec\/?p=345361\" class=\"_self pt-cv-readmore btn btn-success\" target=\"_self\">Leer M\u00e1s<\/a><\/div><\/div><\/div><\/div>\n<div class=\"col-md-4 col-sm-6 col-xs-12 pt-cv-content-item pt-cv-1-col\" ><div class='pt-cv-ifield'><a href=\"https:\/\/zonales.quito.gob.ec\/?p=345193\" class=\"_self pt-cv-href-thumbnail pt-cv-thumb-default\" target=\"_self\" ><img loading=\"lazy\" decoding=\"async\" width=\"258\" height=\"250\" src=\"https:\/\/zonales.quito.gob.ec\/wp-content\/uploads\/af4777c0a0d05eb6d52ae65fd160c2ca.jpg\" class=\"pt-cv-thumbnail\" alt=\"\" \/><\/a>\n<h3 class=\"pt-cv-title\"><a href=\"https:\/\/zonales.quito.gob.ec\/?p=345193\" class=\"_self\" target=\"_self\" >MANICURE\/BELLEZA<\/a><\/h3>\n<div class=\"pt-cv-content\">CASA SOMOS COCOTOG Men\u00fa Informaci\u00f3n 57 Casas Somos Quito Talleres ...<br \/><div class=\"pt-cv-rmwrap\"><a href=\"https:\/\/zonales.quito.gob.ec\/?p=345193\" class=\"_self pt-cv-readmore btn btn-success\" target=\"_self\">Leer M\u00e1s<\/a><\/div><\/div><\/div><\/div>\n<div class=\"col-md-4 col-sm-6 col-xs-12 pt-cv-content-item pt-cv-1-col\" ><div class='pt-cv-ifield'><a href=\"https:\/\/zonales.quito.gob.ec\/?p=345181\" class=\"_self pt-cv-href-thumbnail pt-cv-thumb-default\" target=\"_self\" ><img loading=\"lazy\" decoding=\"async\" width=\"436\" height=\"250\" src=\"https:\/\/zonales.quito.gob.ec\/wp-content\/uploads\/MESOTERAPIA-TACURI.jpg\" class=\"pt-cv-thumbnail\" alt=\"\" \/><\/a>\n<h3 class=\"pt-cv-title\"><a href=\"https:\/\/zonales.quito.gob.ec\/?p=345181\" class=\"_self\" target=\"_self\" >COSMETOLOG\u00cdA\/BELLEZA<\/a><\/h3>\n<div class=\"pt-cv-content\">CASA SOMOS COCOTOG Men\u00fa Informaci\u00f3n 57 Casas Somos Quito Talleres ...<br \/><div class=\"pt-cv-rmwrap\"><a href=\"https:\/\/zonales.quito.gob.ec\/?p=345181\" class=\"_self pt-cv-readmore btn btn-success\" target=\"_self\">Leer M\u00e1s<\/a><\/div><\/div><\/div><\/div>\n<div class=\"col-md-4 col-sm-6 col-xs-12 pt-cv-content-item pt-cv-1-col\" ><div class='pt-cv-ifield'><a href=\"https:\/\/zonales.quito.gob.ec\/?p=343781\" class=\"_self pt-cv-href-thumbnail pt-cv-thumb-default\" target=\"_self\" ><img loading=\"lazy\" decoding=\"async\" width=\"446\" height=\"250\" src=\"https:\/\/zonales.quito.gob.ec\/wp-content\/uploads\/unas-soft-gel.jpg\" class=\"pt-cv-thumbnail\" alt=\"\" \/><\/a>\n<h3 class=\"pt-cv-title\"><a href=\"https:\/\/zonales.quito.gob.ec\/?p=343781\" class=\"_self\" target=\"_self\" >U\u00d1AS SOFT POLYGEL Y 3D\/BELLEZA<\/a><\/h3>\n<div class=\"pt-cv-content\">CASA SOMOS LA MARISCAL Descripci\u00f3n:El Taller de u\u00f1as sof y ...<br \/><div class=\"pt-cv-rmwrap\"><a href=\"https:\/\/zonales.quito.gob.ec\/?p=343781\" class=\"_self pt-cv-readmore btn btn-success\" target=\"_self\">Leer M\u00e1s<\/a><\/div><\/div><\/div><\/div>\n<div class=\"col-md-4 col-sm-6 col-xs-12 pt-cv-content-item pt-cv-1-col\" ><div class='pt-cv-ifield'><a href=\"https:\/\/zonales.quito.gob.ec\/?p=343769\" class=\"_self pt-cv-href-thumbnail pt-cv-thumb-default\" target=\"_self\" ><img loading=\"lazy\" decoding=\"async\" width=\"450\" height=\"250\" src=\"https:\/\/zonales.quito.gob.ec\/wp-content\/uploads\/unas-acrilicas-8-450x250.png\" class=\"pt-cv-thumbnail\" alt=\"\" \/><\/a>\n<h3 class=\"pt-cv-title\"><a href=\"https:\/\/zonales.quito.gob.ec\/?p=343769\" class=\"_self\" target=\"_self\" >U\u00d1AS ACR\u00cdLICAS Y 3D T\u00c9CNICAS\/BELLEZA<\/a><\/h3>\n<div class=\"pt-cv-content\">CASA SOMOS LA MARISCAL Descripci\u00f3n:El taller de u\u00f1as acr\u00edlicas tiene ...<br \/><div class=\"pt-cv-rmwrap\"><a href=\"https:\/\/zonales.quito.gob.ec\/?p=343769\" class=\"_self pt-cv-readmore btn btn-success\" target=\"_self\">Leer M\u00e1s<\/a><\/div><\/div><\/div><\/div>\n<div class=\"col-md-4 col-sm-6 col-xs-12 pt-cv-content-item pt-cv-1-col\" ><div class='pt-cv-ifield'><a href=\"https:\/\/zonales.quito.gob.ec\/?p=343700\" class=\"_self pt-cv-href-thumbnail pt-cv-thumb-default\" target=\"_self\" ><img loading=\"lazy\" decoding=\"async\" width=\"213\" height=\"250\" src=\"https:\/\/zonales.quito.gob.ec\/wp-content\/uploads\/WhatsApp-Image-2026-07-02-at-4.04.03-PM.jpeg\" class=\"pt-cv-thumbnail\" alt=\"\" \/><\/a>\n<h3 class=\"pt-cv-title\"><a href=\"https:\/\/zonales.quito.gob.ec\/?p=343700\" class=\"_self\" target=\"_self\" >U\u00d1AS SEMIPERMANENTES Y RUBBER\/BELLEZA<\/a><\/h3>\n<div class=\"pt-cv-content\">CASA SOMOS LA MARISCAL Descripci\u00f3n:Es una experiencia educativa donde las ...<br \/><div class=\"pt-cv-rmwrap\"><a href=\"https:\/\/zonales.quito.gob.ec\/?p=343700\" class=\"_self pt-cv-readmore btn btn-success\" target=\"_self\">Leer M\u00e1s<\/a><\/div><\/div><\/div><\/div>\n<div class=\"col-md-4 col-sm-6 col-xs-12 pt-cv-content-item pt-cv-1-col\" ><div class='pt-cv-ifield'><a href=\"https:\/\/zonales.quito.gob.ec\/?p=342667\" class=\"_self pt-cv-href-thumbnail pt-cv-thumb-default\" target=\"_self\" ><img loading=\"lazy\" decoding=\"async\" width=\"450\" height=\"169\" src=\"https:\/\/zonales.quito.gob.ec\/wp-content\/uploads\/cejas-convertido-a-1600x600-1.jpeg\" class=\"pt-cv-thumbnail\" alt=\"\" \/><\/a>\n<h3 class=\"pt-cv-title\"><a href=\"https:\/\/zonales.quito.gob.ec\/?p=342667\" class=\"_self\" target=\"_self\" >EXTENCI\u00d3N DE PESTA\u00d1AS\/BELLEZA\/PELO A PELO<\/a><\/h3>\n<div class=\"pt-cv-content\">CASA SOMOS ATAHUALPA Descripci\u00f3n: En este taller los\/as participantes aprender\u00e1n ...<br \/><div class=\"pt-cv-rmwrap\"><a href=\"https:\/\/zonales.quito.gob.ec\/?p=342667\" class=\"_self pt-cv-readmore btn btn-success\" target=\"_self\">Leer M\u00e1s<\/a><\/div><\/div><\/div><\/div>\n<div class=\"col-md-4 col-sm-6 col-xs-12 pt-cv-content-item pt-cv-1-col\" ><div class='pt-cv-ifield'><a href=\"https:\/\/zonales.quito.gob.ec\/?p=342655\" class=\"_self pt-cv-href-thumbnail pt-cv-thumb-default\" target=\"_self\" ><img loading=\"lazy\" decoding=\"async\" width=\"450\" height=\"169\" src=\"https:\/\/zonales.quito.gob.ec\/wp-content\/uploads\/LAYD-COLOR-BARBERIA-convertido-a-1600x600-1.jpeg\" class=\"pt-cv-thumbnail\" alt=\"\" \/><\/a>\n<h3 class=\"pt-cv-title\"><a href=\"https:\/\/zonales.quito.gob.ec\/?p=342655\" class=\"_self\" target=\"_self\" >COLOR Y ESTILO\/BELLEZA\/BARBER STILOS<\/a><\/h3>\n<div class=\"pt-cv-content\">CASA SOMOS ATAHUALPA Descripci\u00f3n: Aprende t\u00e9cnicas b\u00e1sicas de barber\u00eda, colorimetr\u00eda ...<br \/><div class=\"pt-cv-rmwrap\"><a href=\"https:\/\/zonales.quito.gob.ec\/?p=342655\" class=\"_self pt-cv-readmore btn btn-success\" target=\"_self\">Leer M\u00e1s<\/a><\/div><\/div><\/div><\/div>\n<div class=\"col-md-4 col-sm-6 col-xs-12 pt-cv-content-item pt-cv-1-col\" ><div class='pt-cv-ifield'><a href=\"https:\/\/zonales.quito.gob.ec\/?p=342605\" class=\"_self pt-cv-href-thumbnail pt-cv-thumb-default\" target=\"_self\" ><img loading=\"lazy\" decoding=\"async\" width=\"450\" height=\"250\" src=\"https:\/\/zonales.quito.gob.ec\/wp-content\/uploads\/SPA-DE-UNAS-450x250.jpg\" class=\"pt-cv-thumbnail\" alt=\"\" \/><\/a>\n<h3 class=\"pt-cv-title\"><a href=\"https:\/\/zonales.quito.gob.ec\/?p=342605\" class=\"_self\" target=\"_self\" >SPA DE U\u00d1AS \/ BELLEZA<\/a><\/h3>\n<div class=\"pt-cv-content\">CASA SOMOS GUAYLLABAMBA Descripci\u00f3n:El taller tiene como objetivo que las ...<br \/><div class=\"pt-cv-rmwrap\"><a href=\"https:\/\/zonales.quito.gob.ec\/?p=342605\" class=\"_self pt-cv-readmore btn btn-success\" target=\"_self\">Leer M\u00e1s<\/a><\/div><\/div><\/div><\/div>\n<div class=\"col-md-4 col-sm-6 col-xs-12 pt-cv-content-item pt-cv-1-col\" ><div class='pt-cv-ifield'><a href=\"https:\/\/zonales.quito.gob.ec\/?p=311224\" class=\"_self pt-cv-href-thumbnail pt-cv-thumb-default\" target=\"_self\" ><img loading=\"lazy\" decoding=\"async\" width=\"450\" height=\"250\" src=\"https:\/\/zonales.quito.gob.ec\/wp-content\/uploads\/unasacrilicas01-450x250.jpeg\" class=\"pt-cv-thumbnail\" alt=\"\" \/><\/a>\n<h3 class=\"pt-cv-title\"><a href=\"https:\/\/zonales.quito.gob.ec\/?p=311224\" class=\"_self\" target=\"_self\" >U\u00d1AS ACR\u00cdLICAS\/BELLEZA \/PERMANENTE<\/a><\/h3>\n<div class=\"pt-cv-content\">CASA SOMOS AMAGUA\u00d1A Descripci\u00f3n:El prop\u00f3sito de este taller es brindar ...<br \/><div class=\"pt-cv-rmwrap\"><a href=\"https:\/\/zonales.quito.gob.ec\/?p=311224\" class=\"_self pt-cv-readmore btn btn-success\" target=\"_self\">Leer M\u00e1s<\/a><\/div><\/div><\/div><\/div>\n<div class=\"col-md-4 col-sm-6 col-xs-12 pt-cv-content-item pt-cv-1-col\" ><div class='pt-cv-ifield'><a href=\"https:\/\/zonales.quito.gob.ec\/?p=341395\" class=\"_self pt-cv-href-thumbnail pt-cv-thumb-default\" target=\"_self\" ><img loading=\"lazy\" decoding=\"async\" width=\"450\" height=\"250\" src=\"https:\/\/zonales.quito.gob.ec\/wp-content\/uploads\/TALLER-UNAS-ACRILICAS-ESCULPIDAS-Y-ENCAPSULADAS-1-450x250.jpg\" class=\"pt-cv-thumbnail\" alt=\"\" \/><\/a>\n<h3 class=\"pt-cv-title\"><a href=\"https:\/\/zonales.quito.gob.ec\/?p=341395\" class=\"_self\" target=\"_self\" >U\u00d1AS ACR\u00cdLICAS\/BELLEZA\/ AVANZADO 16 A\u00d1OS EN ADELANTE<\/a><\/h3>\n<div class=\"pt-cv-content\">CASA SOMOS CONOCOTO Descripci\u00f3n:\u00a0El taller de u\u00f1as acr\u00edlicas es una ...<br \/><div class=\"pt-cv-rmwrap\"><a href=\"https:\/\/zonales.quito.gob.ec\/?p=341395\" class=\"_self pt-cv-readmore btn btn-success\" target=\"_self\">Leer M\u00e1s<\/a><\/div><\/div><\/div><\/div>\n<div class=\"col-md-4 col-sm-6 col-xs-12 pt-cv-content-item pt-cv-1-col\" ><div class='pt-cv-ifield'><a href=\"https:\/\/zonales.quito.gob.ec\/?p=341378\" class=\"_self pt-cv-href-thumbnail pt-cv-thumb-default\" target=\"_self\" ><img loading=\"lazy\" decoding=\"async\" width=\"450\" height=\"250\" src=\"https:\/\/zonales.quito.gob.ec\/wp-content\/uploads\/MAQUILLAJE-PROFESIONAL-4-450x250.png\" class=\"pt-cv-thumbnail\" alt=\"\" \/><\/a>\n<h3 class=\"pt-cv-title\"><a href=\"https:\/\/zonales.quito.gob.ec\/?p=341378\" class=\"_self\" target=\"_self\" >AUTOMAQUILLAJE\/BELLEZA\/12 A\u00d1OS EN ADELANTE<\/a><\/h3>\n<div class=\"pt-cv-content\">CASA SOMOS CONOCOTO Descripci\u00f3n: Este taller de maquillaje es ideal ...<br \/><div class=\"pt-cv-rmwrap\"><a href=\"https:\/\/zonales.quito.gob.ec\/?p=341378\" class=\"_self pt-cv-readmore btn btn-success\" target=\"_self\">Leer M\u00e1s<\/a><\/div><\/div><\/div><\/div>\n<div class=\"col-md-4 col-sm-6 col-xs-12 pt-cv-content-item pt-cv-1-col\" ><div class='pt-cv-ifield'><a href=\"https:\/\/zonales.quito.gob.ec\/?p=337946\" class=\"_self pt-cv-href-thumbnail pt-cv-thumb-default\" target=\"_self\" ><img loading=\"lazy\" decoding=\"async\" width=\"450\" height=\"250\" src=\"https:\/\/zonales.quito.gob.ec\/wp-content\/uploads\/autoconocimiento-450x250.jpeg\" class=\"pt-cv-thumbnail\" alt=\"\" \/><\/a>\n<h3 class=\"pt-cv-title\"><a href=\"https:\/\/zonales.quito.gob.ec\/?p=337946\" class=\"_self\" target=\"_self\" >IMAGEN PERSONAL\/BELLEZA<\/a><\/h3>\n<div class=\"pt-cv-content\">CASA SOMOS LA MARISCAL Descripci\u00f3n:El Taller de Imagen Personal\u00a0 brinda ...<br \/><div class=\"pt-cv-rmwrap\"><a href=\"https:\/\/zonales.quito.gob.ec\/?p=337946\" class=\"_self pt-cv-readmore btn btn-success\" target=\"_self\">Leer M\u00e1s<\/a><\/div><\/div><\/div><\/div>\n<div class=\"col-md-4 col-sm-6 col-xs-12 pt-cv-content-item pt-cv-1-col\" ><div class='pt-cv-ifield'><a href=\"https:\/\/zonales.quito.gob.ec\/?p=337403\" class=\"_self pt-cv-href-thumbnail pt-cv-thumb-default\" target=\"_self\" ><img loading=\"lazy\" decoding=\"async\" width=\"450\" height=\"250\" src=\"https:\/\/zonales.quito.gob.ec\/wp-content\/uploads\/MAQUILLAJE-PROFESIONAL-MODULO-1-450x250.jpg\" class=\"pt-cv-thumbnail\" alt=\"\" \/><\/a>\n<h3 class=\"pt-cv-title\"><a href=\"https:\/\/zonales.quito.gob.ec\/?p=337403\" class=\"_self\" target=\"_self\" >MAQUILLAJE\/BELLEZA\/B\u00c1SICO<\/a><\/h3>\n<div class=\"pt-cv-content\">CASA SOMOS CARAPUNGO Descripci\u00f3n:ChatGPT dijo:El\u00a0taller de Maquillaje B\u00e1sico\u00a0es una capacitaci\u00f3n ...<br \/><div class=\"pt-cv-rmwrap\"><a href=\"https:\/\/zonales.quito.gob.ec\/?p=337403\" class=\"_self pt-cv-readmore btn btn-success\" target=\"_self\">Leer M\u00e1s<\/a><\/div><\/div><\/div><\/div>\n<div class=\"col-md-4 col-sm-6 col-xs-12 pt-cv-content-item pt-cv-1-col\" ><div class='pt-cv-ifield'><a href=\"https:\/\/zonales.quito.gob.ec\/?p=334332\" class=\"_self pt-cv-href-thumbnail pt-cv-thumb-default\" target=\"_self\" ><img loading=\"lazy\" decoding=\"async\" width=\"450\" height=\"250\" src=\"https:\/\/zonales.quito.gob.ec\/wp-content\/uploads\/Unas-Acrilicas-avanazdo-450x250.jpg\" class=\"pt-cv-thumbnail\" alt=\"\" \/><\/a>\n<h3 class=\"pt-cv-title\"><a href=\"https:\/\/zonales.quito.gob.ec\/?p=334332\" class=\"_self\" target=\"_self\" >U\u00d1AS ACR\u00cdLICAS\/BELLEZA<\/a><\/h3>\n<div class=\"pt-cv-content\">CASA SOMOS SAN JOS\u00c9 DE MONJAS Men\u00fa Informaci\u00f3n 57 Casas ...<br \/><div class=\"pt-cv-rmwrap\"><a href=\"https:\/\/zonales.quito.gob.ec\/?p=334332\" class=\"_self pt-cv-readmore btn btn-success\" target=\"_self\">Leer M\u00e1s<\/a><\/div><\/div><\/div><\/div>\n<div class=\"col-md-4 col-sm-6 col-xs-12 pt-cv-content-item pt-cv-1-col\" ><div class='pt-cv-ifield'><a href=\"https:\/\/zonales.quito.gob.ec\/?p=332397\" class=\"_self pt-cv-href-thumbnail pt-cv-thumb-default\" target=\"_self\" ><img loading=\"lazy\" decoding=\"async\" width=\"450\" height=\"250\" src=\"https:\/\/zonales.quito.gob.ec\/wp-content\/uploads\/APARATOLOGIA-6-450x250.jpg\" class=\"pt-cv-thumbnail\" alt=\"\" \/><\/a>\n<h3 class=\"pt-cv-title\"><a href=\"https:\/\/zonales.quito.gob.ec\/?p=332397\" class=\"_self\" target=\"_self\" >LIMPIEZA FACIAL PROFUNDA\/BELLEZA<\/a><\/h3>\n<div class=\"pt-cv-content\">CASA SOMOS CARAPUNGO Descripci\u00f3n:Un taller de limpieza facial profunda es\u00a0una ...<br \/><div class=\"pt-cv-rmwrap\"><a href=\"https:\/\/zonales.quito.gob.ec\/?p=332397\" class=\"_self pt-cv-readmore btn btn-success\" target=\"_self\">Leer M\u00e1s<\/a><\/div><\/div><\/div><\/div>\n<div class=\"col-md-4 col-sm-6 col-xs-12 pt-cv-content-item pt-cv-1-col\" ><div class='pt-cv-ifield'><a href=\"https:\/\/zonales.quito.gob.ec\/?p=323346\" class=\"_self pt-cv-href-thumbnail pt-cv-thumb-default\" target=\"_self\" ><img loading=\"lazy\" decoding=\"async\" width=\"450\" height=\"250\" src=\"https:\/\/zonales.quito.gob.ec\/wp-content\/uploads\/TALLER-CEJAS-Y-PESTANAS-A-LA-PERFECCION-MIRADA-PERFECTA-450x250.jpg\" class=\"pt-cv-thumbnail\" alt=\"\" \/><\/a>\n<h3 class=\"pt-cv-title\"><a href=\"https:\/\/zonales.quito.gob.ec\/?p=323346\" class=\"_self\" target=\"_self\" >DISE\u00d1O DE CEJAS Y PESTA\u00d1AS\/ BELLEZA<\/a><\/h3>\n<div class=\"pt-cv-content\">CASA SOMOS POMASQUI Descripci\u00f3n:Taller especializado en dise\u00f1o, depilaci\u00f3n y t\u00e9cnicas ...<br \/><div class=\"pt-cv-rmwrap\"><a href=\"https:\/\/zonales.quito.gob.ec\/?p=323346\" class=\"_self pt-cv-readmore btn btn-success\" target=\"_self\">Leer M\u00e1s<\/a><\/div><\/div><\/div><\/div>\n<div class=\"col-md-4 col-sm-6 col-xs-12 pt-cv-content-item pt-cv-1-col\" ><div class='pt-cv-ifield'><a href=\"https:\/\/zonales.quito.gob.ec\/?p=319095\" class=\"_self pt-cv-href-thumbnail pt-cv-thumb-default\" target=\"_self\" ><img loading=\"lazy\" decoding=\"async\" width=\"450\" height=\"250\" src=\"https:\/\/zonales.quito.gob.ec\/wp-content\/uploads\/COLORIMETRIA-BASICA-1-450x250.jpeg\" class=\"pt-cv-thumbnail\" alt=\"\" \/><\/a>\n<h3 class=\"pt-cv-title\"><a href=\"https:\/\/zonales.quito.gob.ec\/?p=319095\" class=\"_self\" target=\"_self\" >BELLEZA\/BELLEZA\/COLORIMETRIA, KERATINA, CORTES DE CABELLO, CEJAS, PESTA\u00d1AS Y MAQUILLAJE<\/a><\/h3>\n<div class=\"pt-cv-content\">CASA SOMOS ROLD\u00d3S - PISULL\u00cd Descripci\u00f3n:En un taller que combina ...<br \/><div class=\"pt-cv-rmwrap\"><a href=\"https:\/\/zonales.quito.gob.ec\/?p=319095\" class=\"_self pt-cv-readmore btn btn-success\" target=\"_self\">Leer M\u00e1s<\/a><\/div><\/div><\/div><\/div>\n<div class=\"col-md-4 col-sm-6 col-xs-12 pt-cv-content-item pt-cv-1-col\" ><div class='pt-cv-ifield'><a href=\"https:\/\/zonales.quito.gob.ec\/?p=317889\" class=\"_self pt-cv-href-thumbnail pt-cv-thumb-default\" target=\"_self\" ><img loading=\"lazy\" decoding=\"async\" width=\"450\" height=\"250\" src=\"https:\/\/zonales.quito.gob.ec\/wp-content\/uploads\/COLORIM-450x250.jpg\" class=\"pt-cv-thumbnail\" alt=\"\" \/><\/a>\n<h3 class=\"pt-cv-title\"><a href=\"https:\/\/zonales.quito.gob.ec\/?p=317889\" class=\"_self\" target=\"_self\" >TECNICAS PROFESIONALES EN TINTURACI\u00d3N CAPILAR\/BELLEZA<\/a><\/h3>\n<div class=\"pt-cv-content\">CASA SOMOS COCOTOG Men\u00fa Informaci\u00f3n 54 Casas Somos Quito Talleres ...<br \/><div class=\"pt-cv-rmwrap\"><a href=\"https:\/\/zonales.quito.gob.ec\/?p=317889\" class=\"_self pt-cv-readmore btn btn-success\" target=\"_self\">Leer M\u00e1s<\/a><\/div><\/div><\/div><\/div>\n<div class=\"col-md-4 col-sm-6 col-xs-12 pt-cv-content-item pt-cv-1-col\" ><div class='pt-cv-ifield'><a href=\"https:\/\/zonales.quito.gob.ec\/?p=313272\" class=\"_self pt-cv-href-thumbnail pt-cv-thumb-default\" target=\"_self\" ><img loading=\"lazy\" decoding=\"async\" width=\"450\" height=\"250\" src=\"https:\/\/zonales.quito.gob.ec\/wp-content\/uploads\/COSMETOLOGIA-10-450x250.jpg\" class=\"pt-cv-thumbnail\" alt=\"\" \/><\/a>\n<h3 class=\"pt-cv-title\"><a href=\"https:\/\/zonales.quito.gob.ec\/?p=313272\" class=\"_self\" target=\"_self\" >COSMETOLOG\u00cdA\/BELLEZA\/ Y MAQUILLAJE PARA ADULTOS<\/a><\/h3>\n<div class=\"pt-cv-content\">CASA SOMOS CONOCOTO Descripci\u00f3n:La cosmetolog\u00eda es la disciplina dedicada al ...<br \/><div class=\"pt-cv-rmwrap\"><a href=\"https:\/\/zonales.quito.gob.ec\/?p=313272\" class=\"_self pt-cv-readmore btn btn-success\" target=\"_self\">Leer M\u00e1s<\/a><\/div><\/div><\/div><\/div>\n<div class=\"col-md-4 col-sm-6 col-xs-12 pt-cv-content-item pt-cv-1-col\" ><div class='pt-cv-ifield'><a href=\"https:\/\/zonales.quito.gob.ec\/?p=312837\" class=\"_self pt-cv-href-thumbnail pt-cv-thumb-default\" target=\"_self\" ><img loading=\"lazy\" decoding=\"async\" width=\"450\" height=\"250\" src=\"https:\/\/zonales.quito.gob.ec\/wp-content\/uploads\/barberia-basica-450x250.jpg\" class=\"pt-cv-thumbnail\" alt=\"\" \/><\/a>\n<h3 class=\"pt-cv-title\"><a href=\"https:\/\/zonales.quito.gob.ec\/?p=312837\" class=\"_self\" target=\"_self\" >BARBER\u00cdA\/BELLEZA\/ADULTOS<\/a><\/h3>\n<div class=\"pt-cv-content\">CASA SOMOS CONOCOTO Descripci\u00f3n:La barber\u00eda es una peluquer\u00eda especializada en ...<br \/><div class=\"pt-cv-rmwrap\"><a href=\"https:\/\/zonales.quito.gob.ec\/?p=312837\" class=\"_self pt-cv-readmore btn btn-success\" target=\"_self\">Leer M\u00e1s<\/a><\/div><\/div><\/div><\/div>\n<div class=\"col-md-4 col-sm-6 col-xs-12 pt-cv-content-item pt-cv-1-col\" ><div class='pt-cv-ifield'><a href=\"https:\/\/zonales.quito.gob.ec\/?p=312783\" class=\"_self pt-cv-href-thumbnail pt-cv-thumb-default\" target=\"_self\" ><img loading=\"lazy\" decoding=\"async\" width=\"450\" height=\"250\" src=\"https:\/\/zonales.quito.gob.ec\/wp-content\/uploads\/unas-acrilicas-4-450x250.jpg\" class=\"pt-cv-thumbnail\" alt=\"\" \/><\/a>\n<h3 class=\"pt-cv-title\"><a href=\"https:\/\/zonales.quito.gob.ec\/?p=312783\" class=\"_self\" target=\"_self\" >U\u00d1AS ACR\u00cdLICAS\/BELLEZA\/ M\u00d3DULO B\u00c1SICO 16 A\u00d1OS EN ADELANTE<\/a><\/h3>\n<div class=\"pt-cv-content\">CASA SOMOS CONOCOTO Descripci\u00f3n:\u00a0El taller de u\u00f1as acr\u00edlicas es una ...<br \/><div class=\"pt-cv-rmwrap\"><a href=\"https:\/\/zonales.quito.gob.ec\/?p=312783\" class=\"_self pt-cv-readmore btn btn-success\" target=\"_self\">Leer M\u00e1s<\/a><\/div><\/div><\/div><\/div>\n<div class=\"col-md-4 col-sm-6 col-xs-12 pt-cv-content-item pt-cv-1-col\" ><div class='pt-cv-ifield'><a href=\"https:\/\/zonales.quito.gob.ec\/?p=311474\" class=\"_self pt-cv-href-thumbnail pt-cv-thumb-default\" target=\"_self\" ><img loading=\"lazy\" decoding=\"async\" width=\"450\" height=\"250\" src=\"https:\/\/zonales.quito.gob.ec\/wp-content\/uploads\/PELUQUERIA-2-3-450x250.jpg\" class=\"pt-cv-thumbnail\" alt=\"\" \/><\/a>\n<h3 class=\"pt-cv-title\"><a href=\"https:\/\/zonales.quito.gob.ec\/?p=311474\" class=\"_self\" target=\"_self\" >BELLEZA Y ESTILISMO\/BELLEZA\/12 A\u00d1OS EN ADELANTE<\/a><\/h3>\n<div class=\"pt-cv-content\">CASA SOMOS CONOCOTO Descripci\u00f3n:\u00a0La est\u00e9tica y peluquer\u00eda engloban servicios dedicados ...<br \/><div class=\"pt-cv-rmwrap\"><a href=\"https:\/\/zonales.quito.gob.ec\/?p=311474\" class=\"_self pt-cv-readmore btn btn-success\" target=\"_self\">Leer M\u00e1s<\/a><\/div><\/div><\/div><\/div>\n<div class=\"col-md-4 col-sm-6 col-xs-12 pt-cv-content-item pt-cv-1-col\" ><div class='pt-cv-ifield'><a href=\"https:\/\/zonales.quito.gob.ec\/?p=311329\" class=\"_self pt-cv-href-thumbnail pt-cv-thumb-default\" target=\"_self\" ><img loading=\"lazy\" decoding=\"async\" width=\"450\" height=\"250\" src=\"https:\/\/zonales.quito.gob.ec\/wp-content\/uploads\/unasacrilicas-450x250.jpg\" class=\"pt-cv-thumbnail\" alt=\"\" \/><\/a>\n<h3 class=\"pt-cv-title\"><a href=\"https:\/\/zonales.quito.gob.ec\/?p=311329\" class=\"_self\" target=\"_self\" >MANICURE\/BELLEZA\/B\u00c1SICO-15 A\u00d1OS EN ADELANTE<\/a><\/h3>\n<div class=\"pt-cv-content\">CASA SOMOS CONOCOTO Descripci\u00f3n:\u00a0La manicura es un tratamiento de belleza ...<br \/><div class=\"pt-cv-rmwrap\"><a href=\"https:\/\/zonales.quito.gob.ec\/?p=311329\" class=\"_self pt-cv-readmore btn btn-success\" target=\"_self\">Leer M\u00e1s<\/a><\/div><\/div><\/div><\/div>\n<div class=\"col-md-4 col-sm-6 col-xs-12 pt-cv-content-item pt-cv-1-col\" ><div class='pt-cv-ifield'><a href=\"https:\/\/zonales.quito.gob.ec\/?p=309936\" class=\"_self pt-cv-href-thumbnail pt-cv-thumb-default\" target=\"_self\" ><img loading=\"lazy\" decoding=\"async\" width=\"450\" height=\"250\" src=\"https:\/\/zonales.quito.gob.ec\/wp-content\/uploads\/unas-avanzado-9-450x250.jpg\" class=\"pt-cv-thumbnail\" alt=\"\" \/><\/a>\n<h3 class=\"pt-cv-title\"><a href=\"https:\/\/zonales.quito.gob.ec\/?p=309936\" class=\"_self\" target=\"_self\" >U\u00d1AS ACR\u00cdLICAS\/ BELLEZA<\/a><\/h3>\n<div class=\"pt-cv-content\">CASA SOMOS SAN JUAN DE CALDER\u00d3N Descripci\u00f3n:El taller de U\u00f1as ...<br \/><div class=\"pt-cv-rmwrap\"><a href=\"https:\/\/zonales.quito.gob.ec\/?p=309936\" class=\"_self pt-cv-readmore btn btn-success\" target=\"_self\">Leer M\u00e1s<\/a><\/div><\/div><\/div><\/div>\n<div class=\"col-md-4 col-sm-6 col-xs-12 pt-cv-content-item pt-cv-1-col\" ><div class='pt-cv-ifield'><a href=\"https:\/\/zonales.quito.gob.ec\/?p=309861\" class=\"_self pt-cv-href-thumbnail pt-cv-thumb-default\" target=\"_self\" ><img loading=\"lazy\" decoding=\"async\" width=\"450\" height=\"250\" src=\"https:\/\/zonales.quito.gob.ec\/wp-content\/uploads\/Unas-basico-1-3-450x250.jpg\" class=\"pt-cv-thumbnail\" alt=\"\" \/><\/a>\n<h3 class=\"pt-cv-title\"><a href=\"https:\/\/zonales.quito.gob.ec\/?p=309861\" class=\"_self\" target=\"_self\" >U\u00d1AS\/ BELLEZA \/ B\u00c1SICO<\/a><\/h3>\n<div class=\"pt-cv-content\">CASA SOMOS SAN JUAN DE CALDER\u00d3N Descripci\u00f3n:El taller de U\u00f1as ...<br \/><div class=\"pt-cv-rmwrap\"><a href=\"https:\/\/zonales.quito.gob.ec\/?p=309861\" class=\"_self pt-cv-readmore btn btn-success\" target=\"_self\">Leer M\u00e1s<\/a><\/div><\/div><\/div><\/div>\n<div class=\"col-md-4 col-sm-6 col-xs-12 pt-cv-content-item pt-cv-1-col\" ><div class='pt-cv-ifield'><a href=\"https:\/\/zonales.quito.gob.ec\/?p=309800\" class=\"_self pt-cv-href-thumbnail pt-cv-thumb-default\" target=\"_self\" ><img loading=\"lazy\" decoding=\"async\" width=\"450\" height=\"250\" src=\"https:\/\/zonales.quito.gob.ec\/wp-content\/uploads\/UNAS-ACRILICAS-9-450x250.jpg\" class=\"pt-cv-thumbnail\" alt=\"\" \/><\/a>\n<h3 class=\"pt-cv-title\"><a href=\"https:\/\/zonales.quito.gob.ec\/?p=309800\" class=\"_self\" target=\"_self\" >U\u00d1AS\/ BELLEZA\/ARTIFICIALES AVANZADO<\/a><\/h3>\n<div class=\"pt-cv-content\">CASA SOMOS CARAPUNGO Descripci\u00f3n:Un taller de u\u00f1as artificiales te ense\u00f1a ...<br \/><div class=\"pt-cv-rmwrap\"><a href=\"https:\/\/zonales.quito.gob.ec\/?p=309800\" class=\"_self pt-cv-readmore btn btn-success\" target=\"_self\">Leer M\u00e1s<\/a><\/div><\/div><\/div><\/div>\n<div class=\"col-md-4 col-sm-6 col-xs-12 pt-cv-content-item pt-cv-1-col\" ><div class='pt-cv-ifield'><a href=\"https:\/\/zonales.quito.gob.ec\/?p=309773\" class=\"_self pt-cv-href-thumbnail pt-cv-thumb-default\" target=\"_self\" ><img loading=\"lazy\" decoding=\"async\" width=\"450\" height=\"250\" src=\"https:\/\/zonales.quito.gob.ec\/wp-content\/uploads\/TECNICAS-DE-UNAS-450x250.jpg\" class=\"pt-cv-thumbnail\" alt=\"\" \/><\/a>\n<h3 class=\"pt-cv-title\"><a href=\"https:\/\/zonales.quito.gob.ec\/?p=309773\" class=\"_self\" target=\"_self\" >U\u00d1AS\/BELLEZA\/T\u00c9CNICA B\u00c1SICO<\/a><\/h3>\n<div class=\"pt-cv-content\">CASA SOMOS CARAPUNGO Descripci\u00f3n:El Taller de U\u00f1as B\u00e1sicas es un ...<br \/><div class=\"pt-cv-rmwrap\"><a href=\"https:\/\/zonales.quito.gob.ec\/?p=309773\" class=\"_self pt-cv-readmore btn btn-success\" target=\"_self\">Leer M\u00e1s<\/a><\/div><\/div><\/div><\/div>\n<div class=\"col-md-4 col-sm-6 col-xs-12 pt-cv-content-item pt-cv-1-col\" ><div class='pt-cv-ifield'><a href=\"https:\/\/zonales.quito.gob.ec\/?p=304611\" class=\"_self pt-cv-href-thumbnail pt-cv-thumb-default\" target=\"_self\" ><img loading=\"lazy\" decoding=\"async\" width=\"450\" height=\"250\" src=\"https:\/\/zonales.quito.gob.ec\/wp-content\/uploads\/SPA-DE-UNAS-450x250.jpg\" class=\"pt-cv-thumbnail\" alt=\"\" \/><\/a>\n<h3 class=\"pt-cv-title\"><a href=\"https:\/\/zonales.quito.gob.ec\/?p=304611\" class=\"_self\" target=\"_self\" >SPA DE U\u00d1AS \/ BELLEZA<\/a><\/h3>\n<div class=\"pt-cv-content\">CASA SOMOS GUAYLLABAMBA Descripci\u00f3n:El taller tiene como objetivo que las ...<br \/><div class=\"pt-cv-rmwrap\"><a href=\"https:\/\/zonales.quito.gob.ec\/?p=304611\" class=\"_self pt-cv-readmore btn btn-success\" target=\"_self\">Leer M\u00e1s<\/a><\/div><\/div><\/div><\/div>\n<div class=\"col-md-4 col-sm-6 col-xs-12 pt-cv-content-item pt-cv-1-col\" ><div class='pt-cv-ifield'><a href=\"https:\/\/zonales.quito.gob.ec\/?p=307257\" class=\"_self pt-cv-href-thumbnail pt-cv-thumb-default\" target=\"_self\" ><img loading=\"lazy\" decoding=\"async\" width=\"450\" height=\"250\" src=\"https:\/\/zonales.quito.gob.ec\/wp-content\/uploads\/Belleza--450x250.jpg\" class=\"pt-cv-thumbnail\" alt=\"\" \/><\/a>\n<h3 class=\"pt-cv-title\"><a href=\"https:\/\/zonales.quito.gob.ec\/?p=307257\" class=\"_self\" target=\"_self\" >BELLEZA \/COSMETOLOG\u00cdA,DISE\u00d1O DE U\u00d1AS<\/a><\/h3>\n<div class=\"pt-cv-content\">CASA SOMOS PACTO Descripci\u00f3n:Brindar a los participantes conocimientos y t\u00e9cnicas ...<br \/><div class=\"pt-cv-rmwrap\"><a href=\"https:\/\/zonales.quito.gob.ec\/?p=307257\" class=\"_self pt-cv-readmore btn btn-success\" target=\"_self\">Leer M\u00e1s<\/a><\/div><\/div><\/div><\/div>\n<div class=\"col-md-4 col-sm-6 col-xs-12 pt-cv-content-item pt-cv-1-col\" ><div class='pt-cv-ifield'><a href=\"https:\/\/zonales.quito.gob.ec\/?p=306252\" class=\"_self pt-cv-href-thumbnail pt-cv-thumb-default\" target=\"_self\" ><img loading=\"lazy\" decoding=\"async\" width=\"450\" height=\"250\" src=\"https:\/\/zonales.quito.gob.ec\/wp-content\/uploads\/Maquillaje-y-Automaquillaje-1-450x250.png\" class=\"pt-cv-thumbnail\" alt=\"\" \/><\/a>\n<h3 class=\"pt-cv-title\"><a href=\"https:\/\/zonales.quito.gob.ec\/?p=306252\" class=\"_self\" target=\"_self\" >MAQUILLAJE PROFESIONAL\/BELLEZA<\/a><\/h3>\n<div class=\"pt-cv-content\">CASA SOMOS SOLANDA Descripci\u00f3n:En este taller los\/as participantes aprender\u00e1n a ...<br \/><div class=\"pt-cv-rmwrap\"><a href=\"https:\/\/zonales.quito.gob.ec\/?p=306252\" class=\"_self pt-cv-readmore btn btn-success\" target=\"_self\">Leer M\u00e1s<\/a><\/div><\/div><\/div><\/div><\/div><\/div><\/div><\/div>\n\t\t\t\t\t\t<\/div>\n\t\t\t\t<\/div>\n\t\t\t\t\t<\/div>\n\t\t<\/div>\n\t\t\t\t\t<\/div>\n\t\t<\/section>\n\t\t\t\t<\/div>\n\t\t","protected":false},"excerpt":{"rendered":"<p>Belleza Visualiza, consulta\u00a0 e inscr\u00edbete en los talleres de esta categor\u00eda Men\u00fa 54 CASAS SOMOS Apoyo Pedag\u00f3gico Adiestramiento Canino Belleza Deportes Desarrollo Art\u00edstico Desarrollo del Adulto Mayor Gastronom\u00eda Generaci\u00f3n de Emprendimientos Idiomas Inclusi\u00f3n de personas con discapacidad Lengua de Se\u00f1as Ocupacional Producci\u00f3n artesanal y Manualidades Programas de Computaci\u00f3n Tareas Dirigidas Busque el taller que desee<\/p>\n","protected":false},"author":2,"featured_media":294889,"parent":0,"menu_order":0,"comment_status":"closed","ping_status":"closed","template":"elementor_header_footer","meta":{"_monsterinsights_skip_tracking":false,"_monsterinsights_sitenote_active":false,"_monsterinsights_sitenote_note":"","_monsterinsights_sitenote_category":0,"footnotes":""},"class_list":["post-27353","page","type-page","status-publish","has-post-thumbnail","hentry"],"_links":{"self":[{"href":"https:\/\/zonales.quito.gob.ec\/index.php?rest_route=\/wp\/v2\/pages\/27353","targetHints":{"allow":["GET"]}}],"collection":[{"href":"https:\/\/zonales.quito.gob.ec\/index.php?rest_route=\/wp\/v2\/pages"}],"about":[{"href":"https:\/\/zonales.quito.gob.ec\/index.php?rest_route=\/wp\/v2\/types\/page"}],"author":[{"embeddable":true,"href":"https:\/\/zonales.quito.gob.ec\/index.php?rest_route=\/wp\/v2\/users\/2"}],"replies":[{"embeddable":true,"href":"https:\/\/zonales.quito.gob.ec\/index.php?rest_route=%2Fwp%2Fv2%2Fcomments&post=27353"}],"version-history":[{"count":17,"href":"https:\/\/zonales.quito.gob.ec\/index.php?rest_route=\/wp\/v2\/pages\/27353\/revisions"}],"predecessor-version":[{"id":277634,"href":"https:\/\/zonales.quito.gob.ec\/index.php?rest_route=\/wp\/v2\/pages\/27353\/revisions\/277634"}],"wp:featuredmedia":[{"embeddable":true,"href":"https:\/\/zonales.quito.gob.ec\/index.php?rest_route=\/wp\/v2\/media\/294889"}],"wp:attachment":[{"href":"https:\/\/zonales.quito.gob.ec\/index.php?rest_route=%2Fwp%2Fv2%2Fmedia&parent=27353"}],"curies":[{"name":"wp","href":"https:\/\/api.w.org\/{rel}","templated":true}]}}