{"id":27460,"date":"2022-08-31T09:54:29","date_gmt":"2022-08-31T14:54:29","guid":{"rendered":"https:\/\/zonales.quito.gob.ec\/?page_id=27460"},"modified":"2025-07-04T15:46:27","modified_gmt":"2025-07-04T20:46:27","slug":"produccion-artesanal-y-manualidades","status":"publish","type":"page","link":"https:\/\/zonales.quito.gob.ec\/?page_id=27460","title":{"rendered":"Producci\u00f3n artesanal y Manualidades"},"content":{"rendered":"\t\t<div data-elementor-type=\"wp-page\" data-elementor-id=\"27460\" class=\"elementor elementor-27460\" data-elementor-post-type=\"page\">\n\t\t\t\t\t\t<section class=\"elementor-section elementor-top-section elementor-element elementor-element-e78786a elementor-section-full_width elementor-section-items-bottom elementor-section-height-min-height elementor-section-height-default\" data-id=\"e78786a\" data-element_type=\"section\" data-settings=\"{&quot;background_background&quot;:&quot;classic&quot;}\">\n\t\t\t\t\t\t\t<div class=\"elementor-background-overlay\"><\/div>\n\t\t\t\t\t\t\t<div class=\"elementor-container elementor-column-gap-default\">\n\t\t\t\t\t<div class=\"elementor-column elementor-col-100 elementor-top-column elementor-element elementor-element-9342158\" data-id=\"9342158\" data-element_type=\"column\">\n\t\t\t<div class=\"elementor-widget-wrap elementor-element-populated\">\n\t\t\t\t\t\t<section class=\"elementor-section elementor-inner-section elementor-element elementor-element-c22bb76 elementor-section-boxed elementor-section-height-default elementor-section-height-default\" data-id=\"c22bb76\" data-element_type=\"section\">\n\t\t\t\t\t\t<div class=\"elementor-container elementor-column-gap-default\">\n\t\t\t\t\t<div class=\"elementor-column elementor-col-100 elementor-inner-column elementor-element elementor-element-8ac78db\" data-id=\"8ac78db\" data-element_type=\"column\">\n\t\t\t<div class=\"elementor-widget-wrap elementor-element-populated\">\n\t\t\t\t\t\t<div class=\"elementor-element elementor-element-fa5ed56 elementor-widget elementor-widget-page-title\" data-id=\"fa5ed56\" data-element_type=\"widget\" data-settings=\"{&quot;align&quot;:&quot;center&quot;}\" data-widget_type=\"page-title.default\">\n\t\t\t\t<div class=\"elementor-widget-container\">\n\t\t\t\t\t\t\t\n\t\t<div class=\"hfe-page-title hfe-page-title-wrapper elementor-widget-heading\">\n\n\t\t\t\t\t\t\t\t\t\t\t<a href=\"https:\/\/zonales.quito.gob.ec\">\n\t\t\t\t\t\t<h2 class=\"elementor-heading-title elementor-size-default\">\n\t\t\t\t\t\t\t\t\n\t\t\t\tProducci\u00f3n artesanal y Manualidades  \n\t\t\t<\/h2 > \n\t\t\t\t\t\t\t\t\t<\/a>\n\t\t\t\t\t<\/div>\n\t\t\t\t\t\t<\/div>\n\t\t\t\t<\/div>\n\t\t\t\t<div class=\"elementor-element elementor-element-6a99de3 elementor-widget elementor-widget-text-editor\" data-id=\"6a99de3\" data-element_type=\"widget\" data-widget_type=\"text-editor.default\">\n\t\t\t\t<div class=\"elementor-widget-container\">\n\t\t\t\t\t\t\t\t\t<p>Visualiza, consulta\u00a0 e inscr\u00edbete en los talleres de esta categor\u00eda<\/p>\t\t\t\t\t\t\t\t<\/div>\n\t\t\t\t<\/div>\n\t\t\t\t\t<\/div>\n\t\t<\/div>\n\t\t\t\t\t<\/div>\n\t\t<\/section>\n\t\t\t\t\t<\/div>\n\t\t<\/div>\n\t\t\t\t\t<\/div>\n\t\t<\/section>\n\t\t\t\t<section class=\"elementor-section elementor-top-section elementor-element elementor-element-119337c elementor-section-full_width elementor-section-height-default elementor-section-height-default\" data-id=\"119337c\" data-element_type=\"section\" data-settings=\"{&quot;background_background&quot;:&quot;classic&quot;}\">\n\t\t\t\t\t\t<div class=\"elementor-container elementor-column-gap-default\">\n\t\t\t\t\t<div class=\"elementor-column elementor-col-100 elementor-top-column elementor-element elementor-element-95d858a\" data-id=\"95d858a\" data-element_type=\"column\">\n\t\t\t<div class=\"elementor-widget-wrap elementor-element-populated\">\n\t\t\t\t\t\t<div class=\"elementor-element elementor-element-0119b60 hfe-submenu-animation-slide_up hfe-link-redirect-self_link hfe-nav-menu__align-center hfe-submenu-icon-arrow hfe-nav-menu__breakpoint-tablet elementor-widget elementor-widget-navigation-menu\" data-id=\"0119b60\" data-element_type=\"widget\" data-settings=\"{&quot;distance_from_menu_mobile&quot;:{&quot;unit&quot;:&quot;px&quot;,&quot;size&quot;:-3,&quot;sizes&quot;:[]},&quot;padding_horizontal_menu_item&quot;:{&quot;unit&quot;:&quot;px&quot;,&quot;size&quot;:15,&quot;sizes&quot;:[]},&quot;padding_horizontal_menu_item_tablet&quot;:{&quot;unit&quot;:&quot;px&quot;,&quot;size&quot;:&quot;&quot;,&quot;sizes&quot;:[]},&quot;padding_horizontal_menu_item_mobile&quot;:{&quot;unit&quot;:&quot;px&quot;,&quot;size&quot;:&quot;&quot;,&quot;sizes&quot;:[]},&quot;padding_vertical_menu_item&quot;:{&quot;unit&quot;:&quot;px&quot;,&quot;size&quot;:15,&quot;sizes&quot;:[]},&quot;padding_vertical_menu_item_tablet&quot;:{&quot;unit&quot;:&quot;px&quot;,&quot;size&quot;:&quot;&quot;,&quot;sizes&quot;:[]},&quot;padding_vertical_menu_item_mobile&quot;:{&quot;unit&quot;:&quot;px&quot;,&quot;size&quot;:&quot;&quot;,&quot;sizes&quot;:[]},&quot;menu_space_between&quot;:{&quot;unit&quot;:&quot;px&quot;,&quot;size&quot;:&quot;&quot;,&quot;sizes&quot;:[]},&quot;menu_space_between_tablet&quot;:{&quot;unit&quot;:&quot;px&quot;,&quot;size&quot;:&quot;&quot;,&quot;sizes&quot;:[]},&quot;menu_space_between_mobile&quot;:{&quot;unit&quot;:&quot;px&quot;,&quot;size&quot;:&quot;&quot;,&quot;sizes&quot;:[]},&quot;menu_row_space&quot;:{&quot;unit&quot;:&quot;px&quot;,&quot;size&quot;:&quot;&quot;,&quot;sizes&quot;:[]},&quot;menu_row_space_tablet&quot;:{&quot;unit&quot;:&quot;px&quot;,&quot;size&quot;:&quot;&quot;,&quot;sizes&quot;:[]},&quot;menu_row_space_mobile&quot;:{&quot;unit&quot;:&quot;px&quot;,&quot;size&quot;:&quot;&quot;,&quot;sizes&quot;:[]},&quot;dropdown_border_radius&quot;:{&quot;unit&quot;:&quot;px&quot;,&quot;top&quot;:&quot;&quot;,&quot;right&quot;:&quot;&quot;,&quot;bottom&quot;:&quot;&quot;,&quot;left&quot;:&quot;&quot;,&quot;isLinked&quot;:true},&quot;dropdown_border_radius_tablet&quot;:{&quot;unit&quot;:&quot;px&quot;,&quot;top&quot;:&quot;&quot;,&quot;right&quot;:&quot;&quot;,&quot;bottom&quot;:&quot;&quot;,&quot;left&quot;:&quot;&quot;,&quot;isLinked&quot;:true},&quot;dropdown_border_radius_mobile&quot;:{&quot;unit&quot;:&quot;px&quot;,&quot;top&quot;:&quot;&quot;,&quot;right&quot;:&quot;&quot;,&quot;bottom&quot;:&quot;&quot;,&quot;left&quot;:&quot;&quot;,&quot;isLinked&quot;:true},&quot;width_dropdown_item&quot;:{&quot;unit&quot;:&quot;px&quot;,&quot;size&quot;:&quot;220&quot;,&quot;sizes&quot;:[]},&quot;width_dropdown_item_tablet&quot;:{&quot;unit&quot;:&quot;px&quot;,&quot;size&quot;:&quot;&quot;,&quot;sizes&quot;:[]},&quot;width_dropdown_item_mobile&quot;:{&quot;unit&quot;:&quot;px&quot;,&quot;size&quot;:&quot;&quot;,&quot;sizes&quot;:[]},&quot;padding_horizontal_dropdown_item&quot;:{&quot;unit&quot;:&quot;px&quot;,&quot;size&quot;:&quot;&quot;,&quot;sizes&quot;:[]},&quot;padding_horizontal_dropdown_item_tablet&quot;:{&quot;unit&quot;:&quot;px&quot;,&quot;size&quot;:&quot;&quot;,&quot;sizes&quot;:[]},&quot;padding_horizontal_dropdown_item_mobile&quot;:{&quot;unit&quot;:&quot;px&quot;,&quot;size&quot;:&quot;&quot;,&quot;sizes&quot;:[]},&quot;padding_vertical_dropdown_item&quot;:{&quot;unit&quot;:&quot;px&quot;,&quot;size&quot;:15,&quot;sizes&quot;:[]},&quot;padding_vertical_dropdown_item_tablet&quot;:{&quot;unit&quot;:&quot;px&quot;,&quot;size&quot;:&quot;&quot;,&quot;sizes&quot;:[]},&quot;padding_vertical_dropdown_item_mobile&quot;:{&quot;unit&quot;:&quot;px&quot;,&quot;size&quot;:&quot;&quot;,&quot;sizes&quot;:[]},&quot;distance_from_menu&quot;:{&quot;unit&quot;:&quot;px&quot;,&quot;size&quot;:&quot;&quot;,&quot;sizes&quot;:[]},&quot;distance_from_menu_tablet&quot;:{&quot;unit&quot;:&quot;px&quot;,&quot;size&quot;:&quot;&quot;,&quot;sizes&quot;:[]},&quot;toggle_size&quot;:{&quot;unit&quot;:&quot;px&quot;,&quot;size&quot;:&quot;&quot;,&quot;sizes&quot;:[]},&quot;toggle_size_tablet&quot;:{&quot;unit&quot;:&quot;px&quot;,&quot;size&quot;:&quot;&quot;,&quot;sizes&quot;:[]},&quot;toggle_size_mobile&quot;:{&quot;unit&quot;:&quot;px&quot;,&quot;size&quot;:&quot;&quot;,&quot;sizes&quot;:[]},&quot;toggle_border_width&quot;:{&quot;unit&quot;:&quot;px&quot;,&quot;size&quot;:&quot;&quot;,&quot;sizes&quot;:[]},&quot;toggle_border_width_tablet&quot;:{&quot;unit&quot;:&quot;px&quot;,&quot;size&quot;:&quot;&quot;,&quot;sizes&quot;:[]},&quot;toggle_border_width_mobile&quot;:{&quot;unit&quot;:&quot;px&quot;,&quot;size&quot;:&quot;&quot;,&quot;sizes&quot;:[]},&quot;toggle_border_radius&quot;:{&quot;unit&quot;:&quot;px&quot;,&quot;size&quot;:&quot;&quot;,&quot;sizes&quot;:[]},&quot;toggle_border_radius_tablet&quot;:{&quot;unit&quot;:&quot;px&quot;,&quot;size&quot;:&quot;&quot;,&quot;sizes&quot;:[]},&quot;toggle_border_radius_mobile&quot;:{&quot;unit&quot;:&quot;px&quot;,&quot;size&quot;:&quot;&quot;,&quot;sizes&quot;:[]}}\" data-widget_type=\"navigation-menu.default\">\n\t\t\t\t<div class=\"elementor-widget-container\">\n\t\t\t\t\t\t\t\t<div class=\"hfe-nav-menu hfe-layout-horizontal hfe-nav-menu-layout horizontal hfe-pointer__underline hfe-animation__fade\" data-layout=\"horizontal\">\n\t\t\t\t<div role=\"button\" class=\"hfe-nav-menu__toggle elementor-clickable\" tabindex=\"0\" aria-label=\"Alternar men\u00fa\">\n\t\t\t\t\t<span class=\"screen-reader-text\">Men\u00fa<\/span>\n\t\t\t\t\t<div class=\"hfe-nav-menu-icon\">\n\t\t\t\t\t\t<svg aria-hidden=\"true\"  class=\"e-font-icon-svg e-fas-align-justify\" viewBox=\"0 0 448 512\" xmlns=\"http:\/\/www.w3.org\/2000\/svg\"><path d=\"M432 416H16a16 16 0 0 0-16 16v32a16 16 0 0 0 16 16h416a16 16 0 0 0 16-16v-32a16 16 0 0 0-16-16zm0-128H16a16 16 0 0 0-16 16v32a16 16 0 0 0 16 16h416a16 16 0 0 0 16-16v-32a16 16 0 0 0-16-16zm0-128H16a16 16 0 0 0-16 16v32a16 16 0 0 0 16 16h416a16 16 0 0 0 16-16v-32a16 16 0 0 0-16-16zm0-128H16A16 16 0 0 0 0 48v32a16 16 0 0 0 16 16h416a16 16 0 0 0 16-16V48a16 16 0 0 0-16-16z\"><\/path><\/svg>\t\t\t\t\t<\/div>\n\t\t\t\t<\/div>\n\t\t\t\t<nav itemscope=\"itemscope\" itemtype=\"https:\/\/schema.org\/SiteNavigationElement\" class=\"hfe-nav-menu__layout-horizontal hfe-nav-menu__submenu-arrow\" data-toggle-icon=\"&lt;svg aria-hidden=&quot;true&quot; tabindex=&quot;0&quot; class=&quot;e-font-icon-svg e-fas-align-justify&quot; viewBox=&quot;0 0 448 512&quot; xmlns=&quot;http:\/\/www.w3.org\/2000\/svg&quot;&gt;&lt;path d=&quot;M432 416H16a16 16 0 0 0-16 16v32a16 16 0 0 0 16 16h416a16 16 0 0 0 16-16v-32a16 16 0 0 0-16-16zm0-128H16a16 16 0 0 0-16 16v32a16 16 0 0 0 16 16h416a16 16 0 0 0 16-16v-32a16 16 0 0 0-16-16zm0-128H16a16 16 0 0 0-16 16v32a16 16 0 0 0 16 16h416a16 16 0 0 0 16-16v-32a16 16 0 0 0-16-16zm0-128H16A16 16 0 0 0 0 48v32a16 16 0 0 0 16 16h416a16 16 0 0 0 16-16V48a16 16 0 0 0-16-16z&quot;&gt;&lt;\/path&gt;&lt;\/svg&gt;\" data-close-icon=\"&lt;svg aria-hidden=&quot;true&quot; tabindex=&quot;0&quot; class=&quot;e-font-icon-svg e-far-window-close&quot; viewBox=&quot;0 0 512 512&quot; xmlns=&quot;http:\/\/www.w3.org\/2000\/svg&quot;&gt;&lt;path d=&quot;M464 32H48C21.5 32 0 53.5 0 80v352c0 26.5 21.5 48 48 48h416c26.5 0 48-21.5 48-48V80c0-26.5-21.5-48-48-48zm0 394c0 3.3-2.7 6-6 6H54c-3.3 0-6-2.7-6-6V86c0-3.3 2.7-6 6-6h404c3.3 0 6 2.7 6 6v340zM356.5 194.6L295.1 256l61.4 61.4c4.6 4.6 4.6 12.1 0 16.8l-22.3 22.3c-4.6 4.6-12.1 4.6-16.8 0L256 295.1l-61.4 61.4c-4.6 4.6-12.1 4.6-16.8 0l-22.3-22.3c-4.6-4.6-4.6-12.1 0-16.8l61.4-61.4-61.4-61.4c-4.6-4.6-4.6-12.1 0-16.8l22.3-22.3c4.6-4.6 12.1-4.6 16.8 0l61.4 61.4 61.4-61.4c4.6-4.6 12.1-4.6 16.8 0l22.3 22.3c4.7 4.6 4.7 12.1 0 16.8z&quot;&gt;&lt;\/path&gt;&lt;\/svg&gt;\" data-full-width=\"yes\">\n\t\t\t\t\t<ul id=\"menu-1-0119b60\" class=\"hfe-nav-menu\"><li id=\"menu-item-27380\" itemprop=\"name\" class=\"menu-item menu-item-type-post_type menu-item-object-page parent hfe-creative-menu\"><a href=\"https:\/\/zonales.quito.gob.ec\/?page_id=16694\" itemprop=\"url\" class = \"hfe-menu-item\">CASAS SOMOS<\/a><\/li>\n<li id=\"menu-item-27366\" itemprop=\"name\" class=\"menu-item menu-item-type-post_type menu-item-object-page parent hfe-creative-menu\"><a href=\"https:\/\/zonales.quito.gob.ec\/?page_id=27340\" itemprop=\"url\" class = \"hfe-menu-item\">Educaci\u00f3n<\/a><\/li>\n<li id=\"menu-item-27367\" itemprop=\"name\" class=\"menu-item menu-item-type-post_type menu-item-object-page parent hfe-creative-menu\"><a href=\"https:\/\/zonales.quito.gob.ec\/?page_id=27315\" itemprop=\"url\" class = \"hfe-menu-item\">Cuidado Animal<\/a><\/li>\n<li id=\"menu-item-27365\" itemprop=\"name\" class=\"menu-item menu-item-type-post_type menu-item-object-page parent hfe-creative-menu\"><a href=\"https:\/\/zonales.quito.gob.ec\/?page_id=27353\" itemprop=\"url\" class = \"hfe-menu-item\">Belleza<\/a><\/li>\n<li id=\"menu-item-283012\" itemprop=\"name\" class=\"menu-item menu-item-type-post_type menu-item-object-page parent hfe-creative-menu\"><a href=\"https:\/\/zonales.quito.gob.ec\/?page_id=282953\" itemprop=\"url\" class = \"hfe-menu-item\">Bienestar<\/a><\/li>\n<li id=\"menu-item-27364\" itemprop=\"name\" class=\"menu-item menu-item-type-post_type menu-item-object-page parent hfe-creative-menu\"><a href=\"https:\/\/zonales.quito.gob.ec\/?page_id=27355\" itemprop=\"url\" class = \"hfe-menu-item\">Deportes<\/a><\/li>\n<li id=\"menu-item-27363\" itemprop=\"name\" class=\"menu-item menu-item-type-post_type menu-item-object-page parent hfe-creative-menu\"><a href=\"https:\/\/zonales.quito.gob.ec\/?page_id=27357\" itemprop=\"url\" class = \"hfe-menu-item\">Desarrollo Art\u00edstico<\/a><\/li>\n<li id=\"menu-item-27486\" itemprop=\"name\" class=\"menu-item menu-item-type-post_type menu-item-object-page parent hfe-creative-menu\"><a href=\"https:\/\/zonales.quito.gob.ec\/?page_id=27430\" itemprop=\"url\" class = \"hfe-menu-item\">Inclusi\u00f3n para Grupos de Atenci\u00f3n Prioritaria<\/a><\/li>\n<li id=\"menu-item-27362\" itemprop=\"name\" class=\"menu-item menu-item-type-post_type menu-item-object-page parent hfe-creative-menu\"><a href=\"https:\/\/zonales.quito.gob.ec\/?page_id=27359\" itemprop=\"url\" class = \"hfe-menu-item\">Gastronom\u00eda<\/a><\/li>\n<li id=\"menu-item-27485\" itemprop=\"name\" class=\"menu-item menu-item-type-post_type menu-item-object-page parent hfe-creative-menu\"><a href=\"https:\/\/zonales.quito.gob.ec\/?page_id=27435\" itemprop=\"url\" class = \"hfe-menu-item\">Administraci\u00f3n de Emprendimientos<\/a><\/li>\n<li id=\"menu-item-27481\" itemprop=\"name\" class=\"menu-item menu-item-type-post_type menu-item-object-page parent hfe-creative-menu\"><a href=\"https:\/\/zonales.quito.gob.ec\/?page_id=27455\" itemprop=\"url\" class = \"hfe-menu-item\">Ocupacional<\/a><\/li>\n<li id=\"menu-item-27480\" itemprop=\"name\" class=\"menu-item menu-item-type-post_type menu-item-object-page parent hfe-creative-menu\"><a href=\"https:\/\/zonales.quito.gob.ec\/?page_id=27460\" itemprop=\"url\" class = \"hfe-menu-item\">Producci\u00f3n artesanal y Manualidades<\/a><\/li>\n<li id=\"menu-item-27479\" itemprop=\"name\" class=\"menu-item menu-item-type-post_type menu-item-object-page parent hfe-creative-menu\"><a href=\"https:\/\/zonales.quito.gob.ec\/?page_id=27465\" itemprop=\"url\" class = \"hfe-menu-item\">Tecnolog\u00eda y Computaci\u00f3n<\/a><\/li>\n<\/ul> \n\t\t\t\t<\/nav>\n\t\t\t<\/div>\n\t\t\t\t\t\t\t<\/div>\n\t\t\t\t<\/div>\n\t\t\t\t<div class=\"elementor-element elementor-element-4b34e19 elementor-widget elementor-widget-heading\" data-id=\"4b34e19\" data-element_type=\"widget\" data-widget_type=\"heading.default\">\n\t\t\t\t<div class=\"elementor-widget-container\">\n\t\t\t\t\t<h2 class=\"elementor-heading-title elementor-size-default\">Busque el taller que desee<\/h2>\t\t\t\t<\/div>\n\t\t\t\t<\/div>\n\t\t\t\t<div class=\"elementor-element elementor-element-5469f4b elementor-widget elementor-widget-shortcode\" data-id=\"5469f4b\" data-element_type=\"widget\" data-widget_type=\"shortcode.default\">\n\t\t\t\t<div class=\"elementor-widget-container\">\n\t\t\t\t\t\t\t<div class=\"elementor-shortcode\"><div class=\"asl_w_container asl_w_container_1\" data-id=\"1\" data-instance=\"1\">\n\t<div id='ajaxsearchlite1'\n\t\tdata-id=\"1\"\n\t\tdata-instance=\"1\"\n\t\tclass=\"asl_w asl_m asl_m_1 asl_m_1_1\">\n\t\t<div class=\"probox\">\n\n\t\n\t<div class='prosettings' style='display:none;' data-opened=0>\n\t\t\t\t<div class='innericon'>\n\t\t\t<svg version=\"1.1\" xmlns=\"http:\/\/www.w3.org\/2000\/svg\" xmlns:xlink=\"http:\/\/www.w3.org\/1999\/xlink\" x=\"0px\" y=\"0px\" width=\"22\" height=\"22\" viewBox=\"0 0 512 512\" enable-background=\"new 0 0 512 512\" xml:space=\"preserve\">\n\t\t\t\t\t<polygon transform = \"rotate(90 256 256)\" points=\"142.332,104.886 197.48,50 402.5,256 197.48,462 142.332,407.113 292.727,256 \"\/>\n\t\t\t\t<\/svg>\n\t\t<\/div>\n\t<\/div>\n\n\t\n\t\n\t<div class='proinput'>\n\t\t<form role=\"search\" action='#' autocomplete=\"off\"\n\t\t\t\taria-label=\"Search form\">\n\t\t\t<input aria-label=\"Search input\"\n\t\t\t\t\ttype='search' class='orig'\n\t\t\t\t\ttabindex=\"0\"\n\t\t\t\t\tname='phrase'\n\t\t\t\t\tplaceholder='Buscar aqu\u00ed'\n\t\t\t\t\tvalue=''\n\t\t\t\t\tautocomplete=\"off\"\/>\n\t\t\t<input aria-label=\"Search autocomplete input\"\n\t\t\t\t\ttype='text'\n\t\t\t\t\tclass='autocomplete'\n\t\t\t\t\ttabindex=\"-1\"\n\t\t\t\t\tname='phrase'\n\t\t\t\t\tvalue=''\n\t\t\t\t\tautocomplete=\"off\" disabled\/>\n\t\t\t<input type='submit' value=\"Start search\" style='width:0; height: 0; visibility: hidden;'>\n\t\t<\/form>\n\t<\/div>\n\n\t\n\t\n\t<button class='promagnifier' tabindex=\"0\" aria-label=\"Search magnifier button\">\n\t\t\t\t<span class='innericon' style=\"display:block;\">\n\t\t\t<svg version=\"1.1\" xmlns=\"http:\/\/www.w3.org\/2000\/svg\" xmlns:xlink=\"http:\/\/www.w3.org\/1999\/xlink\" x=\"0px\" y=\"0px\" width=\"22\" height=\"22\" viewBox=\"0 0 512 512\" enable-background=\"new 0 0 512 512\" xml:space=\"preserve\">\n\t\t\t\t\t<path d=\"M460.355,421.59L353.844,315.078c20.041-27.553,31.885-61.437,31.885-98.037\n\t\t\t\t\t\tC385.729,124.934,310.793,50,218.686,50C126.58,50,51.645,124.934,51.645,217.041c0,92.106,74.936,167.041,167.041,167.041\n\t\t\t\t\t\tc34.912,0,67.352-10.773,94.184-29.158L419.945,462L460.355,421.59z M100.631,217.041c0-65.096,52.959-118.056,118.055-118.056\n\t\t\t\t\t\tc65.098,0,118.057,52.959,118.057,118.056c0,65.096-52.959,118.056-118.057,118.056C153.59,335.097,100.631,282.137,100.631,217.041\n\t\t\t\t\t\tz\"\/>\n\t\t\t\t<\/svg>\n\t\t<\/span>\n\t<\/button>\n\n\t\n\t\n\t<div class='proloading'>\n\n\t\t<div class=\"asl_loader\"><div class=\"asl_loader-inner asl_simple-circle\"><\/div><\/div>\n\n\t\t\t<\/div>\n\n\t\t\t<div class='proclose'>\n\t\t\t<svg version=\"1.1\" xmlns=\"http:\/\/www.w3.org\/2000\/svg\" xmlns:xlink=\"http:\/\/www.w3.org\/1999\/xlink\" x=\"0px\"\n\t\t\t\ty=\"0px\"\n\t\t\t\twidth=\"12\" height=\"12\" viewBox=\"0 0 512 512\" enable-background=\"new 0 0 512 512\"\n\t\t\t\txml:space=\"preserve\">\n\t\t\t\t<polygon points=\"438.393,374.595 319.757,255.977 438.378,137.348 374.595,73.607 255.995,192.225 137.375,73.622 73.607,137.352 192.246,255.983 73.622,374.625 137.352,438.393 256.002,319.734 374.652,438.378 \"\/>\n\t\t\t<\/svg>\n\t\t<\/div>\n\t\n\t\n<\/div>\t<\/div>\n\t<div class='asl_data_container' style=\"display:none !important;\">\n\t\t<div class=\"asl_init_data wpdreams_asl_data_ct\"\n\tstyle=\"display:none !important;\"\n\tid=\"asl_init_id_1\"\n\tdata-asl-id=\"1\"\n\tdata-asl-instance=\"1\"\n\tdata-settings=\"{&quot;homeurl&quot;:&quot;https:\\\/\\\/zonales.quito.gob.ec\\\/&quot;,&quot;resultstype&quot;:&quot;vertical&quot;,&quot;resultsposition&quot;:&quot;hover&quot;,&quot;itemscount&quot;:6,&quot;charcount&quot;:0,&quot;minWordLength&quot;:2,&quot;highlight&quot;:false,&quot;highlightWholewords&quot;:true,&quot;singleHighlight&quot;:false,&quot;scrollToResults&quot;:{&quot;enabled&quot;:false,&quot;offset&quot;:0},&quot;resultareaclickable&quot;:1,&quot;autocomplete&quot;:{&quot;enabled&quot;:true,&quot;lang&quot;:&quot;es&quot;,&quot;trigger_charcount&quot;:0},&quot;mobile&quot;:{&quot;menu_selector&quot;:&quot;#menu-toggle&quot;},&quot;trigger&quot;:{&quot;click&quot;:&quot;results_page&quot;,&quot;click_location&quot;:&quot;same&quot;,&quot;update_href&quot;:false,&quot;return&quot;:&quot;results_page&quot;,&quot;return_location&quot;:&quot;same&quot;,&quot;facet&quot;:true,&quot;type&quot;:true,&quot;redirect_url&quot;:&quot;?s={phrase}&quot;,&quot;delay&quot;:300},&quot;animations&quot;:{&quot;pc&quot;:{&quot;settings&quot;:{&quot;anim&quot;:&quot;fadedrop&quot;,&quot;dur&quot;:300},&quot;results&quot;:{&quot;anim&quot;:&quot;fadedrop&quot;,&quot;dur&quot;:300},&quot;items&quot;:&quot;voidanim&quot;},&quot;mob&quot;:{&quot;settings&quot;:{&quot;anim&quot;:&quot;fadedrop&quot;,&quot;dur&quot;:300},&quot;results&quot;:{&quot;anim&quot;:&quot;fadedrop&quot;,&quot;dur&quot;:300},&quot;items&quot;:&quot;voidanim&quot;}},&quot;autop&quot;:{&quot;state&quot;:true,&quot;phrase&quot;:&quot;&quot;,&quot;count&quot;:&quot;1&quot;},&quot;resPage&quot;:{&quot;useAjax&quot;:false,&quot;selector&quot;:&quot;#main&quot;,&quot;trigger_type&quot;:true,&quot;trigger_facet&quot;:true,&quot;trigger_magnifier&quot;:false,&quot;trigger_return&quot;:false},&quot;resultsSnapTo&quot;:&quot;left&quot;,&quot;results&quot;:{&quot;width&quot;:&quot;auto&quot;,&quot;width_tablet&quot;:&quot;auto&quot;,&quot;width_phone&quot;:&quot;auto&quot;},&quot;settingsimagepos&quot;:&quot;right&quot;,&quot;closeOnDocClick&quot;:true,&quot;overridewpdefault&quot;:true,&quot;override_method&quot;:&quot;get&quot;}\"><\/div>\n\t<div id=\"asl_hidden_data\">\n\t\t<svg style=\"position:absolute\" height=\"0\" width=\"0\">\n\t\t\t<filter id=\"aslblur\">\n\t\t\t\t<feGaussianBlur in=\"SourceGraphic\" stdDeviation=\"4\"\/>\n\t\t\t<\/filter>\n\t\t<\/svg>\n\t\t<svg style=\"position:absolute\" height=\"0\" width=\"0\">\n\t\t\t<filter id=\"no_aslblur\"><\/filter>\n\t\t<\/svg>\n\t<\/div>\n\t<\/div>\n\n\t<div id='ajaxsearchliteres1'\n\tclass='vertical wpdreams_asl_results asl_w asl_r asl_r_1 asl_r_1_1'>\n\n\t\n\t<div class=\"results\">\n\n\t\t\n\t\t<div class=\"resdrg\">\n\t\t<\/div>\n\n\t\t\n\t<\/div>\n\n\t\n\t\t\t\t\t<p class='showmore'>\n\t\t\t<span>M\u00e1s resultados<\/span>\n\t\t<\/p>\n\t\t\t\n<\/div>\n\n\t<div id='__original__ajaxsearchlitesettings1'\n\t\tdata-id=\"1\"\n\t\tclass=\"searchsettings wpdreams_asl_settings asl_w asl_s asl_s_1\">\n\t\t<form name='options'\n\t\taria-label=\"Search settings form\"\n\t\tautocomplete = 'off'>\n\n\t\n\t\n\t<input type=\"hidden\" name=\"filters_changed\" style=\"display:none;\" value=\"0\">\n\t<input type=\"hidden\" name=\"filters_initial\" style=\"display:none;\" value=\"1\">\n\n\t<div class=\"asl_option_inner hiddend\">\n\t\t<input type='hidden' name='qtranslate_lang' id='qtranslate_lang'\n\t\t\t\tvalue='0'\/>\n\t<\/div>\n\n\t\n\t\n\t<fieldset class=\"asl_sett_scroll\">\n\t\t<legend style=\"display: none;\">Generic selectors<\/legend>\n\t\t<div class=\"asl_option\" tabindex=\"0\">\n\t\t\t<div class=\"asl_option_inner\">\n\t\t\t\t<input type=\"checkbox\" value=\"exact\"\n\t\t\t\t\t\taria-label=\"Exact matches only\"\n\t\t\t\t\t\tname=\"asl_gen[]\" \/>\n\t\t\t\t<div class=\"asl_option_checkbox\"><\/div>\n\t\t\t<\/div>\n\t\t\t<div class=\"asl_option_label\">\n\t\t\t\tExact matches only\t\t\t<\/div>\n\t\t<\/div>\n\t\t<div class=\"asl_option\" tabindex=\"0\">\n\t\t\t<div class=\"asl_option_inner\">\n\t\t\t\t<input type=\"checkbox\" value=\"title\"\n\t\t\t\t\t\taria-label=\"Search in title\"\n\t\t\t\t\t\tname=\"asl_gen[]\"  checked=\"checked\"\/>\n\t\t\t\t<div class=\"asl_option_checkbox\"><\/div>\n\t\t\t<\/div>\n\t\t\t<div class=\"asl_option_label\">\n\t\t\t\tSearch in title\t\t\t<\/div>\n\t\t<\/div>\n\t\t<div class=\"asl_option\" tabindex=\"0\">\n\t\t\t<div class=\"asl_option_inner\">\n\t\t\t\t<input type=\"checkbox\" value=\"content\"\n\t\t\t\t\t\taria-label=\"Search in content\"\n\t\t\t\t\t\tname=\"asl_gen[]\"  checked=\"checked\"\/>\n\t\t\t\t<div class=\"asl_option_checkbox\"><\/div>\n\t\t\t<\/div>\n\t\t\t<div class=\"asl_option_label\">\n\t\t\t\tSearch in content\t\t\t<\/div>\n\t\t<\/div>\n\t\t<div class=\"asl_option_inner hiddend\">\n\t\t\t<input type=\"checkbox\" value=\"excerpt\"\n\t\t\t\t\taria-label=\"Search in excerpt\"\n\t\t\t\t\tname=\"asl_gen[]\" \/>\n\t\t\t<div class=\"asl_option_checkbox\"><\/div>\n\t\t<\/div>\n\t<\/fieldset>\n\t<fieldset class=\"asl_sett_scroll\">\n\t\t<legend style=\"display: none;\">Post Type Selectors<\/legend>\n\t\t\t\t\t<div class=\"asl_option_inner hiddend\">\n\t\t\t\t<input type=\"checkbox\" value=\"post\"\n\t\t\t\t\t\taria-label=\"Hidden option, ignore please\"\n\t\t\t\t\t\tname=\"customset[]\" checked=\"checked\"\/>\n\t\t\t<\/div>\n\t\t\t\t<\/fieldset>\n\t<\/form>\n\t<\/div>\n<\/div>\n<\/div>\n\t\t\t\t\t\t<\/div>\n\t\t\t\t<\/div>\n\t\t\t\t<div class=\"elementor-element elementor-element-4f3788e elementor-widget elementor-widget-shortcode\" data-id=\"4f3788e\" data-element_type=\"widget\" data-widget_type=\"shortcode.default\">\n\t\t\t\t<div class=\"elementor-widget-container\">\n\t\t\t\t\t\t\t<div class=\"elementor-shortcode\"><div class=\"pt-cv-wrapper\"><div class=\"pt-cv-view pt-cv-grid pt-cv-colsys\" id=\"pt-cv-view-f4dff01oiv\"><div data-id=\"pt-cv-page-1\" class=\"pt-cv-page\" data-cvc=\"3\"><div class=\"col-md-4 col-sm-6 col-xs-12 pt-cv-content-item pt-cv-1-col\" ><div class='pt-cv-ifield'><a href=\"https:\/\/zonales.quito.gob.ec\/?p=438035\" class=\"_self pt-cv-href-thumbnail pt-cv-thumb-default\" target=\"_self\" ><img fetchpriority=\"high\" decoding=\"async\" width=\"450\" height=\"250\" src=\"https:\/\/zonales.quito.gob.ec\/wp-content\/uploads\/TALLER-JABONES-Y-PRODUCTOS-DE-LIMPIEZA-CASAS-SOMOS-SAN-BARTOLO-450x250.jpg\" class=\"pt-cv-thumbnail\" alt=\"\" \/><\/a>\n<h3 class=\"pt-cv-title\"><a href=\"https:\/\/zonales.quito.gob.ec\/?p=438035\" class=\"_self\" target=\"_self\" >ELABORACI\u00d3N DE JABONES ARTESANALES \/PRODUCCI\u00d3N ARTESANAL Y MANUALIDADES<\/a><\/h3>\n<div class=\"pt-cv-content\">CASA SOMOS SAN MARCOS Descripci\u00f3n:Taller presencialEl Taller de Jabones Artesanales es un espacio pr\u00e1ctico y creativo dise\u00f1ado para aprender a elaborar jabones naturales, ecol\u00f3gicos y decorativos utilizando diversas t\u00e9cnicas y ...<br \/><div class=\"pt-cv-rmwrap\"><a href=\"https:\/\/zonales.quito.gob.ec\/?p=438035\" class=\"_self pt-cv-readmore btn btn-success\" target=\"_self\">Leer M\u00e1s<\/a><\/div><\/div><\/div><\/div>\n<div class=\"col-md-4 col-sm-6 col-xs-12 pt-cv-content-item pt-cv-1-col\" ><div class='pt-cv-ifield'><a href=\"https:\/\/zonales.quito.gob.ec\/?p=437352\" class=\"_self pt-cv-href-thumbnail pt-cv-thumb-default\" target=\"_self\" ><img decoding=\"async\" width=\"250\" height=\"250\" src=\"https:\/\/zonales.quito.gob.ec\/wp-content\/uploads\/POPI.jpg\" class=\"pt-cv-thumbnail\" alt=\"\" \/><\/a>\n<h3 class=\"pt-cv-title\"><a href=\"https:\/\/zonales.quito.gob.ec\/?p=437352\" class=\"_self\" target=\"_self\" >ARREGLOS FLORALES NAVIDE\u00d1OS\/PRODUCI\u00d3N ARTESANAL Y MANUALIDADES<\/a><\/h3>\n<div class=\"pt-cv-content\">CASA SOMOS MULTIGENERACIONAL LA MERCED Descripci\u00f3n:Conocer y aprender la elaboraci\u00f3n de las diferentes manualidades, utilizando los elementos y materiales de nuestro medio, desarrollando de esta manera la creatividad. Informaci\u00f3n Adicional ...<br \/><div class=\"pt-cv-rmwrap\"><a href=\"https:\/\/zonales.quito.gob.ec\/?p=437352\" class=\"_self pt-cv-readmore btn btn-success\" target=\"_self\">Leer M\u00e1s<\/a><\/div><\/div><\/div><\/div>\n<div class=\"col-md-4 col-sm-6 col-xs-12 pt-cv-content-item pt-cv-1-col\" ><div class='pt-cv-ifield'><a href=\"https:\/\/zonales.quito.gob.ec\/?p=437878\" class=\"_self pt-cv-href-thumbnail pt-cv-thumb-default\" target=\"_self\" ><img decoding=\"async\" width=\"450\" height=\"250\" src=\"https:\/\/zonales.quito.gob.ec\/wp-content\/uploads\/amigurumis-2-450x250.jpg\" class=\"pt-cv-thumbnail\" alt=\"\" \/><\/a>\n<h3 class=\"pt-cv-title\"><a href=\"https:\/\/zonales.quito.gob.ec\/?p=437878\" class=\"_self\" target=\"_self\" >AMIGURUMIS\/PRODUCCI\u00d3N ARTESANAL Y MANUALIDADES<\/a><\/h3>\n<div class=\"pt-cv-content\">CASA SOMOS ROLD\u00d3S PISULL\u00cd Descripci\u00f3n:\"Tejer es mucho m\u00e1s que entrelazar hilos; es tejer historias, paciencia y amor propio en cada puntada. \u00a1An\u00edmate a crear tu pr\u00f3xima prenda favorita!\" Informaci\u00f3n Adicional ...<br \/><div class=\"pt-cv-rmwrap\"><a href=\"https:\/\/zonales.quito.gob.ec\/?p=437878\" class=\"_self pt-cv-readmore btn btn-success\" target=\"_self\">Leer M\u00e1s<\/a><\/div><\/div><\/div><\/div>\n<div class=\"col-md-4 col-sm-6 col-xs-12 pt-cv-content-item pt-cv-1-col\" ><div class='pt-cv-ifield'><a href=\"https:\/\/zonales.quito.gob.ec\/?p=437054\" class=\"_self pt-cv-href-thumbnail pt-cv-thumb-default\" target=\"_self\" ><img loading=\"lazy\" decoding=\"async\" width=\"450\" height=\"225\" src=\"https:\/\/zonales.quito.gob.ec\/wp-content\/uploads\/blog-bisuteria-unisex3.jpg\" class=\"pt-cv-thumbnail\" alt=\"\" \/><\/a>\n<h3 class=\"pt-cv-title\"><a href=\"https:\/\/zonales.quito.gob.ec\/?p=437054\" class=\"_self\" target=\"_self\" >BISUTERIA\/PRODUCCI\u00d3N ARTESANAL Y MANUALIDADES\/NIVEL II<\/a><\/h3>\n<div class=\"pt-cv-content\">CASA SOMOS MULTIGENERACIONAL LA MERCED Descripci\u00f3n:Brindar la oportunidad de crear y producir bisuter\u00eda avanzada, mediante t\u00e9cnicas f\u00e1ciles y comprensibles para todas las edades. Informaci\u00f3n Adicional Modalidad:PresencialResponsable del taller:Mar\u00eda de Lourdes ...<br \/><div class=\"pt-cv-rmwrap\"><a href=\"https:\/\/zonales.quito.gob.ec\/?p=437054\" class=\"_self pt-cv-readmore btn btn-success\" target=\"_self\">Leer M\u00e1s<\/a><\/div><\/div><\/div><\/div>\n<div class=\"col-md-4 col-sm-6 col-xs-12 pt-cv-content-item pt-cv-1-col\" ><div class='pt-cv-ifield'><a href=\"https:\/\/zonales.quito.gob.ec\/?p=437544\" class=\"_self pt-cv-href-thumbnail pt-cv-thumb-default\" target=\"_self\" ><img loading=\"lazy\" decoding=\"async\" width=\"450\" height=\"240\" src=\"https:\/\/zonales.quito.gob.ec\/wp-content\/uploads\/CS-plastilina.jpeg\" class=\"pt-cv-thumbnail\" alt=\"\" \/><\/a>\n<h3 class=\"pt-cv-title\"><a href=\"https:\/\/zonales.quito.gob.ec\/?p=437544\" class=\"_self\" target=\"_self\" >MOTRICIDAD Y ESCULTURA PARA NI\u00d1OS \/PRODUCCI\u00d3N ARTESANAL Y MANUALIDADES<\/a><\/h3>\n<div class=\"pt-cv-content\">CASA SOMOS SAN MARCOS Descripci\u00f3n:Taller presencialEl Taller de Motricidad y Escultura para Ni\u00f1os es un espacio l\u00fadico y creativo dise\u00f1ado para potenciar el desarrollo psicomotriz, la coordinaci\u00f3n fina y la ...<br \/><div class=\"pt-cv-rmwrap\"><a href=\"https:\/\/zonales.quito.gob.ec\/?p=437544\" class=\"_self pt-cv-readmore btn btn-success\" target=\"_self\">Leer M\u00e1s<\/a><\/div><\/div><\/div><\/div>\n<div class=\"col-md-4 col-sm-6 col-xs-12 pt-cv-content-item pt-cv-1-col\" ><div class='pt-cv-ifield'><a href=\"https:\/\/zonales.quito.gob.ec\/?p=437579\" class=\"_self pt-cv-href-thumbnail pt-cv-thumb-default\" target=\"_self\" ><img loading=\"lazy\" decoding=\"async\" width=\"450\" height=\"250\" src=\"https:\/\/zonales.quito.gob.ec\/wp-content\/uploads\/tejido-con-lana-450x250.jpg\" class=\"pt-cv-thumbnail\" alt=\"\" \/><\/a>\n<h3 class=\"pt-cv-title\"><a href=\"https:\/\/zonales.quito.gob.ec\/?p=437579\" class=\"_self\" target=\"_self\" >TEJIDO EN LANA\/PRODUCCI\u00d3N ARTESANAL Y MANUALIDADES<\/a><\/h3>\n<div class=\"pt-cv-content\">CASA SOMOS ROLD\u00d3S PISULL\u00cd Descripci\u00f3n:\"Tejer es mucho m\u00e1s que entrelazar hilos; es tejer historias, paciencia y amor propio en cada puntada. \u00a1An\u00edmate a crear tu pr\u00f3xima prenda favorita!\" Informaci\u00f3n Adicional ...<br \/><div class=\"pt-cv-rmwrap\"><a href=\"https:\/\/zonales.quito.gob.ec\/?p=437579\" class=\"_self pt-cv-readmore btn btn-success\" target=\"_self\">Leer M\u00e1s<\/a><\/div><\/div><\/div><\/div>\n<div class=\"col-md-4 col-sm-6 col-xs-12 pt-cv-content-item pt-cv-1-col\" ><div class='pt-cv-ifield'><a href=\"https:\/\/zonales.quito.gob.ec\/?p=436982\" class=\"_self pt-cv-href-thumbnail pt-cv-thumb-default\" target=\"_self\" ><img loading=\"lazy\" decoding=\"async\" width=\"250\" height=\"250\" src=\"https:\/\/zonales.quito.gob.ec\/wp-content\/uploads\/cat-rosas-430x430-1.png\" class=\"pt-cv-thumbnail\" alt=\"\" \/><\/a>\n<h3 class=\"pt-cv-title\"><a href=\"https:\/\/zonales.quito.gob.ec\/?p=436982\" class=\"_self\" target=\"_self\" >FLORISTERIA\/PRODUCCI\u00d3N ARTESANAL Y MANUALIDADES<\/a><\/h3>\n<div class=\"pt-cv-content\">CASA SOMOS MULTIGENERACIONAL LA MERCED Descripci\u00f3n:Brindar un taller t\u00e9cnico de aprendizaje f\u00e1ciles y comprensibles para todas las edades, donde adquieran destrezas y habilidades motrices que ayudaran a ejercer mejores emprendimientos ...<br \/><div class=\"pt-cv-rmwrap\"><a href=\"https:\/\/zonales.quito.gob.ec\/?p=436982\" class=\"_self pt-cv-readmore btn btn-success\" target=\"_self\">Leer M\u00e1s<\/a><\/div><\/div><\/div><\/div>\n<div class=\"col-md-4 col-sm-6 col-xs-12 pt-cv-content-item pt-cv-1-col\" ><div class='pt-cv-ifield'><a href=\"https:\/\/zonales.quito.gob.ec\/?p=437501\" class=\"_self pt-cv-href-thumbnail pt-cv-thumb-default\" target=\"_self\" ><img loading=\"lazy\" decoding=\"async\" width=\"450\" height=\"169\" src=\"https:\/\/zonales.quito.gob.ec\/wp-content\/uploads\/VELAS-NAVIDENAS.png\" class=\"pt-cv-thumbnail\" alt=\"\" \/><\/a>\n<h3 class=\"pt-cv-title\"><a href=\"https:\/\/zonales.quito.gob.ec\/?p=437501\" class=\"_self\" target=\"_self\" >VELAS AROM\u00c1TICAS Y DECORATIVAS \/PRODUCCI\u00d3N ARTESANAL Y MANUALIDADES<\/a><\/h3>\n<div class=\"pt-cv-content\">CASA SOMOS SAN MARCOS Descripci\u00f3n:Taller presencialEl Taller de Velas Artesanales es un espacio pr\u00e1ctico y sensorial dise\u00f1ado para aprender a elaborar velas decorativas, arom\u00e1ticas y terap\u00e9uticas desde cero. Durante el ...<br \/><div class=\"pt-cv-rmwrap\"><a href=\"https:\/\/zonales.quito.gob.ec\/?p=437501\" class=\"_self pt-cv-readmore btn btn-success\" target=\"_self\">Leer M\u00e1s<\/a><\/div><\/div><\/div><\/div>\n<div class=\"col-md-4 col-sm-6 col-xs-12 pt-cv-content-item pt-cv-1-col\" ><div class='pt-cv-ifield'><a href=\"https:\/\/zonales.quito.gob.ec\/?p=437469\" class=\"_self pt-cv-href-thumbnail pt-cv-thumb-default\" target=\"_self\" ><img loading=\"lazy\" decoding=\"async\" width=\"168\" height=\"250\" src=\"https:\/\/zonales.quito.gob.ec\/wp-content\/uploads\/CASA-EN-CINTA.jpg\" class=\"pt-cv-thumbnail\" alt=\"\" \/><\/a>\n<h3 class=\"pt-cv-title\"><a href=\"https:\/\/zonales.quito.gob.ec\/?p=437469\" class=\"_self\" target=\"_self\" >MULTIMANUALIDADES Y PORTALES \/ PRODUCCI\u00d3N ARTESANAL Y MANUALIDADES<\/a><\/h3>\n<div class=\"pt-cv-content\">CASA SOMOS SAN MARCOS Descripci\u00f3n:El Taller de Casas y Portales es un espacio artesanal y creativo enfocado en el dise\u00f1o, modelado y elaboraci\u00f3n de maquetas, fachadas tradicionales y portales a ...<br \/><div class=\"pt-cv-rmwrap\"><a href=\"https:\/\/zonales.quito.gob.ec\/?p=437469\" class=\"_self pt-cv-readmore btn btn-success\" target=\"_self\">Leer M\u00e1s<\/a><\/div><\/div><\/div><\/div>\n<div class=\"col-md-4 col-sm-6 col-xs-12 pt-cv-content-item pt-cv-1-col\" ><div class='pt-cv-ifield'><a href=\"https:\/\/zonales.quito.gob.ec\/?p=437470\" class=\"_self pt-cv-href-thumbnail pt-cv-thumb-default\" target=\"_self\" ><img loading=\"lazy\" decoding=\"async\" width=\"450\" height=\"250\" src=\"https:\/\/zonales.quito.gob.ec\/wp-content\/uploads\/Tecnicasdetejidoadosagujas-1-450x250.jpg\" class=\"pt-cv-thumbnail\" alt=\"\" \/><\/a>\n<h3 class=\"pt-cv-title\"><a href=\"https:\/\/zonales.quito.gob.ec\/?p=437470\" class=\"_self\" target=\"_self\" >TEJIDO DE PRENDAS \/PRODUCCI\u00d3N ARTESANAL Y MANUALIDADES \/ARTESANALES<\/a><\/h3>\n<div class=\"pt-cv-content\">CASA SOMOS SAN MARCOS Descripci\u00f3n:Taller presencialAprende a tejer tus propias prendas paso a paso Transforma ovillos de lana e hilo en piezas \u00fanicas, dise\u00f1adas y hechas completamente por ti. Informaci\u00f3n ...<br \/><div class=\"pt-cv-rmwrap\"><a href=\"https:\/\/zonales.quito.gob.ec\/?p=437470\" class=\"_self pt-cv-readmore btn btn-success\" target=\"_self\">Leer M\u00e1s<\/a><\/div><\/div><\/div><\/div>\n<div class=\"col-md-4 col-sm-6 col-xs-12 pt-cv-content-item pt-cv-1-col\" ><div class='pt-cv-ifield'><a href=\"https:\/\/zonales.quito.gob.ec\/?p=437455\" class=\"_self pt-cv-href-thumbnail pt-cv-thumb-default\" target=\"_self\" ><img loading=\"lazy\" decoding=\"async\" width=\"450\" height=\"169\" src=\"https:\/\/zonales.quito.gob.ec\/wp-content\/uploads\/PORCELANICRON-HADAS.png\" class=\"pt-cv-thumbnail\" alt=\"\" \/><\/a>\n<h3 class=\"pt-cv-title\"><a href=\"https:\/\/zonales.quito.gob.ec\/?p=437455\" class=\"_self\" target=\"_self\" >FIGURAS DE PORCELANICR\u00d3N \/ PRODUCCI\u00d3N ARTESANAL Y MANUALIDADES\/NIVEL 2<\/a><\/h3>\n<div class=\"pt-cv-content\">CASA SOMOS SAN MARCOS Descripci\u00f3n:Ense\u00f1ar a los participantes a crear productos \u00fatiles y funcionales mediante t\u00e9cnicas de fabricaci\u00f3n que les permitan desarrollar habilidades pr\u00e1cticas para la vida cotidiana. Informaci\u00f3n Adicional ...<br \/><div class=\"pt-cv-rmwrap\"><a href=\"https:\/\/zonales.quito.gob.ec\/?p=437455\" class=\"_self pt-cv-readmore btn btn-success\" target=\"_self\">Leer M\u00e1s<\/a><\/div><\/div><\/div><\/div>\n<div class=\"col-md-4 col-sm-6 col-xs-12 pt-cv-content-item pt-cv-1-col\" ><div class='pt-cv-ifield'><a href=\"https:\/\/zonales.quito.gob.ec\/?p=436733\" class=\"_self pt-cv-href-thumbnail pt-cv-thumb-default\" target=\"_self\" ><img loading=\"lazy\" decoding=\"async\" width=\"359\" height=\"250\" src=\"https:\/\/zonales.quito.gob.ec\/wp-content\/uploads\/Captura-de-pantalla-2026-08-27-102652.png\" class=\"pt-cv-thumbnail\" alt=\"\" \/><\/a>\n<h3 class=\"pt-cv-title\"><a href=\"https:\/\/zonales.quito.gob.ec\/?p=436733\" class=\"_self\" target=\"_self\" >ELABORACI\u00d3N DE VELAS Y JABONES ARTESANALES\/PRODUCCI\u00d3NARTESANAL Y MANUALIDADES\/PARA TODA EDAD<\/a><\/h3>\n<div class=\"pt-cv-content\">CASA SOMOS COCHAPAMBA Men\u00fa Informaci\u00f3n 57 Casas Somos Quito Talleres Deja t\u00fa opini\u00f3n Calder\u00f3n Choc\u00f3 Andino Eugenio Espejo Eloy Alfaro La Mariscal La Delicia Los Chillos Manuela S\u00e1enz Tumbaco Quitumbe ...<br \/><div class=\"pt-cv-rmwrap\"><a href=\"https:\/\/zonales.quito.gob.ec\/?p=436733\" class=\"_self pt-cv-readmore btn btn-success\" target=\"_self\">Leer M\u00e1s<\/a><\/div><\/div><\/div><\/div>\n<div class=\"col-md-4 col-sm-6 col-xs-12 pt-cv-content-item pt-cv-1-col\" ><div class='pt-cv-ifield'><a href=\"https:\/\/zonales.quito.gob.ec\/?p=437399\" class=\"_self pt-cv-href-thumbnail pt-cv-thumb-default\" target=\"_self\" ><img loading=\"lazy\" decoding=\"async\" width=\"444\" height=\"250\" src=\"https:\/\/zonales.quito.gob.ec\/wp-content\/uploads\/WhatsApp-Image-2026-08-29-at-16.30.31.jpeg\" class=\"pt-cv-thumbnail\" alt=\"\" \/><\/a>\n<h3 class=\"pt-cv-title\"><a href=\"https:\/\/zonales.quito.gob.ec\/?p=437399\" class=\"_self\" target=\"_self\" >MANUALIDADES\/PRODUCCI\u00d3N ARTESANAL Y MANUALIDADES\/Y DECORACI\u00d3N CREATIVA: CASITAS-BOTELLAS Y M\u00c1S<\/a><\/h3>\n<div class=\"pt-cv-content\">CASA SOMOS PUENGAS\u00cd Descripci\u00f3n:Fomentar la creatividad, imaginaci\u00f3n y aprovechamiento de materiales reciclados.Aprende a manejar bastones con coreograf\u00edas sincronizadas, disciplina y elegancia Informaci\u00f3n Adicional Modalidad: Presencial Responsable del taller: Martha Onofre ...<br \/><div class=\"pt-cv-rmwrap\"><a href=\"https:\/\/zonales.quito.gob.ec\/?p=437399\" class=\"_self pt-cv-readmore btn btn-success\" target=\"_self\">Leer M\u00e1s<\/a><\/div><\/div><\/div><\/div>\n<div class=\"col-md-4 col-sm-6 col-xs-12 pt-cv-content-item pt-cv-1-col\" ><div class='pt-cv-ifield'><a href=\"https:\/\/zonales.quito.gob.ec\/?p=437256\" class=\"_self pt-cv-href-thumbnail pt-cv-thumb-default\" target=\"_self\" ><img loading=\"lazy\" decoding=\"async\" width=\"387\" height=\"250\" src=\"https:\/\/zonales.quito.gob.ec\/wp-content\/uploads\/WhatsApp-Image-2026-08-27-at-18.28.23.jpeg\" class=\"pt-cv-thumbnail\" alt=\"\" \/><\/a>\n<h3 class=\"pt-cv-title\"><a href=\"https:\/\/zonales.quito.gob.ec\/?p=437256\" class=\"_self\" target=\"_self\" >MU\u00d1EQUER\u00cdA\/PRODUCCI\u00d3N ARTESANAL Y MANUALIDADES\/ELABORACI\u00d3N DE MONIGOTES<\/a><\/h3>\n<div class=\"pt-cv-content\">CASA SOMOS CONOCOTO Descripci\u00f3n:\u00a1Mantengamos viva nuestra tradici\u00f3n! Te invitamos al Taller de Elaboraci\u00f3n de Monigotes de A\u00f1o Viejo.\u00a0Ven a aprender las t\u00e9cnicas de modelado, pintura y creatividad para dise\u00f1ar tu ...<br \/><div class=\"pt-cv-rmwrap\"><a href=\"https:\/\/zonales.quito.gob.ec\/?p=437256\" class=\"_self pt-cv-readmore btn btn-success\" target=\"_self\">Leer M\u00e1s<\/a><\/div><\/div><\/div><\/div>\n<div class=\"col-md-4 col-sm-6 col-xs-12 pt-cv-content-item pt-cv-1-col\" ><div class='pt-cv-ifield'><a href=\"https:\/\/zonales.quito.gob.ec\/?p=437055\" class=\"_self pt-cv-href-thumbnail pt-cv-thumb-default\" target=\"_self\" ><img loading=\"lazy\" decoding=\"async\" width=\"265\" height=\"250\" src=\"https:\/\/zonales.quito.gob.ec\/wp-content\/uploads\/VELAS-7.jpg\" class=\"pt-cv-thumbnail\" alt=\"\" \/><\/a>\n<h3 class=\"pt-cv-title\"><a href=\"https:\/\/zonales.quito.gob.ec\/?p=437055\" class=\"_self\" target=\"_self\" >ELABORACI\u00d3N DE VELAS DECORATIVAS\/PRODUCCI\u00d3N ARTESANAL Y MANUALIDASES<\/a><\/h3>\n<div class=\"pt-cv-content\">CASA SOMOS MULTIGENERACIONAL LA MERCED Descripci\u00f3n:Inducir el conocimiento del producto de velas Informaci\u00f3n Adicional 1Modalidad: Presencial Responsable del taller: Carla Ch\u00e1vez Horario de atenci\u00f3n: Viernes de 11:00 a 12:00 Fecha ...<br \/><div class=\"pt-cv-rmwrap\"><a href=\"https:\/\/zonales.quito.gob.ec\/?p=437055\" class=\"_self pt-cv-readmore btn btn-success\" target=\"_self\">Leer M\u00e1s<\/a><\/div><\/div><\/div><\/div>\n<div class=\"col-md-4 col-sm-6 col-xs-12 pt-cv-content-item pt-cv-1-col\" ><div class='pt-cv-ifield'><a href=\"https:\/\/zonales.quito.gob.ec\/?p=436723\" class=\"_self pt-cv-href-thumbnail pt-cv-thumb-default\" target=\"_self\" ><img loading=\"lazy\" decoding=\"async\" width=\"394\" height=\"250\" src=\"https:\/\/zonales.quito.gob.ec\/wp-content\/uploads\/Captura-de-pantalla-2026-08-27-103855.png\" class=\"pt-cv-thumbnail\" alt=\"\" \/><\/a>\n<h3 class=\"pt-cv-title\"><a href=\"https:\/\/zonales.quito.gob.ec\/?p=436723\" class=\"_self\" target=\"_self\" >NIVELACI\u00d3N MATEM\u00c1TICAS\/EDUCACI\u00d3N\/PARA TODA EDAD<\/a><\/h3>\n<div class=\"pt-cv-content\">CASA SOMOS COCHAPAMBA Men\u00fa Informaci\u00f3n 57 Casas Somos Quito Talleres Deja t\u00fa opini\u00f3n Calder\u00f3n Choc\u00f3 Andino Eugenio Espejo Eloy Alfaro La Mariscal La Delicia Los Chillos Manuela S\u00e1enz Tumbaco Quitumbe ...<br \/><div class=\"pt-cv-rmwrap\"><a href=\"https:\/\/zonales.quito.gob.ec\/?p=436723\" class=\"_self pt-cv-readmore btn btn-success\" target=\"_self\">Leer M\u00e1s<\/a><\/div><\/div><\/div><\/div>\n<div class=\"col-md-4 col-sm-6 col-xs-12 pt-cv-content-item pt-cv-1-col\" ><div class='pt-cv-ifield'><a href=\"https:\/\/zonales.quito.gob.ec\/?p=436582\" class=\"_self pt-cv-href-thumbnail pt-cv-thumb-default\" target=\"_self\" ><img loading=\"lazy\" decoding=\"async\" width=\"450\" height=\"250\" src=\"https:\/\/zonales.quito.gob.ec\/wp-content\/uploads\/es-buena-idea-taller-costura-450x250.jpg\" class=\"pt-cv-thumbnail\" alt=\"\" \/><\/a>\n<h3 class=\"pt-cv-title\"><a href=\"https:\/\/zonales.quito.gob.ec\/?p=436582\" class=\"_self\" target=\"_self\" >CORTE Y CONFECCI\u00d3N\/PRODUCCI\u00d3N ARTESANAL Y MANUALIDADES<\/a><\/h3>\n<div class=\"pt-cv-content\">CASA SOMOS ALANGAS\u00cd Descripci\u00f3n:Aprende t\u00e9cnicas de corte y confecci\u00f3n para elaborar diferentes prendas de vestir.\u00a0 Informaci\u00f3n Adicional Modalidad:PresencialResponsable del taller:Ketty ErazoHorario de atenci\u00f3n:Lunes 16:00 - 18:00Fecha de inicio de taller:07 ...<br \/><div class=\"pt-cv-rmwrap\"><a href=\"https:\/\/zonales.quito.gob.ec\/?p=436582\" class=\"_self pt-cv-readmore btn btn-success\" target=\"_self\">Leer M\u00e1s<\/a><\/div><\/div><\/div><\/div>\n<div class=\"col-md-4 col-sm-6 col-xs-12 pt-cv-content-item pt-cv-1-col\" ><div class='pt-cv-ifield'><a href=\"https:\/\/zonales.quito.gob.ec\/?p=436337\" class=\"_self pt-cv-href-thumbnail pt-cv-thumb-default\" target=\"_self\" ><img loading=\"lazy\" decoding=\"async\" width=\"450\" height=\"250\" src=\"https:\/\/zonales.quito.gob.ec\/wp-content\/uploads\/BONSAI-_-450x250.webp\" class=\"pt-cv-thumbnail\" alt=\"\" \/><\/a>\n<h3 class=\"pt-cv-title\"><a href=\"https:\/\/zonales.quito.gob.ec\/?p=436337\" class=\"_self\" target=\"_self\" >ALAMBRISMO\/PRODUCCI\u00d3N ARTESANAL Y MANUALIDADES\/ BONSAIS DECORATIVOS<\/a><\/h3>\n<div class=\"pt-cv-content\">CASA SOMOS CONOCOTO Descripci\u00f3n:En nuestro taller\u00a0\u00a0aprender\u00e1s paso a paso las t\u00e9cnicas art\u00edsticas para entrelazar, moldear y dar volumen al alambre y los mullos, creando hermosas y detalladas r\u00e9plicas de \u00e1rboles ...<br \/><div class=\"pt-cv-rmwrap\"><a href=\"https:\/\/zonales.quito.gob.ec\/?p=436337\" class=\"_self pt-cv-readmore btn btn-success\" target=\"_self\">Leer M\u00e1s<\/a><\/div><\/div><\/div><\/div>\n<div class=\"col-md-4 col-sm-6 col-xs-12 pt-cv-content-item pt-cv-1-col\" ><div class='pt-cv-ifield'><a href=\"https:\/\/zonales.quito.gob.ec\/?p=435970\" class=\"_self pt-cv-href-thumbnail pt-cv-thumb-default\" target=\"_self\" ><img loading=\"lazy\" decoding=\"async\" width=\"450\" height=\"169\" src=\"https:\/\/zonales.quito.gob.ec\/wp-content\/uploads\/AMIGURUMIS-9.jpg\" class=\"pt-cv-thumbnail\" alt=\"\" \/><\/a>\n<h3 class=\"pt-cv-title\"><a href=\"https:\/\/zonales.quito.gob.ec\/?p=435970\" class=\"_self\" target=\"_self\" >AMIGURUMIS NAVIDE\u00d1OS\/PRODUCCI\u00d3N ARTESANAL Y MANUALIDADES<\/a><\/h3>\n<div class=\"pt-cv-content\">CASA SOMOS SAN JOS\u00c9 DE MONJAS Men\u00fa Informaci\u00f3n 57 Casas Somos Quito Talleres Deja t\u00fa opini\u00f3n Calder\u00f3n Choc\u00f3 Andino Eugenio Espejo Eloy Alfaro La Mariscal La Delicia Los Chillos Manuela ...<br \/><div class=\"pt-cv-rmwrap\"><a href=\"https:\/\/zonales.quito.gob.ec\/?p=435970\" class=\"_self pt-cv-readmore btn btn-success\" target=\"_self\">Leer M\u00e1s<\/a><\/div><\/div><\/div><\/div>\n<div class=\"col-md-4 col-sm-6 col-xs-12 pt-cv-content-item pt-cv-1-col\" ><div class='pt-cv-ifield'><a href=\"https:\/\/zonales.quito.gob.ec\/?p=381868\" class=\"_self pt-cv-href-thumbnail pt-cv-thumb-default\" target=\"_self\" ><img loading=\"lazy\" decoding=\"async\" width=\"375\" height=\"250\" src=\"https:\/\/zonales.quito.gob.ec\/wp-content\/uploads\/PRODUCTOS-DE-LIMPIEZA-2.jpeg\" class=\"pt-cv-thumbnail\" alt=\"\" \/><\/a>\n<h3 class=\"pt-cv-title\"><a href=\"https:\/\/zonales.quito.gob.ec\/?p=381868\" class=\"_self\" target=\"_self\" >PRODUCTOS DE LIMPIEZA\/PRODUCCI\u00d3N ARTESANAL\/PERMANENTE<\/a><\/h3>\n<div class=\"pt-cv-content\">CASA SOMOS AMAGUA\u00d1A Descripci\u00f3n:Es un espacio para desarrollar\u00a0 capacidades relacionadas\u00a0 con el cuidado del hogar ,organizaci\u00f3n, seguridad y cosmetolog\u00eda y el uso eficiente\u00a0 y seguro de los productos qu\u00edmicos\u00a0 para ...<br \/><div class=\"pt-cv-rmwrap\"><a href=\"https:\/\/zonales.quito.gob.ec\/?p=381868\" class=\"_self pt-cv-readmore btn btn-success\" target=\"_self\">Leer M\u00e1s<\/a><\/div><\/div><\/div><\/div>\n<div class=\"col-md-4 col-sm-6 col-xs-12 pt-cv-content-item pt-cv-1-col\" ><div class='pt-cv-ifield'><a href=\"https:\/\/zonales.quito.gob.ec\/?p=381901\" class=\"_self pt-cv-href-thumbnail pt-cv-thumb-default\" target=\"_self\" ><img loading=\"lazy\" decoding=\"async\" width=\"450\" height=\"250\" src=\"https:\/\/zonales.quito.gob.ec\/wp-content\/uploads\/manualidades-navidenas-faciles-de-hacer-450x250.jpg\" class=\"pt-cv-thumbnail\" alt=\"\" \/><\/a>\n<h3 class=\"pt-cv-title\"><a href=\"https:\/\/zonales.quito.gob.ec\/?p=381901\" class=\"_self\" target=\"_self\" >MANUALIDADES NAVIDE\u00d1AS\/PRODUCCI\u00d3N ARTESANAL Y MANUALIDADES\/PERMANENTE<\/a><\/h3>\n<div class=\"pt-cv-content\">CASA SOMOS AMAGUA\u00d1A Descripci\u00f3n:El objetivo\u00a0 del taller de Manualidades Navide\u00f1as\u00a0 es fomentar la creatividad y habilidades manuales\u00a0 de los participantes a trav\u00e9z\u00a0 de la elaboraci\u00f3n\u00a0 de cada proyecto trabajo en ...<br \/><div class=\"pt-cv-rmwrap\"><a href=\"https:\/\/zonales.quito.gob.ec\/?p=381901\" class=\"_self pt-cv-readmore btn btn-success\" target=\"_self\">Leer M\u00e1s<\/a><\/div><\/div><\/div><\/div>\n<div class=\"col-md-4 col-sm-6 col-xs-12 pt-cv-content-item pt-cv-1-col\" ><div class='pt-cv-ifield'><a href=\"https:\/\/zonales.quito.gob.ec\/?p=435404\" class=\"_self pt-cv-href-thumbnail pt-cv-thumb-default\" target=\"_self\" ><img loading=\"lazy\" decoding=\"async\" width=\"450\" height=\"225\" src=\"https:\/\/zonales.quito.gob.ec\/wp-content\/uploads\/adornos-navidenos-ac.jpg\" class=\"pt-cv-thumbnail\" alt=\"\" \/><\/a>\n<h3 class=\"pt-cv-title\"><a href=\"https:\/\/zonales.quito.gob.ec\/?p=435404\" class=\"_self\" target=\"_self\" >ADORNOS DE HOGAR\/PRODUCCI\u00d3N ARTESANAL Y MANUALIDADES\/ADORNOS NAVIDE\u00d1OS<\/a><\/h3>\n<div class=\"pt-cv-content\">CASA SOMOS ROLD\u00d3S PISULL\u00cd Descripci\u00f3n:Los adornos navide\u00f1os tienen una profunda carga simb\u00f3lica, hist\u00f3rica y emocional. M\u00e1s all\u00e1 de embellecer los hogares y los espacios comunitarios, cada elemento tradicional representa valores, ...<br \/><div class=\"pt-cv-rmwrap\"><a href=\"https:\/\/zonales.quito.gob.ec\/?p=435404\" class=\"_self pt-cv-readmore btn btn-success\" target=\"_self\">Leer M\u00e1s<\/a><\/div><\/div><\/div><\/div>\n<div class=\"col-md-4 col-sm-6 col-xs-12 pt-cv-content-item pt-cv-1-col\" ><div class='pt-cv-ifield'><a href=\"https:\/\/zonales.quito.gob.ec\/?p=434932\" class=\"_self pt-cv-href-thumbnail pt-cv-thumb-default\" target=\"_self\" ><img loading=\"lazy\" decoding=\"async\" width=\"203\" height=\"250\" src=\"https:\/\/zonales.quito.gob.ec\/wp-content\/uploads\/descarga-3-6.jpg\" class=\"pt-cv-thumbnail\" alt=\"\" \/><\/a>\n<h3 class=\"pt-cv-title\"><a href=\"https:\/\/zonales.quito.gob.ec\/?p=434932\" class=\"_self\" target=\"_self\" >MU\u00d1EQUER\u00cdA DE NAVIDAD Y HOGAR\/PRODUCCI\u00d3N ARTESANAL Y MANUALIDADES<\/a><\/h3>\n<div class=\"pt-cv-content\">CASA SOMOS GUALO Descripci\u00f3n:En este taller los participantes aprender\u00e1n a elaborar varios adornos para el hogar en tela, madera, etc. Informaci\u00f3n Adicional Modalidad:PresencialResponsable del taller:Maribel Cajas.Horario de atenci\u00f3n:Lunes y Viernes15:00 ...<br \/><div class=\"pt-cv-rmwrap\"><a href=\"https:\/\/zonales.quito.gob.ec\/?p=434932\" class=\"_self pt-cv-readmore btn btn-success\" target=\"_self\">Leer M\u00e1s<\/a><\/div><\/div><\/div><\/div>\n<div class=\"col-md-4 col-sm-6 col-xs-12 pt-cv-content-item pt-cv-1-col\" ><div class='pt-cv-ifield'><a href=\"https:\/\/zonales.quito.gob.ec\/?p=432574\" class=\"_self pt-cv-href-thumbnail pt-cv-thumb-default\" target=\"_self\" ><img loading=\"lazy\" decoding=\"async\" width=\"152\" height=\"250\" src=\"https:\/\/zonales.quito.gob.ec\/wp-content\/uploads\/velas-1.png\" class=\"pt-cv-thumbnail\" alt=\"\" \/><\/a>\n<h3 class=\"pt-cv-title\"><a href=\"https:\/\/zonales.quito.gob.ec\/?p=432574\" class=\"_self\" target=\"_self\" >VELAS\/ PRODUCCI\u00d3N ARTESANAL Y MANUALIDADES<\/a><\/h3>\n<div class=\"pt-cv-content\">CASA SOMOS GUALO Descripci\u00f3n:Hacer velas caseras es un proyecto sencillo y econ\u00f3mico. Solo necesitas derretir cera, a\u00f1adir colorantes o esencias.\u00a0Puedes personalizarlas completamente seg\u00fan tus gustos en pocos pasos. Informaci\u00f3n Adicional ...<br \/><div class=\"pt-cv-rmwrap\"><a href=\"https:\/\/zonales.quito.gob.ec\/?p=432574\" class=\"_self pt-cv-readmore btn btn-success\" target=\"_self\">Leer M\u00e1s<\/a><\/div><\/div><\/div><\/div>\n<div class=\"col-md-4 col-sm-6 col-xs-12 pt-cv-content-item pt-cv-1-col\" ><div class='pt-cv-ifield'><a href=\"https:\/\/zonales.quito.gob.ec\/?p=434835\" class=\"_self pt-cv-href-thumbnail pt-cv-thumb-default\" target=\"_self\" ><img loading=\"lazy\" decoding=\"async\" width=\"450\" height=\"250\" src=\"https:\/\/zonales.quito.gob.ec\/wp-content\/uploads\/decoracion-en-globos-1-450x250.jpg\" class=\"pt-cv-thumbnail\" alt=\"\" \/><\/a>\n<h3 class=\"pt-cv-title\"><a href=\"https:\/\/zonales.quito.gob.ec\/?p=434835\" class=\"_self\" target=\"_self\" >GLOBO ARTE Y DECORACI\u00d3N\/PRODUCCI\u00d3N ARTESANAL Y MANUALIDADES\/AVANZADO<\/a><\/h3>\n<div class=\"pt-cv-content\">CASA SOMOS TUMBACO Descripci\u00f3n:En el taller de Arte en Globos se aprende a manipular, inflar y combinar globos para crear desde figuras sencillas hasta decoraciones profesionales para eventos Informaci\u00f3n Adicional ...<br \/><div class=\"pt-cv-rmwrap\"><a href=\"https:\/\/zonales.quito.gob.ec\/?p=434835\" class=\"_self pt-cv-readmore btn btn-success\" target=\"_self\">Leer M\u00e1s<\/a><\/div><\/div><\/div><\/div>\n<div class=\"col-md-4 col-sm-6 col-xs-12 pt-cv-content-item pt-cv-1-col\" ><div class='pt-cv-ifield'><a href=\"https:\/\/zonales.quito.gob.ec\/?p=434836\" class=\"_self pt-cv-href-thumbnail pt-cv-thumb-default\" target=\"_self\" ><img loading=\"lazy\" decoding=\"async\" width=\"236\" height=\"236\" src=\"https:\/\/zonales.quito.gob.ec\/wp-content\/uploads\/yute-1.jpg\" class=\"pt-cv-thumbnail\" alt=\"\" \/><\/a>\n<h3 class=\"pt-cv-title\"><a href=\"https:\/\/zonales.quito.gob.ec\/?p=434836\" class=\"_self\" target=\"_self\" >MANUALIDADES NAVIDE\u00d1AS\/PRODUCCI\u00d3N ARTESANAL Y MANUALIDADES\/YUTE AVANZADO<\/a><\/h3>\n<div class=\"pt-cv-content\">CASA SOMOS TUMBACO Descripci\u00f3n:En el taller de Yute se aprende a trabajar esta fibra natural mediante t\u00e9cnicas de tejido, trenzado y pegado para crear objetos decorativos, utilitarios y artesanales Informaci\u00f3n ...<br \/><div class=\"pt-cv-rmwrap\"><a href=\"https:\/\/zonales.quito.gob.ec\/?p=434836\" class=\"_self pt-cv-readmore btn btn-success\" target=\"_self\">Leer M\u00e1s<\/a><\/div><\/div><\/div><\/div>\n<div class=\"col-md-4 col-sm-6 col-xs-12 pt-cv-content-item pt-cv-1-col\" ><div class='pt-cv-ifield'><a href=\"https:\/\/zonales.quito.gob.ec\/?p=434646\" class=\"_self pt-cv-href-thumbnail pt-cv-thumb-default\" target=\"_self\" ><img loading=\"lazy\" decoding=\"async\" width=\"346\" height=\"250\" src=\"https:\/\/zonales.quito.gob.ec\/wp-content\/uploads\/JABONES-1.png\" class=\"pt-cv-thumbnail\" alt=\"\" \/><\/a>\n<h3 class=\"pt-cv-title\"><a href=\"https:\/\/zonales.quito.gob.ec\/?p=434646\" class=\"_self\" target=\"_self\" >JABONES COSM\u00c9TICOS Y DECORATIVOS\/PRODUCCI\u00d3N ARTESANAL Y MANUALIDADES<\/a><\/h3>\n<div class=\"pt-cv-content\">CASA SOMOS GUALO Descripci\u00f3n:La elaboraci\u00f3n de jabones cosm\u00e9ticos y decorativos es una disciplina que fusiona la qu\u00edmica del cuidado de la piel con la expresi\u00f3n art\u00edstica, permitiendo crear desde barras ...<br \/><div class=\"pt-cv-rmwrap\"><a href=\"https:\/\/zonales.quito.gob.ec\/?p=434646\" class=\"_self pt-cv-readmore btn btn-success\" target=\"_self\">Leer M\u00e1s<\/a><\/div><\/div><\/div><\/div>\n<div class=\"col-md-4 col-sm-6 col-xs-12 pt-cv-content-item pt-cv-1-col\" ><div class='pt-cv-ifield'><a href=\"https:\/\/zonales.quito.gob.ec\/?p=378276\" class=\"_self pt-cv-href-thumbnail pt-cv-thumb-default\" target=\"_self\" ><img loading=\"lazy\" decoding=\"async\" width=\"302\" height=\"250\" src=\"https:\/\/zonales.quito.gob.ec\/wp-content\/uploads\/DD8903F5-8109-4DC3-AFD6-7A26FF52F310.png\" class=\"pt-cv-thumbnail\" alt=\"\" \/><\/a>\n<h3 class=\"pt-cv-title\"><a href=\"https:\/\/zonales.quito.gob.ec\/?p=378276\" class=\"_self\" target=\"_self\" >BISUTER\u00cdA\/PRODUCCI\u00d3N ARTESANAL Y MANUALIDADES\/MATUTINO<\/a><\/h3>\n<div class=\"pt-cv-content\">CASA SOMOS AMAGUA\u00d1A Descripci\u00f3n:Este proyecto ha sido creado con la finalidad de ense\u00f1ar y dar a conocer a los participantes c\u00f3mo se elaboran productos artesanales hechos a mano, tales como ...<br \/><div class=\"pt-cv-rmwrap\"><a href=\"https:\/\/zonales.quito.gob.ec\/?p=378276\" class=\"_self pt-cv-readmore btn btn-success\" target=\"_self\">Leer M\u00e1s<\/a><\/div><\/div><\/div><\/div>\n<div class=\"col-md-4 col-sm-6 col-xs-12 pt-cv-content-item pt-cv-1-col\" ><div class='pt-cv-ifield'><a href=\"https:\/\/zonales.quito.gob.ec\/?p=434395\" class=\"_self pt-cv-href-thumbnail pt-cv-thumb-default\" target=\"_self\" ><img loading=\"lazy\" decoding=\"async\" width=\"450\" height=\"234\" src=\"https:\/\/zonales.quito.gob.ec\/wp-content\/uploads\/COSTURA-2.jpg\" class=\"pt-cv-thumbnail\" alt=\"\" \/><\/a>\n<h3 class=\"pt-cv-title\"><a href=\"https:\/\/zonales.quito.gob.ec\/?p=434395\" class=\"_self\" target=\"_self\" >COSTURA\/PRODUCCI\u00d3N ARTESANAL Y MANUALIDADES<\/a><\/h3>\n<div class=\"pt-cv-content\">CASA SOMOS ALANGAS\u00cd Descripci\u00f3n:Aprender a realizar diferentes emprendimientos innovadores.\u00a0 Informaci\u00f3n Adicional Modalidad: Presencial Responsable del taller: In\u00e9s Lara Horario de atenci\u00f3n: Mi\u00e9rcoles 15:00 - 16:00 Fecha de inicio de taller: ...<br \/><div class=\"pt-cv-rmwrap\"><a href=\"https:\/\/zonales.quito.gob.ec\/?p=434395\" class=\"_self pt-cv-readmore btn btn-success\" target=\"_self\">Leer M\u00e1s<\/a><\/div><\/div><\/div><\/div>\n<div class=\"col-md-4 col-sm-6 col-xs-12 pt-cv-content-item pt-cv-1-col\" ><div class='pt-cv-ifield'><a href=\"https:\/\/zonales.quito.gob.ec\/?p=434248\" class=\"_self pt-cv-href-thumbnail pt-cv-thumb-default\" target=\"_self\" ><img loading=\"lazy\" decoding=\"async\" width=\"151\" height=\"250\" src=\"https:\/\/zonales.quito.gob.ec\/wp-content\/uploads\/fofuchas.png\" class=\"pt-cv-thumbnail\" alt=\"\" \/><\/a>\n<h3 class=\"pt-cv-title\"><a href=\"https:\/\/zonales.quito.gob.ec\/?p=434248\" class=\"_self\" target=\"_self\" >FOFUCHAS\/ PRODUCCI\u00d3N ARTESANAL Y MANUALIDADES<\/a><\/h3>\n<div class=\"pt-cv-content\">CASA SOMOS GUALO Descripci\u00f3n:Las fofuchas son mu\u00f1ecas tridimensionales hechas a mano, creadas principalmente con l\u00e1minas de fomix y esferas de poliestireno. Informaci\u00f3n Adicional Modalidad:PresencialResponsable del taller:M\u00f3nica Acero.Horario de atenci\u00f3n:Mi\u00e9rcoles.16:00 a ...<br \/><div class=\"pt-cv-rmwrap\"><a href=\"https:\/\/zonales.quito.gob.ec\/?p=434248\" class=\"_self pt-cv-readmore btn btn-success\" target=\"_self\">Leer M\u00e1s<\/a><\/div><\/div><\/div><\/div>\n<div class=\"col-md-4 col-sm-6 col-xs-12 pt-cv-content-item pt-cv-1-col\" ><div class='pt-cv-ifield'><a href=\"https:\/\/zonales.quito.gob.ec\/?p=434238\" class=\"_self pt-cv-href-thumbnail pt-cv-thumb-default\" target=\"_self\" ><img loading=\"lazy\" decoding=\"async\" width=\"381\" height=\"250\" src=\"https:\/\/zonales.quito.gob.ec\/wp-content\/uploads\/elaboracion-de-cremas.png\" class=\"pt-cv-thumbnail\" alt=\"\" \/><\/a>\n<h3 class=\"pt-cv-title\"><a href=\"https:\/\/zonales.quito.gob.ec\/?p=434238\" class=\"_self\" target=\"_self\" >CREMAS NATURALES\/PRODUCCI\u00d3N ARTESANAL Y MANUALIDADES<\/a><\/h3>\n<div class=\"pt-cv-content\">CASA SOMOS GUALO Descripci\u00f3n:La elaboraci\u00f3n de cremas naturales requiere unir agua y aceite mediante un emulsionante, garantizando estabilidad con un conservante y precisi\u00f3n en el pH (4.5 a 5.5). Formular ...<br \/><div class=\"pt-cv-rmwrap\"><a href=\"https:\/\/zonales.quito.gob.ec\/?p=434238\" class=\"_self pt-cv-readmore btn btn-success\" target=\"_self\">Leer M\u00e1s<\/a><\/div><\/div><\/div><\/div>\n<div class=\"col-md-4 col-sm-6 col-xs-12 pt-cv-content-item pt-cv-1-col\" ><div class='pt-cv-ifield'><a href=\"https:\/\/zonales.quito.gob.ec\/?p=434196\" class=\"_self pt-cv-href-thumbnail pt-cv-thumb-default\" target=\"_self\" ><img loading=\"lazy\" decoding=\"async\" width=\"151\" height=\"250\" src=\"https:\/\/zonales.quito.gob.ec\/wp-content\/uploads\/caritas-faccionadas-3.png\" class=\"pt-cv-thumbnail\" alt=\"\" \/><\/a>\n<h3 class=\"pt-cv-title\"><a href=\"https:\/\/zonales.quito.gob.ec\/?p=434196\" class=\"_self\" target=\"_self\" >CARITAS FACCIONADAS\/PRODUCCI\u00d3N ARTESANAL Y MANUALIDADES\/B\u00c1SICO<\/a><\/h3>\n<div class=\"pt-cv-content\">CASA SOMOS GUALO Descripci\u00f3n:Las caritas faccionadas son rostros de mu\u00f1ecos elaborados en tela a los que se les da forma, relieve y expresi\u00f3n tridimensional mediante puntadas e hilos que presionan ...<br \/><div class=\"pt-cv-rmwrap\"><a href=\"https:\/\/zonales.quito.gob.ec\/?p=434196\" class=\"_self pt-cv-readmore btn btn-success\" target=\"_self\">Leer M\u00e1s<\/a><\/div><\/div><\/div><\/div>\n<div class=\"col-md-4 col-sm-6 col-xs-12 pt-cv-content-item pt-cv-1-col\" ><div class='pt-cv-ifield'><a href=\"https:\/\/zonales.quito.gob.ec\/?p=413607\" class=\"_self pt-cv-href-thumbnail pt-cv-thumb-default\" target=\"_self\" ><img loading=\"lazy\" decoding=\"async\" width=\"348\" height=\"250\" src=\"https:\/\/zonales.quito.gob.ec\/wp-content\/uploads\/WhatsApp-Image-2026-04-02-at-10.59.23-1.jpeg\" class=\"pt-cv-thumbnail\" alt=\"\" \/><\/a>\n<h3 class=\"pt-cv-title\"><a href=\"https:\/\/zonales.quito.gob.ec\/?p=413607\" class=\"_self\" target=\"_self\" >ROSAS Y FIGURAS EN LIMPIAPIPAS \/PRODUCCI\u00d3N ARTESANAL Y MANUALIDADES<\/a><\/h3>\n<div class=\"pt-cv-content\">CASA SOMOS BULEVAR Descripci\u00f3n:Aprender a crear rosas eternas con cinta y limpiapipas permite elaborar manualidades duraderas y moldeables Informaci\u00f3n Adicional Modalidad:Presencial\u00a0Responsable del taller:Marcela ViteriHorario de atenci\u00f3n:Mi\u00e9rcoles 15:00 A 17:00Fecha de ...<br \/><div class=\"pt-cv-rmwrap\"><a href=\"https:\/\/zonales.quito.gob.ec\/?p=413607\" class=\"_self pt-cv-readmore btn btn-success\" target=\"_self\">Leer M\u00e1s<\/a><\/div><\/div><\/div><\/div>\n<div class=\"col-md-4 col-sm-6 col-xs-12 pt-cv-content-item pt-cv-1-col\" ><div class='pt-cv-ifield'><a href=\"https:\/\/zonales.quito.gob.ec\/?p=433867\" class=\"_self pt-cv-href-thumbnail pt-cv-thumb-default\" target=\"_self\" ><img loading=\"lazy\" decoding=\"async\" width=\"450\" height=\"241\" src=\"https:\/\/zonales.quito.gob.ec\/wp-content\/uploads\/bordado.png\" class=\"pt-cv-thumbnail\" alt=\"\" \/><\/a>\n<h3 class=\"pt-cv-title\"><a href=\"https:\/\/zonales.quito.gob.ec\/?p=433867\" class=\"_self\" target=\"_self\" >BORDADO\/PRODUCCI\u00d3N ARTESANAL Y MANUALIDADES\/B\u00c1SICO<\/a><\/h3>\n<div class=\"pt-cv-content\">CASA SOMOS GUALO Descripci\u00f3n:Es el m\u00e9todo cl\u00e1sico y artesanal donde cada puntada se realiza de manera individual. Destaca por su alto valor cultural, nivel de detalle y el control total ...<br \/><div class=\"pt-cv-rmwrap\"><a href=\"https:\/\/zonales.quito.gob.ec\/?p=433867\" class=\"_self pt-cv-readmore btn btn-success\" target=\"_self\">Leer M\u00e1s<\/a><\/div><\/div><\/div><\/div>\n<div class=\"col-md-4 col-sm-6 col-xs-12 pt-cv-content-item pt-cv-1-col\" ><div class='pt-cv-ifield'><a href=\"https:\/\/zonales.quito.gob.ec\/?p=433766\" class=\"_self pt-cv-href-thumbnail pt-cv-thumb-default\" target=\"_self\" ><img loading=\"lazy\" decoding=\"async\" width=\"188\" height=\"250\" src=\"https:\/\/zonales.quito.gob.ec\/wp-content\/uploads\/bonsai-1-1.jpg\" class=\"pt-cv-thumbnail\" alt=\"\" \/><\/a>\n<h3 class=\"pt-cv-title\"><a href=\"https:\/\/zonales.quito.gob.ec\/?p=433766\" class=\"_self\" target=\"_self\" >ALAMBRISMO\/PRODUCCI\u00d3N ARTESANAL Y MANUALIDADES\/TODO P\u00daBLICO EXT: BARRIO LAS MAR\u00cdAS<\/a><\/h3>\n<div class=\"pt-cv-content\">CASA SOMOS EXT. LAS MAR\u00cdAS - TUMBACO Descripci\u00f3n:En este taller te ense\u00f1a a crear r\u00e9plicas artesanales miniatura utilizando t\u00e9cnicas de alambrismo, combinando alambre de cobre o aluminio con mostacillas para ...<br \/><div class=\"pt-cv-rmwrap\"><a href=\"https:\/\/zonales.quito.gob.ec\/?p=433766\" class=\"_self pt-cv-readmore btn btn-success\" target=\"_self\">Leer M\u00e1s<\/a><\/div><\/div><\/div><\/div>\n<div class=\"col-md-4 col-sm-6 col-xs-12 pt-cv-content-item pt-cv-1-col\" ><div class='pt-cv-ifield'><a href=\"https:\/\/zonales.quito.gob.ec\/?p=433327\" class=\"_self pt-cv-href-thumbnail pt-cv-thumb-default\" target=\"_self\" ><img loading=\"lazy\" decoding=\"async\" width=\"247\" height=\"250\" src=\"https:\/\/zonales.quito.gob.ec\/wp-content\/uploads\/ARTE-EN-METAL.jpg\" class=\"pt-cv-thumbnail\" alt=\"\" \/><\/a>\n<h3 class=\"pt-cv-title\"><a href=\"https:\/\/zonales.quito.gob.ec\/?p=433327\" class=\"_self\" target=\"_self\" >ARTE EN METAL\/PRODUCCI\u00d3N ARTESANAL Y MANUALIDADES<\/a><\/h3>\n<div class=\"pt-cv-content\">CASA SOMOS GUALO Descripci\u00f3n:El arte en metal abarca una inmensa variedad de t\u00e9cnicas y estilos que transforman materiales r\u00edgidos en piezas con movimiento, textura y profunda expresividad. Desde la reutilizaci\u00f3n ...<br \/><div class=\"pt-cv-rmwrap\"><a href=\"https:\/\/zonales.quito.gob.ec\/?p=433327\" class=\"_self pt-cv-readmore btn btn-success\" target=\"_self\">Leer M\u00e1s<\/a><\/div><\/div><\/div><\/div>\n<div class=\"col-md-4 col-sm-6 col-xs-12 pt-cv-content-item pt-cv-1-col\" ><div class='pt-cv-ifield'><a href=\"https:\/\/zonales.quito.gob.ec\/?p=433121\" class=\"_self pt-cv-href-thumbnail pt-cv-thumb-default\" target=\"_self\" ><img loading=\"lazy\" decoding=\"async\" width=\"372\" height=\"250\" src=\"https:\/\/zonales.quito.gob.ec\/wp-content\/uploads\/FLORES-ETERNAS-EN-CINTA1.jpg\" class=\"pt-cv-thumbnail\" alt=\"\" \/><\/a>\n<h3 class=\"pt-cv-title\"><a href=\"https:\/\/zonales.quito.gob.ec\/?p=433121\" class=\"_self\" target=\"_self\" >FLORES EN CINTA\/ PRODUCCI\u00d3N ARTESANAL Y MANUALIDADES\/ B\u00c1SICO<\/a><\/h3>\n<div class=\"pt-cv-content\">CASA SOMOS GUALO Descripci\u00f3n:Las\u00a0flores eternas son arreglos artesanales elaborados con cinta. Son populares para ramos de regalo, decoraci\u00f3n del hogar y emprendimientos debido a su durabilidad y acabado est\u00e9tico. Informaci\u00f3n ...<br \/><div class=\"pt-cv-rmwrap\"><a href=\"https:\/\/zonales.quito.gob.ec\/?p=433121\" class=\"_self pt-cv-readmore btn btn-success\" target=\"_self\">Leer M\u00e1s<\/a><\/div><\/div><\/div><\/div>\n<div class=\"col-md-4 col-sm-6 col-xs-12 pt-cv-content-item pt-cv-1-col\" ><div class='pt-cv-ifield'><a href=\"https:\/\/zonales.quito.gob.ec\/?p=433253\" class=\"_self pt-cv-href-thumbnail pt-cv-thumb-default\" target=\"_self\" ><img loading=\"lazy\" decoding=\"async\" width=\"371\" height=\"250\" src=\"https:\/\/zonales.quito.gob.ec\/wp-content\/uploads\/image_e4450c8c.png\" class=\"pt-cv-thumbnail\" alt=\"\" \/><\/a>\n<h3 class=\"pt-cv-title\"><a href=\"https:\/\/zonales.quito.gob.ec\/?p=433253\" class=\"_self\" target=\"_self\" >SUE\u00d1OS EN CROCHET Y AGUJETAS\/PRODUCCI\u00d3N ARTESANAL Y MANUALIDADES\/AVANZADO<\/a><\/h3>\n<div class=\"pt-cv-content\">CASA SOMOS GUALO Descripci\u00f3n:Es un espacio de formaci\u00f3n t\u00e9cnica dise\u00f1ado para tejedores que ya dominan los puntos b\u00e1sicos y buscan confeccionar prendas profesionales, sin costuras y con un ajuste perfecto ...<br \/><div class=\"pt-cv-rmwrap\"><a href=\"https:\/\/zonales.quito.gob.ec\/?p=433253\" class=\"_self pt-cv-readmore btn btn-success\" target=\"_self\">Leer M\u00e1s<\/a><\/div><\/div><\/div><\/div>\n<div class=\"col-md-4 col-sm-6 col-xs-12 pt-cv-content-item pt-cv-1-col\" ><div class='pt-cv-ifield'><a href=\"https:\/\/zonales.quito.gob.ec\/?p=433251\" class=\"_self pt-cv-href-thumbnail pt-cv-thumb-default\" target=\"_self\" ><img loading=\"lazy\" decoding=\"async\" width=\"444\" height=\"250\" src=\"https:\/\/zonales.quito.gob.ec\/wp-content\/uploads\/Bisuteria_artesanal-840x473-2.jpg\" class=\"pt-cv-thumbnail\" alt=\"\" \/><\/a>\n<h3 class=\"pt-cv-title\"><a href=\"https:\/\/zonales.quito.gob.ec\/?p=433251\" class=\"_self\" target=\"_self\" >BISUTER\u00cdA\/PRODUCCI\u00d3N ARTESANAL Y MANUALIDADES<\/a><\/h3>\n<div class=\"pt-cv-content\">CASA SOMOS ALANGAS\u00cd Descripci\u00f3n:Aprender a elaborar diferentes joyas entre aretes, pulseras, anillos y cadenas.\u00a0 Informaci\u00f3n Adicional Modalidad: Presencial Responsable del taller: Emperatriz Simba\u00f1a Horario de atenci\u00f3n: S\u00e1bado 11:00 - 12:00 ...<br \/><div class=\"pt-cv-rmwrap\"><a href=\"https:\/\/zonales.quito.gob.ec\/?p=433251\" class=\"_self pt-cv-readmore btn btn-success\" target=\"_self\">Leer M\u00e1s<\/a><\/div><\/div><\/div><\/div>\n<div class=\"col-md-4 col-sm-6 col-xs-12 pt-cv-content-item pt-cv-1-col\" ><div class='pt-cv-ifield'><a href=\"https:\/\/zonales.quito.gob.ec\/?p=433252\" class=\"_self pt-cv-href-thumbnail pt-cv-thumb-default\" target=\"_self\" ><img loading=\"lazy\" decoding=\"async\" width=\"401\" height=\"250\" src=\"https:\/\/zonales.quito.gob.ec\/wp-content\/uploads\/image_b5020fa8.png\" class=\"pt-cv-thumbnail\" alt=\"\" \/><\/a>\n<h3 class=\"pt-cv-title\"><a href=\"https:\/\/zonales.quito.gob.ec\/?p=433252\" class=\"_self\" target=\"_self\" >SUE\u00d1OS EN CROCHET Y AGUJETAS\/PRODUCCI\u00d3N ARTESANAL Y MANUALIDADES\/B\u00c1SICO<\/a><\/h3>\n<div class=\"pt-cv-content\">CASA SOMOS GUALO Descripci\u00f3n:El taller de crochet y dos agujas te permite transformar un simple ovillo de lana en prendas \u00fanicas, estimulando tu creatividad y concentraci\u00f3n. Informaci\u00f3n Adicional Modalidad:PresencialResponsable del ...<br \/><div class=\"pt-cv-rmwrap\"><a href=\"https:\/\/zonales.quito.gob.ec\/?p=433252\" class=\"_self pt-cv-readmore btn btn-success\" target=\"_self\">Leer M\u00e1s<\/a><\/div><\/div><\/div><\/div>\n<div class=\"col-md-4 col-sm-6 col-xs-12 pt-cv-content-item pt-cv-1-col\" ><div class='pt-cv-ifield'><a href=\"https:\/\/zonales.quito.gob.ec\/?p=433241\" class=\"_self pt-cv-href-thumbnail pt-cv-thumb-default\" target=\"_self\" ><img loading=\"lazy\" decoding=\"async\" width=\"375\" height=\"250\" src=\"https:\/\/zonales.quito.gob.ec\/wp-content\/uploads\/decora-con-tecnicas-de-globoflexia-creativas-esculturas-de-globos-para-tu-fiesta-1-1.jpg\" class=\"pt-cv-thumbnail\" alt=\"\" \/><\/a>\n<h3 class=\"pt-cv-title\"><a href=\"https:\/\/zonales.quito.gob.ec\/?p=433241\" class=\"_self\" target=\"_self\" >GLOBOFLEXIA\/PRODUCCI\u00d3N ARTESANAL Y MANUALIDADES<\/a><\/h3>\n<div class=\"pt-cv-content\">CASA SOMOS ALANGAS\u00cd Descripci\u00f3n:Impulsar la creatividad, realizando diferentes figuras con la t\u00e9cnica de globoflexia Informaci\u00f3n Adicional Modalidad: Presencial Responsable del taller: Katherine Sanipat\u00edn Horario de atenci\u00f3n: S\u00e1bado 10:00 - 11:00 ...<br \/><div class=\"pt-cv-rmwrap\"><a href=\"https:\/\/zonales.quito.gob.ec\/?p=433241\" class=\"_self pt-cv-readmore btn btn-success\" target=\"_self\">Leer M\u00e1s<\/a><\/div><\/div><\/div><\/div>\n<div class=\"col-md-4 col-sm-6 col-xs-12 pt-cv-content-item pt-cv-1-col\" ><div class='pt-cv-ifield'><a href=\"https:\/\/zonales.quito.gob.ec\/?p=433213\" class=\"_self pt-cv-href-thumbnail pt-cv-thumb-default\" target=\"_self\" ><img loading=\"lazy\" decoding=\"async\" width=\"450\" height=\"250\" src=\"https:\/\/zonales.quito.gob.ec\/wp-content\/uploads\/ELABORACION-DE-VELAS-NAVIDENAS-450x250.jpg\" class=\"pt-cv-thumbnail\" alt=\"\" \/><\/a>\n<h3 class=\"pt-cv-title\"><a href=\"https:\/\/zonales.quito.gob.ec\/?p=433213\" class=\"_self\" target=\"_self\" >ELABORACI\u00d3N DE VELAS DECORATIVAS\/PRODUCCI\u00d3N ARTESANAL Y MANUALIDADES<\/a><\/h3>\n<div class=\"pt-cv-content\">CASA SOMOS ALANGAS\u00cd Descripci\u00f3n:Aprender a elaborar velas decorativas para la \u00e9poca navide\u00f1a\u00a0 Informaci\u00f3n Adicional Modalidad: Presencial Responsable del taller: Carla Ch\u00e1vez Horario de atenci\u00f3n: Lunes 11:00 - 12:00 Fecha de ...<br \/><div class=\"pt-cv-rmwrap\"><a href=\"https:\/\/zonales.quito.gob.ec\/?p=433213\" class=\"_self pt-cv-readmore btn btn-success\" target=\"_self\">Leer M\u00e1s<\/a><\/div><\/div><\/div><\/div>\n<div class=\"col-md-4 col-sm-6 col-xs-12 pt-cv-content-item pt-cv-1-col\" ><div class='pt-cv-ifield'><a href=\"https:\/\/zonales.quito.gob.ec\/?p=432165\" class=\"_self pt-cv-href-thumbnail pt-cv-thumb-default\" target=\"_self\" ><img loading=\"lazy\" decoding=\"async\" width=\"334\" height=\"250\" src=\"https:\/\/zonales.quito.gob.ec\/wp-content\/uploads\/TEJIDO-Y-AMIGURUMI-BASICO.jpg\" class=\"pt-cv-thumbnail\" alt=\"\" \/><\/a>\n<h3 class=\"pt-cv-title\"><a href=\"https:\/\/zonales.quito.gob.ec\/?p=432165\" class=\"_self\" target=\"_self\" >AMIGURUMIS\/ PRODUCCI\u00d3N ARTESANAL Y MANUALIDADES\/ B\u00c1SICO<\/a><\/h3>\n<div class=\"pt-cv-content\">CASA SOMOS GUALO Descripci\u00f3n:Es una t\u00e9cnica artesanal que utiliza una sola aguja especial (ganchillo) para entrelazar bucles de hilo o lana y crear una tela o tejido, creando figuras bajo ...<br \/><div class=\"pt-cv-rmwrap\"><a href=\"https:\/\/zonales.quito.gob.ec\/?p=432165\" class=\"_self pt-cv-readmore btn btn-success\" target=\"_self\">Leer M\u00e1s<\/a><\/div><\/div><\/div><\/div>\n<div class=\"col-md-4 col-sm-6 col-xs-12 pt-cv-content-item pt-cv-1-col\" ><div class='pt-cv-ifield'><a href=\"https:\/\/zonales.quito.gob.ec\/?p=433140\" class=\"_self pt-cv-href-thumbnail pt-cv-thumb-default\" target=\"_self\" ><img loading=\"lazy\" decoding=\"async\" width=\"450\" height=\"250\" src=\"https:\/\/zonales.quito.gob.ec\/wp-content\/uploads\/hacer-diy-calcetin-navideno-fieltro-manualidades-navidenas-ano-nuevo-ninos_294132-1359-450x250.jpg\" class=\"pt-cv-thumbnail\" alt=\"\" \/><\/a>\n<h3 class=\"pt-cv-title\"><a href=\"https:\/\/zonales.quito.gob.ec\/?p=433140\" class=\"_self\" target=\"_self\" >MANUALIDADES NAVIDE\u00d1AS\/PRODUCCI\u00d3N ARTESANAL Y MANUALIDADES<\/a><\/h3>\n<div class=\"pt-cv-content\">CASA SOMOS ALANGAS\u00cd Descripci\u00f3n:Aprender a realizar diferentes manualidades para la \u00e9poca navide\u00f1a.\u00a0 Informaci\u00f3n Adicional Modalidad: Presencial Responsable del taller: Evelyn Arellano Horario de atenci\u00f3n: Martes 16:00 - 18:00 Fecha de ...<br \/><div class=\"pt-cv-rmwrap\"><a href=\"https:\/\/zonales.quito.gob.ec\/?p=433140\" class=\"_self pt-cv-readmore btn btn-success\" target=\"_self\">Leer M\u00e1s<\/a><\/div><\/div><\/div><\/div>\n<div class=\"col-md-4 col-sm-6 col-xs-12 pt-cv-content-item pt-cv-1-col\" ><div class='pt-cv-ifield'><a href=\"https:\/\/zonales.quito.gob.ec\/?p=433045\" class=\"_self pt-cv-href-thumbnail pt-cv-thumb-default\" target=\"_self\" ><img loading=\"lazy\" decoding=\"async\" width=\"450\" height=\"250\" src=\"https:\/\/zonales.quito.gob.ec\/wp-content\/uploads\/RESINA-2-1-450x250.jpg\" class=\"pt-cv-thumbnail\" alt=\"\" \/><\/a>\n<h3 class=\"pt-cv-title\"><a href=\"https:\/\/zonales.quito.gob.ec\/?p=433045\" class=\"_self\" target=\"_self\" >RESINA Y VASOS SNOWGLOBE \/PRODUCCI\u00d3N ARTESANAL Y MANUALIDADES<\/a><\/h3>\n<div class=\"pt-cv-content\">CASA SOMOS NUEVA AURORA Un taller de resina es una capacitaci\u00f3n pr\u00e1ctica donde se ense\u00f1a a los participantes a trabajar con resina para crear diversos objetos decorativos, bisuter\u00eda, piezas art\u00edsticas ...<br \/><div class=\"pt-cv-rmwrap\"><a href=\"https:\/\/zonales.quito.gob.ec\/?p=433045\" class=\"_self pt-cv-readmore btn btn-success\" target=\"_self\">Leer M\u00e1s<\/a><\/div><\/div><\/div><\/div>\n<div class=\"col-md-4 col-sm-6 col-xs-12 pt-cv-content-item pt-cv-1-col\" ><div class='pt-cv-ifield'><a href=\"https:\/\/zonales.quito.gob.ec\/?p=432946\" class=\"_self pt-cv-href-thumbnail pt-cv-thumb-default\" target=\"_self\" ><img loading=\"lazy\" decoding=\"async\" width=\"450\" height=\"250\" src=\"https:\/\/zonales.quito.gob.ec\/wp-content\/uploads\/MAGICA-NAVIDAD-450x250.jpeg\" class=\"pt-cv-thumbnail\" alt=\"\" \/><\/a>\n<h3 class=\"pt-cv-title\"><a href=\"https:\/\/zonales.quito.gob.ec\/?p=432946\" class=\"_self\" target=\"_self\" >M\u00c1GICA NAVIDAD\/PRODUCCI\u00d3N ARTESANAL Y MANUALIDADES<\/a><\/h3>\n<div class=\"pt-cv-content\">CASA SOMOS NUEVA AURORA Descripci\u00f3n:ELABORAR MANUALIDADES TEM\u00c1TICAS PARA LA DECORACI\u00d3N NAVIDE\u00d1A. Informaci\u00f3n Adicional Modalidad: Presencial Responsable del taller: JACQUELINE SANCHEZ0968198726 Horario de atenci\u00f3n: MI\u00c9RCOLES 15:00 - 17:00S\u00c1BADO14:00 - 16:00 Fecha ...<br \/><div class=\"pt-cv-rmwrap\"><a href=\"https:\/\/zonales.quito.gob.ec\/?p=432946\" class=\"_self pt-cv-readmore btn btn-success\" target=\"_self\">Leer M\u00e1s<\/a><\/div><\/div><\/div><\/div>\n<div class=\"col-md-4 col-sm-6 col-xs-12 pt-cv-content-item pt-cv-1-col\" ><div class='pt-cv-ifield'><a href=\"https:\/\/zonales.quito.gob.ec\/?p=432835\" class=\"_self pt-cv-href-thumbnail pt-cv-thumb-default\" target=\"_self\" ><img loading=\"lazy\" decoding=\"async\" width=\"450\" height=\"250\" src=\"https:\/\/zonales.quito.gob.ec\/wp-content\/uploads\/WhatsApp-Image-2025-08-29-at-9.04.36-AM-450x250.jpeg\" class=\"pt-cv-thumbnail\" alt=\"\" \/><\/a>\n<h3 class=\"pt-cv-title\"><a href=\"https:\/\/zonales.quito.gob.ec\/?p=432835\" class=\"_self\" target=\"_self\" >FIELTRO NIVEL 1\/ PRODUCCI\u00d3N ARTESANAL Y MANUALIDADES<\/a><\/h3>\n<div class=\"pt-cv-content\">CASA SOMOS NUEVA AURORA Descripci\u00f3n:Perfecciona tus t\u00e9cnicas en fieltro creando decoraciones navide\u00f1as m\u00e1s elaboradas y detalladas.Rango de edad: De 18 a\u00f1os en adelante. Informaci\u00f3n Adicional Modalidad: Presencial Responsable del taller: ...<br \/><div class=\"pt-cv-rmwrap\"><a href=\"https:\/\/zonales.quito.gob.ec\/?p=432835\" class=\"_self pt-cv-readmore btn btn-success\" target=\"_self\">Leer M\u00e1s<\/a><\/div><\/div><\/div><\/div>\n<div class=\"col-md-4 col-sm-6 col-xs-12 pt-cv-content-item pt-cv-1-col\" ><div class='pt-cv-ifield'><a href=\"https:\/\/zonales.quito.gob.ec\/?p=432768\" class=\"_self pt-cv-href-thumbnail pt-cv-thumb-default\" target=\"_self\" ><img loading=\"lazy\" decoding=\"async\" width=\"450\" height=\"169\" src=\"https:\/\/zonales.quito.gob.ec\/wp-content\/uploads\/WhatsApp-Image-2026-08-14-at-2.19.05-PM.jpeg\" class=\"pt-cv-thumbnail\" alt=\"\" \/><\/a>\n<h3 class=\"pt-cv-title\"><a href=\"https:\/\/zonales.quito.gob.ec\/?p=432768\" class=\"_self\" target=\"_self\" >CENTROS DE MESA, ARREGLOS Y DECORACION\/PRODUCCI\u00d3N ARTESANAL Y MANUALIDADES<\/a><\/h3>\n<div class=\"pt-cv-content\">CASA SOMOS NUEVA AURORA Descripci\u00f3n:El taller \u201cCreaci\u00f3n de Centros de Mesa y Arreglos Decorativos\u201d ofrece un espacio creativo y pr\u00e1ctico donde los participantes aprender\u00e1n a elaborar diferentes tipos de centros ...<br \/><div class=\"pt-cv-rmwrap\"><a href=\"https:\/\/zonales.quito.gob.ec\/?p=432768\" class=\"_self pt-cv-readmore btn btn-success\" target=\"_self\">Leer M\u00e1s<\/a><\/div><\/div><\/div><\/div>\n<div class=\"col-md-4 col-sm-6 col-xs-12 pt-cv-content-item pt-cv-1-col\" ><div class='pt-cv-ifield'><a href=\"https:\/\/zonales.quito.gob.ec\/?p=432589\" class=\"_self pt-cv-href-thumbnail pt-cv-thumb-default\" target=\"_self\" ><img loading=\"lazy\" decoding=\"async\" width=\"450\" height=\"169\" src=\"https:\/\/zonales.quito.gob.ec\/wp-content\/uploads\/WhatsApp-Image-2026-08-15-at-10.46.06-AM-1-convertido-a-1600x600-1.jpeg\" class=\"pt-cv-thumbnail\" alt=\"\" \/><\/a>\n<h3 class=\"pt-cv-title\"><a href=\"https:\/\/zonales.quito.gob.ec\/?p=432589\" class=\"_self\" target=\"_self\" >CONFECCIONA TU ROPA\/PRODUCCI\u00d3N ARTESANAL Y MANUALIDADES<\/a><\/h3>\n<div class=\"pt-cv-content\">CASA SOMOS NUEVA AURORA Descripci\u00f3n:Espacio pr\u00e1ctico y creativo donde los participantes aprender\u00e1n a confeccionar sus propias prendas de vestir, desde la toma de medidas y elaboraci\u00f3n de moldes hasta el ...<br \/><div class=\"pt-cv-rmwrap\"><a href=\"https:\/\/zonales.quito.gob.ec\/?p=432589\" class=\"_self pt-cv-readmore btn btn-success\" target=\"_self\">Leer M\u00e1s<\/a><\/div><\/div><\/div><\/div>\n<div class=\"col-md-4 col-sm-6 col-xs-12 pt-cv-content-item pt-cv-1-col\" ><div class='pt-cv-ifield'><a href=\"https:\/\/zonales.quito.gob.ec\/?p=432167\" class=\"_self pt-cv-href-thumbnail pt-cv-thumb-default\" target=\"_self\" ><img loading=\"lazy\" decoding=\"async\" width=\"401\" height=\"250\" src=\"https:\/\/zonales.quito.gob.ec\/wp-content\/uploads\/productos-de-limpieza-4.png\" class=\"pt-cv-thumbnail\" alt=\"\" \/><\/a>\n<h3 class=\"pt-cv-title\"><a href=\"https:\/\/zonales.quito.gob.ec\/?p=432167\" class=\"_self\" target=\"_self\" >PRODUCTOS DE LIMPIEZA\/PRODUCCI\u00d3N ARTESANAL Y MANUALIDADES<\/a><\/h3>\n<div class=\"pt-cv-content\">CASA SOMOS GUALO Descripci\u00f3n:La elaboraci\u00f3n de productos de limpieza abarca mezclas caseras sencillas para obtener resultados seguros y efectivos, es fundamental comprender la qu\u00edmica b\u00e1sica de los ingredientes y seguir ...<br \/><div class=\"pt-cv-rmwrap\"><a href=\"https:\/\/zonales.quito.gob.ec\/?p=432167\" class=\"_self pt-cv-readmore btn btn-success\" target=\"_self\">Leer M\u00e1s<\/a><\/div><\/div><\/div><\/div>\n<div class=\"col-md-4 col-sm-6 col-xs-12 pt-cv-content-item pt-cv-1-col\" ><div class='pt-cv-ifield'><a href=\"https:\/\/zonales.quito.gob.ec\/?p=432135\" class=\"_self pt-cv-href-thumbnail pt-cv-thumb-default\" target=\"_self\" ><img loading=\"lazy\" decoding=\"async\" width=\"310\" height=\"250\" src=\"https:\/\/zonales.quito.gob.ec\/wp-content\/uploads\/ChatGPT-Image-21-ago-2026-19_57_11.png\" class=\"pt-cv-thumbnail\" alt=\"\" \/><\/a>\n<h3 class=\"pt-cv-title\"><a href=\"https:\/\/zonales.quito.gob.ec\/?p=432135\" class=\"_self\" target=\"_self\" >MANUALIDADES\/PRODUCCI\u00d3N ARTESANAL Y MANUALIDADES\/MANOS CREATIVAS<\/a><\/h3>\n<div class=\"pt-cv-content\">CASA SOMOS NANEGALITO Descripci\u00f3n:Taller de Manualidades donde aprender\u00e1s diversas t\u00e9cnicas creativas para la elaboraci\u00f3n de art\u00edculos decorativos y artesanales, fortaleciendo tus habilidades para el trabajo, el emprendimiento y el desarrollo ...<br \/><div class=\"pt-cv-rmwrap\"><a href=\"https:\/\/zonales.quito.gob.ec\/?p=432135\" class=\"_self pt-cv-readmore btn btn-success\" target=\"_self\">Leer M\u00e1s<\/a><\/div><\/div><\/div><\/div>\n<div class=\"col-md-4 col-sm-6 col-xs-12 pt-cv-content-item pt-cv-1-col\" ><div class='pt-cv-ifield'><a href=\"https:\/\/zonales.quito.gob.ec\/?p=432007\" class=\"_self pt-cv-href-thumbnail pt-cv-thumb-default\" target=\"_self\" ><img loading=\"lazy\" decoding=\"async\" width=\"188\" height=\"250\" src=\"https:\/\/zonales.quito.gob.ec\/wp-content\/uploads\/WhatsApp-Image-2026-08-19-at-12.38.09.jpeg\" class=\"pt-cv-thumbnail\" alt=\"\" \/><\/a>\n<h3 class=\"pt-cv-title\"><a href=\"https:\/\/zonales.quito.gob.ec\/?p=432007\" class=\"_self\" target=\"_self\" >ADORNOS NAVIDE\u00d1OS\/ PRODUCCI\u00d3N ARTESANAL Y MANUALIDADES<\/a><\/h3>\n<div class=\"pt-cv-content\">CASA SOMOS GUALO Descripci\u00f3n:En este taller los participantes aprender\u00e1n a elaborar varios adornos para el hogar en tela, madera, etc. Informaci\u00f3n Adicional Modalidad:PresencialResponsable del taller:Roc\u00edo MalesHorario de atenci\u00f3n:Jueves 10:00 - ...<br \/><div class=\"pt-cv-rmwrap\"><a href=\"https:\/\/zonales.quito.gob.ec\/?p=432007\" class=\"_self pt-cv-readmore btn btn-success\" target=\"_self\">Leer M\u00e1s<\/a><\/div><\/div><\/div><\/div>\n<div class=\"col-md-4 col-sm-6 col-xs-12 pt-cv-content-item pt-cv-1-col\" ><div class='pt-cv-ifield'><a href=\"https:\/\/zonales.quito.gob.ec\/?p=431678\" class=\"_self pt-cv-href-thumbnail pt-cv-thumb-default\" target=\"_self\" ><img loading=\"lazy\" decoding=\"async\" width=\"450\" height=\"169\" src=\"https:\/\/zonales.quito.gob.ec\/wp-content\/uploads\/WhatsApp-Image-2026-08-21-at-12.15.55-PM.jpeg\" class=\"pt-cv-thumbnail\" alt=\"\" \/><\/a>\n<h3 class=\"pt-cv-title\"><a href=\"https:\/\/zonales.quito.gob.ec\/?p=431678\" class=\"_self\" target=\"_self\" >JOYER\u00cdA ARTESANAL\/PRODUCCI\u00d3N ARTESANAL Y MANUALIDADES\/CROCHET<\/a><\/h3>\n<div class=\"pt-cv-content\">CASA SOMOS ATAHUALPA Descripci\u00f3n:Aprende a elaborar accesorios tejidos a crochet, combinando creatividad, colores y dise\u00f1os \u00fanicos para uso personal o emprendimiento Informaci\u00f3n Adicional Modalidad: PRESENCIAL Responsable del taller: GLORIA LUNA ...<br \/><div class=\"pt-cv-rmwrap\"><a href=\"https:\/\/zonales.quito.gob.ec\/?p=431678\" class=\"_self pt-cv-readmore btn btn-success\" target=\"_self\">Leer M\u00e1s<\/a><\/div><\/div><\/div><\/div>\n<div class=\"col-md-4 col-sm-6 col-xs-12 pt-cv-content-item pt-cv-1-col\" ><div class='pt-cv-ifield'><a href=\"https:\/\/zonales.quito.gob.ec\/?p=431513\" class=\"_self pt-cv-href-thumbnail pt-cv-thumb-default\" target=\"_self\" ><img loading=\"lazy\" decoding=\"async\" width=\"450\" height=\"169\" src=\"https:\/\/zonales.quito.gob.ec\/wp-content\/uploads\/Elaboracion-de-Cajas-convertido-a-1600x600-1.jpeg\" class=\"pt-cv-thumbnail\" alt=\"\" \/><\/a>\n<h3 class=\"pt-cv-title\"><a href=\"https:\/\/zonales.quito.gob.ec\/?p=431513\" class=\"_self\" target=\"_self\" >ELABORACI\u00d3N DE CAJAS\/PRODUCCI\u00d3N ARTESANAL Y MANUALIDADES\/PARA EMPRENDEDORES<\/a><\/h3>\n<div class=\"pt-cv-content\">CASA SOMOS ATAHUALPA Descripci\u00f3n:Aprende a elaborar cajas personalizadas y creativas para presentar tus productos.Desarrolla dise\u00f1os pr\u00e1cticos y atractivos para fortalecer tu emprendimiento. Informaci\u00f3n Adicional Modalidad:PRESENCIALResponsable del taller:LORENA CAISATOAHorario de atenci\u00f3n:MARTES\u00a0 ...<br \/><div class=\"pt-cv-rmwrap\"><a href=\"https:\/\/zonales.quito.gob.ec\/?p=431513\" class=\"_self pt-cv-readmore btn btn-success\" target=\"_self\">Leer M\u00e1s<\/a><\/div><\/div><\/div><\/div>\n<div class=\"col-md-4 col-sm-6 col-xs-12 pt-cv-content-item pt-cv-1-col\" ><div class='pt-cv-ifield'><a href=\"https:\/\/zonales.quito.gob.ec\/?p=430977\" class=\"_self pt-cv-href-thumbnail pt-cv-thumb-default\" target=\"_self\" ><img loading=\"lazy\" decoding=\"async\" width=\"450\" height=\"225\" src=\"https:\/\/zonales.quito.gob.ec\/wp-content\/uploads\/fomix-x.jpg\" class=\"pt-cv-thumbnail\" alt=\"\" \/><\/a>\n<h3 class=\"pt-cv-title\"><a href=\"https:\/\/zonales.quito.gob.ec\/?p=430977\" class=\"_self\" target=\"_self\" >FOMIX\/PRODUCCI\u00d3N ARTESANAL Y MANUALIDADES\/M\u00d3DULO 1<\/a><\/h3>\n<div class=\"pt-cv-content\">CASA SOMOS CARAPUNGO Descripci\u00f3n:El\u00a0Taller de Foami (Goma EVA)\u00a0es una capacitaci\u00f3n pr\u00e1ctica y creativa en la que los participantes aprenden a trabajar este material para elaborar diferentes\u00a0manualidades, decoraciones y objetos personalizados ...<br \/><div class=\"pt-cv-rmwrap\"><a href=\"https:\/\/zonales.quito.gob.ec\/?p=430977\" class=\"_self pt-cv-readmore btn btn-success\" target=\"_self\">Leer M\u00e1s<\/a><\/div><\/div><\/div><\/div>\n<div class=\"col-md-4 col-sm-6 col-xs-12 pt-cv-content-item pt-cv-1-col\" ><div class='pt-cv-ifield'><a href=\"https:\/\/zonales.quito.gob.ec\/?p=430965\" class=\"_self pt-cv-href-thumbnail pt-cv-thumb-default\" target=\"_self\" ><img loading=\"lazy\" decoding=\"async\" width=\"450\" height=\"225\" src=\"https:\/\/zonales.quito.gob.ec\/wp-content\/uploads\/adornos-navidenos-ac.jpg\" class=\"pt-cv-thumbnail\" alt=\"\" \/><\/a>\n<h3 class=\"pt-cv-title\"><a href=\"https:\/\/zonales.quito.gob.ec\/?p=430965\" class=\"_self\" target=\"_self\" >MANUALIDADES\/PRODUCCI\u00d3N ARTESANAL Y MANUALIDADES\/ADORNOS NAVIDE\u00d1OS<\/a><\/h3>\n<div class=\"pt-cv-content\">CASA SOMOS CARAPUNGO Descripci\u00f3n:El\u00a0Taller de Adornos Navide\u00f1os\u00a0es una capacitaci\u00f3n pr\u00e1ctica y creativa en la que los participantes aprenden a elaborar diferentes\u00a0decoraciones para Navidad, utilizando materiales sencillos y t\u00e9cnicas manuales. Informaci\u00f3n ...<br \/><div class=\"pt-cv-rmwrap\"><a href=\"https:\/\/zonales.quito.gob.ec\/?p=430965\" class=\"_self pt-cv-readmore btn btn-success\" target=\"_self\">Leer M\u00e1s<\/a><\/div><\/div><\/div><\/div>\n<div class=\"col-md-4 col-sm-6 col-xs-12 pt-cv-content-item pt-cv-1-col\" ><div class='pt-cv-ifield'><a href=\"https:\/\/zonales.quito.gob.ec\/?p=430873\" class=\"_self pt-cv-href-thumbnail pt-cv-thumb-default\" target=\"_self\" ><img loading=\"lazy\" decoding=\"async\" width=\"450\" height=\"225\" src=\"https:\/\/zonales.quito.gob.ec\/wp-content\/uploads\/MUNEQUERIA-Y-PELUCHES.jpg\" class=\"pt-cv-thumbnail\" alt=\"\" \/><\/a>\n<h3 class=\"pt-cv-title\"><a href=\"https:\/\/zonales.quito.gob.ec\/?p=430873\" class=\"_self\" target=\"_self\" >PELUCHES Y MANUALIDADES\/PRODUCCI\u00d3N ARTESANAL Y MANUALIDADES\/MU\u00d1EQUERIA Y PELUCHES<\/a><\/h3>\n<div class=\"pt-cv-content\">CASA SOMOS CARAPUNGO Descripci\u00f3n:El\u00a0Taller de Manualidades en Mu\u00f1equer\u00eda y Peluches\u00a0es una capacitaci\u00f3n pr\u00e1ctica en la que los participantes aprenden a elaborar\u00a0mu\u00f1ecas, mu\u00f1ecos, peluches y diferentes figuras decorativas, utilizando materiales y ...<br \/><div class=\"pt-cv-rmwrap\"><a href=\"https:\/\/zonales.quito.gob.ec\/?p=430873\" class=\"_self pt-cv-readmore btn btn-success\" target=\"_self\">Leer M\u00e1s<\/a><\/div><\/div><\/div><\/div>\n<div class=\"col-md-4 col-sm-6 col-xs-12 pt-cv-content-item pt-cv-1-col\" ><div class='pt-cv-ifield'><a href=\"https:\/\/zonales.quito.gob.ec\/?p=430915\" class=\"_self pt-cv-href-thumbnail pt-cv-thumb-default\" target=\"_self\" ><img loading=\"lazy\" decoding=\"async\" width=\"450\" height=\"250\" src=\"https:\/\/zonales.quito.gob.ec\/wp-content\/uploads\/CUADROS-EN-3D-450x250.jpeg\" class=\"pt-cv-thumbnail\" alt=\"\" \/><\/a>\n<h3 class=\"pt-cv-title\"><a href=\"https:\/\/zonales.quito.gob.ec\/?p=430915\" class=\"_self\" target=\"_self\" >TALLER DE CUADROS EN 3D CON HIPERREALISMO \/ PRODUCCI\u00d3N ARTESANAL Y MANUALIDADES<\/a><\/h3>\n<div class=\"pt-cv-content\">CASA SOMOS NUEVA AURORA Descripci\u00f3n:El taller de cuadros en 3D con hiperrealismo est\u00e1 enfocado en aprender t\u00e9cnicas creativas para crear obras con efecto tridimensional y detalles realistas, desarrollando la creatividad ...<br \/><div class=\"pt-cv-rmwrap\"><a href=\"https:\/\/zonales.quito.gob.ec\/?p=430915\" class=\"_self pt-cv-readmore btn btn-success\" target=\"_self\">Leer M\u00e1s<\/a><\/div><\/div><\/div><\/div>\n<div class=\"col-md-4 col-sm-6 col-xs-12 pt-cv-content-item pt-cv-1-col\" ><div class='pt-cv-ifield'><a href=\"https:\/\/zonales.quito.gob.ec\/?p=430828\" class=\"_self pt-cv-href-thumbnail pt-cv-thumb-default\" target=\"_self\" ><img loading=\"lazy\" decoding=\"async\" width=\"450\" height=\"225\" src=\"https:\/\/zonales.quito.gob.ec\/wp-content\/uploads\/NAVIDENAS.jpg\" class=\"pt-cv-thumbnail\" alt=\"\" \/><\/a>\n<h3 class=\"pt-cv-title\"><a href=\"https:\/\/zonales.quito.gob.ec\/?p=430828\" class=\"_self\" target=\"_self\" >MANUALIDADES NAVIDE\u00d1AS\/PRODUCCI\u00d3N ARTESANAL Y MANUALIDADES\/COSTURA COUNTRY NAVIDE\u00d1O<\/a><\/h3>\n<div class=\"pt-cv-content\">CASA SOMOS CARAPUNGO Descripci\u00f3n:El\u00a0Taller de Manualidades Navide\u00f1as\u00a0es una capacitaci\u00f3n pr\u00e1ctica en la que los participantes aprenden a elaborar diferentes\u00a0adornos y decoraciones relacionadas con la Navidad, utilizando materiales sencillos y t\u00e9cnicas ...<br \/><div class=\"pt-cv-rmwrap\"><a href=\"https:\/\/zonales.quito.gob.ec\/?p=430828\" class=\"_self pt-cv-readmore btn btn-success\" target=\"_self\">Leer M\u00e1s<\/a><\/div><\/div><\/div><\/div>\n<div class=\"col-md-4 col-sm-6 col-xs-12 pt-cv-content-item pt-cv-1-col\" ><div class='pt-cv-ifield'><a href=\"https:\/\/zonales.quito.gob.ec\/?p=430359\" class=\"_self pt-cv-href-thumbnail pt-cv-thumb-default\" target=\"_self\" ><img loading=\"lazy\" decoding=\"async\" width=\"450\" height=\"169\" src=\"https:\/\/zonales.quito.gob.ec\/wp-content\/uploads\/Diseno-sin-titulo-2026-08-20T093938.695.png\" class=\"pt-cv-thumbnail\" alt=\"\" \/><\/a>\n<h3 class=\"pt-cv-title\"><a href=\"https:\/\/zonales.quito.gob.ec\/?p=430359\" class=\"_self\" target=\"_self\" >DECORACI\u00d3N DE EVENTOS\/PRODUCCI\u00d3N ARTESANAL Y MANUALIDADES<\/a><\/h3>\n<div class=\"pt-cv-content\">CASA SOMOS SAN BARTOLO DECORACI\u00d3N DE EVENTOS\/PRODUCCI\u00d3N ARTESANAL Y MANUALIDADES PRESENCIAL Descripci\u00f3n:\u00a1Despierta tu creatividad y aprende a transformar cualquier celebraci\u00f3n! \ud83c\udf88\u2728 Inscr\u00edbete en nuestro Taller de Decoraci\u00f3n de Eventos, dirigido ...<br \/><div class=\"pt-cv-rmwrap\"><a href=\"https:\/\/zonales.quito.gob.ec\/?p=430359\" class=\"_self pt-cv-readmore btn btn-success\" target=\"_self\">Leer M\u00e1s<\/a><\/div><\/div><\/div><\/div>\n<div class=\"col-md-4 col-sm-6 col-xs-12 pt-cv-content-item pt-cv-1-col\" ><div class='pt-cv-ifield'><a href=\"https:\/\/zonales.quito.gob.ec\/?p=429830\" class=\"_self pt-cv-href-thumbnail pt-cv-thumb-default\" target=\"_self\" ><img loading=\"lazy\" decoding=\"async\" width=\"450\" height=\"250\" src=\"https:\/\/zonales.quito.gob.ec\/wp-content\/uploads\/manualidades-de-cartonaje-450x250.jpeg\" class=\"pt-cv-thumbnail\" alt=\"\" \/><\/a>\n<h3 class=\"pt-cv-title\"><a href=\"https:\/\/zonales.quito.gob.ec\/?p=429830\" class=\"_self\" target=\"_self\" >CARTONAJE PARA EL HOGAR\/PRODUCCI\u00d3N ARTESANAL Y MANUALIDADES<\/a><\/h3>\n<div class=\"pt-cv-content\">CASA SOMOS LA BALBINA \u00a0Descripci\u00f3n:En este taller los y las participantes aprender\u00e1n a elaborar los m\u00e1s bellos adornos en base al cartonajeNota: Una vez inscrito\/a, comun\u00edcate con el tallerista\u00a0para ingresar ...<br \/><div class=\"pt-cv-rmwrap\"><a href=\"https:\/\/zonales.quito.gob.ec\/?p=429830\" class=\"_self pt-cv-readmore btn btn-success\" target=\"_self\">Leer M\u00e1s<\/a><\/div><\/div><\/div><\/div>\n<div class=\"col-md-4 col-sm-6 col-xs-12 pt-cv-content-item pt-cv-1-col\" ><div class='pt-cv-ifield'><a href=\"https:\/\/zonales.quito.gob.ec\/?p=429044\" class=\"_self pt-cv-href-thumbnail pt-cv-thumb-default\" target=\"_self\" ><img loading=\"lazy\" decoding=\"async\" width=\"450\" height=\"250\" src=\"https:\/\/zonales.quito.gob.ec\/wp-content\/uploads\/CROCHET-450x250.jpg\" class=\"pt-cv-thumbnail\" alt=\"\" \/><\/a>\n<h3 class=\"pt-cv-title\"><a href=\"https:\/\/zonales.quito.gob.ec\/?p=429044\" class=\"_self\" target=\"_self\" >ECO-CROCHET \/ PRODUCCI\u00d3N ARTESANAL Y MANUALIDADES<\/a><\/h3>\n<div class=\"pt-cv-content\">CASA SOMOS LA BALBINA Descripci\u00f3n:Aprende a crear accesorios artesanales de manera ecologica usando la t\u00e9cnica de crochet.Rango de edad: 12 a\u00f1os en adelanteNota: Una vez inscrito\/a, comun\u00edcate con el tallerista\u00a0para ...<br \/><div class=\"pt-cv-rmwrap\"><a href=\"https:\/\/zonales.quito.gob.ec\/?p=429044\" class=\"_self pt-cv-readmore btn btn-success\" target=\"_self\">Leer M\u00e1s<\/a><\/div><\/div><\/div><\/div>\n<div class=\"col-md-4 col-sm-6 col-xs-12 pt-cv-content-item pt-cv-1-col\" ><div class='pt-cv-ifield'><a href=\"https:\/\/zonales.quito.gob.ec\/?p=429033\" class=\"_self pt-cv-href-thumbnail pt-cv-thumb-default\" target=\"_self\" ><img loading=\"lazy\" decoding=\"async\" width=\"450\" height=\"250\" src=\"https:\/\/zonales.quito.gob.ec\/wp-content\/uploads\/MAGICA-NAVIDAD-450x250.jpeg\" class=\"pt-cv-thumbnail\" alt=\"\" \/><\/a>\n<h3 class=\"pt-cv-title\"><a href=\"https:\/\/zonales.quito.gob.ec\/?p=429033\" class=\"_self\" target=\"_self\" >DUENDES Y ADORNOS NAVIDE\u00d1OS \/PRODUCCI\u00d3N ARTESANAL Y MANUALIDADES<\/a><\/h3>\n<div class=\"pt-cv-content\">CASA SOMOS FRANCO M\u00c9NDEZ Men\u00fa Informaci\u00f3n 57 Casas Somos Quito Talleres Deja t\u00fa opini\u00f3n Calder\u00f3n Choc\u00f3 Andino Eugenio Espejo Eloy Alfaro La Mariscal La Delicia Los Chillos Manuela S\u00e1enz Tumbaco ...<br \/><div class=\"pt-cv-rmwrap\"><a href=\"https:\/\/zonales.quito.gob.ec\/?p=429033\" class=\"_self pt-cv-readmore btn btn-success\" target=\"_self\">Leer M\u00e1s<\/a><\/div><\/div><\/div><\/div>\n<div class=\"col-md-4 col-sm-6 col-xs-12 pt-cv-content-item pt-cv-1-col\" ><div class='pt-cv-ifield'><a href=\"https:\/\/zonales.quito.gob.ec\/?p=429023\" class=\"_self pt-cv-href-thumbnail pt-cv-thumb-default\" target=\"_self\" ><img loading=\"lazy\" decoding=\"async\" width=\"450\" height=\"250\" src=\"https:\/\/zonales.quito.gob.ec\/wp-content\/uploads\/cortinas-modernas-ideas-1-450x250.jpg\" class=\"pt-cv-thumbnail\" alt=\"\" \/><\/a>\n<h3 class=\"pt-cv-title\"><a href=\"https:\/\/zonales.quito.gob.ec\/?p=429023\" class=\"_self\" target=\"_self\" >DECORA TU HOGAR\/ PRODUCCI\u00d3N ARTESANAL Y MANUALIDADES<\/a><\/h3>\n<div class=\"pt-cv-content\">CASA SOMOS LA BALBINA Descripci\u00f3n:Aprende a confeccionar ropa de hogar funcional y decorativa con t\u00e9cnicas de costura.Rango de edad: De 12 a\u00f1os en adelante.Nota: Una vez inscrito\/a, comun\u00edcate con el ...<br \/><div class=\"pt-cv-rmwrap\"><a href=\"https:\/\/zonales.quito.gob.ec\/?p=429023\" class=\"_self pt-cv-readmore btn btn-success\" target=\"_self\">Leer M\u00e1s<\/a><\/div><\/div><\/div><\/div>\n<div class=\"col-md-4 col-sm-6 col-xs-12 pt-cv-content-item pt-cv-1-col\" ><div class='pt-cv-ifield'><a href=\"https:\/\/zonales.quito.gob.ec\/?p=429007\" class=\"_self pt-cv-href-thumbnail pt-cv-thumb-default\" target=\"_self\" ><img loading=\"lazy\" decoding=\"async\" width=\"450\" height=\"250\" src=\"https:\/\/zonales.quito.gob.ec\/wp-content\/uploads\/fomix-11-450x250.jpg\" class=\"pt-cv-thumbnail\" alt=\"\" \/><\/a>\n<h3 class=\"pt-cv-title\"><a href=\"https:\/\/zonales.quito.gob.ec\/?p=429007\" class=\"_self\" target=\"_self\" >DETALLITOS EN FOAMI\/PRODUCCI\u00d3N ARTESANAL Y MANUALIDADES\/VIRTUAL<\/a><\/h3>\n<div class=\"pt-cv-content\">CASA SOMOS FRANCO M\u00c9NDEZ \u00a0Descripci\u00f3n:Taller VIRTUAL para desarrollar habilidades y creatividad de detalles con foami.Edades: 12 a\u00f1os en adelanteContacto:\u00a0 096 903 3440\/ 096 336 3012.Nota: Una vez inscrito\/a, comunicarse con ...<br \/><div class=\"pt-cv-rmwrap\"><a href=\"https:\/\/zonales.quito.gob.ec\/?p=429007\" class=\"_self pt-cv-readmore btn btn-success\" target=\"_self\">Leer M\u00e1s<\/a><\/div><\/div><\/div><\/div>\n<div class=\"col-md-4 col-sm-6 col-xs-12 pt-cv-content-item pt-cv-1-col\" ><div class='pt-cv-ifield'><a href=\"https:\/\/zonales.quito.gob.ec\/?p=428970\" class=\"_self pt-cv-href-thumbnail pt-cv-thumb-default\" target=\"_self\" ><img loading=\"lazy\" decoding=\"async\" width=\"450\" height=\"250\" src=\"https:\/\/zonales.quito.gob.ec\/wp-content\/uploads\/DETALLES-Y-ARREGLOS-CS5-450x250.jpeg\" class=\"pt-cv-thumbnail\" alt=\"\" \/><\/a>\n<h3 class=\"pt-cv-title\"><a href=\"https:\/\/zonales.quito.gob.ec\/?p=428970\" class=\"_self\" target=\"_self\" >DETALLES PERSONALIZADOS\/PRODUCCI\u00d3N ARTESANAL Y MANUALIDADES<\/a><\/h3>\n<div class=\"pt-cv-content\">CASA SOMOS FRANCO M\u00c9NDEZ \u00a0Descripci\u00f3n:Este espacio fomenta el desarrollo de habilidades creativas y manuales en los y las participantes mediante la ense\u00f1anza de t\u00e9cnicas para la elaboraci\u00f3n de arreglos personalizados, ...<br \/><div class=\"pt-cv-rmwrap\"><a href=\"https:\/\/zonales.quito.gob.ec\/?p=428970\" class=\"_self pt-cv-readmore btn btn-success\" target=\"_self\">Leer M\u00e1s<\/a><\/div><\/div><\/div><\/div>\n<div class=\"col-md-4 col-sm-6 col-xs-12 pt-cv-content-item pt-cv-1-col\" ><div class='pt-cv-ifield'><a href=\"https:\/\/zonales.quito.gob.ec\/?p=428902\" class=\"_self pt-cv-href-thumbnail pt-cv-thumb-default\" target=\"_self\" ><img loading=\"lazy\" decoding=\"async\" width=\"450\" height=\"169\" src=\"https:\/\/zonales.quito.gob.ec\/wp-content\/uploads\/JABONES-MEDICINALES-Y-DECORATIVOS.png\" class=\"pt-cv-thumbnail\" alt=\"\" \/><\/a>\n<h3 class=\"pt-cv-title\"><a href=\"https:\/\/zonales.quito.gob.ec\/?p=428902\" class=\"_self\" target=\"_self\" >JABONES\/PRODUCCI\u00d3N ARTESANAL Y MANUALIDADES\/VIRTUAL<\/a><\/h3>\n<div class=\"pt-cv-content\">CASA SOMOS CHIRIYACU Descripci\u00f3n:En este taller los\/as participantes de 18 a\u00f1os en adelante aprender\u00e1n a realizar jabones medicinales y decorativos que les permitir\u00e1 aprender y emprender. Informaci\u00f3n Adicional Modalidad:VIRTUALResponsable del ...<br \/><div class=\"pt-cv-rmwrap\"><a href=\"https:\/\/zonales.quito.gob.ec\/?p=428902\" class=\"_self pt-cv-readmore btn btn-success\" target=\"_self\">Leer M\u00e1s<\/a><\/div><\/div><\/div><\/div>\n<div class=\"col-md-4 col-sm-6 col-xs-12 pt-cv-content-item pt-cv-1-col\" ><div class='pt-cv-ifield'><a href=\"https:\/\/zonales.quito.gob.ec\/?p=428622\" class=\"_self pt-cv-href-thumbnail pt-cv-thumb-default\" target=\"_self\" ><img loading=\"lazy\" decoding=\"async\" width=\"450\" height=\"250\" src=\"https:\/\/zonales.quito.gob.ec\/wp-content\/uploads\/MAGICA-NAVIDAD-450x250.jpeg\" class=\"pt-cv-thumbnail\" alt=\"\" \/><\/a>\n<h3 class=\"pt-cv-title\"><a href=\"https:\/\/zonales.quito.gob.ec\/?p=428622\" class=\"_self\" target=\"_self\" >DECORACI\u00d3N NAVIDE\u00d1A   \/PRODUCCI\u00d3N ARTESANAL Y MANUALIDADES\/PARA EL HOGAR<\/a><\/h3>\n<div class=\"pt-cv-content\">CASA SOMOS FRANCO M\u00c9NDEZ Men\u00fa Informaci\u00f3n 57 Casas Somos Quito Talleres Deja t\u00fa opini\u00f3n Calder\u00f3n Choc\u00f3 Andino Eugenio Espejo Eloy Alfaro La Mariscal La Delicia Los Chillos Manuela S\u00e1enz Tumbaco ...<br \/><div class=\"pt-cv-rmwrap\"><a href=\"https:\/\/zonales.quito.gob.ec\/?p=428622\" class=\"_self pt-cv-readmore btn btn-success\" target=\"_self\">Leer M\u00e1s<\/a><\/div><\/div><\/div><\/div>\n<div class=\"col-md-4 col-sm-6 col-xs-12 pt-cv-content-item pt-cv-1-col\" ><div class='pt-cv-ifield'><a href=\"https:\/\/zonales.quito.gob.ec\/?p=428466\" class=\"_self pt-cv-href-thumbnail pt-cv-thumb-default\" target=\"_self\" ><img loading=\"lazy\" decoding=\"async\" width=\"450\" height=\"250\" src=\"https:\/\/zonales.quito.gob.ec\/wp-content\/uploads\/WhatsApp-Image-2024-12-21-at-7.58.41-AM-1-450x250.jpeg\" class=\"pt-cv-thumbnail\" alt=\"\" \/><\/a>\n<h3 class=\"pt-cv-title\"><a href=\"https:\/\/zonales.quito.gob.ec\/?p=428466\" class=\"_self\" target=\"_self\" >CUADROS EN 3D CON HIPERREALISMO\/DESARROLLO ART\u00cdSTICO<\/a><\/h3>\n<div class=\"pt-cv-content\">CASA SOMOS FRANCO M\u00c9NDEZ \u00a0Descripci\u00f3n:Obras de arte toman vida a trav\u00e9s de diversas t\u00e9cnicas de pintura y utilizaci\u00f3n de materiales, colores y texturas que impulsan el ejercicio de dar vida ...<br \/><div class=\"pt-cv-rmwrap\"><a href=\"https:\/\/zonales.quito.gob.ec\/?p=428466\" class=\"_self pt-cv-readmore btn btn-success\" target=\"_self\">Leer M\u00e1s<\/a><\/div><\/div><\/div><\/div>\n<div class=\"col-md-4 col-sm-6 col-xs-12 pt-cv-content-item pt-cv-1-col\" ><div class='pt-cv-ifield'><a href=\"https:\/\/zonales.quito.gob.ec\/?p=428084\" class=\"_self pt-cv-href-thumbnail pt-cv-thumb-default\" target=\"_self\" ><img loading=\"lazy\" decoding=\"async\" width=\"450\" height=\"169\" src=\"https:\/\/zonales.quito.gob.ec\/wp-content\/uploads\/SABADOS-DE-10H00-A-12H00-2.png\" class=\"pt-cv-thumbnail\" alt=\"\" \/><\/a>\n<h3 class=\"pt-cv-title\"><a href=\"https:\/\/zonales.quito.gob.ec\/?p=428084\" class=\"_self\" target=\"_self\" >ELABORACI\u00d3N DE CAJAS CON PAPELER\u00cdA CREATIVA PARA REGALOS SORPRESAS\/PRODUCCI\u00d3N ARTESANAL Y MANUALIDADES<\/a><\/h3>\n<div class=\"pt-cv-content\">CASA SOMOS SAN BARTOLO Descripci\u00f3n:\u00a1Despierta tu creatividad y aprende a crear regalos \u00fanicos! Inscr\u00edbete en el Taller de Elaboraci\u00f3n de Cajas con Papeler\u00eda para Regalos Sorpresa, dirigido a personas de ...<br \/><div class=\"pt-cv-rmwrap\"><a href=\"https:\/\/zonales.quito.gob.ec\/?p=428084\" class=\"_self pt-cv-readmore btn btn-success\" target=\"_self\">Leer M\u00e1s<\/a><\/div><\/div><\/div><\/div>\n<div class=\"col-md-4 col-sm-6 col-xs-12 pt-cv-content-item pt-cv-1-col\" ><div class='pt-cv-ifield'><a href=\"https:\/\/zonales.quito.gob.ec\/?p=427969\" class=\"_self pt-cv-href-thumbnail pt-cv-thumb-default\" target=\"_self\" ><img loading=\"lazy\" decoding=\"async\" width=\"450\" height=\"250\" src=\"https:\/\/zonales.quito.gob.ec\/wp-content\/uploads\/BORDADO-12-450x250.jpg\" class=\"pt-cv-thumbnail\" alt=\"\" \/><\/a>\n<h3 class=\"pt-cv-title\"><a href=\"https:\/\/zonales.quito.gob.ec\/?p=427969\" class=\"_self\" target=\"_self\" >BORDADO EN HILO 2\/ PRODUCCI\u00d3N ARTESANAL Y MANUALIDADES\/ M\u00d3DULO 2<\/a><\/h3>\n<div class=\"pt-cv-content\">CASA SOMOS LA BALBINA Descripci\u00f3n:Taller enfocado en aprender t\u00e9cnicas b\u00e1sicas de bordado y crear dise\u00f1os decorativos con hilo.Rango de edad: 12 a\u00f1os en adelanteNOTA: Una vez realizada la inscripci\u00f3n, contactarse ...<br \/><div class=\"pt-cv-rmwrap\"><a href=\"https:\/\/zonales.quito.gob.ec\/?p=427969\" class=\"_self pt-cv-readmore btn btn-success\" target=\"_self\">Leer M\u00e1s<\/a><\/div><\/div><\/div><\/div>\n<div class=\"col-md-4 col-sm-6 col-xs-12 pt-cv-content-item pt-cv-1-col\" ><div class='pt-cv-ifield'><a href=\"https:\/\/zonales.quito.gob.ec\/?p=427701\" class=\"_self pt-cv-href-thumbnail pt-cv-thumb-default\" target=\"_self\" ><img loading=\"lazy\" decoding=\"async\" width=\"450\" height=\"250\" src=\"https:\/\/zonales.quito.gob.ec\/wp-content\/uploads\/FLORES-ETERNAS-EN-CINTA-450x250.png\" class=\"pt-cv-thumbnail\" alt=\"\" \/><\/a>\n<h3 class=\"pt-cv-title\"><a href=\"https:\/\/zonales.quito.gob.ec\/?p=427701\" class=\"_self\" target=\"_self\" >ROSAS ETERNAS\/ PRODUCCI\u00d3N ARTESANAL Y MANUALIDADES\/M\u00d3DULO2<\/a><\/h3>\n<div class=\"pt-cv-content\">CASA SOMOS LA BALBINA Descripci\u00f3n:Aprende a crear flores decorativas con cinta para arreglos y detalles personalizados.Rango de edad: 12 a\u00f1os en adelanteNOTA: Una vez realizada la inscripci\u00f3n, contactarse con el ...<br \/><div class=\"pt-cv-rmwrap\"><a href=\"https:\/\/zonales.quito.gob.ec\/?p=427701\" class=\"_self pt-cv-readmore btn btn-success\" target=\"_self\">Leer M\u00e1s<\/a><\/div><\/div><\/div><\/div>\n<div class=\"col-md-4 col-sm-6 col-xs-12 pt-cv-content-item pt-cv-1-col\" ><div class='pt-cv-ifield'><a href=\"https:\/\/zonales.quito.gob.ec\/?p=390978\" class=\"_self pt-cv-href-thumbnail pt-cv-thumb-default\" target=\"_self\" ><img loading=\"lazy\" decoding=\"async\" width=\"450\" height=\"248\" src=\"https:\/\/zonales.quito.gob.ec\/wp-content\/uploads\/VELAS-DECORARTIVAS-convertido-a-1600x880-1.jpeg\" class=\"pt-cv-thumbnail\" alt=\"\" \/><\/a>\n<h3 class=\"pt-cv-title\"><a href=\"https:\/\/zonales.quito.gob.ec\/?p=390978\" class=\"_self\" target=\"_self\" >ELABORACI\u00d3N DE JABONES Y VELAS ARTESANALES\/ PRODUCCI\u00d3N ARTESANAL Y MANUALIDADES<\/a><\/h3>\n<div class=\"pt-cv-content\">CASA SOMOS CIUDAD BICENTENARIO Descripci\u00f3n:Es una experiencia creativa y relajante donde los participantes aprenden a elaborar velas y jabones artesanales \u00fanicos. Combina arte, dise\u00f1o y aromaterapia, guiando a los asistentes ...<br \/><div class=\"pt-cv-rmwrap\"><a href=\"https:\/\/zonales.quito.gob.ec\/?p=390978\" class=\"_self pt-cv-readmore btn btn-success\" target=\"_self\">Leer M\u00e1s<\/a><\/div><\/div><\/div><\/div>\n<div class=\"col-md-4 col-sm-6 col-xs-12 pt-cv-content-item pt-cv-1-col\" ><div class='pt-cv-ifield'><a href=\"https:\/\/zonales.quito.gob.ec\/?p=365345\" class=\"_self pt-cv-href-thumbnail pt-cv-thumb-default\" target=\"_self\" ><img loading=\"lazy\" decoding=\"async\" width=\"450\" height=\"248\" src=\"https:\/\/zonales.quito.gob.ec\/wp-content\/uploads\/decirac-convertido-a-1600x880-1.jpeg\" class=\"pt-cv-thumbnail\" alt=\"\" \/><\/a>\n<h3 class=\"pt-cv-title\"><a href=\"https:\/\/zonales.quito.gob.ec\/?p=365345\" class=\"_self\" target=\"_self\" >DECORACI\u00d3N CON GLOBOS\/ PRODUCCI\u00d3N ARTESANAL Y MANUALIDADES<\/a><\/h3>\n<div class=\"pt-cv-content\">CASA SOMOS CIUDAD BICENTENARIO Descripci\u00f3n:Un taller de decoraci\u00f3n con globos es una experiencia pr\u00e1ctica e inmersiva, dise\u00f1ada para ense\u00f1ar t\u00e9cnicas profesionales de dise\u00f1o, desde el inflado y calibrado correcto hasta ...<br \/><div class=\"pt-cv-rmwrap\"><a href=\"https:\/\/zonales.quito.gob.ec\/?p=365345\" class=\"_self pt-cv-readmore btn btn-success\" target=\"_self\">Leer M\u00e1s<\/a><\/div><\/div><\/div><\/div>\n<div class=\"col-md-4 col-sm-6 col-xs-12 pt-cv-content-item pt-cv-1-col\" ><div class='pt-cv-ifield'><a href=\"https:\/\/zonales.quito.gob.ec\/?p=364856\" class=\"_self pt-cv-href-thumbnail pt-cv-thumb-default\" target=\"_self\" ><img loading=\"lazy\" decoding=\"async\" width=\"450\" height=\"248\" src=\"https:\/\/zonales.quito.gob.ec\/wp-content\/uploads\/crochet-convertido-a-1600x880-1.jpeg\" class=\"pt-cv-thumbnail\" alt=\"\" \/><\/a>\n<h3 class=\"pt-cv-title\"><a href=\"https:\/\/zonales.quito.gob.ec\/?p=364856\" class=\"_self\" target=\"_self\" >ARTE EN CROCHET\/ PRODUCCI\u00d3N ARTESANAL Y MANUALIDADES<\/a><\/h3>\n<div class=\"pt-cv-content\">CASA SOMOS CIUDAD BICENTENARIO Descripci\u00f3n:Este taller pr\u00e1ctico ense\u00f1a a crear lencer\u00eda fina y decorativa para el hogar (centros de mesa, manteles, posavasos, cortinas, juegos de ba\u00f1o,etc.) utilizando la t\u00e9cnica de ...<br \/><div class=\"pt-cv-rmwrap\"><a href=\"https:\/\/zonales.quito.gob.ec\/?p=364856\" class=\"_self pt-cv-readmore btn btn-success\" target=\"_self\">Leer M\u00e1s<\/a><\/div><\/div><\/div><\/div>\n<div class=\"col-md-4 col-sm-6 col-xs-12 pt-cv-content-item pt-cv-1-col\" ><div class='pt-cv-ifield'><a href=\"https:\/\/zonales.quito.gob.ec\/?p=426130\" class=\"_self pt-cv-href-thumbnail pt-cv-thumb-default\" target=\"_self\" ><img loading=\"lazy\" decoding=\"async\" width=\"450\" height=\"169\" src=\"https:\/\/zonales.quito.gob.ec\/wp-content\/uploads\/WhatsApp-Image-2026-08-18-at-1.59.15-PM-1.jpeg\" class=\"pt-cv-thumbnail\" alt=\"\" \/><\/a>\n<h3 class=\"pt-cv-title\"><a href=\"https:\/\/zonales.quito.gob.ec\/?p=426130\" class=\"_self\" target=\"_self\" >FLORES ETERNAS\/PRODUCCI\u00d3N ARTESANAL Y MANUALIDADES\/AVANZADO<\/a><\/h3>\n<div class=\"pt-cv-content\">CASA SOMOS CHIRIYACU Descripci\u00f3n:Taller para crear flores eternas decorativas nivel avanzado. Abierto a adolescentes, j\u00f3venes, adultos y adultos mayores.\u00a0 Informaci\u00f3n Adicional MODALIDAD:PRESENCIALRESPONSABLE DEL TALLER:JANETH AGUAGALLOHORARIO DE ATENCI\u00d3N:JUEVES DE 11:00 A ...<br \/><div class=\"pt-cv-rmwrap\"><a href=\"https:\/\/zonales.quito.gob.ec\/?p=426130\" class=\"_self pt-cv-readmore btn btn-success\" target=\"_self\">Leer M\u00e1s<\/a><\/div><\/div><\/div><\/div>\n<div class=\"col-md-4 col-sm-6 col-xs-12 pt-cv-content-item pt-cv-1-col\" ><div class='pt-cv-ifield'><a href=\"https:\/\/zonales.quito.gob.ec\/?p=426042\" class=\"_self pt-cv-href-thumbnail pt-cv-thumb-default\" target=\"_self\" ><img loading=\"lazy\" decoding=\"async\" width=\"397\" height=\"250\" src=\"https:\/\/zonales.quito.gob.ec\/wp-content\/uploads\/Arte-de-crochet-2.jpg\" class=\"pt-cv-thumbnail\" alt=\"\" \/><\/a>\n<h3 class=\"pt-cv-title\"><a href=\"https:\/\/zonales.quito.gob.ec\/?p=426042\" class=\"_self\" target=\"_self\" >ARTE EN CROCHET \/ PRODUCCI\u00d3N ARTESANAL Y MANUALIDADES<\/a><\/h3>\n<div class=\"pt-cv-content\">CASA SOMOS SAN JUAN DE CALDER\u00d3N Descripci\u00f3n:El crochet, tambi\u00e9n conocido como ganchillo, es una t\u00e9cnica de tejido que utiliza una aguja con un gancho en su extremo para entrelazar hilos ...<br \/><div class=\"pt-cv-rmwrap\"><a href=\"https:\/\/zonales.quito.gob.ec\/?p=426042\" class=\"_self pt-cv-readmore btn btn-success\" target=\"_self\">Leer M\u00e1s<\/a><\/div><\/div><\/div><\/div>\n<div class=\"col-md-4 col-sm-6 col-xs-12 pt-cv-content-item pt-cv-1-col\" ><div class='pt-cv-ifield'><a href=\"https:\/\/zonales.quito.gob.ec\/?p=284930\" class=\"_self pt-cv-href-thumbnail pt-cv-thumb-default\" target=\"_self\" ><img loading=\"lazy\" decoding=\"async\" width=\"450\" height=\"250\" src=\"https:\/\/zonales.quito.gob.ec\/wp-content\/uploads\/ELABORACION-DE-PRODUCTOS-DE-LIMPIEZA-4-450x250.jpg\" class=\"pt-cv-thumbnail\" alt=\"\" \/><\/a>\n<h3 class=\"pt-cv-title\"><a href=\"https:\/\/zonales.quito.gob.ec\/?p=284930\" class=\"_self\" target=\"_self\" >ELABORACI\u00d3N DE PRODUCTOS DE LIMPIEZA\/ PRODUCCI\u00d3N ARTESANAL Y MANUALIDADES\/ VIRTUAL<\/a><\/h3>\n<div class=\"pt-cv-content\">CASA SOMOS CIUDAD BICENTENARIO Descripci\u00f3n:Elabora productos para mantener la limpieza del hogar utilizando ingredientes efectivos y ecol\u00f3gicos. Aprende a realizar desde detergentes y desinfectantes hasta productos espec\u00edficos para diferentes superficies ...<br \/><div class=\"pt-cv-rmwrap\"><a href=\"https:\/\/zonales.quito.gob.ec\/?p=284930\" class=\"_self pt-cv-readmore btn btn-success\" target=\"_self\">Leer M\u00e1s<\/a><\/div><\/div><\/div><\/div>\n<div class=\"col-md-4 col-sm-6 col-xs-12 pt-cv-content-item pt-cv-1-col\" ><div class='pt-cv-ifield'><a href=\"https:\/\/zonales.quito.gob.ec\/?p=365041\" class=\"_self pt-cv-href-thumbnail pt-cv-thumb-default\" target=\"_self\" ><img loading=\"lazy\" decoding=\"async\" width=\"450\" height=\"250\" src=\"https:\/\/zonales.quito.gob.ec\/wp-content\/uploads\/TALLER-DE-METALMECANICA-1-450x250.jpg\" class=\"pt-cv-thumbnail\" alt=\"\" \/><\/a>\n<h3 class=\"pt-cv-title\"><a href=\"https:\/\/zonales.quito.gob.ec\/?p=365041\" class=\"_self\" target=\"_self\" >METALMEC\u00c1NICA\/ PRODUCCI\u00d3N ARTESANAL Y MANUALIDADES<\/a><\/h3>\n<div class=\"pt-cv-content\">CASA SOMOS CIUDAD BICENTENARIO Descripci\u00f3n:El taller de metalmec\u00e1nica es un espacio industrial dedicado a la transformaci\u00f3n de metales mediante procesos de mecanizado, soldadura y forja, creando piezas, repuestos y estructuras ...<br \/><div class=\"pt-cv-rmwrap\"><a href=\"https:\/\/zonales.quito.gob.ec\/?p=365041\" class=\"_self pt-cv-readmore btn btn-success\" target=\"_self\">Leer M\u00e1s<\/a><\/div><\/div><\/div><\/div>\n<div class=\"col-md-4 col-sm-6 col-xs-12 pt-cv-content-item pt-cv-1-col\" ><div class='pt-cv-ifield'><a href=\"https:\/\/zonales.quito.gob.ec\/?p=331897\" class=\"_self pt-cv-href-thumbnail pt-cv-thumb-default\" target=\"_self\" ><img loading=\"lazy\" decoding=\"async\" width=\"450\" height=\"250\" src=\"https:\/\/zonales.quito.gob.ec\/wp-content\/uploads\/RESINA-INICIAL-C-450x250.jpg\" class=\"pt-cv-thumbnail\" alt=\"\" \/><\/a>\n<h3 class=\"pt-cv-title\"><a href=\"https:\/\/zonales.quito.gob.ec\/?p=331897\" class=\"_self\" target=\"_self\" >JOYER\u00cdA EN RESINA EPOXICA INICIAL\/ PRODUCCI\u00d3N ARTESANAL Y MANUALIDADES<\/a><\/h3>\n<div class=\"pt-cv-content\">CASA SOMOS CIUDAD BICENTENARIO Descripci\u00f3n:Aprende a trabajar con resina epoxi para la creaci\u00f3n de joyas, descubre desde los fundamentos, como la mezcla adecuada y el uso seguro del material. Desarrolla ...<br \/><div class=\"pt-cv-rmwrap\"><a href=\"https:\/\/zonales.quito.gob.ec\/?p=331897\" class=\"_self pt-cv-readmore btn btn-success\" target=\"_self\">Leer M\u00e1s<\/a><\/div><\/div><\/div><\/div>\n<div class=\"col-md-4 col-sm-6 col-xs-12 pt-cv-content-item pt-cv-1-col\" ><div class='pt-cv-ifield'><a href=\"https:\/\/zonales.quito.gob.ec\/?p=426805\" class=\"_self pt-cv-href-thumbnail pt-cv-thumb-default\" target=\"_self\" ><img loading=\"lazy\" decoding=\"async\" width=\"450\" height=\"250\" src=\"https:\/\/zonales.quito.gob.ec\/wp-content\/uploads\/TALLER-DE-FLORES-EN-CINTA-450x250.jpg\" class=\"pt-cv-thumbnail\" alt=\"\" \/><\/a>\n<h3 class=\"pt-cv-title\"><a href=\"https:\/\/zonales.quito.gob.ec\/?p=426805\" class=\"_self\" target=\"_self\" >FLORES EN CINTA\/ PRODUCCI\u00d3N ARTESANAL Y MANUALIDADES\/ VIRTUAL NIVEL I<\/a><\/h3>\n<div class=\"pt-cv-content\">CASA SOMOS CIUDAD BICENTENARIO Descripci\u00f3n:Taller virtual. Ense\u00f1a el arte de crear hermosas flores artificiales y eternas utilizando cintas de tela o sat\u00edn. Este es el nivel inicial para principiantes.\u00a0Edades 12 ...<br \/><div class=\"pt-cv-rmwrap\"><a href=\"https:\/\/zonales.quito.gob.ec\/?p=426805\" class=\"_self pt-cv-readmore btn btn-success\" target=\"_self\">Leer M\u00e1s<\/a><\/div><\/div><\/div><\/div>\n<div class=\"col-md-4 col-sm-6 col-xs-12 pt-cv-content-item pt-cv-1-col\" ><div class='pt-cv-ifield'><a href=\"https:\/\/zonales.quito.gob.ec\/?p=426868\" class=\"_self pt-cv-href-thumbnail pt-cv-thumb-default\" target=\"_self\" ><img loading=\"lazy\" decoding=\"async\" width=\"450\" height=\"169\" src=\"https:\/\/zonales.quito.gob.ec\/wp-content\/uploads\/flores-eternas-no-avanzado-convertido-a-1600x600-1.jpeg\" class=\"pt-cv-thumbnail\" alt=\"\" \/><\/a>\n<h3 class=\"pt-cv-title\"><a href=\"https:\/\/zonales.quito.gob.ec\/?p=426868\" class=\"_self\" target=\"_self\" >FLORES EN CINTA\/ PRODUCCI\u00d3N ARTESANAL Y MANUALIDADES\/ VIRTUAL NIVEL II<\/a><\/h3>\n<div class=\"pt-cv-content\">CASA SOMOS CIUDAD BICENTENARIO Descripci\u00f3n:Taller virtual. Ense\u00f1a el arte de crear hermosas flores artificiales y eternas utilizando cintas de tela o sat\u00edn. Este es el nivel para principiantes a continuaci\u00f3n ...<br \/><div class=\"pt-cv-rmwrap\"><a href=\"https:\/\/zonales.quito.gob.ec\/?p=426868\" class=\"_self pt-cv-readmore btn btn-success\" target=\"_self\">Leer M\u00e1s<\/a><\/div><\/div><\/div><\/div>\n<div class=\"col-md-4 col-sm-6 col-xs-12 pt-cv-content-item pt-cv-1-col\" ><div class='pt-cv-ifield'><a href=\"https:\/\/zonales.quito.gob.ec\/?p=426897\" class=\"_self pt-cv-href-thumbnail pt-cv-thumb-default\" target=\"_self\" ><img loading=\"lazy\" decoding=\"async\" width=\"450\" height=\"250\" src=\"https:\/\/zonales.quito.gob.ec\/wp-content\/uploads\/TALLER-FLORES-ETERNAS-CASA-SOMOS-SAN-BARTOLO-450x250.jpg\" class=\"pt-cv-thumbnail\" alt=\"\" \/><\/a>\n<h3 class=\"pt-cv-title\"><a href=\"https:\/\/zonales.quito.gob.ec\/?p=426897\" class=\"_self\" target=\"_self\" >FLORES EN CINTA\/ PRODUCCI\u00d3N ARTESANAL Y MANUALIDADES\/ VIRTUAL NIVEL III<\/a><\/h3>\n<div class=\"pt-cv-content\">CASA SOMOS CIUDAD BICENTENARIO Descripci\u00f3n:Taller virtual. Ense\u00f1a el arte de crear hermosas flores artificiales y eternas utilizando cintas de tela o sat\u00edn. Este es el nivel para a continuaci\u00f3n del ...<br \/><div class=\"pt-cv-rmwrap\"><a href=\"https:\/\/zonales.quito.gob.ec\/?p=426897\" class=\"_self pt-cv-readmore btn btn-success\" target=\"_self\">Leer M\u00e1s<\/a><\/div><\/div><\/div><\/div>\n<div class=\"col-md-4 col-sm-6 col-xs-12 pt-cv-content-item pt-cv-1-col\" ><div class='pt-cv-ifield'><a href=\"https:\/\/zonales.quito.gob.ec\/?p=426928\" class=\"_self pt-cv-href-thumbnail pt-cv-thumb-default\" target=\"_self\" ><img loading=\"lazy\" decoding=\"async\" width=\"450\" height=\"169\" src=\"https:\/\/zonales.quito.gob.ec\/wp-content\/uploads\/flores-eternas-convertido-a-1600x600-1.jpeg\" class=\"pt-cv-thumbnail\" alt=\"\" \/><\/a>\n<h3 class=\"pt-cv-title\"><a href=\"https:\/\/zonales.quito.gob.ec\/?p=426928\" class=\"_self\" target=\"_self\" >FLORES EN CINTA\/ PRODUCCI\u00d3N ARTESANAL Y MANUALIDADES\/ VIRTUAL AVANZADO<\/a><\/h3>\n<div class=\"pt-cv-content\">CASA SOMOS CIUDAD BICENTENARIO Descripci\u00f3n:Taller virtual. Ense\u00f1a el arte de crear hermosas flores artificiales y eternas utilizando cintas de tela o sat\u00edn. Nivel avanzado.Edades 12 en adelante\u00a0 Modalidad:VirtualResponsable del taller:Jessenia ...<br \/><div class=\"pt-cv-rmwrap\"><a href=\"https:\/\/zonales.quito.gob.ec\/?p=426928\" class=\"_self pt-cv-readmore btn btn-success\" target=\"_self\">Leer M\u00e1s<\/a><\/div><\/div><\/div><\/div>\n<div class=\"col-md-4 col-sm-6 col-xs-12 pt-cv-content-item pt-cv-1-col\" ><div class='pt-cv-ifield'><a href=\"https:\/\/zonales.quito.gob.ec\/?p=425149\" class=\"_self pt-cv-href-thumbnail pt-cv-thumb-default\" target=\"_self\" ><img loading=\"lazy\" decoding=\"async\" width=\"450\" height=\"169\" src=\"https:\/\/zonales.quito.gob.ec\/wp-content\/uploads\/Diseno-sin-titulo-2026-08-18T101533.885.png\" class=\"pt-cv-thumbnail\" alt=\"\" \/><\/a>\n<h3 class=\"pt-cv-title\"><a href=\"https:\/\/zonales.quito.gob.ec\/?p=425149\" class=\"_self\" target=\"_self\" >FOMIX MANUALIDADES Y ALGO M\u00c1S\/PRODUCCI\u00d3N ARTESANAL Y MANUALIDADES<\/a><\/h3>\n<div class=\"pt-cv-content\">CASA SOMOS SAN BARTOLO Descripci\u00f3n:Aprend\u00e9 a crear divertidas y coloridas manualidades con foamix, y explor\u00e1 otras t\u00e9cnicas para dar vida a tus ideas. Ideal para quienes disfrutan de crear, decorar ...<br \/><div class=\"pt-cv-rmwrap\"><a href=\"https:\/\/zonales.quito.gob.ec\/?p=425149\" class=\"_self pt-cv-readmore btn btn-success\" target=\"_self\">Leer M\u00e1s<\/a><\/div><\/div><\/div><\/div>\n<div class=\"col-md-4 col-sm-6 col-xs-12 pt-cv-content-item pt-cv-1-col\" ><div class='pt-cv-ifield'><a href=\"https:\/\/zonales.quito.gob.ec\/?p=420529\" class=\"_self pt-cv-href-thumbnail pt-cv-thumb-default\" target=\"_self\" ><img loading=\"lazy\" decoding=\"async\" width=\"386\" height=\"250\" src=\"https:\/\/zonales.quito.gob.ec\/wp-content\/uploads\/CS-flores-limpiapipas-2-1.jpeg\" class=\"pt-cv-thumbnail\" alt=\"\" \/><\/a>\n<h3 class=\"pt-cv-title\"><a href=\"https:\/\/zonales.quito.gob.ec\/?p=420529\" class=\"_self\" target=\"_self\" >CREACI\u00d3N DE FLORES CON LIMPIAPIPAS\/PRODUCCI\u00d3N ARTESANAL Y MANUALIDADES<\/a><\/h3>\n<div class=\"pt-cv-content\">CASA SOMOS GUANGOPOLO CREACI\u00d3N DE FLORES CON LIMPIAPIPAS\/PRODUCCI\u00d3N Descripci\u00f3n:Estudiar la creatividad permitiendo explotar su imaginaci\u00f3n y emprendimiento. Informaci\u00f3n Adicional Modalidad:PresencialResponsable del taller:Magali Pe\u00f1alozaHorario de atenci\u00f3n:Viernes de 14:00 a 15:00Fecha de ...<br \/><div class=\"pt-cv-rmwrap\"><a href=\"https:\/\/zonales.quito.gob.ec\/?p=420529\" class=\"_self pt-cv-readmore btn btn-success\" target=\"_self\">Leer M\u00e1s<\/a><\/div><\/div><\/div><\/div>\n<div class=\"col-md-4 col-sm-6 col-xs-12 pt-cv-content-item pt-cv-1-col\" ><div class='pt-cv-ifield'><a href=\"https:\/\/zonales.quito.gob.ec\/?p=424863\" class=\"_self pt-cv-href-thumbnail pt-cv-thumb-default\" target=\"_self\" ><img loading=\"lazy\" decoding=\"async\" width=\"450\" height=\"169\" src=\"https:\/\/zonales.quito.gob.ec\/wp-content\/uploads\/FIELTRO.png\" class=\"pt-cv-thumbnail\" alt=\"\" \/><\/a>\n<h3 class=\"pt-cv-title\"><a href=\"https:\/\/zonales.quito.gob.ec\/?p=424863\" class=\"_self\" target=\"_self\" >FIELTRO\/PRODUCCI\u00d3N ARTESANAL Y MANUALIDADES\/NAVIDE\u00d1O<\/a><\/h3>\n<div class=\"pt-cv-content\">CASA SOMOS SOLANDA Descripci\u00f3n:En este taller los\/as participantes aprender\u00e1n a realizar hermosas manualidades navide\u00f1as en fieltro. Informaci\u00f3n Adicional Modalidad:PRESENCIALResponsable del taller:JACQUELINE S\u00c1NCHEZHorario de atenci\u00f3n:DOMINGO DE 08H00 A 10H00Fecha de inicio ...<br \/><div class=\"pt-cv-rmwrap\"><a href=\"https:\/\/zonales.quito.gob.ec\/?p=424863\" class=\"_self pt-cv-readmore btn btn-success\" target=\"_self\">Leer M\u00e1s<\/a><\/div><\/div><\/div><\/div>\n<div class=\"col-md-4 col-sm-6 col-xs-12 pt-cv-content-item pt-cv-1-col\" ><div class='pt-cv-ifield'><a href=\"https:\/\/zonales.quito.gob.ec\/?p=424857\" class=\"_self pt-cv-href-thumbnail pt-cv-thumb-default\" target=\"_self\" ><img loading=\"lazy\" decoding=\"async\" width=\"375\" height=\"250\" src=\"https:\/\/zonales.quito.gob.ec\/wp-content\/uploads\/Bisuteria-artesanal-1.png\" class=\"pt-cv-thumbnail\" alt=\"\" \/><\/a>\n<h3 class=\"pt-cv-title\"><a href=\"https:\/\/zonales.quito.gob.ec\/?p=424857\" class=\"_self\" target=\"_self\" >BISUTER\u00cdA\/ PRODUCCI\u00d3N ARTESANAL Y MANUALIDADES<\/a><\/h3>\n<div class=\"pt-cv-content\">CASA SOMOS SAN JUAN DE CALDER\u00d3N Descripci\u00f3n:El taller de Bisuter\u00eda artesanal\u00a0se refiere a la fabricaci\u00f3n de collares, pulseras, anillos, pendientes y otros accesorios de manera\u00a0manual, empleando materiales como cuentas de ...<br \/><div class=\"pt-cv-rmwrap\"><a href=\"https:\/\/zonales.quito.gob.ec\/?p=424857\" class=\"_self pt-cv-readmore btn btn-success\" target=\"_self\">Leer M\u00e1s<\/a><\/div><\/div><\/div><\/div>\n<div class=\"col-md-4 col-sm-6 col-xs-12 pt-cv-content-item pt-cv-1-col\" ><div class='pt-cv-ifield'><a href=\"https:\/\/zonales.quito.gob.ec\/?p=424602\" class=\"_self pt-cv-href-thumbnail pt-cv-thumb-default\" target=\"_self\" ><img loading=\"lazy\" decoding=\"async\" width=\"450\" height=\"169\" src=\"https:\/\/zonales.quito.gob.ec\/wp-content\/uploads\/DUENDES-NAVIDENOS.png\" class=\"pt-cv-thumbnail\" alt=\"\" \/><\/a>\n<h3 class=\"pt-cv-title\"><a href=\"https:\/\/zonales.quito.gob.ec\/?p=424602\" class=\"_self\" target=\"_self\" >DUENDES\/PRODUCCI\u00d3N ARTESANAL Y MANUALIDADES\/NAVIDE\u00d1OS<\/a><\/h3>\n<div class=\"pt-cv-content\">CASA SOMOS SOLANDA Descripci\u00f3n:En este taller los\/as participantes aprender\u00e1n a realizar hermosas caritas faccionadas para dar vida a los mu\u00f1ecos. Informaci\u00f3n Adicional Modalidad:PRESENCIALResponsable del taller:JACQUELINE S\u00c1NCHEZHorario de atenci\u00f3n:S\u00c1BADO DE 08H00 ...<br \/><div class=\"pt-cv-rmwrap\"><a href=\"https:\/\/zonales.quito.gob.ec\/?p=424602\" class=\"_self pt-cv-readmore btn btn-success\" target=\"_self\">Leer M\u00e1s<\/a><\/div><\/div><\/div><\/div>\n<div class=\"col-md-4 col-sm-6 col-xs-12 pt-cv-content-item pt-cv-1-col\" ><div class='pt-cv-ifield'><a href=\"https:\/\/zonales.quito.gob.ec\/?p=424476\" class=\"_self pt-cv-href-thumbnail pt-cv-thumb-default\" target=\"_self\" ><img loading=\"lazy\" decoding=\"async\" width=\"450\" height=\"169\" src=\"https:\/\/zonales.quito.gob.ec\/wp-content\/uploads\/CARITAS-FACCIONADAS-3.png\" class=\"pt-cv-thumbnail\" alt=\"\" \/><\/a>\n<h3 class=\"pt-cv-title\"><a href=\"https:\/\/zonales.quito.gob.ec\/?p=424476\" class=\"_self\" target=\"_self\" >CARITAS FACCIONADAS\/PRODUCCI\u00d3N ARTESANAL Y MANUALIDADES<\/a><\/h3>\n<div class=\"pt-cv-content\">CASA SOMOS SOLANDA Descripci\u00f3n:En este taller los\/as participantes aprender\u00e1n a realizar hermosas caritas faccionadas para dar vida a los mu\u00f1ecos. Informaci\u00f3n Adicional Modalidad:PRESENCIALResponsable del taller:JACQUELINE S\u00c1NCHEZHorario de atenci\u00f3n:S\u00c1BADO DE 08H00 ...<br \/><div class=\"pt-cv-rmwrap\"><a href=\"https:\/\/zonales.quito.gob.ec\/?p=424476\" class=\"_self pt-cv-readmore btn btn-success\" target=\"_self\">Leer M\u00e1s<\/a><\/div><\/div><\/div><\/div>\n<div class=\"col-md-4 col-sm-6 col-xs-12 pt-cv-content-item pt-cv-1-col\" ><div class='pt-cv-ifield'><a href=\"https:\/\/zonales.quito.gob.ec\/?p=424256\" class=\"_self pt-cv-href-thumbnail pt-cv-thumb-default\" target=\"_self\" ><img loading=\"lazy\" decoding=\"async\" width=\"450\" height=\"169\" src=\"https:\/\/zonales.quito.gob.ec\/wp-content\/uploads\/PERFUMES-Y-CREMAS.png\" class=\"pt-cv-thumbnail\" alt=\"\" \/><\/a>\n<h3 class=\"pt-cv-title\"><a href=\"https:\/\/zonales.quito.gob.ec\/?p=424256\" class=\"_self\" target=\"_self\" >ELABORACI\u00d3N DE PERFUMES Y CREMAS\/PRODUCCI\u00d3N ARTESANAL Y MANUALIDADES<\/a><\/h3>\n<div class=\"pt-cv-content\">CASA SOMOS SOLANDA Descripci\u00f3n:En este taller los\/as participantes de 12 a\u00f1os en adelante aprender\u00e1n a realizar perfumer\u00eda fina y cremas para el cuidado de la piel con alta durabilidad que ...<br \/><div class=\"pt-cv-rmwrap\"><a href=\"https:\/\/zonales.quito.gob.ec\/?p=424256\" class=\"_self pt-cv-readmore btn btn-success\" target=\"_self\">Leer M\u00e1s<\/a><\/div><\/div><\/div><\/div>\n<div class=\"col-md-4 col-sm-6 col-xs-12 pt-cv-content-item pt-cv-1-col\" ><div class='pt-cv-ifield'><a href=\"https:\/\/zonales.quito.gob.ec\/?p=424245\" class=\"_self pt-cv-href-thumbnail pt-cv-thumb-default\" target=\"_self\" ><img loading=\"lazy\" decoding=\"async\" width=\"450\" height=\"169\" src=\"https:\/\/zonales.quito.gob.ec\/wp-content\/uploads\/JABONES-MEDICINALES-Y-DECORATIVOS.png\" class=\"pt-cv-thumbnail\" alt=\"\" \/><\/a>\n<h3 class=\"pt-cv-title\"><a href=\"https:\/\/zonales.quito.gob.ec\/?p=424245\" class=\"_self\" target=\"_self\" >JABONES\/PRODUCCI\u00d3N ARTESANAL Y MANUALIDADES\/VIRTUAL<\/a><\/h3>\n<div class=\"pt-cv-content\">CASA SOMOS SOLANDA Descripci\u00f3n:En este taller los\/as participantes de 18 a\u00f1os en adelante aprender\u00e1n a realizar jabones medicinales y decorativos que les permitir\u00e1 aprender y emprender. Informaci\u00f3n Adicional Modalidad:VIRTUALResponsable del ...<br \/><div class=\"pt-cv-rmwrap\"><a href=\"https:\/\/zonales.quito.gob.ec\/?p=424245\" class=\"_self pt-cv-readmore btn btn-success\" target=\"_self\">Leer M\u00e1s<\/a><\/div><\/div><\/div><\/div>\n<div class=\"col-md-4 col-sm-6 col-xs-12 pt-cv-content-item pt-cv-1-col\" ><div class='pt-cv-ifield'><a href=\"https:\/\/zonales.quito.gob.ec\/?p=424193\" class=\"_self pt-cv-href-thumbnail pt-cv-thumb-default\" target=\"_self\" ><img loading=\"lazy\" decoding=\"async\" width=\"450\" height=\"169\" src=\"https:\/\/zonales.quito.gob.ec\/wp-content\/uploads\/JABONES-MEDICINALES-Y-DECORATIVOS.png\" class=\"pt-cv-thumbnail\" alt=\"\" \/><\/a>\n<h3 class=\"pt-cv-title\"><a href=\"https:\/\/zonales.quito.gob.ec\/?p=424193\" class=\"_self\" target=\"_self\" >JABONES\/PRODUCCI\u00d3N ARTESANAL Y MANUALIDADES\/MEDICINALES Y DECORATIVOS<\/a><\/h3>\n<div class=\"pt-cv-content\">CASA SOMOS SOLANDA Descripci\u00f3n:En este taller los\/as participantes de 12 a\u00f1os en adelante aprender\u00e1n a realizar jabones medicinales y decorativos que les permitir\u00e1 aprender y emprender. Informaci\u00f3n Adicional Modalidad:PRESENCIALResponsable del ...<br \/><div class=\"pt-cv-rmwrap\"><a href=\"https:\/\/zonales.quito.gob.ec\/?p=424193\" class=\"_self pt-cv-readmore btn btn-success\" target=\"_self\">Leer M\u00e1s<\/a><\/div><\/div><\/div><\/div>\n<div class=\"col-md-4 col-sm-6 col-xs-12 pt-cv-content-item pt-cv-1-col\" ><div class='pt-cv-ifield'><a href=\"https:\/\/zonales.quito.gob.ec\/?p=424133\" class=\"_self pt-cv-href-thumbnail pt-cv-thumb-default\" target=\"_self\" ><img loading=\"lazy\" decoding=\"async\" width=\"450\" height=\"169\" src=\"https:\/\/zonales.quito.gob.ec\/wp-content\/uploads\/VELAS-COMESTIBLES.png\" class=\"pt-cv-thumbnail\" alt=\"\" \/><\/a>\n<h3 class=\"pt-cv-title\"><a href=\"https:\/\/zonales.quito.gob.ec\/?p=424133\" class=\"_self\" target=\"_self\" >ELABORACI\u00d3N DE VELAS COMESTIBLES\/PRODUCCI\u00d3N ARTESANAL Y MANUALIDADES<\/a><\/h3>\n<div class=\"pt-cv-content\">CASA SOMOS SOLANDA Descripci\u00f3n:En este taller los\/as participantes aprender\u00e1n a realizar deliciosas velas comestibles que les permitir\u00e1 aprender y emprender. Informaci\u00f3n Adicional Modalidad:PRESENCIALResponsable del taller:MAYRA PADILLAHorario de atenci\u00f3n:JUEVES DE 08H30 ...<br \/><div class=\"pt-cv-rmwrap\"><a href=\"https:\/\/zonales.quito.gob.ec\/?p=424133\" class=\"_self pt-cv-readmore btn btn-success\" target=\"_self\">Leer M\u00e1s<\/a><\/div><\/div><\/div><\/div>\n<div class=\"col-md-4 col-sm-6 col-xs-12 pt-cv-content-item pt-cv-1-col\" ><div class='pt-cv-ifield'><a href=\"https:\/\/zonales.quito.gob.ec\/?p=423994\" class=\"_self pt-cv-href-thumbnail pt-cv-thumb-default\" target=\"_self\" ><img loading=\"lazy\" decoding=\"async\" width=\"450\" height=\"169\" src=\"https:\/\/zonales.quito.gob.ec\/wp-content\/uploads\/AMIGURUMIS-INFANTIL.png\" class=\"pt-cv-thumbnail\" alt=\"\" \/><\/a>\n<h3 class=\"pt-cv-title\"><a href=\"https:\/\/zonales.quito.gob.ec\/?p=423994\" class=\"_self\" target=\"_self\" >AMIGURUMIS\/PRODUCCI\u00d3N ARTESANAL Y MANUALIDADES\/INFANTIL<\/a><\/h3>\n<div class=\"pt-cv-content\">CASA SOMOS SOLANDA Descripci\u00f3n:En este taller los\/as participantes de 9 a 18 a\u00f1os aprender\u00e1n a tejer hermosas manualidades. Informaci\u00f3n Adicional Modalidad:PRESENCIALResponsable del taller:GRACIELA PASQUELHorario de atenci\u00f3n:MI\u00c9RCOLES DE 14H00 A 16H00\u00a0Fecha ...<br \/><div class=\"pt-cv-rmwrap\"><a href=\"https:\/\/zonales.quito.gob.ec\/?p=423994\" class=\"_self pt-cv-readmore btn btn-success\" target=\"_self\">Leer M\u00e1s<\/a><\/div><\/div><\/div><\/div>\n<div class=\"col-md-4 col-sm-6 col-xs-12 pt-cv-content-item pt-cv-1-col\" ><div class='pt-cv-ifield'><a href=\"https:\/\/zonales.quito.gob.ec\/?p=422637\" class=\"_self pt-cv-href-thumbnail pt-cv-thumb-default\" target=\"_self\" ><img loading=\"lazy\" decoding=\"async\" width=\"450\" height=\"250\" src=\"https:\/\/zonales.quito.gob.ec\/wp-content\/uploads\/amigurumis-avanzado-450x250.jpg\" class=\"pt-cv-thumbnail\" alt=\"\" \/><\/a>\n<h3 class=\"pt-cv-title\"><a href=\"https:\/\/zonales.quito.gob.ec\/?p=422637\" class=\"_self\" target=\"_self\" >AMIGURUMIS\/PRODUCCI\u00d3N ARTESANAL Y MANUALIDADES<\/a><\/h3>\n<div class=\"pt-cv-content\">CASA SOMOS FRANCO M\u00c9NDEZ \u00a0Descripci\u00f3n:En este taller los y las participantes aprender\u00e1n t\u00e9cnicas para hacer mu\u00f1ecos tejidos, adem\u00e1s de ejercitar la memoria y la motricidad fina.\u00a0\u00a0Edad: 12 a\u00f1os en adelanteContacto: ...<br \/><div class=\"pt-cv-rmwrap\"><a href=\"https:\/\/zonales.quito.gob.ec\/?p=422637\" class=\"_self pt-cv-readmore btn btn-success\" target=\"_self\">Leer M\u00e1s<\/a><\/div><\/div><\/div><\/div>\n<div class=\"col-md-4 col-sm-6 col-xs-12 pt-cv-content-item pt-cv-1-col\" ><div class='pt-cv-ifield'><a href=\"https:\/\/zonales.quito.gob.ec\/?p=422875\" class=\"_self pt-cv-href-thumbnail pt-cv-thumb-default\" target=\"_self\" ><img loading=\"lazy\" decoding=\"async\" width=\"450\" height=\"169\" src=\"https:\/\/zonales.quito.gob.ec\/wp-content\/uploads\/ChatGPT-Image-14-ago-2026-02_46_15-p.m.png\" class=\"pt-cv-thumbnail\" alt=\"\" \/><\/a>\n<h3 class=\"pt-cv-title\"><a href=\"https:\/\/zonales.quito.gob.ec\/?p=422875\" class=\"_self\" target=\"_self\" >ELABORACI\u00d3N DE CAJAS\/PRODUCCI\u00d3N ARTESANAL Y MANUALIDADES<\/a><\/h3>\n<div class=\"pt-cv-content\">CASA SOMOS CHILLOGALLO Descripci\u00f3n:EEl taller \u201cElaboraci\u00f3n de Cajas\u201d brinda un espacio pr\u00e1ctico y creativo donde los participantes aprender\u00e1n a dise\u00f1ar y elaborar diferentes tipos de cajas decorativas y funcionales utilizando ...<br \/><div class=\"pt-cv-rmwrap\"><a href=\"https:\/\/zonales.quito.gob.ec\/?p=422875\" class=\"_self pt-cv-readmore btn btn-success\" target=\"_self\">Leer M\u00e1s<\/a><\/div><\/div><\/div><\/div>\n<div class=\"col-md-4 col-sm-6 col-xs-12 pt-cv-content-item pt-cv-1-col\" ><div class='pt-cv-ifield'><a href=\"https:\/\/zonales.quito.gob.ec\/?p=422873\" class=\"_self pt-cv-href-thumbnail pt-cv-thumb-default\" target=\"_self\" ><img loading=\"lazy\" decoding=\"async\" width=\"450\" height=\"169\" src=\"https:\/\/zonales.quito.gob.ec\/wp-content\/uploads\/WhatsApp-Image-2026-08-14-at-2.19.05-PM.jpeg\" class=\"pt-cv-thumbnail\" alt=\"\" \/><\/a>\n<h3 class=\"pt-cv-title\"><a href=\"https:\/\/zonales.quito.gob.ec\/?p=422873\" class=\"_self\" target=\"_self\" >CENTROS DE MESA Y ARREGLOS DEORATIVOS\/PRODUCCI\u00d3N ARTESANAL Y MANUALIDADES<\/a><\/h3>\n<div class=\"pt-cv-content\">CASA SOMOS CHILLOGALLO Descripci\u00f3n:El taller \u201cCreaci\u00f3n de Centros de Mesa y Arreglos Decorativos\u201d ofrece un espacio creativo y pr\u00e1ctico donde los participantes aprender\u00e1n a elaborar diferentes tipos de centros de ...<br \/><div class=\"pt-cv-rmwrap\"><a href=\"https:\/\/zonales.quito.gob.ec\/?p=422873\" class=\"_self pt-cv-readmore btn btn-success\" target=\"_self\">Leer M\u00e1s<\/a><\/div><\/div><\/div><\/div>\n<div class=\"col-md-4 col-sm-6 col-xs-12 pt-cv-content-item pt-cv-1-col\" ><div class='pt-cv-ifield'><a href=\"https:\/\/zonales.quito.gob.ec\/?p=422383\" class=\"_self pt-cv-href-thumbnail pt-cv-thumb-default\" target=\"_self\" ><img loading=\"lazy\" decoding=\"async\" width=\"450\" height=\"169\" src=\"https:\/\/zonales.quito.gob.ec\/wp-content\/uploads\/WhatsApp-Image-2026-08-13-at-12.16.40-PM.jpeg\" class=\"pt-cv-thumbnail\" alt=\"\" \/><\/a>\n<h3 class=\"pt-cv-title\"><a href=\"https:\/\/zonales.quito.gob.ec\/?p=422383\" class=\"_self\" target=\"_self\" >BOTELLAS DECORATIVAS NAVIDE\u00d1AS\/PRODUCCI\u00d3N ARTESANAL Y MANUALIDADES<\/a><\/h3>\n<div class=\"pt-cv-content\">CASA SOMOS CHILLOGALLO Descripci\u00f3n:Espacio creativo y pr\u00e1ctico donde los participantes aprender\u00e1n a transformar botellas en hermosos elementos decorativos para la temporada navide\u00f1a. Utilizar\u00e1n diferentes materiales, t\u00e9cnicas de pintura, decoraci\u00f3n, texturas ...<br \/><div class=\"pt-cv-rmwrap\"><a href=\"https:\/\/zonales.quito.gob.ec\/?p=422383\" class=\"_self pt-cv-readmore btn btn-success\" target=\"_self\">Leer M\u00e1s<\/a><\/div><\/div><\/div><\/div>\n<div class=\"col-md-4 col-sm-6 col-xs-12 pt-cv-content-item pt-cv-1-col\" ><div class='pt-cv-ifield'><a href=\"https:\/\/zonales.quito.gob.ec\/?p=421468\" class=\"_self pt-cv-href-thumbnail pt-cv-thumb-default\" target=\"_self\" ><img loading=\"lazy\" decoding=\"async\" width=\"376\" height=\"250\" src=\"https:\/\/zonales.quito.gob.ec\/wp-content\/uploads\/maquillaje-art-1.jpg\" class=\"pt-cv-thumbnail\" alt=\"\" \/><\/a>\n<h3 class=\"pt-cv-title\"><a href=\"https:\/\/zonales.quito.gob.ec\/?p=421468\" class=\"_self\" target=\"_self\" >MAQUILLAJE ART\u00cdSTICO\/BELLEZA\/EFECTOS ESPECIALES\/YARUQU\u00cd<\/a><\/h3>\n<div class=\"pt-cv-content\">CASA SOMOS YARUQU\u00cd Informaci\u00f3n Adicional Responsable del taller: Shirley Lozano Modalidad: Presencial Edad m\u00ednima requerida: 5 a\u00f1os Horario de atenci\u00f3n: Viernes 15:00-16:00 Fecha de inicio de taller: 11 Septiembre 2026 ...<br \/><div class=\"pt-cv-rmwrap\"><a href=\"https:\/\/zonales.quito.gob.ec\/?p=421468\" class=\"_self pt-cv-readmore btn btn-success\" target=\"_self\">Leer M\u00e1s<\/a><\/div><\/div><\/div><\/div>\n<div class=\"col-md-4 col-sm-6 col-xs-12 pt-cv-content-item pt-cv-1-col\" ><div class='pt-cv-ifield'><a href=\"https:\/\/zonales.quito.gob.ec\/?p=420499\" class=\"_self pt-cv-href-thumbnail pt-cv-thumb-default\" target=\"_self\" ><img loading=\"lazy\" decoding=\"async\" width=\"450\" height=\"225\" src=\"https:\/\/zonales.quito.gob.ec\/wp-content\/uploads\/centro-de-mesa-con-globos-1.jpg\" class=\"pt-cv-thumbnail\" alt=\"\" \/><\/a>\n<h3 class=\"pt-cv-title\"><a href=\"https:\/\/zonales.quito.gob.ec\/?p=420499\" class=\"_self\" target=\"_self\" >ARREGLO CON GLOBOS\/PRODUCCI\u00d3N ARTESANAL Y MANUALIDADES<\/a><\/h3>\n<div class=\"pt-cv-content\">CASA SOMOS GUANGOPOLO ARREGLO CON GLOBOS\/PRODUCCI\u00d3N ARTESANAL Y MANUALIDADES Descripci\u00f3n:Compartir eficazmente el conocimiento para poder garantizar \u00e9xito en sus reuniones y darles t\u00e9cnicas para empezar su emprendimiento\u00a0\u00a0 Informaci\u00f3n Adicional Modalidad: ...<br \/><div class=\"pt-cv-rmwrap\"><a href=\"https:\/\/zonales.quito.gob.ec\/?p=420499\" class=\"_self pt-cv-readmore btn btn-success\" target=\"_self\">Leer M\u00e1s<\/a><\/div><\/div><\/div><\/div>\n<div class=\"col-md-4 col-sm-6 col-xs-12 pt-cv-content-item pt-cv-1-col\" ><div class='pt-cv-ifield'><a href=\"https:\/\/zonales.quito.gob.ec\/?p=419238\" class=\"_self pt-cv-href-thumbnail pt-cv-thumb-default\" target=\"_self\" ><img loading=\"lazy\" decoding=\"async\" width=\"450\" height=\"169\" src=\"https:\/\/zonales.quito.gob.ec\/wp-content\/uploads\/MODELADO-EN-CERAMICA.png\" class=\"pt-cv-thumbnail\" alt=\"\" \/><\/a>\n<h3 class=\"pt-cv-title\"><a href=\"https:\/\/zonales.quito.gob.ec\/?p=419238\" class=\"_self\" target=\"_self\" >CER\u00c1MICA Y MODELADO EN ARCILLA\/PRODUCCI\u00d3N ARTESANAL Y MANUALIDADES<\/a><\/h3>\n<div class=\"pt-cv-content\">CASA SOMOS CHIRIYACU Descripci\u00f3n:En este taller los\/as participantes\u00a0 aprender\u00e1n a realizar hermosas manualidades.Este taller est\u00e1 dirigido a todo p\u00fablico desde los 5 a\u00f1os.\u00a0 Informaci\u00f3n Adicional Modalidad:PRESENCIALResponsable del taller:CESAR QUILUMBANGOHorario de ...<br \/><div class=\"pt-cv-rmwrap\"><a href=\"https:\/\/zonales.quito.gob.ec\/?p=419238\" class=\"_self pt-cv-readmore btn btn-success\" target=\"_self\">Leer M\u00e1s<\/a><\/div><\/div><\/div><\/div>\n<div class=\"col-md-4 col-sm-6 col-xs-12 pt-cv-content-item pt-cv-1-col\" ><div class='pt-cv-ifield'><a href=\"https:\/\/zonales.quito.gob.ec\/?p=419237\" class=\"_self pt-cv-href-thumbnail pt-cv-thumb-default\" target=\"_self\" ><img loading=\"lazy\" decoding=\"async\" width=\"450\" height=\"169\" src=\"https:\/\/zonales.quito.gob.ec\/wp-content\/uploads\/PINTURA-EN-CERAMICA-2.png\" class=\"pt-cv-thumbnail\" alt=\"\" \/><\/a>\n<h3 class=\"pt-cv-title\"><a href=\"https:\/\/zonales.quito.gob.ec\/?p=419237\" class=\"_self\" target=\"_self\" >PINTURA EN CER\u00c1MICA\/PRODUCCI\u00d3N ARTESANAL Y MANUALIDADES<\/a><\/h3>\n<div class=\"pt-cv-content\">CASA SOMOS CHIRIYACU Descripci\u00f3n:En este talle los\/as participantes\u00a0 aprender\u00e1n a decorar su imagen en cer\u00e1mica con diferentes t\u00e9cnicas. Este taller est\u00e1 dirigido a todo p\u00fablico desde los 5 a\u00f1os. Informaci\u00f3n ...<br \/><div class=\"pt-cv-rmwrap\"><a href=\"https:\/\/zonales.quito.gob.ec\/?p=419237\" class=\"_self pt-cv-readmore btn btn-success\" target=\"_self\">Leer M\u00e1s<\/a><\/div><\/div><\/div><\/div>\n<div class=\"col-md-4 col-sm-6 col-xs-12 pt-cv-content-item pt-cv-1-col\" ><div class='pt-cv-ifield'><a href=\"https:\/\/zonales.quito.gob.ec\/?p=417297\" class=\"_self pt-cv-href-thumbnail pt-cv-thumb-default\" target=\"_self\" ><img loading=\"lazy\" decoding=\"async\" width=\"450\" height=\"169\" src=\"https:\/\/zonales.quito.gob.ec\/wp-content\/uploads\/SABADOS-DE-10H00-A-12H00-9.png\" class=\"pt-cv-thumbnail\" alt=\"\" \/><\/a>\n<h3 class=\"pt-cv-title\"><a href=\"https:\/\/zonales.quito.gob.ec\/?p=417297\" class=\"_self\" target=\"_self\" >ARTE EN FIELTRO Y UTIRITARIOS NAVIDE\u00d1OS\/PRODUCCI\u00d3N ARTESANAL Y MANUALIDADES<\/a><\/h3>\n<div class=\"pt-cv-content\">CASA SOMOS SAN BARTOLO Descripci\u00f3n:\ud83c\udf84\ud83e\uddf5 \u00a1Dale vida a la Navidad con creatividad! Inscr\u00edbete en nuestro Taller de Arte en Fieltro Navide\u00f1o, dirigido a personas de 12 a\u00f1os en adelante. Aprende ...<br \/><div class=\"pt-cv-rmwrap\"><a href=\"https:\/\/zonales.quito.gob.ec\/?p=417297\" class=\"_self pt-cv-readmore btn btn-success\" target=\"_self\">Leer M\u00e1s<\/a><\/div><\/div><\/div><\/div>\n<div class=\"col-md-4 col-sm-6 col-xs-12 pt-cv-content-item pt-cv-1-col\" ><div class='pt-cv-ifield'><a href=\"https:\/\/zonales.quito.gob.ec\/?p=416813\" class=\"_self pt-cv-href-thumbnail pt-cv-thumb-default\" target=\"_self\" ><img loading=\"lazy\" decoding=\"async\" width=\"450\" height=\"250\" src=\"https:\/\/zonales.quito.gob.ec\/wp-content\/uploads\/CONFECCION-DE-ROPA-DE-MASCOTA-2-450x250.jpg\" class=\"pt-cv-thumbnail\" alt=\"\" \/><\/a>\n<h3 class=\"pt-cv-title\"><a href=\"https:\/\/zonales.quito.gob.ec\/?p=416813\" class=\"_self\" target=\"_self\" >PELUCHES Y BABUCHAS \/ PRODUCCI\u00d3N ARTESANAL Y MANUALIDADES \/ DISE\u00d1O Y CONFECCI\u00d3N DE PELUCHES Y BABUCHAS<\/a><\/h3>\n<div class=\"pt-cv-content\">CASA SOMOS GUAYLLABAMBA Descripci\u00f3n:Ense\u00f1ar a dise\u00f1ar y confeccionar ropa y accesorios para mascotas, utilizando t\u00e9cnicas de costura b\u00e1sicas y avanzadas, para crear prendas funcionales y a la moda que se ...<br \/><div class=\"pt-cv-rmwrap\"><a href=\"https:\/\/zonales.quito.gob.ec\/?p=416813\" class=\"_self pt-cv-readmore btn btn-success\" target=\"_self\">Leer M\u00e1s<\/a><\/div><\/div><\/div><\/div>\n<div class=\"col-md-4 col-sm-6 col-xs-12 pt-cv-content-item pt-cv-1-col\" ><div class='pt-cv-ifield'><a href=\"https:\/\/zonales.quito.gob.ec\/?p=416682\" class=\"_self pt-cv-href-thumbnail pt-cv-thumb-default\" target=\"_self\" ><img loading=\"lazy\" decoding=\"async\" width=\"450\" height=\"250\" src=\"https:\/\/zonales.quito.gob.ec\/wp-content\/uploads\/ELABORACION-DE-ARREGLOS-FLORALES-Y-DECORACION-DE-EVENTOS-1-450x250.jpg\" class=\"pt-cv-thumbnail\" alt=\"\" \/><\/a>\n<h3 class=\"pt-cv-title\"><a href=\"https:\/\/zonales.quito.gob.ec\/?p=416682\" class=\"_self\" target=\"_self\" >ARREGLO DE FLORES NATURALES \/ PRODUCCI\u00d3N ARTESANAL Y MANUALIDADES \/ DISE\u00d1O FLORAL CREATIVO<\/a><\/h3>\n<div class=\"pt-cv-content\">CASA SOMOS GUAYLLABAMBA Descripci\u00f3n:El taller tiene como objetivo desarrollar las habilidades creativas y t\u00e9cnicas de los participantes en la elaboraci\u00f3n de arreglos florales y en la decoraci\u00f3n de eventos, proporcionando ...<br \/><div class=\"pt-cv-rmwrap\"><a href=\"https:\/\/zonales.quito.gob.ec\/?p=416682\" class=\"_self pt-cv-readmore btn btn-success\" target=\"_self\">Leer M\u00e1s<\/a><\/div><\/div><\/div><\/div>\n<div class=\"col-md-4 col-sm-6 col-xs-12 pt-cv-content-item pt-cv-1-col\" ><div class='pt-cv-ifield'><a href=\"https:\/\/zonales.quito.gob.ec\/?p=416691\" class=\"_self pt-cv-href-thumbnail pt-cv-thumb-default\" target=\"_self\" ><img loading=\"lazy\" decoding=\"async\" width=\"450\" height=\"250\" src=\"https:\/\/zonales.quito.gob.ec\/wp-content\/uploads\/ELABORACION-DE-ARREGLOS-FLORALES-Y-DECORACION-DE-EVENTOS-1-450x250.jpg\" class=\"pt-cv-thumbnail\" alt=\"\" \/><\/a>\n<h3 class=\"pt-cv-title\"><a href=\"https:\/\/zonales.quito.gob.ec\/?p=416691\" class=\"_self\" target=\"_self\" >ROSAS Y RECUERDOS ELABORADO EN CINTA ETERNAS \/ PRODUCCI\u00d3N ARTESANAL Y MANUALIDADES \/ ARTE EN CINTA ROSAS Y RECUERDOS<\/a><\/h3>\n<div class=\"pt-cv-content\">CASA SOMOS GUAYLLABAMBA Descripci\u00f3n:El taller tiene como objetivo desarrollar habilidades creativas y manuales en la elaboraci\u00f3n de ramos con rosas eternas, mediante el uso de diferentes materiales y t\u00e9cnicas, fomentando ...<br \/><div class=\"pt-cv-rmwrap\"><a href=\"https:\/\/zonales.quito.gob.ec\/?p=416691\" class=\"_self pt-cv-readmore btn btn-success\" target=\"_self\">Leer M\u00e1s<\/a><\/div><\/div><\/div><\/div>\n<div class=\"col-md-4 col-sm-6 col-xs-12 pt-cv-content-item pt-cv-1-col\" ><div class='pt-cv-ifield'><a href=\"https:\/\/zonales.quito.gob.ec\/?p=416692\" class=\"_self pt-cv-href-thumbnail pt-cv-thumb-default\" target=\"_self\" ><img loading=\"lazy\" decoding=\"async\" width=\"450\" height=\"250\" src=\"https:\/\/zonales.quito.gob.ec\/wp-content\/uploads\/CONFECCION-DE-PIJAMAS-450x250.jpg\" class=\"pt-cv-thumbnail\" alt=\"\" \/><\/a>\n<h3 class=\"pt-cv-title\"><a href=\"https:\/\/zonales.quito.gob.ec\/?p=416692\" class=\"_self\" target=\"_self\" >LENCER\u00cdA &#8211; PIJAMAS DE HOMBRE\/ PRODUCCI\u00d3N ARTESANAL Y MANUALIDADES \/ MODA \u00cdNTIMA MASCULINA<\/a><\/h3>\n<div class=\"pt-cv-content\">CASA SOMOS GUAYLLABAMBA Descripci\u00f3n:Ense\u00f1ar a los participantes los conocimientos te\u00f3ricos y pr\u00e1cticos necesarios para dise\u00f1ar, cortar y confeccionar prendas, aplicando t\u00e9cnicas de costura, manejo de materiales el\u00e1sticos y acabados adecuados, ...<br \/><div class=\"pt-cv-rmwrap\"><a href=\"https:\/\/zonales.quito.gob.ec\/?p=416692\" class=\"_self pt-cv-readmore btn btn-success\" target=\"_self\">Leer M\u00e1s<\/a><\/div><\/div><\/div><\/div>\n<div class=\"col-md-4 col-sm-6 col-xs-12 pt-cv-content-item pt-cv-1-col\" ><div class='pt-cv-ifield'><a href=\"https:\/\/zonales.quito.gob.ec\/?p=416694\" class=\"_self pt-cv-href-thumbnail pt-cv-thumb-default\" target=\"_self\" ><img loading=\"lazy\" decoding=\"async\" width=\"450\" height=\"250\" src=\"https:\/\/zonales.quito.gob.ec\/wp-content\/uploads\/CONFECCION-DE-ROPA-DE-MASCOTA-2-450x250.jpg\" class=\"pt-cv-thumbnail\" alt=\"\" \/><\/a>\n<h3 class=\"pt-cv-title\"><a href=\"https:\/\/zonales.quito.gob.ec\/?p=416694\" class=\"_self\" target=\"_self\" >ROPA DE MASCOTA \/ PRODUCCI\u00d3N ARTESANAL Y MANUALIDADES \/ MODA PARA MI MASCOTAS<\/a><\/h3>\n<div class=\"pt-cv-content\">CASA SOMOS GUAYLLABAMBA Descripci\u00f3n:Ense\u00f1ar a dise\u00f1ar y confeccionar ropa y accesorios para mascotas, utilizando t\u00e9cnicas de costura b\u00e1sicas y avanzadas, para crear prendas funcionales y a la moda que se ...<br \/><div class=\"pt-cv-rmwrap\"><a href=\"https:\/\/zonales.quito.gob.ec\/?p=416694\" class=\"_self pt-cv-readmore btn btn-success\" target=\"_self\">Leer M\u00e1s<\/a><\/div><\/div><\/div><\/div>\n<div class=\"col-md-4 col-sm-6 col-xs-12 pt-cv-content-item pt-cv-1-col\" ><div class='pt-cv-ifield'><a href=\"https:\/\/zonales.quito.gob.ec\/?p=416693\" class=\"_self pt-cv-href-thumbnail pt-cv-thumb-default\" target=\"_self\" ><img loading=\"lazy\" decoding=\"async\" width=\"450\" height=\"165\" src=\"https:\/\/zonales.quito.gob.ec\/wp-content\/uploads\/WhatsApp-Image-2026-08-28-at-07.23.24.jpeg\" class=\"pt-cv-thumbnail\" alt=\"\" \/><\/a>\n<h3 class=\"pt-cv-title\"><a href=\"https:\/\/zonales.quito.gob.ec\/?p=416693\" class=\"_self\" target=\"_self\" >ELABORACI\u00d3N DE VELAS DECORATIVAS\/PRODUCCI\u00d3N ARTESANAL Y MANUALIDADES\/VELAS NAVIDE\u00d1AS TODO P\u00daBLICO<\/a><\/h3>\n<div class=\"pt-cv-content\">CASA SOMOS CONOCOTO Descripci\u00f3n:El taller de \"Velas en soja y gel\" ense\u00f1a a crear velas decorativas y personalizadas mediante la t\u00e9cnica de tallado, donde los participantes aprenden a esculpir dise\u00f1os ...<br \/><div class=\"pt-cv-rmwrap\"><a href=\"https:\/\/zonales.quito.gob.ec\/?p=416693\" class=\"_self pt-cv-readmore btn btn-success\" target=\"_self\">Leer M\u00e1s<\/a><\/div><\/div><\/div><\/div>\n<div class=\"col-md-4 col-sm-6 col-xs-12 pt-cv-content-item pt-cv-1-col\" ><div class='pt-cv-ifield'><a href=\"https:\/\/zonales.quito.gob.ec\/?p=415146\" class=\"_self pt-cv-href-thumbnail pt-cv-thumb-default\" target=\"_self\" ><img loading=\"lazy\" decoding=\"async\" width=\"450\" height=\"250\" src=\"https:\/\/zonales.quito.gob.ec\/wp-content\/uploads\/AVENTURAS-VACACIONALES1-450x250.jpg\" class=\"pt-cv-thumbnail\" alt=\"\" \/><\/a>\n<h3 class=\"pt-cv-title\"><a href=\"https:\/\/zonales.quito.gob.ec\/?p=415146\" class=\"_self\" target=\"_self\" >SUE\u00d1OS ART\u00cdSTICOS\/DESARROLLO ART\u00cdSTICO\/VACACIONAL CASA SOMOS<\/a><\/h3>\n<div class=\"pt-cv-content\">CASA SOMOS TOCTIUCO Descripci\u00f3n:DESARROLLAR COMPETENCIAS ART\u00cdSTICAS A TRAV\u00c9S DE TALLERES VACACIONALES. Informaci\u00f3n Adicional Modalidad:PresencialResponsable del taller:LILIANA DEL PILAR CHICO ESPINOZAHorario de atenci\u00f3n:LUNES A VIERNES08:00 - 12:00Fecha de inicio de taller:13\/07\/2026Fecha ...<br \/><div class=\"pt-cv-rmwrap\"><a href=\"https:\/\/zonales.quito.gob.ec\/?p=415146\" class=\"_self pt-cv-readmore btn btn-success\" target=\"_self\">Leer M\u00e1s<\/a><\/div><\/div><\/div><\/div>\n<div class=\"col-md-4 col-sm-6 col-xs-12 pt-cv-content-item pt-cv-1-col\" ><div class='pt-cv-ifield'><a href=\"https:\/\/zonales.quito.gob.ec\/?p=414989\" class=\"_self pt-cv-href-thumbnail pt-cv-thumb-default\" target=\"_self\" ><img loading=\"lazy\" decoding=\"async\" width=\"450\" height=\"250\" src=\"https:\/\/zonales.quito.gob.ec\/wp-content\/uploads\/AMIGURUMIS-2-450x250.png\" class=\"pt-cv-thumbnail\" alt=\"\" \/><\/a>\n<h3 class=\"pt-cv-title\"><a href=\"https:\/\/zonales.quito.gob.ec\/?p=414989\" class=\"_self\" target=\"_self\" >AMIGURUMIS A CROCHET INFANTIL\/PRODUCCI\u00d3N ARTESANAL Y MANUALIDADES<\/a><\/h3>\n<div class=\"pt-cv-content\">CASA SOMOS CHIRIYACU Descripci\u00f3n:Aprende a tejer figuras en crochet para crear adorables amigurumis. Dirigido a participantes desde los 9 a\u00f1os en adelante. Informaci\u00f3n Adicional Modalidad:PRESENCIALResponsable del taller:MIRIAN MORENOHorario de atenci\u00f3n:VIERNES ...<br \/><div class=\"pt-cv-rmwrap\"><a href=\"https:\/\/zonales.quito.gob.ec\/?p=414989\" class=\"_self pt-cv-readmore btn btn-success\" target=\"_self\">Leer M\u00e1s<\/a><\/div><\/div><\/div><\/div>\n<div class=\"col-md-4 col-sm-6 col-xs-12 pt-cv-content-item pt-cv-1-col\" ><div class='pt-cv-ifield'><a href=\"https:\/\/zonales.quito.gob.ec\/?p=414755\" class=\"_self pt-cv-href-thumbnail pt-cv-thumb-default\" target=\"_self\" ><img loading=\"lazy\" decoding=\"async\" width=\"450\" height=\"250\" src=\"https:\/\/zonales.quito.gob.ec\/wp-content\/uploads\/AVENTURAS-VACACIONALES1-450x250.jpg\" class=\"pt-cv-thumbnail\" alt=\"\" \/><\/a>\n<h3 class=\"pt-cv-title\"><a href=\"https:\/\/zonales.quito.gob.ec\/?p=414755\" class=\"_self\" target=\"_self\" >SUE\u00d1OS ART\u00cdSTICOS\/DESARROLLO ART\u00cdSTICO\/VACACIONAL CASA SOMOS<\/a><\/h3>\n<div class=\"pt-cv-content\">CASA SOMOS SAN JUAN Descripci\u00f3n:DESARROLLAR COMPETENCIAS ART\u00cdSTICAS A TRAV\u00c9S DE TALLERES VACACIONALES. Informaci\u00f3n Adicional Modalidad:PresencialResponsable del taller:LILIANA DEL PILAR CHICO ESPINOZAHorario de atenci\u00f3n:LUNES A VIERNES08:00 - 12:00Fecha de inicio de ...<br \/><div class=\"pt-cv-rmwrap\"><a href=\"https:\/\/zonales.quito.gob.ec\/?p=414755\" class=\"_self pt-cv-readmore btn btn-success\" target=\"_self\">Leer M\u00e1s<\/a><\/div><\/div><\/div><\/div>\n<div class=\"col-md-4 col-sm-6 col-xs-12 pt-cv-content-item pt-cv-1-col\" ><div class='pt-cv-ifield'><a href=\"https:\/\/zonales.quito.gob.ec\/?p=414631\" class=\"_self pt-cv-href-thumbnail pt-cv-thumb-default\" target=\"_self\" ><img loading=\"lazy\" decoding=\"async\" width=\"248\" height=\"250\" src=\"https:\/\/zonales.quito.gob.ec\/wp-content\/uploads\/cartuchera.jpg\" class=\"pt-cv-thumbnail\" alt=\"\" \/><\/a>\n<h3 class=\"pt-cv-title\"><a href=\"https:\/\/zonales.quito.gob.ec\/?p=414631\" class=\"_self\" target=\"_self\" >CONFECCI\u00d3N DE MOCHILAS Y CARTUCHERAS \/PRODUCCI\u00d3N ARTESANAL Y MANUALIDADES\/  DE 6 A 17 A\u00d1OS<\/a><\/h3>\n<div class=\"pt-cv-content\">CASA SOMOS ATUCUCHO Descripci\u00f3n:La elaboraci\u00f3n de una cartuchera depende del estilo deseado y los materiales disponibles. Podemos crear un modelo cl\u00e1sico de tela o a elaborar la caja o estuche ...<br \/><div class=\"pt-cv-rmwrap\"><a href=\"https:\/\/zonales.quito.gob.ec\/?p=414631\" class=\"_self pt-cv-readmore btn btn-success\" target=\"_self\">Leer M\u00e1s<\/a><\/div><\/div><\/div><\/div>\n<div class=\"col-md-4 col-sm-6 col-xs-12 pt-cv-content-item pt-cv-1-col\" ><div class='pt-cv-ifield'><a href=\"https:\/\/zonales.quito.gob.ec\/?p=414624\" class=\"_self pt-cv-href-thumbnail pt-cv-thumb-default\" target=\"_self\" ><img loading=\"lazy\" decoding=\"async\" width=\"250\" height=\"250\" src=\"https:\/\/zonales.quito.gob.ec\/wp-content\/uploads\/babuchas-12.jpg\" class=\"pt-cv-thumbnail\" alt=\"\" \/><\/a>\n<h3 class=\"pt-cv-title\"><a href=\"https:\/\/zonales.quito.gob.ec\/?p=414624\" class=\"_self\" target=\"_self\" >ELABORACI\u00d3N DE BABUCHAS \/PRODUCCI\u00d3N ARTESANAL Y MANUALIDADES\/  DE 6 A 17 A\u00d1OS<\/a><\/h3>\n<div class=\"pt-cv-content\">CASA SOMOS ATUCUCHO Descripci\u00f3n:Vamos a trabajar en los zapatos que parecen pantuflas y se conocen generalmente como zuecos, babuchas, o simplemente pantuflas de calle se utiliza una base de suela, ...<br \/><div class=\"pt-cv-rmwrap\"><a href=\"https:\/\/zonales.quito.gob.ec\/?p=414624\" class=\"_self pt-cv-readmore btn btn-success\" target=\"_self\">Leer M\u00e1s<\/a><\/div><\/div><\/div><\/div>\n<div class=\"col-md-4 col-sm-6 col-xs-12 pt-cv-content-item pt-cv-1-col\" ><div class='pt-cv-ifield'><a href=\"https:\/\/zonales.quito.gob.ec\/?p=414544\" class=\"_self pt-cv-href-thumbnail pt-cv-thumb-default\" target=\"_self\" ><img loading=\"lazy\" decoding=\"async\" width=\"335\" height=\"250\" src=\"https:\/\/zonales.quito.gob.ec\/wp-content\/uploads\/manualidades-reciclaje.jpg\" class=\"pt-cv-thumbnail\" alt=\"\" \/><\/a>\n<h3 class=\"pt-cv-title\"><a href=\"https:\/\/zonales.quito.gob.ec\/?p=414544\" class=\"_self\" target=\"_self\" >ADORNOS EN MU\u00d1EQUER\u00cdA Y RECICLAJE \/PRODUCCI\u00d3N ARTESANAL Y MANUALIDADES\/  DE 5 A 17 A\u00d1OS<\/a><\/h3>\n<div class=\"pt-cv-content\">CASA SOMOS ATUCUCHO Descripci\u00f3n:En el reciclado es una forma de expresi\u00f3n art\u00edstica que recurre a los materiales reutilizados para crear nuevas obras. Empleando desde objetos cotidianos, como pl\u00e1stico o cart\u00f3n, ...<br \/><div class=\"pt-cv-rmwrap\"><a href=\"https:\/\/zonales.quito.gob.ec\/?p=414544\" class=\"_self pt-cv-readmore btn btn-success\" target=\"_self\">Leer M\u00e1s<\/a><\/div><\/div><\/div><\/div>\n<div class=\"col-md-4 col-sm-6 col-xs-12 pt-cv-content-item pt-cv-1-col\" ><div class='pt-cv-ifield'><a href=\"https:\/\/zonales.quito.gob.ec\/?p=414533\" class=\"_self pt-cv-href-thumbnail pt-cv-thumb-default\" target=\"_self\" ><img loading=\"lazy\" decoding=\"async\" width=\"283\" height=\"178\" src=\"https:\/\/zonales.quito.gob.ec\/wp-content\/uploads\/Bisuteria-2-4.jpg\" class=\"pt-cv-thumbnail\" alt=\"\" \/><\/a>\n<h3 class=\"pt-cv-title\"><a href=\"https:\/\/zonales.quito.gob.ec\/?p=414533\" class=\"_self\" target=\"_self\" >BISUTER\u00cdA \/PRODUCCI\u00d3N ARTESANAL Y MANUALIDADES\/  DE 6 A 17 A\u00d1OS<\/a><\/h3>\n<div class=\"pt-cv-content\">CASA SOMOS ATUCUCHO Descripci\u00f3n:Iniciar a elaborar objetos de adorno y accesorios personales utilizando materiales no preciosos \u00a0utilizando \u00a0elementos econ\u00f3micos como metales de fantas\u00eda, cristales, resinas, pl\u00e1sticos, cuero, semillas o vidrio, ...<br \/><div class=\"pt-cv-rmwrap\"><a href=\"https:\/\/zonales.quito.gob.ec\/?p=414533\" class=\"_self pt-cv-readmore btn btn-success\" target=\"_self\">Leer M\u00e1s<\/a><\/div><\/div><\/div><\/div>\n<div class=\"col-md-4 col-sm-6 col-xs-12 pt-cv-content-item pt-cv-1-col\" ><div class='pt-cv-ifield'><a href=\"https:\/\/zonales.quito.gob.ec\/?p=414275\" class=\"_self pt-cv-href-thumbnail pt-cv-thumb-default\" target=\"_self\" ><img loading=\"lazy\" decoding=\"async\" width=\"450\" height=\"213\" src=\"https:\/\/zonales.quito.gob.ec\/wp-content\/uploads\/limpia-pipas-1.png\" class=\"pt-cv-thumbnail\" alt=\"\" \/><\/a>\n<h3 class=\"pt-cv-title\"><a href=\"https:\/\/zonales.quito.gob.ec\/?p=414275\" class=\"_self\" target=\"_self\" >DECORACI\u00d3N EN LIMPIAPIPAS \/ PRODUCCI\u00d3N ARTESANAL Y MANUALIDADES<\/a><\/h3>\n<div class=\"pt-cv-content\">CASA SOMOS LA MARISCAL Descripci\u00f3n:Este taller propone una experiencia creativa y \u00a0especiales (como la motricidad fina y la coordinaci\u00f3n ojo-mano) mediante la manipulaci\u00f3n de este material. Adem\u00e1s, busca estimular la ...<br \/><div class=\"pt-cv-rmwrap\"><a href=\"https:\/\/zonales.quito.gob.ec\/?p=414275\" class=\"_self pt-cv-readmore btn btn-success\" target=\"_self\">Leer M\u00e1s<\/a><\/div><\/div><\/div><\/div>\n<div class=\"col-md-4 col-sm-6 col-xs-12 pt-cv-content-item pt-cv-1-col\" ><div class='pt-cv-ifield'><a href=\"https:\/\/zonales.quito.gob.ec\/?p=414209\" class=\"_self pt-cv-href-thumbnail pt-cv-thumb-default\" target=\"_self\" ><img loading=\"lazy\" decoding=\"async\" width=\"155\" height=\"250\" src=\"https:\/\/zonales.quito.gob.ec\/wp-content\/uploads\/WhatsApp-Image-2026-07-02-at-7.07.38-PM.jpeg\" class=\"pt-cv-thumbnail\" alt=\"\" \/><\/a>\n<h3 class=\"pt-cv-title\"><a href=\"https:\/\/zonales.quito.gob.ec\/?p=414209\" class=\"_self\" target=\"_self\" >MU\u00d1EQUERIA COUNTRY \/PRODUCCI\u00d3N ARTESANAL Y MANUALIDADES<\/a><\/h3>\n<div class=\"pt-cv-content\">CASA SOMOS BULEVAR Descripci\u00f3n:Aprender a crear rosas eternas con cinta y limpiapipas permite elaborar manualidades duraderas y moldeables Informaci\u00f3n Adicional Modalidad:Presencial\u00a0Responsable del taller:Carmen Isabel TorresHorario de atenci\u00f3n:Mi\u00e9rcoles 14:00 A 15:00Fecha ...<br \/><div class=\"pt-cv-rmwrap\"><a href=\"https:\/\/zonales.quito.gob.ec\/?p=414209\" class=\"_self pt-cv-readmore btn btn-success\" target=\"_self\">Leer M\u00e1s<\/a><\/div><\/div><\/div><\/div>\n<div class=\"col-md-4 col-sm-6 col-xs-12 pt-cv-content-item pt-cv-1-col\" ><div class='pt-cv-ifield'><a href=\"https:\/\/zonales.quito.gob.ec\/?p=414163\" class=\"_self pt-cv-href-thumbnail pt-cv-thumb-default\" target=\"_self\" ><img loading=\"lazy\" decoding=\"async\" width=\"188\" height=\"250\" src=\"https:\/\/zonales.quito.gob.ec\/wp-content\/uploads\/MANUALIDADES-EN-FOAMI2.jpg\" class=\"pt-cv-thumbnail\" alt=\"\" \/><\/a>\n<h3 class=\"pt-cv-title\"><a href=\"https:\/\/zonales.quito.gob.ec\/?p=414163\" class=\"_self\" target=\"_self\" >TALLADO EN ESPUMA FLEX Y FOAMI \/PRODUCCI\u00d3N ARTESANAL Y MANUALIDADES<\/a><\/h3>\n<div class=\"pt-cv-content\">CASA SOMOS BULEVAR Descripci\u00f3n:Aprender a crear rosas eternas con cinta y limpiapipas permite elaborar manualidades duraderas y moldeables Informaci\u00f3n Adicional Modalidad:Presencial\u00a0Responsable del taller:Carmen Isabel TorresHorario de atenci\u00f3n:Mi\u00e9rcoles 15:00 A 16:00Fecha ...<br \/><div class=\"pt-cv-rmwrap\"><a href=\"https:\/\/zonales.quito.gob.ec\/?p=414163\" class=\"_self pt-cv-readmore btn btn-success\" target=\"_self\">Leer M\u00e1s<\/a><\/div><\/div><\/div><\/div>\n<div class=\"col-md-4 col-sm-6 col-xs-12 pt-cv-content-item pt-cv-1-col\" ><div class='pt-cv-ifield'><a href=\"https:\/\/zonales.quito.gob.ec\/?p=413716\" class=\"_self pt-cv-href-thumbnail pt-cv-thumb-default\" target=\"_self\" ><img loading=\"lazy\" decoding=\"async\" width=\"450\" height=\"250\" src=\"https:\/\/zonales.quito.gob.ec\/wp-content\/uploads\/PORCELANICRON-16-450x250.jpg\" class=\"pt-cv-thumbnail\" alt=\"\" \/><\/a>\n<h3 class=\"pt-cv-title\"><a href=\"https:\/\/zonales.quito.gob.ec\/?p=413716\" class=\"_self\" target=\"_self\" >FIGURAS EN PORCELANICR\u00d3N\/PRODUCCI\u00d3N ARTESANAL Y MANUALIDADES<\/a><\/h3>\n<div class=\"pt-cv-content\">CASA SOMOS SAN BLAS Descripci\u00f3n:\u00bfTe gusta crear con tus manos y dar vida a tus ideas?En este taller aprender\u00e1s t\u00e9cnicas de modelado en porcelanicr\u00f3n para elaborar figuras decorativas \u00fanicas, mientras ...<br \/><div class=\"pt-cv-rmwrap\"><a href=\"https:\/\/zonales.quito.gob.ec\/?p=413716\" class=\"_self pt-cv-readmore btn btn-success\" target=\"_self\">Leer M\u00e1s<\/a><\/div><\/div><\/div><\/div>\n<div class=\"col-md-4 col-sm-6 col-xs-12 pt-cv-content-item pt-cv-1-col\" ><div class='pt-cv-ifield'><a href=\"https:\/\/zonales.quito.gob.ec\/?p=413715\" class=\"_self pt-cv-href-thumbnail pt-cv-thumb-default\" target=\"_self\" ><img loading=\"lazy\" decoding=\"async\" width=\"450\" height=\"250\" src=\"https:\/\/zonales.quito.gob.ec\/wp-content\/uploads\/LENCERIA-PARA-EL-HOGAR-450x250.png\" class=\"pt-cv-thumbnail\" alt=\"\" \/><\/a>\n<h3 class=\"pt-cv-title\"><a href=\"https:\/\/zonales.quito.gob.ec\/?p=413715\" class=\"_self\" target=\"_self\" >MANUALIDADES\/PRODUCCI\u00d3N ARTESANAL Y MANUALIDADES\/ADORNOS PARA EL HOGAR Y CONFECCI\u00d3N TEXTIL<\/a><\/h3>\n<div class=\"pt-cv-content\">CASA SOMOS SAN BLAS Descripci\u00f3n:\u00bfYa te graduaste y no sabes cu\u00e1l es el siguiente paso?\u00a0Este taller te brindar\u00e1 orientaci\u00f3n para definir tu proyecto de vida, conocer las opciones de educaci\u00f3n ...<br \/><div class=\"pt-cv-rmwrap\"><a href=\"https:\/\/zonales.quito.gob.ec\/?p=413715\" class=\"_self pt-cv-readmore btn btn-success\" target=\"_self\">Leer M\u00e1s<\/a><\/div><\/div><\/div><\/div>\n<div class=\"col-md-4 col-sm-6 col-xs-12 pt-cv-content-item pt-cv-1-col\" ><div class='pt-cv-ifield'><a href=\"https:\/\/zonales.quito.gob.ec\/?p=413677\" class=\"_self pt-cv-href-thumbnail pt-cv-thumb-default\" target=\"_self\" ><img loading=\"lazy\" decoding=\"async\" width=\"450\" height=\"250\" src=\"https:\/\/zonales.quito.gob.ec\/wp-content\/uploads\/emprendimeinto-con-flores-1-450x250.jpg\" class=\"pt-cv-thumbnail\" alt=\"\" \/><\/a>\n<h3 class=\"pt-cv-title\"><a href=\"https:\/\/zonales.quito.gob.ec\/?p=413677\" class=\"_self\" target=\"_self\" >FLORES ETERNAS\/PRODUCCI\u00d3N ARTESANAL Y MANUALIDADES<\/a><\/h3>\n<div class=\"pt-cv-content\">CASA SOMOS SAN BLAS Descripci\u00f3n:Aprende a crear hermosas flores eternas con t\u00e9cnicas artesanales.\u00a0Desarrolla tu creatividad elaborando arreglos florales duraderos para decorar espacios, regalar en ocasiones especiales o iniciar tu propio ...<br \/><div class=\"pt-cv-rmwrap\"><a href=\"https:\/\/zonales.quito.gob.ec\/?p=413677\" class=\"_self pt-cv-readmore btn btn-success\" target=\"_self\">Leer M\u00e1s<\/a><\/div><\/div><\/div><\/div>\n<div class=\"col-md-4 col-sm-6 col-xs-12 pt-cv-content-item pt-cv-1-col\" ><div class='pt-cv-ifield'><a href=\"https:\/\/zonales.quito.gob.ec\/?p=413545\" class=\"_self pt-cv-href-thumbnail pt-cv-thumb-default\" target=\"_self\" ><img loading=\"lazy\" decoding=\"async\" width=\"300\" height=\"168\" src=\"https:\/\/zonales.quito.gob.ec\/wp-content\/uploads\/CONF.jpg\" class=\"pt-cv-thumbnail\" alt=\"\" \/><\/a>\n<h3 class=\"pt-cv-title\"><a href=\"https:\/\/zonales.quito.gob.ec\/?p=413545\" class=\"_self\" target=\"_self\" >CORTE Y CONFECCI\u00d3N\/PRODUCCI\u00d3N ARTESANAL Y MANUALIDADES<\/a><\/h3>\n<div class=\"pt-cv-content\">CASA SOMOS COLINAS DEL NORTE CORTE Y CONFECCI\u00d3N\/PRODUCCI\u00d3N ARTESANAL Y MANUALIDADES Descripci\u00f3n:Realizar el taller con la ense\u00f1anza b\u00e1sica de los diferentes procesos de corte y confecci\u00f3n. Informaci\u00f3n Adicional Modalidad:PresencialResponsable del ...<br \/><div class=\"pt-cv-rmwrap\"><a href=\"https:\/\/zonales.quito.gob.ec\/?p=413545\" class=\"_self pt-cv-readmore btn btn-success\" target=\"_self\">Leer M\u00e1s<\/a><\/div><\/div><\/div><\/div>\n<div class=\"col-md-4 col-sm-6 col-xs-12 pt-cv-content-item pt-cv-1-col\" ><div class='pt-cv-ifield'><a href=\"https:\/\/zonales.quito.gob.ec\/?p=412884\" class=\"_self pt-cv-href-thumbnail pt-cv-thumb-default\" target=\"_self\" ><img loading=\"lazy\" decoding=\"async\" width=\"450\" height=\"169\" src=\"https:\/\/zonales.quito.gob.ec\/wp-content\/uploads\/WhatsApp-Image-2026-07-06-at-3.32.53-PM-1.jpeg\" class=\"pt-cv-thumbnail\" alt=\"\" \/><\/a>\n<h3 class=\"pt-cv-title\"><a href=\"https:\/\/zonales.quito.gob.ec\/?p=412884\" class=\"_self\" target=\"_self\" >VELAS\/PRODUCCI\u00d3N ARTESANAL Y MANUALIDADES<\/a><\/h3>\n<div class=\"pt-cv-content\">CASA SOMOS ATAHUALPA Descripci\u00f3n: Aprende a elaborar velas decorativas y arom\u00e1ticas utilizando diferentes t\u00e9cnicas, colores y esencias de forma creativa y pr\u00e1ctica.Dirigido a participantes de 15 a\u00f1os en adelante que ...<br \/><div class=\"pt-cv-rmwrap\"><a href=\"https:\/\/zonales.quito.gob.ec\/?p=412884\" class=\"_self pt-cv-readmore btn btn-success\" target=\"_self\">Leer M\u00e1s<\/a><\/div><\/div><\/div><\/div>\n<div class=\"col-md-4 col-sm-6 col-xs-12 pt-cv-content-item pt-cv-1-col\" ><div class='pt-cv-ifield'><a href=\"https:\/\/zonales.quito.gob.ec\/?p=399208\" class=\"_self pt-cv-href-thumbnail pt-cv-thumb-default\" target=\"_self\" ><img loading=\"lazy\" decoding=\"async\" width=\"450\" height=\"250\" src=\"https:\/\/zonales.quito.gob.ec\/wp-content\/uploads\/MANUALIDADES-NAVIDENAS-5-450x250.jpg\" class=\"pt-cv-thumbnail\" alt=\"\" \/><\/a>\n<h3 class=\"pt-cv-title\"><a href=\"https:\/\/zonales.quito.gob.ec\/?p=399208\" class=\"_self\" target=\"_self\" >MANUALIDADES EN FIELTRO \/ PRODUCCI\u00d3N ARTESANAL Y MANUALIDADES \/ FIELTRO Y FANTAS\u00cdA<\/a><\/h3>\n<div class=\"pt-cv-content\">CASA SOMOS GUAYLLABAMBA Descripci\u00f3n:Brindar a los participantes t\u00e9cnicas b\u00e1sicas para la elaboraci\u00f3n de mu\u00f1ecos, desarrollando su creatividad y habilidades manuales, mientras se fomenta el esp\u00edritu festivo y el trabajo en ...<br \/><div class=\"pt-cv-rmwrap\"><a href=\"https:\/\/zonales.quito.gob.ec\/?p=399208\" class=\"_self pt-cv-readmore btn btn-success\" target=\"_self\">Leer M\u00e1s<\/a><\/div><\/div><\/div><\/div>\n<div class=\"col-md-4 col-sm-6 col-xs-12 pt-cv-content-item pt-cv-1-col\" ><div class='pt-cv-ifield'><a href=\"https:\/\/zonales.quito.gob.ec\/?p=399195\" class=\"_self pt-cv-href-thumbnail pt-cv-thumb-default\" target=\"_self\" ><img loading=\"lazy\" decoding=\"async\" width=\"450\" height=\"250\" src=\"https:\/\/zonales.quito.gob.ec\/wp-content\/uploads\/SPA-DE-UNAS-450x250.jpg\" class=\"pt-cv-thumbnail\" alt=\"\" \/><\/a>\n<h3 class=\"pt-cv-title\"><a href=\"https:\/\/zonales.quito.gob.ec\/?p=399195\" class=\"_self\" target=\"_self\" >ELABORACI\u00d3N DE JABONES ARTESANALES \/ PRODUCCI\u00d3N ARTESANAL Y MANUALIDADES \/ 8 A\u00d1OS EN ADELANTE<\/a><\/h3>\n<div class=\"pt-cv-content\">CASA SOMOS GUAYLLABAMBA Descripci\u00f3n:El taller tiene como objetivo aprender a elaborar jabones artesanales con t\u00e9cnicas b\u00e1sicas, de forma creativa y pr\u00e1ctica. Informaci\u00f3n Adicional Modalidad:PresencialResponsable del taller:Vanesa PumaHorario de atenci\u00f3n:Mi\u00e9rcoles 10:00 ...<br \/><div class=\"pt-cv-rmwrap\"><a href=\"https:\/\/zonales.quito.gob.ec\/?p=399195\" class=\"_self pt-cv-readmore btn btn-success\" target=\"_self\">Leer M\u00e1s<\/a><\/div><\/div><\/div><\/div>\n<div class=\"col-md-4 col-sm-6 col-xs-12 pt-cv-content-item pt-cv-1-col\" ><div class='pt-cv-ifield'><a href=\"https:\/\/zonales.quito.gob.ec\/?p=399350\" class=\"_self pt-cv-href-thumbnail pt-cv-thumb-default\" target=\"_self\" ><img loading=\"lazy\" decoding=\"async\" width=\"450\" height=\"250\" src=\"https:\/\/zonales.quito.gob.ec\/wp-content\/uploads\/ARTE-EN-UNAS-450x250.jpeg\" class=\"pt-cv-thumbnail\" alt=\"\" \/><\/a>\n<h3 class=\"pt-cv-title\"><a href=\"https:\/\/zonales.quito.gob.ec\/?p=399350\" class=\"_self\" target=\"_self\" >RESINA EPOXI \/ PRODUCCI\u00d3N ARTESANAL Y MANUALIDADES \/ MAGIA EN RESINA<\/a><\/h3>\n<div class=\"pt-cv-content\">CASA SOMOS GUAYLLABAMBA Descripci\u00f3n:El taller tiene como brindar a los participantes los conocimientos y habilidades b\u00e1sicas con resina fomentando la creatividad mediante la elaboraci\u00f3n de piezas decorativas Informaci\u00f3n Adicional Modalidad:PresencialResponsable ...<br \/><div class=\"pt-cv-rmwrap\"><a href=\"https:\/\/zonales.quito.gob.ec\/?p=399350\" class=\"_self pt-cv-readmore btn btn-success\" target=\"_self\">Leer M\u00e1s<\/a><\/div><\/div><\/div><\/div>\n<div class=\"col-md-4 col-sm-6 col-xs-12 pt-cv-content-item pt-cv-1-col\" ><div class='pt-cv-ifield'><a href=\"https:\/\/zonales.quito.gob.ec\/?p=412843\" class=\"_self pt-cv-href-thumbnail pt-cv-thumb-default\" target=\"_self\" ><img loading=\"lazy\" decoding=\"async\" width=\"438\" height=\"250\" src=\"https:\/\/zonales.quito.gob.ec\/wp-content\/uploads\/seri-1.jpg\" class=\"pt-cv-thumbnail\" alt=\"\" \/><\/a>\n<h3 class=\"pt-cv-title\"><a href=\"https:\/\/zonales.quito.gob.ec\/?p=412843\" class=\"_self\" target=\"_self\" >SERIGRAF\u00cdA DEPORTIVA Y DE MARCA \/ PRODUCCI\u00d3N ARTESANAL Y MANUALIDADES \/ CLUB DE LA SERIGRAF\u00cdA<\/a><\/h3>\n<div class=\"pt-cv-content\">CASA SOMOS GUAYLLABAMBA Descripci\u00f3n:Desarrollar habilidades b\u00e1sicas en serigraf\u00eda para imprimir dise\u00f1os de manera creativa y profesional. Informaci\u00f3n Adicional Modalidad:PresencialResponsable del taller:Francisco PotosiHorario de atenci\u00f3n:Martes 10:00 \u2013 11:00\u00a0Fecha de inicio de ...<br \/><div class=\"pt-cv-rmwrap\"><a href=\"https:\/\/zonales.quito.gob.ec\/?p=412843\" class=\"_self pt-cv-readmore btn btn-success\" target=\"_self\">Leer M\u00e1s<\/a><\/div><\/div><\/div><\/div>\n<div class=\"col-md-4 col-sm-6 col-xs-12 pt-cv-content-item pt-cv-1-col\" ><div class='pt-cv-ifield'><a href=\"https:\/\/zonales.quito.gob.ec\/?p=412195\" class=\"_self pt-cv-href-thumbnail pt-cv-thumb-default\" target=\"_self\" ><img loading=\"lazy\" decoding=\"async\" width=\"450\" height=\"250\" src=\"https:\/\/zonales.quito.gob.ec\/wp-content\/uploads\/DECORACION-DE-BOTELLAS-450x250.png\" class=\"pt-cv-thumbnail\" alt=\"\" \/><\/a>\n<h3 class=\"pt-cv-title\"><a href=\"https:\/\/zonales.quito.gob.ec\/?p=412195\" class=\"_self\" target=\"_self\" >DECORACI\u00d3N DE BOTELLAS\/PRODUCCI\u00d3N ARTESANAL Y MANUALIDADES<\/a><\/h3>\n<div class=\"pt-cv-content\">CASA SOMOS SAN JUAN Descripci\u00f3n:Aprender\u00e1s a dise\u00f1ar y confeccionar hermosas botellas. Informaci\u00f3n Adicional Modalidad:PresencialResponsable del taller:MARTHA ROSSANA ONOFRE ANDINOHorario de atenci\u00f3n:Jueves10:00 - 12:00Fecha de inicio de taller:09\/07\/2026Fecha de fin del ...<br \/><div class=\"pt-cv-rmwrap\"><a href=\"https:\/\/zonales.quito.gob.ec\/?p=412195\" class=\"_self pt-cv-readmore btn btn-success\" target=\"_self\">Leer M\u00e1s<\/a><\/div><\/div><\/div><\/div>\n<div class=\"col-md-4 col-sm-6 col-xs-12 pt-cv-content-item pt-cv-1-col\" ><div class='pt-cv-ifield'><a href=\"https:\/\/zonales.quito.gob.ec\/?p=412159\" class=\"_self pt-cv-href-thumbnail pt-cv-thumb-default\" target=\"_self\" ><img loading=\"lazy\" decoding=\"async\" width=\"259\" height=\"194\" src=\"https:\/\/zonales.quito.gob.ec\/wp-content\/uploads\/PINATAS.jpg\" class=\"pt-cv-thumbnail\" alt=\"\" \/><\/a>\n<h3 class=\"pt-cv-title\"><a href=\"https:\/\/zonales.quito.gob.ec\/?p=412159\" class=\"_self\" target=\"_self\" >PI\u00d1ATERIA\/PRODUCCI\u00d3N ARTESANAL Y MANUALIDADES<\/a><\/h3>\n<div class=\"pt-cv-content\">CASA SOMOS SAN JUAN Descripci\u00f3n: DESARROLLAR T\u00c9CNICAS ARTESANALES PARA LA ELABORACI\u00d3N DE PI\u00d1ATAS. Informaci\u00f3n Adicional Modalidad: Presencial Responsable del taller: LILIANA DEL PILAR CHICO ESPINOZA Horario de atenci\u00f3n: S\u00e1bado 15:00 ...<br \/><div class=\"pt-cv-rmwrap\"><a href=\"https:\/\/zonales.quito.gob.ec\/?p=412159\" class=\"_self pt-cv-readmore btn btn-success\" target=\"_self\">Leer M\u00e1s<\/a><\/div><\/div><\/div><\/div>\n<div class=\"col-md-4 col-sm-6 col-xs-12 pt-cv-content-item pt-cv-1-col\" ><div class='pt-cv-ifield'><a href=\"https:\/\/zonales.quito.gob.ec\/?p=412142\" class=\"_self pt-cv-href-thumbnail pt-cv-thumb-default\" target=\"_self\" ><img loading=\"lazy\" decoding=\"async\" width=\"188\" height=\"250\" src=\"https:\/\/zonales.quito.gob.ec\/wp-content\/uploads\/FOMIX-NUEVO-2.jpg\" class=\"pt-cv-thumbnail\" alt=\"\" \/><\/a>\n<h3 class=\"pt-cv-title\"><a href=\"https:\/\/zonales.quito.gob.ec\/?p=412142\" class=\"_self\" target=\"_self\" >FOMIX\/PRODUCCI\u00d3N ARTESANAL Y MANUALIDADES\/TALLER M\u00c1GICO\/NI\u00d1OS<\/a><\/h3>\n<div class=\"pt-cv-content\">CASA SOMOS SAN JUAN Descripci\u00f3n:DESARROLLAR T\u00c9CNICAS B\u00c1SICAS PARA EL MODELADO EN PORCELANICR\u00d3N. Informaci\u00f3n Adicional Modalidad:PresencialResponsable del taller:LAURA LASLUISAHorario de atenci\u00f3n:Mi\u00e9rcoles10:00 - 12:00Fecha de inicio de taller:08\/07\/2026Fecha de fin del taller:26\/08\/2026 ...<br \/><div class=\"pt-cv-rmwrap\"><a href=\"https:\/\/zonales.quito.gob.ec\/?p=412142\" class=\"_self pt-cv-readmore btn btn-success\" target=\"_self\">Leer M\u00e1s<\/a><\/div><\/div><\/div><\/div>\n<div class=\"col-md-4 col-sm-6 col-xs-12 pt-cv-content-item pt-cv-1-col\" ><div class='pt-cv-ifield'><a href=\"https:\/\/zonales.quito.gob.ec\/?p=412140\" class=\"_self pt-cv-href-thumbnail pt-cv-thumb-default\" target=\"_self\" ><img loading=\"lazy\" decoding=\"async\" width=\"450\" height=\"250\" src=\"https:\/\/zonales.quito.gob.ec\/wp-content\/uploads\/Taller-de-Artesanias-Magicas-en-Porcelanicron-y-Otros-Materiales-Virtual-450x250.jpg\" class=\"pt-cv-thumbnail\" alt=\"\" \/><\/a>\n<h3 class=\"pt-cv-title\"><a href=\"https:\/\/zonales.quito.gob.ec\/?p=412140\" class=\"_self\" target=\"_self\" >FIGURAS DE PORCELANICR\u00d3N\/PRODUCCI\u00d3N ARTESANAL Y MANUALIDADES<\/a><\/h3>\n<div class=\"pt-cv-content\">CASA SOMOS SAN JUAN Descripci\u00f3n:DESARROLLAR T\u00c9CNICAS B\u00c1SICAS PARA EL MODELADO EN PORCELANICR\u00d3N. Informaci\u00f3n Adicional Modalidad:PresencialResponsable del taller:LAURA LASLUISAHorario de atenci\u00f3n:Mi\u00e9rcoles y Viernes14:30 - 16:30Fecha de inicio de taller:08\/07\/2026Fecha de fin ...<br \/><div class=\"pt-cv-rmwrap\"><a href=\"https:\/\/zonales.quito.gob.ec\/?p=412140\" class=\"_self pt-cv-readmore btn btn-success\" target=\"_self\">Leer M\u00e1s<\/a><\/div><\/div><\/div><\/div>\n<div class=\"col-md-4 col-sm-6 col-xs-12 pt-cv-content-item pt-cv-1-col\" ><div class='pt-cv-ifield'><a href=\"https:\/\/zonales.quito.gob.ec\/?p=412134\" class=\"_self pt-cv-href-thumbnail pt-cv-thumb-default\" target=\"_self\" ><img loading=\"lazy\" decoding=\"async\" width=\"376\" height=\"250\" src=\"https:\/\/zonales.quito.gob.ec\/wp-content\/uploads\/porcelanicron-3.png\" class=\"pt-cv-thumbnail\" alt=\"\" \/><\/a>\n<h3 class=\"pt-cv-title\"><a href=\"https:\/\/zonales.quito.gob.ec\/?p=412134\" class=\"_self\" target=\"_self\" >FIGURAS DE PORCELANICR\u00d3N PASO A PASO\/PRODUCCI\u00d3N ARTESANAL Y MANUALIDADES<\/a><\/h3>\n<div class=\"pt-cv-content\">CASA SOMOS SAN JUAN Descripci\u00f3n:DESARROLLAR T\u00c9CNICAS B\u00c1SICAS PARA EL MODELADO EN PORCELANICR\u00d3N. Informaci\u00f3n Adicional Modalidad:PresencialResponsable del taller:LAURA LASLUISAHorario de atenci\u00f3n:Viernes10:00 - 12:00Fecha de inicio de taller:10\/07\/2026Fecha de fin del taller:29\/08\/2026 ...<br \/><div class=\"pt-cv-rmwrap\"><a href=\"https:\/\/zonales.quito.gob.ec\/?p=412134\" class=\"_self pt-cv-readmore btn btn-success\" target=\"_self\">Leer M\u00e1s<\/a><\/div><\/div><\/div><\/div>\n<div class=\"col-md-4 col-sm-6 col-xs-12 pt-cv-content-item pt-cv-1-col\" ><div class='pt-cv-ifield'><a href=\"https:\/\/zonales.quito.gob.ec\/?p=412129\" class=\"_self pt-cv-href-thumbnail pt-cv-thumb-default\" target=\"_self\" ><img loading=\"lazy\" decoding=\"async\" width=\"226\" height=\"223\" src=\"https:\/\/zonales.quito.gob.ec\/wp-content\/uploads\/globos.jpg\" class=\"pt-cv-thumbnail\" alt=\"\" \/><\/a>\n<h3 class=\"pt-cv-title\"><a href=\"https:\/\/zonales.quito.gob.ec\/?p=412129\" class=\"_self\" target=\"_self\" >ARREGLO CON GLOBOS\/PRODUCCI\u00d3N ARTESANAL Y MANUALIDADES\/GLOBOFLEXIA<\/a><\/h3>\n<div class=\"pt-cv-content\">CASA SOMOS SAN JUAN Descripci\u00f3n:Capacitar a los participantes en el modelado y la decoraci\u00f3n con globos para desarrollar su creatividad, motricidad fina y habilidades de emprendimiento Informaci\u00f3n Adicional Modalidad:PresencialResponsable del ...<br \/><div class=\"pt-cv-rmwrap\"><a href=\"https:\/\/zonales.quito.gob.ec\/?p=412129\" class=\"_self pt-cv-readmore btn btn-success\" target=\"_self\">Leer M\u00e1s<\/a><\/div><\/div><\/div><\/div>\n<div class=\"col-md-4 col-sm-6 col-xs-12 pt-cv-content-item pt-cv-1-col\" ><div class='pt-cv-ifield'><a href=\"https:\/\/zonales.quito.gob.ec\/?p=412092\" class=\"_self pt-cv-href-thumbnail pt-cv-thumb-default\" target=\"_self\" ><img loading=\"lazy\" decoding=\"async\" width=\"450\" height=\"250\" src=\"https:\/\/zonales.quito.gob.ec\/wp-content\/uploads\/macrame-2-450x250.jpg\" class=\"pt-cv-thumbnail\" alt=\"\" \/><\/a>\n<h3 class=\"pt-cv-title\"><a href=\"https:\/\/zonales.quito.gob.ec\/?p=412092\" class=\"_self\" target=\"_self\" >MACRAM\u00c9\/PRODUCCI\u00d3N ARTESANAL Y MANUALIDADES<\/a><\/h3>\n<div class=\"pt-cv-content\">CASA SOMOS SAN JUAN Descripci\u00f3n:APLICAR T\u00c9CNICAS DE TEJIDO ARTESANAL PARA LA ELABORACI\u00d3N DE PRODUCTOS DECORATIVOS. Informaci\u00f3n Adicional Modalidad:PresencialResponsable del taller:ESTRELLA MAR\u00cdA PAZMI\u00d1O POZOHorario de atenci\u00f3n:Lunes17:30 - 18:30Fecha de inicio de ...<br \/><div class=\"pt-cv-rmwrap\"><a href=\"https:\/\/zonales.quito.gob.ec\/?p=412092\" class=\"_self pt-cv-readmore btn btn-success\" target=\"_self\">Leer M\u00e1s<\/a><\/div><\/div><\/div><\/div>\n<div class=\"col-md-4 col-sm-6 col-xs-12 pt-cv-content-item pt-cv-1-col\" ><div class='pt-cv-ifield'><a href=\"https:\/\/zonales.quito.gob.ec\/?p=412091\" class=\"_self pt-cv-href-thumbnail pt-cv-thumb-default\" target=\"_self\" ><img loading=\"lazy\" decoding=\"async\" width=\"450\" height=\"250\" src=\"https:\/\/zonales.quito.gob.ec\/wp-content\/uploads\/masa-soft-450x250.jpg\" class=\"pt-cv-thumbnail\" alt=\"\" \/><\/a>\n<h3 class=\"pt-cv-title\"><a href=\"https:\/\/zonales.quito.gob.ec\/?p=412091\" class=\"_self\" target=\"_self\" >MASA SOFT\/NI\u00d1OS\/PRODUCCI\u00d3N ARTESANAL Y MANUALIDADES\/CREACI\u00d3N DE COMIC<\/a><\/h3>\n<div class=\"pt-cv-content\">CASA SOMOS SAN JUAN Descripci\u00f3n:ESTIMULAR LA CREATIVIDAD MEDIANTE EL MODELADO Y LA CREACI\u00d3N DE HISTORIAS ILUSTRADAS. Informaci\u00f3n Adicional Modalidad:PresencialResponsable del taller:ALONDRA PAZMI\u00d1O POZOHorario de atenci\u00f3n:S\u00e1bado15:00 - 16:00Fecha de inicio de ...<br \/><div class=\"pt-cv-rmwrap\"><a href=\"https:\/\/zonales.quito.gob.ec\/?p=412091\" class=\"_self pt-cv-readmore btn btn-success\" target=\"_self\">Leer M\u00e1s<\/a><\/div><\/div><\/div><\/div>\n<div class=\"col-md-4 col-sm-6 col-xs-12 pt-cv-content-item pt-cv-1-col\" ><div class='pt-cv-ifield'><a href=\"https:\/\/zonales.quito.gob.ec\/?p=412050\" class=\"_self pt-cv-href-thumbnail pt-cv-thumb-default\" target=\"_self\" ><img loading=\"lazy\" decoding=\"async\" width=\"450\" height=\"250\" src=\"https:\/\/zonales.quito.gob.ec\/wp-content\/uploads\/MANUALIDADES-NAVIDENAS-450x250.png\" class=\"pt-cv-thumbnail\" alt=\"\" \/><\/a>\n<h3 class=\"pt-cv-title\"><a href=\"https:\/\/zonales.quito.gob.ec\/?p=412050\" class=\"_self\" target=\"_self\" >MANUALIDADES NAVIDE\u00d1AS\/PRODUCCI\u00d3N ARTESANAL Y MANUALIDADES\/VIRTUAL<\/a><\/h3>\n<div class=\"pt-cv-content\">CASA SOMOS SANTA ANA Descripci\u00f3n:En este taller los\/as participantes aprender\u00e1n a realizar hermosas manualidades navide\u00f1as todo el a\u00f1o. Informaci\u00f3n Adicional Modalidad:VIRTUALResponsable del taller:MAR\u00cdA DE LOURDES FUENTESHorario de atenci\u00f3n:JUEVES DE 17H00 ...<br \/><div class=\"pt-cv-rmwrap\"><a href=\"https:\/\/zonales.quito.gob.ec\/?p=412050\" class=\"_self pt-cv-readmore btn btn-success\" target=\"_self\">Leer M\u00e1s<\/a><\/div><\/div><\/div><\/div>\n<div class=\"col-md-4 col-sm-6 col-xs-12 pt-cv-content-item pt-cv-1-col\" ><div class='pt-cv-ifield'><a href=\"https:\/\/zonales.quito.gob.ec\/?p=411884\" class=\"_self pt-cv-href-thumbnail pt-cv-thumb-default\" target=\"_self\" ><img loading=\"lazy\" decoding=\"async\" width=\"450\" height=\"169\" src=\"https:\/\/zonales.quito.gob.ec\/wp-content\/uploads\/MUNEQUERIA-Y-MANUALIDADES-EN-TELA-1.png\" class=\"pt-cv-thumbnail\" alt=\"\" \/><\/a>\n<h3 class=\"pt-cv-title\"><a href=\"https:\/\/zonales.quito.gob.ec\/?p=411884\" class=\"_self\" target=\"_self\" >MU\u00d1EQUER\u00cdA Y MANUALIDADES EN TELA\/PRODUCCI\u00d3N ARTESANAL Y MANUALIDADES\/VIRTUAL<\/a><\/h3>\n<div class=\"pt-cv-content\">CASA SOMOS SANTA ANA Descripci\u00f3n:En este taller los\/as participantes aprender\u00e1n a realizar hermosas mu\u00f1ecas y manualidades en tela que les permitan emprender. Informaci\u00f3n Adicional Modalidad:VIRTUALResponsable del taller:M\u00d3NICA ILLESCASHorario de atenci\u00f3n:MARTES ...<br \/><div class=\"pt-cv-rmwrap\"><a href=\"https:\/\/zonales.quito.gob.ec\/?p=411884\" class=\"_self pt-cv-readmore btn btn-success\" target=\"_self\">Leer M\u00e1s<\/a><\/div><\/div><\/div><\/div>\n<div class=\"col-md-4 col-sm-6 col-xs-12 pt-cv-content-item pt-cv-1-col\" ><div class='pt-cv-ifield'><a href=\"https:\/\/zonales.quito.gob.ec\/?p=411841\" class=\"_self pt-cv-href-thumbnail pt-cv-thumb-default\" target=\"_self\" ><img loading=\"lazy\" decoding=\"async\" width=\"450\" height=\"250\" src=\"https:\/\/zonales.quito.gob.ec\/wp-content\/uploads\/BONSAI-_-450x250.webp\" class=\"pt-cv-thumbnail\" alt=\"\" \/><\/a>\n<h3 class=\"pt-cv-title\"><a href=\"https:\/\/zonales.quito.gob.ec\/?p=411841\" class=\"_self\" target=\"_self\" >BONSAI-ALAMBRISMO\/PRODUCCI\u00d3N ARTESANAL Y MANUALIDADES\/TODO P\u00daBLICO<\/a><\/h3>\n<div class=\"pt-cv-content\">CASA SOMOS CUMBAY\u00c1 Descripci\u00f3n\u00a0En nuestro taller\u00a0\u00a0aprender\u00e1s paso a paso las t\u00e9cnicas art\u00edsticas para entrelazar, moldear y dar volumen al alambre, transformando filamentos de metal en hermosas y detalladas r\u00e9plicas de ...<br \/><div class=\"pt-cv-rmwrap\"><a href=\"https:\/\/zonales.quito.gob.ec\/?p=411841\" class=\"_self pt-cv-readmore btn btn-success\" target=\"_self\">Leer M\u00e1s<\/a><\/div><\/div><\/div><\/div>\n<div class=\"col-md-4 col-sm-6 col-xs-12 pt-cv-content-item pt-cv-1-col\" ><div class='pt-cv-ifield'><a href=\"https:\/\/zonales.quito.gob.ec\/?p=411687\" class=\"_self pt-cv-href-thumbnail pt-cv-thumb-default\" target=\"_self\" ><img loading=\"lazy\" decoding=\"async\" width=\"376\" height=\"250\" src=\"https:\/\/zonales.quito.gob.ec\/wp-content\/uploads\/Productos-cosmeticos.png\" class=\"pt-cv-thumbnail\" alt=\"\" \/><\/a>\n<h3 class=\"pt-cv-title\"><a href=\"https:\/\/zonales.quito.gob.ec\/?p=411687\" class=\"_self\" target=\"_self\" >ELABORACI\u00d3N DE PRODUCTOS COSM\u00c9TICOS Y PERSONALES \/PRODUCCI\u00d3N ARTESANAL Y MANUALIDADES\/  DE 6 A 17 A\u00d1OS<\/a><\/h3>\n<div class=\"pt-cv-content\">CASA SOMOS ATUCUCHO Descripci\u00f3n:Vamos a iniciar en la elaboraci\u00f3n de productos cosm\u00e9ticos que se basa en la uni\u00f3n de fases de ceras y aceites y de agua y activos, mezcladas ...<br \/><div class=\"pt-cv-rmwrap\"><a href=\"https:\/\/zonales.quito.gob.ec\/?p=411687\" class=\"_self pt-cv-readmore btn btn-success\" target=\"_self\">Leer M\u00e1s<\/a><\/div><\/div><\/div><\/div>\n<div class=\"col-md-4 col-sm-6 col-xs-12 pt-cv-content-item pt-cv-1-col\" ><div class='pt-cv-ifield'><a href=\"https:\/\/zonales.quito.gob.ec\/?p=411617\" class=\"_self pt-cv-href-thumbnail pt-cv-thumb-default\" target=\"_self\" ><img loading=\"lazy\" decoding=\"async\" width=\"376\" height=\"250\" src=\"https:\/\/zonales.quito.gob.ec\/wp-content\/uploads\/ropa-de-mascotas-1.png\" class=\"pt-cv-thumbnail\" alt=\"\" \/><\/a>\n<h3 class=\"pt-cv-title\"><a href=\"https:\/\/zonales.quito.gob.ec\/?p=411617\" class=\"_self\" target=\"_self\" >CONFECCI\u00d3N DE ROPA DE MASCOTA \/PRODUCCI\u00d3N ARTESANAL Y MANUALIDADES\/  DE 6 A 17 A\u00d1OS<\/a><\/h3>\n<div class=\"pt-cv-content\">CASA SOMOS ATUCUCHO Descripci\u00f3n:Ense\u00f1ar las bases para la elaboraci\u00f3n de ropa para mascotas, tomar las medidas o adaptar un molde base, seleccionar telas c\u00f3modas, cortar la tela, coser las piezas ...<br \/><div class=\"pt-cv-rmwrap\"><a href=\"https:\/\/zonales.quito.gob.ec\/?p=411617\" class=\"_self pt-cv-readmore btn btn-success\" target=\"_self\">Leer M\u00e1s<\/a><\/div><\/div><\/div><\/div>\n<div class=\"col-md-4 col-sm-6 col-xs-12 pt-cv-content-item pt-cv-1-col\" ><div class='pt-cv-ifield'><a href=\"https:\/\/zonales.quito.gob.ec\/?p=411537\" class=\"_self pt-cv-href-thumbnail pt-cv-thumb-default\" target=\"_self\" ><img loading=\"lazy\" decoding=\"async\" width=\"450\" height=\"250\" src=\"https:\/\/zonales.quito.gob.ec\/wp-content\/uploads\/toallas-jabones-flores-velas-27794478-450x250.jpg\" class=\"pt-cv-thumbnail\" alt=\"\" \/><\/a>\n<h3 class=\"pt-cv-title\"><a href=\"https:\/\/zonales.quito.gob.ec\/?p=411537\" class=\"_self\" target=\"_self\" >VELAS Y JABONES\/PRODUCCI\u00d3N ARTESANAL Y MANUALIDADES<\/a><\/h3>\n<div class=\"pt-cv-content\">CASA SOMOS SAN JUAN Descripci\u00f3n:Taller enfocado a fortalecer habilidades b\u00e1sicas, promoviendo creatividad y aprendizaje pr\u00e1ctico.\u00a0 Informaci\u00f3n Adicional Modalidad:PresencialResponsable del taller:KAROLIN DEL CARMEN CUESTA NIETOHorario de atenci\u00f3n:S\u00e1bado08:00 - 09:00Fecha de inicio ...<br \/><div class=\"pt-cv-rmwrap\"><a href=\"https:\/\/zonales.quito.gob.ec\/?p=411537\" class=\"_self pt-cv-readmore btn btn-success\" target=\"_self\">Leer M\u00e1s<\/a><\/div><\/div><\/div><\/div>\n<div class=\"col-md-4 col-sm-6 col-xs-12 pt-cv-content-item pt-cv-1-col\" ><div class='pt-cv-ifield'><a href=\"https:\/\/zonales.quito.gob.ec\/?p=411532\" class=\"_self pt-cv-href-thumbnail pt-cv-thumb-default\" target=\"_self\" ><img loading=\"lazy\" decoding=\"async\" width=\"413\" height=\"250\" src=\"https:\/\/zonales.quito.gob.ec\/wp-content\/uploads\/Manualidades-en-hoja-de-choclo-413x250.jpeg\" class=\"pt-cv-thumbnail\" alt=\"\" \/><\/a>\n<h3 class=\"pt-cv-title\"><a href=\"https:\/\/zonales.quito.gob.ec\/?p=411532\" class=\"_self\" target=\"_self\" >MANUALIDADES CON HOJA DE CHOCLO\/PRODUCCI\u00d3N ARTESANAL Y MANUALIDADES<\/a><\/h3>\n<div class=\"pt-cv-content\">CASA SOMOS SAN JUAN Descripci\u00f3n:Fomentar la creatividad y la conciencia ecol\u00f3gica mediante la revalorizaci\u00f3n de un material natural y org\u00e1nico.\u00a0 Informaci\u00f3n Adicional Modalidad:PresencialResponsable del taller:NECTTY ESPERANZA REYNA SALDARIAGAHorario de atenci\u00f3n:Mi\u00e9rcoles15:30 ...<br \/><div class=\"pt-cv-rmwrap\"><a href=\"https:\/\/zonales.quito.gob.ec\/?p=411532\" class=\"_self pt-cv-readmore btn btn-success\" target=\"_self\">Leer M\u00e1s<\/a><\/div><\/div><\/div><\/div>\n<div class=\"col-md-4 col-sm-6 col-xs-12 pt-cv-content-item pt-cv-1-col\" ><div class='pt-cv-ifield'><a href=\"https:\/\/zonales.quito.gob.ec\/?p=411491\" class=\"_self pt-cv-href-thumbnail pt-cv-thumb-default\" target=\"_self\" ><img loading=\"lazy\" decoding=\"async\" width=\"450\" height=\"250\" src=\"https:\/\/zonales.quito.gob.ec\/wp-content\/uploads\/CASITAS-EN-CINTRA-MARTES-DE-8.30-A-10.30-1-450x250.jpeg\" class=\"pt-cv-thumbnail\" alt=\"\" \/><\/a>\n<h3 class=\"pt-cv-title\"><a href=\"https:\/\/zonales.quito.gob.ec\/?p=411491\" class=\"_self\" target=\"_self\" >CASITAS DECORATIVAS EN CINTRA\/PRODUCCI\u00d3N ARTESANAL Y MANUALIDADES\/CASITAS CON HISTORIA NIVEL 2<\/a><\/h3>\n<div class=\"pt-cv-content\">CASA SOMOS SAN JUAN Descripci\u00f3n:Aprendizaje de t\u00e9cnicas de reciclaje y uso de diversos materiales. Formulario de inscripci\u00f3n SAN JUANPor favor, activa JavaScript en tu navegador para completar este formulario.Nombres y ...<br \/><div class=\"pt-cv-rmwrap\"><a href=\"https:\/\/zonales.quito.gob.ec\/?p=411491\" class=\"_self pt-cv-readmore btn btn-success\" target=\"_self\">Leer M\u00e1s<\/a><\/div><\/div><\/div><\/div>\n<div class=\"col-md-4 col-sm-6 col-xs-12 pt-cv-content-item pt-cv-1-col\" ><div class='pt-cv-ifield'><a href=\"https:\/\/zonales.quito.gob.ec\/?p=411483\" class=\"_self pt-cv-href-thumbnail pt-cv-thumb-default\" target=\"_self\" ><img loading=\"lazy\" decoding=\"async\" width=\"450\" height=\"250\" src=\"https:\/\/zonales.quito.gob.ec\/wp-content\/uploads\/CASITAS-EN-CINTRA-MARTES-DE-8.30-A-10.30-1-450x250.jpeg\" class=\"pt-cv-thumbnail\" alt=\"\" \/><\/a>\n<h3 class=\"pt-cv-title\"><a href=\"https:\/\/zonales.quito.gob.ec\/?p=411483\" class=\"_self\" target=\"_self\" >CASITAS DECORATIVAS EN CINTRA\/PRODUCCI\u00d3N ARTESANAL Y MANUALIDADES\/CASITAS M\u00c1GICAS 2 NI\u00d1OS<\/a><\/h3>\n<div class=\"pt-cv-content\">CASA SOMOS SAN JUAN Descripci\u00f3n:Aprendizaje de t\u00e9cnicas de reciclaje y uso de diversos materiales. Formulario de inscripci\u00f3n SAN JUANPor favor, activa JavaScript en tu navegador para completar este formulario.Nombres y ...<br \/><div class=\"pt-cv-rmwrap\"><a href=\"https:\/\/zonales.quito.gob.ec\/?p=411483\" class=\"_self pt-cv-readmore btn btn-success\" target=\"_self\">Leer M\u00e1s<\/a><\/div><\/div><\/div><\/div>\n<div class=\"col-md-4 col-sm-6 col-xs-12 pt-cv-content-item pt-cv-1-col\" ><div class='pt-cv-ifield'><a href=\"https:\/\/zonales.quito.gob.ec\/?p=411471\" class=\"_self pt-cv-href-thumbnail pt-cv-thumb-default\" target=\"_self\" ><img loading=\"lazy\" decoding=\"async\" width=\"450\" height=\"250\" src=\"https:\/\/zonales.quito.gob.ec\/wp-content\/uploads\/CASITAS-EN-CINTRA-MARTES-DE-8.30-A-10.30-1-450x250.jpeg\" class=\"pt-cv-thumbnail\" alt=\"\" \/><\/a>\n<h3 class=\"pt-cv-title\"><a href=\"https:\/\/zonales.quito.gob.ec\/?p=411471\" class=\"_self\" target=\"_self\" >CASITAS DECORATIVAS EN CINTRA\/PRODUCCI\u00d3N ARTESANAL Y MANUALIDADES\/CASITAS M\u00c1GICAS 1NI\u00d1OS<\/a><\/h3>\n<div class=\"pt-cv-content\">CASA SOMOS SAN JUAN Descripci\u00f3n:Aprendizaje de t\u00e9cnicas de reciclaje y uso de diversos materiales. Formulario de inscripci\u00f3n SAN JUANPor favor, activa JavaScript en tu navegador para completar este formulario.Nombres y ...<br \/><div class=\"pt-cv-rmwrap\"><a href=\"https:\/\/zonales.quito.gob.ec\/?p=411471\" class=\"_self pt-cv-readmore btn btn-success\" target=\"_self\">Leer M\u00e1s<\/a><\/div><\/div><\/div><\/div>\n<div class=\"col-md-4 col-sm-6 col-xs-12 pt-cv-content-item pt-cv-1-col\" ><div class='pt-cv-ifield'><a href=\"https:\/\/zonales.quito.gob.ec\/?p=411465\" class=\"_self pt-cv-href-thumbnail pt-cv-thumb-default\" target=\"_self\" ><img loading=\"lazy\" decoding=\"async\" width=\"450\" height=\"250\" src=\"https:\/\/zonales.quito.gob.ec\/wp-content\/uploads\/MAGICA-NAVIDAD-450x250.jpeg\" class=\"pt-cv-thumbnail\" alt=\"\" \/><\/a>\n<h3 class=\"pt-cv-title\"><a href=\"https:\/\/zonales.quito.gob.ec\/?p=411465\" class=\"_self\" target=\"_self\" >M\u00c1GICA NAVIDAD\/PRODUCCI\u00d3N ARTESANAL Y MANUALIDADES<\/a><\/h3>\n<div class=\"pt-cv-content\">CASA SOMOS SAN JUAN Descripci\u00f3n:ELABORAR MANUALIDADES TEM\u00c1TICAS PARA LA DECORACI\u00d3N NAVIDE\u00d1A. Informaci\u00f3n Adicional Modalidad:PresencialResponsable del taller:GLORIA PIEDAD CADENA CHANATAXIHorario de atenci\u00f3n:MI\u00c9RCOLES16:00 - 17:00Fecha de inicio de taller:08\/07\/2026Fecha de fin del ...<br \/><div class=\"pt-cv-rmwrap\"><a href=\"https:\/\/zonales.quito.gob.ec\/?p=411465\" class=\"_self pt-cv-readmore btn btn-success\" target=\"_self\">Leer M\u00e1s<\/a><\/div><\/div><\/div><\/div>\n<div class=\"col-md-4 col-sm-6 col-xs-12 pt-cv-content-item pt-cv-1-col\" ><div class='pt-cv-ifield'><a href=\"https:\/\/zonales.quito.gob.ec\/?p=411426\" class=\"_self pt-cv-href-thumbnail pt-cv-thumb-default\" target=\"_self\" ><img loading=\"lazy\" decoding=\"async\" width=\"343\" height=\"250\" src=\"https:\/\/zonales.quito.gob.ec\/wp-content\/uploads\/AMIGURUMISSS-1.jpeg\" class=\"pt-cv-thumbnail\" alt=\"\" \/><\/a>\n<h3 class=\"pt-cv-title\"><a href=\"https:\/\/zonales.quito.gob.ec\/?p=411426\" class=\"_self\" target=\"_self\" >AMIGURUMIS\/PRODUCCI\u00d3N ARTESANAL Y MANUALIDADES<\/a><\/h3>\n<div class=\"pt-cv-content\">CASA SOMOS SAN JUAN Descripci\u00f3n:Taller enfocado a fortalecer habilidades b\u00e1sicas, promoviendo creatividad y aprendizaje pr\u00e1ctico. Informaci\u00f3n Adicional Modalidad:PresencialResponsable del taller:GLORIA PIEDAD CADENA CHANATAXIHorario de atenci\u00f3n:MI\u00c9RCOLES15:00 - 16:00Fecha de inicio de ...<br \/><div class=\"pt-cv-rmwrap\"><a href=\"https:\/\/zonales.quito.gob.ec\/?p=411426\" class=\"_self pt-cv-readmore btn btn-success\" target=\"_self\">Leer M\u00e1s<\/a><\/div><\/div><\/div><\/div>\n<div class=\"col-md-4 col-sm-6 col-xs-12 pt-cv-content-item pt-cv-1-col\" ><div class='pt-cv-ifield'><a href=\"https:\/\/zonales.quito.gob.ec\/?p=410749\" class=\"_self pt-cv-href-thumbnail pt-cv-thumb-default\" target=\"_self\" ><img loading=\"lazy\" decoding=\"async\" width=\"259\" height=\"194\" src=\"https:\/\/zonales.quito.gob.ec\/wp-content\/uploads\/PINATAS.jpg\" class=\"pt-cv-thumbnail\" alt=\"\" \/><\/a>\n<h3 class=\"pt-cv-title\"><a href=\"https:\/\/zonales.quito.gob.ec\/?p=410749\" class=\"_self\" target=\"_self\" >MANITAS CREATIVAS\/PRODUCCI\u00d3N ARTESANAL Y MANUALIDADES\/PI\u00d1ATERIA\/KIDS<\/a><\/h3>\n<div class=\"pt-cv-content\">PRODUCCI\u00d3N ARTESANAL Y MANUALIDADES CASA SOMOS TOCTIUCO Descripci\u00f3n: El objetivo principal del taller de Manitos Creativas \/ Pi\u00f1ater\u00eda Kids es desarrollar la motricidad fina, la imaginaci\u00f3n y la paciencia de ...<br \/><div class=\"pt-cv-rmwrap\"><a href=\"https:\/\/zonales.quito.gob.ec\/?p=410749\" class=\"_self pt-cv-readmore btn btn-success\" target=\"_self\">Leer M\u00e1s<\/a><\/div><\/div><\/div><\/div>\n<div class=\"col-md-4 col-sm-6 col-xs-12 pt-cv-content-item pt-cv-1-col\" ><div class='pt-cv-ifield'><a href=\"https:\/\/zonales.quito.gob.ec\/?p=410730\" class=\"_self pt-cv-href-thumbnail pt-cv-thumb-default\" target=\"_self\" ><img loading=\"lazy\" decoding=\"async\" width=\"226\" height=\"223\" src=\"https:\/\/zonales.quito.gob.ec\/wp-content\/uploads\/globos.jpg\" class=\"pt-cv-thumbnail\" alt=\"\" \/><\/a>\n<h3 class=\"pt-cv-title\"><a href=\"https:\/\/zonales.quito.gob.ec\/?p=410730\" class=\"_self\" target=\"_self\" >ARREGLO CON GLOBOS\/PRODUCCI\u00d3N ARTESANAL Y MANUALIDADES\/GLOBOFLEXIA<\/a><\/h3>\n<div class=\"pt-cv-content\">CASA SOMOS TOCTIUCO Descripci\u00f3n: Capacitar a los participantes en el modelado y la decoraci\u00f3n con globos para desarrollar su creatividad, motricidad fina y habilidades de emprendimiento Informaci\u00f3n Adicional Modalidad: Presencial ...<br \/><div class=\"pt-cv-rmwrap\"><a href=\"https:\/\/zonales.quito.gob.ec\/?p=410730\" class=\"_self pt-cv-readmore btn btn-success\" target=\"_self\">Leer M\u00e1s<\/a><\/div><\/div><\/div><\/div>\n<div class=\"col-md-4 col-sm-6 col-xs-12 pt-cv-content-item pt-cv-1-col\" ><div class='pt-cv-ifield'><a href=\"https:\/\/zonales.quito.gob.ec\/?p=410674\" class=\"_self pt-cv-href-thumbnail pt-cv-thumb-default\" target=\"_self\" ><img loading=\"lazy\" decoding=\"async\" width=\"450\" height=\"250\" src=\"https:\/\/zonales.quito.gob.ec\/wp-content\/uploads\/semana-el-pepino-el-mejor-aliado-de-la-belleza-de-tu-piel-y-tu-pelo-450x250.webp\" class=\"pt-cv-thumbnail\" alt=\"\" \/><\/a>\n<h3 class=\"pt-cv-title\"><a href=\"https:\/\/zonales.quito.gob.ec\/?p=410674\" class=\"_self\" target=\"_self\" >LIMPIEZA FACIAL PROFUNDA\/BELLEZA\/LIMPIEZA FACIAL B\u00c1SICA<\/a><\/h3>\n<div class=\"pt-cv-content\">CASA SOMOS TOCTIUCO Descripci\u00f3n:El objetivo principal de un taller de limpieza facial (b\u00e1sica o profunda) es capacitar para identificar tipos de piel y aplicar t\u00e9cnicas est\u00e9ticas Informaci\u00f3n Adicional Modalidad:PresencialResponsable del ...<br \/><div class=\"pt-cv-rmwrap\"><a href=\"https:\/\/zonales.quito.gob.ec\/?p=410674\" class=\"_self pt-cv-readmore btn btn-success\" target=\"_self\">Leer M\u00e1s<\/a><\/div><\/div><\/div><\/div>\n<div class=\"col-md-4 col-sm-6 col-xs-12 pt-cv-content-item pt-cv-1-col\" ><div class='pt-cv-ifield'><a href=\"https:\/\/zonales.quito.gob.ec\/?p=410619\" class=\"_self pt-cv-href-thumbnail pt-cv-thumb-default\" target=\"_self\" ><img loading=\"lazy\" decoding=\"async\" width=\"450\" height=\"250\" src=\"https:\/\/zonales.quito.gob.ec\/wp-content\/uploads\/CASITAS-EN-CINTRA-MARTES-DE-8.30-A-10.30-1-450x250.jpeg\" class=\"pt-cv-thumbnail\" alt=\"\" \/><\/a>\n<h3 class=\"pt-cv-title\"><a href=\"https:\/\/zonales.quito.gob.ec\/?p=410619\" class=\"_self\" target=\"_self\" >CASITAS DECORATIVAS EN CINTRA\/PRODUCCI\u00d3N ARTESANAL Y MANUALIDADESDIORAMAS CON CART\u00d3N\/NI\u00d1OS<\/a><\/h3>\n<div class=\"pt-cv-content\">CASA SOMOS TOCTIUCO Descripci\u00f3n:Capacitar a los estudiantes para brindar tratamientos de relajaci\u00f3n, est\u00e9tica y cuidado integral de las manos, dominando t\u00e9cnicas de decoraci\u00f3n Formulario de inscripci\u00f3n TOCTIUCOPor favor, activa JavaScript ...<br \/><div class=\"pt-cv-rmwrap\"><a href=\"https:\/\/zonales.quito.gob.ec\/?p=410619\" class=\"_self pt-cv-readmore btn btn-success\" target=\"_self\">Leer M\u00e1s<\/a><\/div><\/div><\/div><\/div>\n<div class=\"col-md-4 col-sm-6 col-xs-12 pt-cv-content-item pt-cv-1-col\" ><div class='pt-cv-ifield'><a href=\"https:\/\/zonales.quito.gob.ec\/?p=410579\" class=\"_self pt-cv-href-thumbnail pt-cv-thumb-default\" target=\"_self\" ><img loading=\"lazy\" decoding=\"async\" width=\"413\" height=\"250\" src=\"https:\/\/zonales.quito.gob.ec\/wp-content\/uploads\/Manualidades-en-hoja-de-choclo-413x250.jpeg\" class=\"pt-cv-thumbnail\" alt=\"\" \/><\/a>\n<h3 class=\"pt-cv-title\"><a href=\"https:\/\/zonales.quito.gob.ec\/?p=410579\" class=\"_self\" target=\"_self\" >MANUALIDADES CON HOJA DE CHOCLO\/PRODUCCI\u00d3N ARTESANAL Y MANUALIDADES<\/a><\/h3>\n<div class=\"pt-cv-content\">CASA SOMOS TOCTIUCO Descripci\u00f3n:Fomentar la creatividad y la conciencia ecol\u00f3gica mediante la revalorizaci\u00f3n de un material natural y org\u00e1nico.\u00a0 Informaci\u00f3n Adicional Modalidad:PresencialResponsable del taller:NECTTY ESPERANZA REYNA SALDARIAGAHorario de atenci\u00f3n:S\u00c1BADO09:00 - ...<br \/><div class=\"pt-cv-rmwrap\"><a href=\"https:\/\/zonales.quito.gob.ec\/?p=410579\" class=\"_self pt-cv-readmore btn btn-success\" target=\"_self\">Leer M\u00e1s<\/a><\/div><\/div><\/div><\/div>\n<div class=\"col-md-4 col-sm-6 col-xs-12 pt-cv-content-item pt-cv-1-col\" ><div class='pt-cv-ifield'><a href=\"https:\/\/zonales.quito.gob.ec\/?p=410528\" class=\"_self pt-cv-href-thumbnail pt-cv-thumb-default\" target=\"_self\" ><img loading=\"lazy\" decoding=\"async\" width=\"450\" height=\"250\" src=\"https:\/\/zonales.quito.gob.ec\/wp-content\/uploads\/bisuteria-y-alambrismo-450x250.jpg\" class=\"pt-cv-thumbnail\" alt=\"\" \/><\/a>\n<h3 class=\"pt-cv-title\"><a href=\"https:\/\/zonales.quito.gob.ec\/?p=410528\" class=\"_self\" target=\"_self\" >BISUTER\u00cdA\/PRODUCCI\u00d3N ARTESANAL Y MANUALIDADES<\/a><\/h3>\n<div class=\"pt-cv-content\">CASA SOMOS TOCTIUCO Descripci\u00f3n:Desarrollo de habilidades manuales y creativas para dise\u00f1ar y elaborar accesorios personalizados. Adem\u00e1s, busca fomentar el emprendimiento Informaci\u00f3n Adicional Modalidad:PresencialResponsable del taller:BISUTER\u00cdAHorario de atenci\u00f3n:LUNES Y MARTES14:30 - ...<br \/><div class=\"pt-cv-rmwrap\"><a href=\"https:\/\/zonales.quito.gob.ec\/?p=410528\" class=\"_self pt-cv-readmore btn btn-success\" target=\"_self\">Leer M\u00e1s<\/a><\/div><\/div><\/div><\/div>\n<div class=\"col-md-4 col-sm-6 col-xs-12 pt-cv-content-item pt-cv-1-col\" ><div class='pt-cv-ifield'><a href=\"https:\/\/zonales.quito.gob.ec\/?p=410478\" class=\"_self pt-cv-href-thumbnail pt-cv-thumb-default\" target=\"_self\" ><img loading=\"lazy\" decoding=\"async\" width=\"245\" height=\"206\" src=\"https:\/\/zonales.quito.gob.ec\/wp-content\/uploads\/MAQUINAS.jpg\" class=\"pt-cv-thumbnail\" alt=\"\" \/><\/a>\n<h3 class=\"pt-cv-title\"><a href=\"https:\/\/zonales.quito.gob.ec\/?p=410478\" class=\"_self\" target=\"_self\" >MANEJO DE M\u00c1QUINA RECTA Y RECUBRIDORA\/PRODUCCI\u00d3N ARTESANAL Y MANUALIDADES<\/a><\/h3>\n<div class=\"pt-cv-content\">CASA SOMOS TOCTIUCO Descripci\u00f3n: El objetivo principal de un taller de manejo de m\u00e1quina recta y recubridora es capacitar a los participantes para que operen estas herramientas industriales con destreza ...<br \/><div class=\"pt-cv-rmwrap\"><a href=\"https:\/\/zonales.quito.gob.ec\/?p=410478\" class=\"_self pt-cv-readmore btn btn-success\" target=\"_self\">Leer M\u00e1s<\/a><\/div><\/div><\/div><\/div>\n<div class=\"col-md-4 col-sm-6 col-xs-12 pt-cv-content-item pt-cv-1-col\" ><div class='pt-cv-ifield'><a href=\"https:\/\/zonales.quito.gob.ec\/?p=410197\" class=\"_self pt-cv-href-thumbnail pt-cv-thumb-default\" target=\"_self\" ><img loading=\"lazy\" decoding=\"async\" width=\"444\" height=\"250\" src=\"https:\/\/zonales.quito.gob.ec\/wp-content\/uploads\/ceramica-6.jpeg\" class=\"pt-cv-thumbnail\" alt=\"\" \/><\/a>\n<h3 class=\"pt-cv-title\"><a href=\"https:\/\/zonales.quito.gob.ec\/?p=410197\" class=\"_self\" target=\"_self\" >CER\u00c1MICA B\u00c1SICA PERSONALIZADA\/PRODUCCI\u00d3N ARTESANAL Y MANUALIDADES<\/a><\/h3>\n<div class=\"pt-cv-content\">CASA SOMOS LA MARISCAL Descripci\u00f3n:Un taller de cer\u00e1mica b\u00e1sica personalizada\u00a0 es un espacio dedicado a la ense\u00f1anza, pr\u00e1ctica y creaci\u00f3n de objetos art\u00edsticos y utilitarios mediante la manipulaci\u00f3n del barro ...<br \/><div class=\"pt-cv-rmwrap\"><a href=\"https:\/\/zonales.quito.gob.ec\/?p=410197\" class=\"_self pt-cv-readmore btn btn-success\" target=\"_self\">Leer M\u00e1s<\/a><\/div><\/div><\/div><\/div>\n<div class=\"col-md-4 col-sm-6 col-xs-12 pt-cv-content-item pt-cv-1-col\" ><div class='pt-cv-ifield'><a href=\"https:\/\/zonales.quito.gob.ec\/?p=409579\" class=\"_self pt-cv-href-thumbnail pt-cv-thumb-default\" target=\"_self\" ><img loading=\"lazy\" decoding=\"async\" width=\"450\" height=\"250\" src=\"https:\/\/zonales.quito.gob.ec\/wp-content\/uploads\/crema-facial-450x250.jpg\" class=\"pt-cv-thumbnail\" alt=\"\" \/><\/a>\n<h3 class=\"pt-cv-title\"><a href=\"https:\/\/zonales.quito.gob.ec\/?p=409579\" class=\"_self\" target=\"_self\" >ELABORACI\u00d3N DE PRODUCTOS COSM\u00c9TICOS Y PERSONALES\/PRODUCCI\u00d3N ARTESANAL Y MANUALIDADES\/ADULTOS<\/a><\/h3>\n<div class=\"pt-cv-content\">CASA SOMOS CONOCOTO Descripci\u00f3n:El taller de elaboraci\u00f3n de cremas y cosm\u00e9ticos es un espacio donde se aprende a preparar productos de cuidado personal de forma artesanal. Los participantes conocen ingredientes, ...<br \/><div class=\"pt-cv-rmwrap\"><a href=\"https:\/\/zonales.quito.gob.ec\/?p=409579\" class=\"_self pt-cv-readmore btn btn-success\" target=\"_self\">Leer M\u00e1s<\/a><\/div><\/div><\/div><\/div>\n<div class=\"col-md-4 col-sm-6 col-xs-12 pt-cv-content-item pt-cv-1-col\" ><div class='pt-cv-ifield'><a href=\"https:\/\/zonales.quito.gob.ec\/?p=409542\" class=\"_self pt-cv-href-thumbnail pt-cv-thumb-default\" target=\"_self\" ><img loading=\"lazy\" decoding=\"async\" width=\"376\" height=\"250\" src=\"https:\/\/zonales.quito.gob.ec\/wp-content\/uploads\/manualidades-fieltro.png\" class=\"pt-cv-thumbnail\" alt=\"\" \/><\/a>\n<h3 class=\"pt-cv-title\"><a href=\"https:\/\/zonales.quito.gob.ec\/?p=409542\" class=\"_self\" target=\"_self\" >MANUALIDADES \/PRODUCCI\u00d3N ARTESANAL Y MANUALIDADES\/  DE 8 A 17 A\u00d1OS<\/a><\/h3>\n<div class=\"pt-cv-content\">CASA SOMOS ATUCUCHO Descripci\u00f3n:Con este taller los participantes utilizan el fieltro como uno de los materiales estrella para elaborar manualidades: accesorios, ropa, fundas de m\u00f3vil, peluches. Ligero, moldeable y elaborado ...<br \/><div class=\"pt-cv-rmwrap\"><a href=\"https:\/\/zonales.quito.gob.ec\/?p=409542\" class=\"_self pt-cv-readmore btn btn-success\" target=\"_self\">Leer M\u00e1s<\/a><\/div><\/div><\/div><\/div>\n<div class=\"col-md-4 col-sm-6 col-xs-12 pt-cv-content-item pt-cv-1-col\" ><div class='pt-cv-ifield'><a href=\"https:\/\/zonales.quito.gob.ec\/?p=409445\" class=\"_self pt-cv-href-thumbnail pt-cv-thumb-default\" target=\"_self\" ><img loading=\"lazy\" decoding=\"async\" width=\"376\" height=\"250\" src=\"https:\/\/zonales.quito.gob.ec\/wp-content\/uploads\/amigurumis-3.png\" class=\"pt-cv-thumbnail\" alt=\"\" \/><\/a>\n<h3 class=\"pt-cv-title\"><a href=\"https:\/\/zonales.quito.gob.ec\/?p=409445\" class=\"_self\" target=\"_self\" >AMIGURUMIS \/PRODUCCI\u00d3N ARTESANAL Y MANUALIDADES\/  TODO P\u00daBLICO<\/a><\/h3>\n<div class=\"pt-cv-content\">CASA SOMOS ATUCUCHO Descripci\u00f3n:Ense\u00f1anza de una t\u00e9cnica de tejido a crochet que consiste en crear peque\u00f1os mu\u00f1ecos o figuras tridimensionales. Estos objetos se rellenan con materiales sint\u00e9ticos y suelen tener ...<br \/><div class=\"pt-cv-rmwrap\"><a href=\"https:\/\/zonales.quito.gob.ec\/?p=409445\" class=\"_self pt-cv-readmore btn btn-success\" target=\"_self\">Leer M\u00e1s<\/a><\/div><\/div><\/div><\/div>\n<div class=\"col-md-4 col-sm-6 col-xs-12 pt-cv-content-item pt-cv-1-col\" ><div class='pt-cv-ifield'><a href=\"https:\/\/zonales.quito.gob.ec\/?p=409299\" class=\"_self pt-cv-href-thumbnail pt-cv-thumb-default\" target=\"_self\" ><img loading=\"lazy\" decoding=\"async\" width=\"450\" height=\"169\" src=\"https:\/\/zonales.quito.gob.ec\/wp-content\/uploads\/detalles-personalizados-convertido-a-1600x600-1.jpeg\" class=\"pt-cv-thumbnail\" alt=\"\" \/><\/a>\n<h3 class=\"pt-cv-title\"><a href=\"https:\/\/zonales.quito.gob.ec\/?p=409299\" class=\"_self\" target=\"_self\" >DETALLES PERSONALIZADOS\/PRODUCCI\u00d3N ARTESANAL Y MANUALIDADES<\/a><\/h3>\n<div class=\"pt-cv-content\">CASA SOMOS ATAHUALPA Descripci\u00f3n:Taller de Detalles Personalizados: aprende a elaborar regalos y art\u00edculos personalizados utilizando diversas t\u00e9cnicas creativas para toda ocasi\u00f3n. Dirigido a participantes de 15 a\u00f1os en adelante, desarrollando ...<br \/><div class=\"pt-cv-rmwrap\"><a href=\"https:\/\/zonales.quito.gob.ec\/?p=409299\" class=\"_self pt-cv-readmore btn btn-success\" target=\"_self\">Leer M\u00e1s<\/a><\/div><\/div><\/div><\/div>\n<div class=\"col-md-4 col-sm-6 col-xs-12 pt-cv-content-item pt-cv-1-col\" ><div class='pt-cv-ifield'><a href=\"https:\/\/zonales.quito.gob.ec\/?p=409291\" class=\"_self pt-cv-href-thumbnail pt-cv-thumb-default\" target=\"_self\" ><img loading=\"lazy\" decoding=\"async\" width=\"250\" height=\"250\" src=\"https:\/\/zonales.quito.gob.ec\/wp-content\/uploads\/FLORES-EN-CINTA-4.jpg\" class=\"pt-cv-thumbnail\" alt=\"\" \/><\/a>\n<h3 class=\"pt-cv-title\"><a href=\"https:\/\/zonales.quito.gob.ec\/?p=409291\" class=\"_self\" target=\"_self\" >ROSAS ETERNAS EN CINTA \/ PRODUCCI\u00d3N ARTESANAL Y MANUALIDADES<\/a><\/h3>\n<div class=\"pt-cv-content\">CASA SOMOS BULEVAR Descripci\u00f3n:Aprender a crear rosas eternas con cinta y limpiapipas permite elaborar manualidades duraderas y moldeables Informaci\u00f3n Adicional Modalidad:Presencial\u00a0Responsable del taller:Marcela ViteriHorario de atenci\u00f3n:Jueves 15:00 A 17:00Fecha de ...<br \/><div class=\"pt-cv-rmwrap\"><a href=\"https:\/\/zonales.quito.gob.ec\/?p=409291\" class=\"_self pt-cv-readmore btn btn-success\" target=\"_self\">Leer M\u00e1s<\/a><\/div><\/div><\/div><\/div>\n<div class=\"col-md-4 col-sm-6 col-xs-12 pt-cv-content-item pt-cv-1-col\" ><div class='pt-cv-ifield'><a href=\"https:\/\/zonales.quito.gob.ec\/?p=409282\" class=\"_self pt-cv-href-thumbnail pt-cv-thumb-default\" target=\"_self\" ><img loading=\"lazy\" decoding=\"async\" width=\"348\" height=\"250\" src=\"https:\/\/zonales.quito.gob.ec\/wp-content\/uploads\/WhatsApp-Image-2026-04-02-at-10.59.23-1.jpeg\" class=\"pt-cv-thumbnail\" alt=\"\" \/><\/a>\n<h3 class=\"pt-cv-title\"><a href=\"https:\/\/zonales.quito.gob.ec\/?p=409282\" class=\"_self\" target=\"_self\" >ROSAS Y FIGURAS EN LIMPIAPIPAS \/PRODUCCI\u00d3N ARTESANAL Y MANUALIDADES<\/a><\/h3>\n<div class=\"pt-cv-content\">CASA SOMOS BULEVAR Descripci\u00f3n:Aprender a crear rosas eternas con cinta y limpiapipas permite elaborar manualidades duraderas y moldeables Informaci\u00f3n Adicional Modalidad:Presencial\u00a0Responsable del taller:Marcela ViteriHorario de atenci\u00f3n:Mi\u00e9rcoles 15:30 A 17:00Fecha de ...<br \/><div class=\"pt-cv-rmwrap\"><a href=\"https:\/\/zonales.quito.gob.ec\/?p=409282\" class=\"_self pt-cv-readmore btn btn-success\" target=\"_self\">Leer M\u00e1s<\/a><\/div><\/div><\/div><\/div>\n<div class=\"col-md-4 col-sm-6 col-xs-12 pt-cv-content-item pt-cv-1-col\" ><div class='pt-cv-ifield'><a href=\"https:\/\/zonales.quito.gob.ec\/?p=408265\" class=\"_self pt-cv-href-thumbnail pt-cv-thumb-default\" target=\"_self\" ><img loading=\"lazy\" decoding=\"async\" width=\"188\" height=\"250\" src=\"https:\/\/zonales.quito.gob.ec\/wp-content\/uploads\/images-96.jpg\" class=\"pt-cv-thumbnail\" alt=\"\" \/><\/a>\n<h3 class=\"pt-cv-title\"><a href=\"https:\/\/zonales.quito.gob.ec\/?p=408265\" class=\"_self\" target=\"_self\" >BONSAI\/PRODUCCI\u00d3N ARTESANAL Y MANUALIDADES<\/a><\/h3>\n<div class=\"pt-cv-content\">CASA SOMOS GUANGOPOLO BONSAI\/PRODUCCI\u00d3N ARTESANAL Y MANUALIDADES Descripci\u00f3n:Ense\u00f1ar la elaboraci\u00f3n de \u00e1rboles de bonsai artesanal, con alambre y chaquiras, promoviendo la creatividad y brindando una oportunidad de convertirse en una ...<br \/><div class=\"pt-cv-rmwrap\"><a href=\"https:\/\/zonales.quito.gob.ec\/?p=408265\" class=\"_self pt-cv-readmore btn btn-success\" target=\"_self\">Leer M\u00e1s<\/a><\/div><\/div><\/div><\/div>\n<div class=\"col-md-4 col-sm-6 col-xs-12 pt-cv-content-item pt-cv-1-col\" ><div class='pt-cv-ifield'><a href=\"https:\/\/zonales.quito.gob.ec\/?p=407307\" class=\"_self pt-cv-href-thumbnail pt-cv-thumb-default\" target=\"_self\" ><img loading=\"lazy\" decoding=\"async\" width=\"450\" height=\"169\" src=\"https:\/\/zonales.quito.gob.ec\/wp-content\/uploads\/MUNEQUERIA-Y-MANUALIDADES-EN-TELA-1.png\" class=\"pt-cv-thumbnail\" alt=\"\" \/><\/a>\n<h3 class=\"pt-cv-title\"><a href=\"https:\/\/zonales.quito.gob.ec\/?p=407307\" class=\"_self\" target=\"_self\" >MU\u00d1EQUER\u00cdA Y MANUALIDADES EN TELA\/PRODUCCI\u00d3N ARTESANAL Y MANUALIDADES\/VIRTUAL<\/a><\/h3>\n<div class=\"pt-cv-content\">CASA SOMOS LLOA Descripci\u00f3n:En este taller los\/as participantes aprender\u00e1n a realizar hermosas mu\u00f1ecas y manualidades en tela que les permitan emprender. Informaci\u00f3n Adicional Modalidad:VIRTUALResponsable del taller:M\u00d3NICA ILLESCASHorario de atenci\u00f3n:MARTES DE ...<br \/><div class=\"pt-cv-rmwrap\"><a href=\"https:\/\/zonales.quito.gob.ec\/?p=407307\" class=\"_self pt-cv-readmore btn btn-success\" target=\"_self\">Leer M\u00e1s<\/a><\/div><\/div><\/div><\/div>\n<div class=\"col-md-4 col-sm-6 col-xs-12 pt-cv-content-item pt-cv-1-col\" ><div class='pt-cv-ifield'><a href=\"https:\/\/zonales.quito.gob.ec\/?p=407316\" class=\"_self pt-cv-href-thumbnail pt-cv-thumb-default\" target=\"_self\" ><img loading=\"lazy\" decoding=\"async\" width=\"450\" height=\"250\" src=\"https:\/\/zonales.quito.gob.ec\/wp-content\/uploads\/MANUALIDADES-NAVIDENAS-450x250.png\" class=\"pt-cv-thumbnail\" alt=\"\" \/><\/a>\n<h3 class=\"pt-cv-title\"><a href=\"https:\/\/zonales.quito.gob.ec\/?p=407316\" class=\"_self\" target=\"_self\" >MANUALIDADES NAVIDE\u00d1AS\/PRODUCCI\u00d3N ARTESANAL Y MANUALIDADES\/VIRTUAL<\/a><\/h3>\n<div class=\"pt-cv-content\">CASA SOMOS LLOA Descripci\u00f3n:En este taller los\/as participantes aprender\u00e1n a realizar hermosas manualidades navide\u00f1as todo el a\u00f1o. Informaci\u00f3n Adicional Modalidad:VIRTUALResponsable del taller:MAR\u00cdA DE LOURDES FUENTESHorario de atenci\u00f3n:JUEVES DE 17H00 A ...<br \/><div class=\"pt-cv-rmwrap\"><a href=\"https:\/\/zonales.quito.gob.ec\/?p=407316\" class=\"_self pt-cv-readmore btn btn-success\" target=\"_self\">Leer M\u00e1s<\/a><\/div><\/div><\/div><\/div>\n<div class=\"col-md-4 col-sm-6 col-xs-12 pt-cv-content-item pt-cv-1-col\" ><div class='pt-cv-ifield'><a href=\"https:\/\/zonales.quito.gob.ec\/?p=407148\" class=\"_self pt-cv-href-thumbnail pt-cv-thumb-default\" target=\"_self\" ><img loading=\"lazy\" decoding=\"async\" width=\"450\" height=\"250\" src=\"https:\/\/zonales.quito.gob.ec\/wp-content\/uploads\/manejo-de-maquinas-de-coser-y-reparacion-de-ropa.-450x250.png\" class=\"pt-cv-thumbnail\" alt=\"\" \/><\/a>\n<h3 class=\"pt-cv-title\"><a href=\"https:\/\/zonales.quito.gob.ec\/?p=407148\" class=\"_self\" target=\"_self\" >MANEJO DE M\u00c1QUINAS DE COSER\/PRODUCCI\u00d3N ARTESANAL Y MANUALIDADES<\/a><\/h3>\n<div class=\"pt-cv-content\">CASA SOMOS LA MARISCAL Descripci\u00f3n:\u00a0Desarrollar habilidades te\u00f3ricas\u00a0 y pr\u00e1cticas en el manejo adecuado de las m\u00e1quinas de coser garantizando un uso seguro eficiente y responsable para la correcta elaboraci\u00f3n de ...<br \/><div class=\"pt-cv-rmwrap\"><a href=\"https:\/\/zonales.quito.gob.ec\/?p=407148\" class=\"_self pt-cv-readmore btn btn-success\" target=\"_self\">Leer M\u00e1s<\/a><\/div><\/div><\/div><\/div>\n<div class=\"col-md-4 col-sm-6 col-xs-12 pt-cv-content-item pt-cv-1-col\" ><div class='pt-cv-ifield'><a href=\"https:\/\/zonales.quito.gob.ec\/?p=407139\" class=\"_self pt-cv-href-thumbnail pt-cv-thumb-default\" target=\"_self\" ><img loading=\"lazy\" decoding=\"async\" width=\"450\" height=\"250\" src=\"https:\/\/zonales.quito.gob.ec\/wp-content\/uploads\/es-buena-idea-taller-costura-450x250.jpg\" class=\"pt-cv-thumbnail\" alt=\"\" \/><\/a>\n<h3 class=\"pt-cv-title\"><a href=\"https:\/\/zonales.quito.gob.ec\/?p=407139\" class=\"_self\" target=\"_self\" >ARREGLO DE ROPA\/PRODUCCI\u00d3N ARTESANAL Y MANUALIDADES<\/a><\/h3>\n<div class=\"pt-cv-content\">CASA SOMOS LA MARISCAL Descripci\u00f3n:Brinda a los participantes los conocimientos y habilidades\u00a0 necesarias para realizar arreglos a cualquier prenda de vestir, fomentando la creatividad la precisi\u00f3n y emprendimiento\u00a0 con el ...<br \/><div class=\"pt-cv-rmwrap\"><a href=\"https:\/\/zonales.quito.gob.ec\/?p=407139\" class=\"_self pt-cv-readmore btn btn-success\" target=\"_self\">Leer M\u00e1s<\/a><\/div><\/div><\/div><\/div>\n<div class=\"col-md-4 col-sm-6 col-xs-12 pt-cv-content-item pt-cv-1-col\" ><div class='pt-cv-ifield'><a href=\"https:\/\/zonales.quito.gob.ec\/?p=407123\" class=\"_self pt-cv-href-thumbnail pt-cv-thumb-default\" target=\"_self\" ><img loading=\"lazy\" decoding=\"async\" width=\"251\" height=\"201\" src=\"https:\/\/zonales.quito.gob.ec\/wp-content\/uploads\/Bordado-zuleta.jpg\" class=\"pt-cv-thumbnail\" alt=\"\" \/><\/a>\n<h3 class=\"pt-cv-title\"><a href=\"https:\/\/zonales.quito.gob.ec\/?p=407123\" class=\"_self\" target=\"_self\" >BORDADO EN PUNTO DE CRUZ T\u00c9CNICA ZULETA\/PRODUCCI\u00d3N ARTESANAL Y MANUALIDADES<\/a><\/h3>\n<div class=\"pt-cv-content\">CASA SOMOS LA MARISCAL Descripci\u00f3n:El Taller de Bordado en punto de cruz fomenta la creatividad y el desarrollo personal de los participantes a trav\u00e9s del bordado. Informaci\u00f3n Adicional Modalidad:PresencialResponsable del ...<br \/><div class=\"pt-cv-rmwrap\"><a href=\"https:\/\/zonales.quito.gob.ec\/?p=407123\" class=\"_self pt-cv-readmore btn btn-success\" target=\"_self\">Leer M\u00e1s<\/a><\/div><\/div><\/div><\/div>\n<div class=\"col-md-4 col-sm-6 col-xs-12 pt-cv-content-item pt-cv-1-col\" ><div class='pt-cv-ifield'><a href=\"https:\/\/zonales.quito.gob.ec\/?p=406434\" class=\"_self pt-cv-href-thumbnail pt-cv-thumb-default\" target=\"_self\" ><img loading=\"lazy\" decoding=\"async\" width=\"376\" height=\"250\" src=\"https:\/\/zonales.quito.gob.ec\/wp-content\/uploads\/TEJIDO-DE-PRENDAS-BASICO.jpg\" class=\"pt-cv-thumbnail\" alt=\"\" \/><\/a>\n<h3 class=\"pt-cv-title\"><a href=\"https:\/\/zonales.quito.gob.ec\/?p=406434\" class=\"_self\" target=\"_self\" >TEJIDO A CROCHET\/ PRODUCCI\u00d3N ARTESANAL Y MANUALIDADES\/12 A\u00d1OS EN ADELANTE<\/a><\/h3>\n<div class=\"pt-cv-content\">CASA SOMOS Z\u00c1MBIZA Descripci\u00f3n:Aprende la t\u00e9cnica del crochet para elaborar hermosas prendas y accesorios mientras desarrollas tu creatividad y destreza manual. \u00a1Comparte, crea y disfruta del arte de tejer!\u00a0 Informaci\u00f3n ...<br \/><div class=\"pt-cv-rmwrap\"><a href=\"https:\/\/zonales.quito.gob.ec\/?p=406434\" class=\"_self pt-cv-readmore btn btn-success\" target=\"_self\">Leer M\u00e1s<\/a><\/div><\/div><\/div><\/div>\n<div class=\"col-md-4 col-sm-6 col-xs-12 pt-cv-content-item pt-cv-1-col\" ><div class='pt-cv-ifield'><a href=\"https:\/\/zonales.quito.gob.ec\/?p=406359\" class=\"_self pt-cv-href-thumbnail pt-cv-thumb-default\" target=\"_self\" ><img loading=\"lazy\" decoding=\"async\" width=\"450\" height=\"250\" src=\"https:\/\/zonales.quito.gob.ec\/wp-content\/uploads\/PORCELANA-FRIA-9-450x250.jpg\" class=\"pt-cv-thumbnail\" alt=\"\" \/><\/a>\n<h3 class=\"pt-cv-title\"><a href=\"https:\/\/zonales.quito.gob.ec\/?p=406359\" class=\"_self\" target=\"_self\" >PORCELANA FR\u00cdA\/PRODUCCI\u00d3N ARTESANAL Y MANUALIDADES \/12 A\u00d1OS EN ADELANTE<\/a><\/h3>\n<div class=\"pt-cv-content\">CASA SOMOS Z\u00c1MBIZA Descripci\u00f3n:Masa suave y maleable que se endurece al aire sin necesidad de horno ni cocci\u00f3n. Ideal para crear flores, figuras, recuerdos y detalles decorativos \u00fanicos y duraderos ...<br \/><div class=\"pt-cv-rmwrap\"><a href=\"https:\/\/zonales.quito.gob.ec\/?p=406359\" class=\"_self pt-cv-readmore btn btn-success\" target=\"_self\">Leer M\u00e1s<\/a><\/div><\/div><\/div><\/div>\n<div class=\"col-md-4 col-sm-6 col-xs-12 pt-cv-content-item pt-cv-1-col\" ><div class='pt-cv-ifield'><a href=\"https:\/\/zonales.quito.gob.ec\/?p=406004\" class=\"_self pt-cv-href-thumbnail pt-cv-thumb-default\" target=\"_self\" ><img loading=\"lazy\" decoding=\"async\" width=\"450\" height=\"250\" src=\"https:\/\/zonales.quito.gob.ec\/wp-content\/uploads\/pirograbado-450x250.jpg\" class=\"pt-cv-thumbnail\" alt=\"\" \/><\/a>\n<h3 class=\"pt-cv-title\"><a href=\"https:\/\/zonales.quito.gob.ec\/?p=406004\" class=\"_self\" target=\"_self\" >PIROGRABADO\/\u00a0PRODUCCI\u00d3N ARTESANAL Y MANUALIDADES<\/a><\/h3>\n<div class=\"pt-cv-content\">CASA SOMOS SAN MARCOS Descripci\u00f3n:Taller presencialAprender el arte del pirograbado, utilizando el calor para plasmar hermosas ilustraciones y grabados personalizados. Informaci\u00f3n Adicional Modalidad:Presencial\u00a0Responsable del taller:NANCY MARGARITA VILLA MU\u00d1OZHorario de atenci\u00f3n:Martes ...<br \/><div class=\"pt-cv-rmwrap\"><a href=\"https:\/\/zonales.quito.gob.ec\/?p=406004\" class=\"_self pt-cv-readmore btn btn-success\" target=\"_self\">Leer M\u00e1s<\/a><\/div><\/div><\/div><\/div>\n<div class=\"col-md-4 col-sm-6 col-xs-12 pt-cv-content-item pt-cv-1-col\" ><div class='pt-cv-ifield'><a href=\"https:\/\/zonales.quito.gob.ec\/?p=405931\" class=\"_self pt-cv-href-thumbnail pt-cv-thumb-default\" target=\"_self\" ><img loading=\"lazy\" decoding=\"async\" width=\"450\" height=\"250\" src=\"https:\/\/zonales.quito.gob.ec\/wp-content\/uploads\/munecos-navidenos-450x250.jpg\" class=\"pt-cv-thumbnail\" alt=\"\" \/><\/a>\n<h3 class=\"pt-cv-title\"><a href=\"https:\/\/zonales.quito.gob.ec\/?p=405931\" class=\"_self\" target=\"_self\" >MANUALIDADES NAVIDE\u00d1AS \/PRODUCCI\u00d3N ARTESANAL Y MANUALIDADES\/ \/DECORACI\u00d3N Y MU\u00d1EQUERIA UTILITARIAS NAVIDE\u00d1AS<\/a><\/h3>\n<div class=\"pt-cv-content\">CASA SOMOS SAN MARCOS Descripci\u00f3n:Taller presencialElaborar personajes navide\u00f1os \u00fanicos hechos a mano, perfectos para decorar tus espacios o regalar en esta temporada especial. Informaci\u00f3n Adicional Modalidad:Presencial\u00a0Responsable del taller:SANDRA ELIZABETH MONTA\u00d1O ...<br \/><div class=\"pt-cv-rmwrap\"><a href=\"https:\/\/zonales.quito.gob.ec\/?p=405931\" class=\"_self pt-cv-readmore btn btn-success\" target=\"_self\">Leer M\u00e1s<\/a><\/div><\/div><\/div><\/div>\n<div class=\"col-md-4 col-sm-6 col-xs-12 pt-cv-content-item pt-cv-1-col\" ><div class='pt-cv-ifield'><a href=\"https:\/\/zonales.quito.gob.ec\/?p=405932\" class=\"_self pt-cv-href-thumbnail pt-cv-thumb-default\" target=\"_self\" ><img loading=\"lazy\" decoding=\"async\" width=\"450\" height=\"250\" src=\"https:\/\/zonales.quito.gob.ec\/wp-content\/uploads\/Adornos-de-hogar-450x250.jpeg\" class=\"pt-cv-thumbnail\" alt=\"\" \/><\/a>\n<h3 class=\"pt-cv-title\"><a href=\"https:\/\/zonales.quito.gob.ec\/?p=405932\" class=\"_self\" target=\"_self\" >MULTICREACIONES DECORATIVAS PARA EL HOGAR \/ PRODUCCI\u00d3N ARTESANAL Y MANUALIDADES \/NAVIDE\u00d1AS<\/a><\/h3>\n<div class=\"pt-cv-content\">CASA SOMOS SAN MARCOS Descripci\u00f3n:Taller presencialDise\u00f1ar manualidades utilitarias, transformando materiales sencillos en proyectos pr\u00e1cticos para el hogar. Informaci\u00f3n Adicional Modalidad:Presencial\u00a0Responsable del taller:LAURA DEL PILAR LASLUISA LASLUISAHorario de atenci\u00f3n:Martes y jueves ...<br \/><div class=\"pt-cv-rmwrap\"><a href=\"https:\/\/zonales.quito.gob.ec\/?p=405932\" class=\"_self pt-cv-readmore btn btn-success\" target=\"_self\">Leer M\u00e1s<\/a><\/div><\/div><\/div><\/div>\n<div class=\"col-md-4 col-sm-6 col-xs-12 pt-cv-content-item pt-cv-1-col\" ><div class='pt-cv-ifield'><a href=\"https:\/\/zonales.quito.gob.ec\/?p=405851\" class=\"_self pt-cv-href-thumbnail pt-cv-thumb-default\" target=\"_self\" ><img loading=\"lazy\" decoding=\"async\" width=\"450\" height=\"169\" src=\"https:\/\/zonales.quito.gob.ec\/wp-content\/uploads\/BISUTERIA-9.jpeg\" class=\"pt-cv-thumbnail\" alt=\"\" \/><\/a>\n<h3 class=\"pt-cv-title\"><a href=\"https:\/\/zonales.quito.gob.ec\/?p=405851\" class=\"_self\" target=\"_self\" >BISUTER\u00cdA\/PRODUCCI\u00d3N ARTESANAL Y MANUALIDADES<\/a><\/h3>\n<div class=\"pt-cv-content\">CASA SOMOS SAN MARCOS Taller presencialCrear accesorios exclusivos potencia tu motricidad fina y creatividad, ense\u00f1\u00e1ndote a transformar materiales sencillos en piezas de joyer\u00eda \u00fanicas. Informaci\u00f3n Adicional Modalidad:Presencial\u00a0Responsable del taller:ORLANDO ROBINSON ...<br \/><div class=\"pt-cv-rmwrap\"><a href=\"https:\/\/zonales.quito.gob.ec\/?p=405851\" class=\"_self pt-cv-readmore btn btn-success\" target=\"_self\">Leer M\u00e1s<\/a><\/div><\/div><\/div><\/div>\n<div class=\"col-md-4 col-sm-6 col-xs-12 pt-cv-content-item pt-cv-1-col\" ><div class='pt-cv-ifield'><a href=\"https:\/\/zonales.quito.gob.ec\/?p=403886\" class=\"_self pt-cv-href-thumbnail pt-cv-thumb-default\" target=\"_self\" ><img loading=\"lazy\" decoding=\"async\" width=\"446\" height=\"250\" src=\"https:\/\/zonales.quito.gob.ec\/wp-content\/uploads\/AMIGURUMIS-7.jpeg\" class=\"pt-cv-thumbnail\" alt=\"\" \/><\/a>\n<h3 class=\"pt-cv-title\"><a href=\"https:\/\/zonales.quito.gob.ec\/?p=403886\" class=\"_self\" target=\"_self\" >TEJIDO Y AMIGURUMIS  \/PRODUCCI\u00d3N ARTESANAL Y MANUALIDADES \/NAVIDE\u00d1O<\/a><\/h3>\n<div class=\"pt-cv-content\">CASA SOMOS SAN MARCOS Descripci\u00f3n:Taller presencialCrea personajes adorables y flores eternas dominando el arte del tejido a crochet. Informaci\u00f3n Adicional Modalidad:Presencial\u00a0Responsable del taller:SONIA NARCIZA REINA BENITEZHorario de atenci\u00f3n:Lunes 09:00 a ...<br \/><div class=\"pt-cv-rmwrap\"><a href=\"https:\/\/zonales.quito.gob.ec\/?p=403886\" class=\"_self pt-cv-readmore btn btn-success\" target=\"_self\">Leer M\u00e1s<\/a><\/div><\/div><\/div><\/div>\n<div class=\"col-md-4 col-sm-6 col-xs-12 pt-cv-content-item pt-cv-1-col\" ><div class='pt-cv-ifield'><a href=\"https:\/\/zonales.quito.gob.ec\/?p=405108\" class=\"_self pt-cv-href-thumbnail pt-cv-thumb-default\" target=\"_self\" ><img loading=\"lazy\" decoding=\"async\" width=\"450\" height=\"169\" src=\"https:\/\/zonales.quito.gob.ec\/wp-content\/uploads\/JABONES-VVV-convertido-a-1600x600-1.jpeg\" class=\"pt-cv-thumbnail\" alt=\"\" \/><\/a>\n<h3 class=\"pt-cv-title\"><a href=\"https:\/\/zonales.quito.gob.ec\/?p=405108\" class=\"_self\" target=\"_self\" >JABONES TERAP\u00c9UTICOS\/PRODUCCI\u00d3N ARTESANAL Y MANUALIDADES<\/a><\/h3>\n<div class=\"pt-cv-content\">CASA SOMOS ATAHUALPA Descripci\u00f3n:Aprende a elaborar jabones terap\u00e9uticos utilizando ingredientes naturales y propiedades arom\u00e1ticas para el cuidado y bienestar de la piel.(Orientado a j\u00f3venes y adultos a partir de los ...<br \/><div class=\"pt-cv-rmwrap\"><a href=\"https:\/\/zonales.quito.gob.ec\/?p=405108\" class=\"_self pt-cv-readmore btn btn-success\" target=\"_self\">Leer M\u00e1s<\/a><\/div><\/div><\/div><\/div>\n<div class=\"col-md-4 col-sm-6 col-xs-12 pt-cv-content-item pt-cv-1-col\" ><div class='pt-cv-ifield'><a href=\"https:\/\/zonales.quito.gob.ec\/?p=402992\" class=\"_self pt-cv-href-thumbnail pt-cv-thumb-default\" target=\"_self\" ><img loading=\"lazy\" decoding=\"async\" width=\"450\" height=\"250\" src=\"https:\/\/zonales.quito.gob.ec\/wp-content\/uploads\/Mochilas-1-450x250.jpg\" class=\"pt-cv-thumbnail\" alt=\"\" \/><\/a>\n<h3 class=\"pt-cv-title\"><a href=\"https:\/\/zonales.quito.gob.ec\/?p=402992\" class=\"_self\" target=\"_self\" >MOCHILAS ESCOLARES\/GENERACI\u00d3N DE EMPRENDIMIENTOS<\/a><\/h3>\n<div class=\"pt-cv-content\">CASA SOMOS NUEVA AURORA Lindos y pr\u00e1cticos dispositivos\u00a0para llevar de todo a todas partes, adem\u00e1s puedes generar ingresos extras. Informaci\u00f3n Adicional Modalidad: Presencial Responsable del taller: Mayra Romero - 099 ...<br \/><div class=\"pt-cv-rmwrap\"><a href=\"https:\/\/zonales.quito.gob.ec\/?p=402992\" class=\"_self pt-cv-readmore btn btn-success\" target=\"_self\">Leer M\u00e1s<\/a><\/div><\/div><\/div><\/div>\n<div class=\"col-md-4 col-sm-6 col-xs-12 pt-cv-content-item pt-cv-1-col\" ><div class='pt-cv-ifield'><a href=\"https:\/\/zonales.quito.gob.ec\/?p=404708\" class=\"_self pt-cv-href-thumbnail pt-cv-thumb-default\" target=\"_self\" ><img loading=\"lazy\" decoding=\"async\" width=\"450\" height=\"250\" src=\"https:\/\/zonales.quito.gob.ec\/wp-content\/uploads\/ORIGAMI-5-450x250.jpg\" class=\"pt-cv-thumbnail\" alt=\"\" \/><\/a>\n<h3 class=\"pt-cv-title\"><a href=\"https:\/\/zonales.quito.gob.ec\/?p=404708\" class=\"_self\" target=\"_self\" >ORIGAMI\/DESARROLLO ART\u00cdSTICO\/YARUQU\u00cd<\/a><\/h3>\n<div class=\"pt-cv-content\">CASA SOMOS YARUQU\u00cd Informaci\u00f3n Adicional Responsable del taller: Shirley Lozano Modalidad: Presencial Edad m\u00ednima requerida: 5 a\u00f1os Horario de atenci\u00f3n: s\u00e1bados 9:00 a 10:00 am Fecha de inicio de taller: ...<br \/><div class=\"pt-cv-rmwrap\"><a href=\"https:\/\/zonales.quito.gob.ec\/?p=404708\" class=\"_self pt-cv-readmore btn btn-success\" target=\"_self\">Leer M\u00e1s<\/a><\/div><\/div><\/div><\/div>\n<div class=\"col-md-4 col-sm-6 col-xs-12 pt-cv-content-item pt-cv-1-col\" ><div class='pt-cv-ifield'><a href=\"https:\/\/zonales.quito.gob.ec\/?p=404771\" class=\"_self pt-cv-href-thumbnail pt-cv-thumb-default\" target=\"_self\" ><img loading=\"lazy\" decoding=\"async\" width=\"188\" height=\"250\" src=\"https:\/\/zonales.quito.gob.ec\/wp-content\/uploads\/WhatsApp-Image-2026-07-02-at-7.08.52-PM.jpeg\" class=\"pt-cv-thumbnail\" alt=\"\" \/><\/a>\n<h3 class=\"pt-cv-title\"><a href=\"https:\/\/zonales.quito.gob.ec\/?p=404771\" class=\"_self\" target=\"_self\" >ADORNOS NAVIDE\u00d1OS\/PRODUCCI\u00d3N ARTESANAL Y MANUALIDADES<\/a><\/h3>\n<div class=\"pt-cv-content\">CASA SOMOS LA MARISCAL Descripci\u00f3n:El Taller de Adornos Navide\u00f1os \u00a0es un espacio creativo y formativo dedicado a la elaboraci\u00f3n artesanal de adornos de tela (mu\u00f1equer\u00eda soft) y a la exploraci\u00f3n ...<br \/><div class=\"pt-cv-rmwrap\"><a href=\"https:\/\/zonales.quito.gob.ec\/?p=404771\" class=\"_self pt-cv-readmore btn btn-success\" target=\"_self\">Leer M\u00e1s<\/a><\/div><\/div><\/div><\/div>\n<div class=\"col-md-4 col-sm-6 col-xs-12 pt-cv-content-item pt-cv-1-col\" ><div class='pt-cv-ifield'><a href=\"https:\/\/zonales.quito.gob.ec\/?p=404718\" class=\"_self pt-cv-href-thumbnail pt-cv-thumb-default\" target=\"_self\" ><img loading=\"lazy\" decoding=\"async\" width=\"194\" height=\"250\" src=\"https:\/\/zonales.quito.gob.ec\/wp-content\/uploads\/Papa-Noel-Grande-1.png\" class=\"pt-cv-thumbnail\" alt=\"\" \/><\/a>\n<h3 class=\"pt-cv-title\"><a href=\"https:\/\/zonales.quito.gob.ec\/?p=404718\" class=\"_self\" target=\"_self\" >MODELADO EN PORCELANA FR\u00cdA\/PRODUCCI\u00d3N ARTESANAL Y MANUALIDADES\/YARUQU\u00cd<\/a><\/h3>\n<div class=\"pt-cv-content\">CASA SOMOS YARUQU\u00cd Informaci\u00f3n Adicional Descripci\u00f3n:Aprendan para un desarrollo integral a trav\u00e9s del maravilloso mundo de la Porcelana Fr\u00edaModalidad:PresencialEdad m\u00ednima requerida:12 a\u00f1osResponsable del taller:Gabriela Del Pilar Barzola HidalgoHorario de atenci\u00f3n:\u00a0Martes ...<br \/><div class=\"pt-cv-rmwrap\"><a href=\"https:\/\/zonales.quito.gob.ec\/?p=404718\" class=\"_self pt-cv-readmore btn btn-success\" target=\"_self\">Leer M\u00e1s<\/a><\/div><\/div><\/div><\/div>\n<div class=\"col-md-4 col-sm-6 col-xs-12 pt-cv-content-item pt-cv-1-col\" ><div class='pt-cv-ifield'><a href=\"https:\/\/zonales.quito.gob.ec\/?p=404357\" class=\"_self pt-cv-href-thumbnail pt-cv-thumb-default\" target=\"_self\" ><img loading=\"lazy\" decoding=\"async\" width=\"335\" height=\"242\" src=\"https:\/\/zonales.quito.gob.ec\/wp-content\/uploads\/Anotacion-2024-02-07-125338.png\" class=\"pt-cv-thumbnail\" alt=\"\" \/><\/a>\n<h3 class=\"pt-cv-title\"><a href=\"https:\/\/zonales.quito.gob.ec\/?p=404357\" class=\"_self\" target=\"_self\" >BORDADO\/ PRODUCCI\u00d3N ARTESANAL Y MANUALIDADES<\/a><\/h3>\n<div class=\"pt-cv-content\">CASA SOMOS Z\u00c1MBIZA Descripci\u00f3n:Crea bordados inspirados en la tradici\u00f3n zuleta, dominando puntadas y t\u00e9cnicas que dar\u00e1n vida a tus dise\u00f1os. Informaci\u00f3n Adicional Modalidad:Presencial\u00a0Responsable del taller:Mercedes NaulaHorario de atenci\u00f3n:Martes15:00 a 17:00\u00a0 ...<br \/><div class=\"pt-cv-rmwrap\"><a href=\"https:\/\/zonales.quito.gob.ec\/?p=404357\" class=\"_self pt-cv-readmore btn btn-success\" target=\"_self\">Leer M\u00e1s<\/a><\/div><\/div><\/div><\/div>\n<div class=\"col-md-4 col-sm-6 col-xs-12 pt-cv-content-item pt-cv-1-col\" ><div class='pt-cv-ifield'><a href=\"https:\/\/zonales.quito.gob.ec\/?p=404122\" class=\"_self pt-cv-href-thumbnail pt-cv-thumb-default\" target=\"_self\" ><img loading=\"lazy\" decoding=\"async\" width=\"268\" height=\"188\" src=\"https:\/\/zonales.quito.gob.ec\/wp-content\/uploads\/amigurumis-8.jpg\" class=\"pt-cv-thumbnail\" alt=\"\" \/><\/a>\n<h3 class=\"pt-cv-title\"><a href=\"https:\/\/zonales.quito.gob.ec\/?p=404122\" class=\"_self\" target=\"_self\" >AMIGURUMIS\/ PRODUCCI\u00d3N ARTESANAL Y MANUALIDADES\/11 A\u00d1OS EN ADELANTE<\/a><\/h3>\n<div class=\"pt-cv-content\">CASA SOMOS Z\u00c1MBIZA Descripci\u00f3n:Aprende a crear tiernos mu\u00f1ecos tejidos a crochet, desarrollando tu creatividad, paciencia y habilidades artesanales. \u00a1Teje personajes \u00fanicos llenos de color, cari\u00f1o e imaginaci\u00f3n! Informaci\u00f3n Adicional Modalidad:Presencial\u00a0Responsable ...<br \/><div class=\"pt-cv-rmwrap\"><a href=\"https:\/\/zonales.quito.gob.ec\/?p=404122\" class=\"_self pt-cv-readmore btn btn-success\" target=\"_self\">Leer M\u00e1s<\/a><\/div><\/div><\/div><\/div>\n<div class=\"col-md-4 col-sm-6 col-xs-12 pt-cv-content-item pt-cv-1-col\" ><div class='pt-cv-ifield'><a href=\"https:\/\/zonales.quito.gob.ec\/?p=404120\" class=\"_self pt-cv-href-thumbnail pt-cv-thumb-default\" target=\"_self\" ><img loading=\"lazy\" decoding=\"async\" width=\"167\" height=\"250\" src=\"https:\/\/zonales.quito.gob.ec\/wp-content\/uploads\/WhatsApp-Image-2026-06-23-at-2.55.31-PM-1.jpeg\" class=\"pt-cv-thumbnail\" alt=\"\" \/><\/a>\n<h3 class=\"pt-cv-title\"><a href=\"https:\/\/zonales.quito.gob.ec\/?p=404120\" class=\"_self\" target=\"_self\" >MANUALIDADES NAVIDE\u00d1AS\/ PRODUCCI\u00d3N ARTESANAL Y MANUALIDADES\/ 12 EN ADELANTE<\/a><\/h3>\n<div class=\"pt-cv-content\">CASA SOMOS Z\u00c1MBIZA Descripci\u00f3n:Aprende de forma pr\u00e1ctica y divertida a elaborar manualidades navide\u00f1as, creando adornos y decoraciones creativas. Informaci\u00f3n Adicional Modalidad:Presencial\u00a0Responsable del taller:Roc\u00edo MalesHorario de atenci\u00f3n:Lunes\u00a010:00 a 12:00\u00a0 \u00a0 \u00a0 ...<br \/><div class=\"pt-cv-rmwrap\"><a href=\"https:\/\/zonales.quito.gob.ec\/?p=404120\" class=\"_self pt-cv-readmore btn btn-success\" target=\"_self\">Leer M\u00e1s<\/a><\/div><\/div><\/div><\/div>\n<div class=\"col-md-4 col-sm-6 col-xs-12 pt-cv-content-item pt-cv-1-col\" ><div class='pt-cv-ifield'><a href=\"https:\/\/zonales.quito.gob.ec\/?p=404046\" class=\"_self pt-cv-href-thumbnail pt-cv-thumb-default\" target=\"_self\" ><img loading=\"lazy\" decoding=\"async\" width=\"375\" height=\"250\" src=\"https:\/\/zonales.quito.gob.ec\/wp-content\/uploads\/images-1-21.jpg\" class=\"pt-cv-thumbnail\" alt=\"\" \/><\/a>\n<h3 class=\"pt-cv-title\"><a href=\"https:\/\/zonales.quito.gob.ec\/?p=404046\" class=\"_self\" target=\"_self\" >CORTE Y CONFECCI\u00d3N BLUSAS, FALDAS, VESTIDO Y PANTAL\u00d3N\/PRODUCCI\u00d3N ARTESANAL Y MANUALIDADES\/YARUQU\u00cd<\/a><\/h3>\n<div class=\"pt-cv-content\">CASA SOMOS YARUQU\u00cd Informaci\u00f3n Adicional Descripci\u00f3n:Modalidad:PresencialResponsable del taller:Martha Cecilia QuilumbaHorario de atenci\u00f3n:\u00a0ViernesConfecci\u00f3n de Blusas 15:00-16:00Confecci\u00f3n de pantalones 16:00-18:00Fecha de inicio de taller:11 Septiembre 2026Fecha de fin del taller:Diciembre 2026 Formulario ...<br \/><div class=\"pt-cv-rmwrap\"><a href=\"https:\/\/zonales.quito.gob.ec\/?p=404046\" class=\"_self pt-cv-readmore btn btn-success\" target=\"_self\">Leer M\u00e1s<\/a><\/div><\/div><\/div><\/div>\n<div class=\"col-md-4 col-sm-6 col-xs-12 pt-cv-content-item pt-cv-1-col\" ><div class='pt-cv-ifield'><a href=\"https:\/\/zonales.quito.gob.ec\/?p=403693\" class=\"_self pt-cv-href-thumbnail pt-cv-thumb-default\" target=\"_self\" ><img loading=\"lazy\" decoding=\"async\" width=\"450\" height=\"245\" src=\"https:\/\/zonales.quito.gob.ec\/wp-content\/uploads\/CORTE-3.jpg\" class=\"pt-cv-thumbnail\" alt=\"\" \/><\/a>\n<h3 class=\"pt-cv-title\"><a href=\"https:\/\/zonales.quito.gob.ec\/?p=403693\" class=\"_self\" target=\"_self\" >TRAZOS CORTE Y CONFECCI\u00d3N\/PRODUCCI\u00d3N ARTESANAL Y MANUALIDADES<\/a><\/h3>\n<div class=\"pt-cv-content\">CASA SOMOS SAN MARCOS Descripci\u00f3n:Taller presencialAprende a desarrollar habilidades t\u00e9cnicas en el uso de herramientas y m\u00e1quinas de costura creando prendas de manera efectiva. Informaci\u00f3n Adicional Modalidad:Presencial\u00a0Responsable del tallerista responsable:\u00a0 ...<br \/><div class=\"pt-cv-rmwrap\"><a href=\"https:\/\/zonales.quito.gob.ec\/?p=403693\" class=\"_self pt-cv-readmore btn btn-success\" target=\"_self\">Leer M\u00e1s<\/a><\/div><\/div><\/div><\/div>\n<div class=\"col-md-4 col-sm-6 col-xs-12 pt-cv-content-item pt-cv-1-col\" ><div class='pt-cv-ifield'><a href=\"https:\/\/zonales.quito.gob.ec\/?p=403076\" class=\"_self pt-cv-href-thumbnail pt-cv-thumb-default\" target=\"_self\" ><img loading=\"lazy\" decoding=\"async\" width=\"350\" height=\"250\" src=\"https:\/\/zonales.quito.gob.ec\/wp-content\/uploads\/WhatsApp-Image-2026-03-26-at-08.28.15.jpeg\" class=\"pt-cv-thumbnail\" alt=\"\" \/><\/a>\n<h3 class=\"pt-cv-title\"><a href=\"https:\/\/zonales.quito.gob.ec\/?p=403076\" class=\"_self\" target=\"_self\" >ELABORACI\u00d3N DE PIJAMAS Y ROPA INTERIOR\/PRODUCCI\u00d3N ARTESANAL Y MANUALIDADES<\/a><\/h3>\n<div class=\"pt-cv-content\">CASA SOMOS SAN MARCOS Descripci\u00f3n:Taller presencialDise\u00f1ar prendas \u00edntimas y de descanso potencia tu destreza manual, ense\u00f1\u00e1ndote a confeccionar ropa c\u00f3moda a tu medida. Formulario de inscripci\u00f3n Informaci\u00f3n Adicional Modalidad:Presencial\u00a0Responsable del ...<br \/><div class=\"pt-cv-rmwrap\"><a href=\"https:\/\/zonales.quito.gob.ec\/?p=403076\" class=\"_self pt-cv-readmore btn btn-success\" target=\"_self\">Leer M\u00e1s<\/a><\/div><\/div><\/div><\/div>\n<div class=\"col-md-4 col-sm-6 col-xs-12 pt-cv-content-item pt-cv-1-col\" ><div class='pt-cv-ifield'><a href=\"https:\/\/zonales.quito.gob.ec\/?p=381903\" class=\"_self pt-cv-href-thumbnail pt-cv-thumb-default\" target=\"_self\" ><img loading=\"lazy\" decoding=\"async\" width=\"450\" height=\"250\" src=\"https:\/\/zonales.quito.gob.ec\/wp-content\/uploads\/AMIGURUMISSABADO-450x250.jpg\" class=\"pt-cv-thumbnail\" alt=\"\" \/><\/a>\n<h3 class=\"pt-cv-title\"><a href=\"https:\/\/zonales.quito.gob.ec\/?p=381903\" class=\"_self\" target=\"_self\" >AMIGURUMIS\/PRODUCCI\u00d3N ARTESANAL Y MANUALIDADES\/PERMANENTE<\/a><\/h3>\n<div class=\"pt-cv-content\">CASA SOMOS AMAGUA\u00d1A Descripci\u00f3n:Tejer ayuda a mejorar el estado de animo y f\u00edsico, potencia habilidades, entra en funcionamiento nuestras manos, ojos y o\u00eddo, por lo que ayuda a mejorar nuestra ...<br \/><div class=\"pt-cv-rmwrap\"><a href=\"https:\/\/zonales.quito.gob.ec\/?p=381903\" class=\"_self pt-cv-readmore btn btn-success\" target=\"_self\">Leer M\u00e1s<\/a><\/div><\/div><\/div><\/div>\n<div class=\"col-md-4 col-sm-6 col-xs-12 pt-cv-content-item pt-cv-1-col\" ><div class='pt-cv-ifield'><a href=\"https:\/\/zonales.quito.gob.ec\/?p=368112\" class=\"_self pt-cv-href-thumbnail pt-cv-thumb-default\" target=\"_self\" ><img loading=\"lazy\" decoding=\"async\" width=\"255\" height=\"250\" src=\"https:\/\/zonales.quito.gob.ec\/wp-content\/uploads\/porcelanicron-3.png\" class=\"pt-cv-thumbnail\" alt=\"\" \/><\/a>\n<h3 class=\"pt-cv-title\"><a href=\"https:\/\/zonales.quito.gob.ec\/?p=368112\" class=\"_self\" target=\"_self\" >CREA FIGURITAS DE PORCELANICR\u00d3N\/ PRODUCCI\u00d3N ARTESANAL Y MANUALIDADES<\/a><\/h3>\n<div class=\"pt-cv-content\">CASA SOMOS NUEVA AURORA Descripci\u00f3n:Aprende a crear figuras en porcelanicr\u00f3n. Desarrolla tu creatividad dise\u00f1ando figuras y objetos de personajes de tu imaginacion o de redes sociales.Rango de edad: De 12 ...<br \/><div class=\"pt-cv-rmwrap\"><a href=\"https:\/\/zonales.quito.gob.ec\/?p=368112\" class=\"_self pt-cv-readmore btn btn-success\" target=\"_self\">Leer M\u00e1s<\/a><\/div><\/div><\/div><\/div>\n<div class=\"col-md-4 col-sm-6 col-xs-12 pt-cv-content-item pt-cv-1-col\" ><div class='pt-cv-ifield'><a href=\"https:\/\/zonales.quito.gob.ec\/?p=402369\" class=\"_self pt-cv-href-thumbnail pt-cv-thumb-default\" target=\"_self\" ><img loading=\"lazy\" decoding=\"async\" width=\"343\" height=\"250\" src=\"https:\/\/zonales.quito.gob.ec\/wp-content\/uploads\/AMIGURUMISSS-1.jpeg\" class=\"pt-cv-thumbnail\" alt=\"\" \/><\/a>\n<h3 class=\"pt-cv-title\"><a href=\"https:\/\/zonales.quito.gob.ec\/?p=402369\" class=\"_self\" target=\"_self\" >AMIGURUMIS\/PRODUCCI\u00d3N ARTESANAL Y MANUALIDADES\/AVANZADO<\/a><\/h3>\n<div class=\"pt-cv-content\">CASA SOMOS ALANGAS\u00cd Descripci\u00f3n:Son peque\u00f1os mu\u00f1ecos tejidos a crochet o ganchillo que recrean animales, plantas o personajes ficticios. Informaci\u00f3n Adicional Modalidad: Presencial Responsable del taller: Lidia Pintag Horario de atenci\u00f3n: ...<br \/><div class=\"pt-cv-rmwrap\"><a href=\"https:\/\/zonales.quito.gob.ec\/?p=402369\" class=\"_self pt-cv-readmore btn btn-success\" target=\"_self\">Leer M\u00e1s<\/a><\/div><\/div><\/div><\/div>\n<div class=\"col-md-4 col-sm-6 col-xs-12 pt-cv-content-item pt-cv-1-col\" ><div class='pt-cv-ifield'><a href=\"https:\/\/zonales.quito.gob.ec\/?p=402300\" class=\"_self pt-cv-href-thumbnail pt-cv-thumb-default\" target=\"_self\" ><img loading=\"lazy\" decoding=\"async\" width=\"393\" height=\"250\" src=\"https:\/\/zonales.quito.gob.ec\/wp-content\/uploads\/Captura-de-pantalla-2026-06-22-101537.png\" class=\"pt-cv-thumbnail\" alt=\"\" \/><\/a>\n<h3 class=\"pt-cv-title\"><a href=\"https:\/\/zonales.quito.gob.ec\/?p=402300\" class=\"_self\" target=\"_self\" >MANUALIDADES \/ PRODUCCI\u00d3N ARTESANAL Y MANUALIDADES \/ VIRTUAL GRATUITO: TAMBOR CON MATERIAL RECICLADO<\/a><\/h3>\n<div class=\"pt-cv-content\">CASA SOMOS CHAVEZPAMBA Descripci\u00f3n:MATERIALES: Una lata o tarro de f\u00f3rmula de beb\u00e9 vac\u00eda con tapa; *Pistola de silicona; *1 Fomix de cualqueir color o tela del tama\u00f1o del fomix; *Lana ...<br \/><div class=\"pt-cv-rmwrap\"><a href=\"https:\/\/zonales.quito.gob.ec\/?p=402300\" class=\"_self pt-cv-readmore btn btn-success\" target=\"_self\">Leer M\u00e1s<\/a><\/div><\/div><\/div><\/div>\n<div class=\"col-md-4 col-sm-6 col-xs-12 pt-cv-content-item pt-cv-1-col\" ><div class='pt-cv-ifield'><a href=\"https:\/\/zonales.quito.gob.ec\/?p=402113\" class=\"_self pt-cv-href-thumbnail pt-cv-thumb-default\" target=\"_self\" ><img loading=\"lazy\" decoding=\"async\" width=\"141\" height=\"250\" src=\"https:\/\/zonales.quito.gob.ec\/wp-content\/uploads\/scrap.jpg\" class=\"pt-cv-thumbnail\" alt=\"\" \/><\/a>\n<h3 class=\"pt-cv-title\"><a href=\"https:\/\/zonales.quito.gob.ec\/?p=402113\" class=\"_self\" target=\"_self\" >SCRAP ARTESANIA EN PAPEL Y ADORNOS PARA EL HOGAR\/PRODUCCI\u00d3N ARTESANAL Y MANUALIDADES\/NAY\u00d3N CENTRO<\/a><\/h3>\n<div class=\"pt-cv-content\">CASA SOMOS NAY\u00d3N Men\u00fa Informaci\u00f3n 57 Casas Somos Quito Talleres Deja t\u00fa opini\u00f3n Calder\u00f3n Choc\u00f3 Andino Eugenio Espejo Eloy Alfaro La Mariscal La Delicia Los Chillos Manuela S\u00e1enz Tumbaco Quitumbe ...<br \/><div class=\"pt-cv-rmwrap\"><a href=\"https:\/\/zonales.quito.gob.ec\/?p=402113\" class=\"_self pt-cv-readmore btn btn-success\" target=\"_self\">Leer M\u00e1s<\/a><\/div><\/div><\/div><\/div>\n<div class=\"col-md-4 col-sm-6 col-xs-12 pt-cv-content-item pt-cv-1-col\" ><div class='pt-cv-ifield'><a href=\"https:\/\/zonales.quito.gob.ec\/?p=402071\" class=\"_self pt-cv-href-thumbnail pt-cv-thumb-default\" target=\"_self\" ><img loading=\"lazy\" decoding=\"async\" width=\"188\" height=\"250\" src=\"https:\/\/zonales.quito.gob.ec\/wp-content\/uploads\/FLORES-EN-CINTA-3.jpg\" class=\"pt-cv-thumbnail\" alt=\"\" \/><\/a>\n<h3 class=\"pt-cv-title\"><a href=\"https:\/\/zonales.quito.gob.ec\/?p=402071\" class=\"_self\" target=\"_self\" >FLORES ETERNAS EN CINTA\/ PRODUCCI\u00d3N ARTESANAL Y MANUALIDADES \/ NAY\u00d3N CENTRO<\/a><\/h3>\n<div class=\"pt-cv-content\">CASA SOMOS NAY\u00d3N Men\u00fa Informaci\u00f3n 57 Casas Somos Quito Talleres Deja t\u00fa opini\u00f3n Calder\u00f3n Choc\u00f3 Andino Eugenio Espejo Eloy Alfaro La Mariscal La Delicia Los Chillos Manuela S\u00e1enz Tumbaco Quitumbe ...<br \/><div class=\"pt-cv-rmwrap\"><a href=\"https:\/\/zonales.quito.gob.ec\/?p=402071\" class=\"_self pt-cv-readmore btn btn-success\" target=\"_self\">Leer M\u00e1s<\/a><\/div><\/div><\/div><\/div>\n<div class=\"col-md-4 col-sm-6 col-xs-12 pt-cv-content-item pt-cv-1-col\" ><div class='pt-cv-ifield'><a href=\"https:\/\/zonales.quito.gob.ec\/?p=402060\" class=\"_self pt-cv-href-thumbnail pt-cv-thumb-default\" target=\"_self\" ><img loading=\"lazy\" decoding=\"async\" width=\"194\" height=\"250\" src=\"https:\/\/zonales.quito.gob.ec\/wp-content\/uploads\/FIELTRO-5.jpg\" class=\"pt-cv-thumbnail\" alt=\"\" \/><\/a>\n<h3 class=\"pt-cv-title\"><a href=\"https:\/\/zonales.quito.gob.ec\/?p=402060\" class=\"_self\" target=\"_self\" >MU\u00d1ECAS EN FIELTRO\/ PRODUCCI\u00d3N ARTESANAL Y MANUALIDADES \/ NAY\u00d3N CENTRO<\/a><\/h3>\n<div class=\"pt-cv-content\">CASA SOMOS NAY\u00d3N Men\u00fa Informaci\u00f3n 57 Casas Somos Quito Talleres Deja t\u00fa opini\u00f3n Calder\u00f3n Choc\u00f3 Andino Eugenio Espejo Eloy Alfaro La Mariscal La Delicia Los Chillos Manuela S\u00e1enz Tumbaco Quitumbe ...<br \/><div class=\"pt-cv-rmwrap\"><a href=\"https:\/\/zonales.quito.gob.ec\/?p=402060\" class=\"_self pt-cv-readmore btn btn-success\" target=\"_self\">Leer M\u00e1s<\/a><\/div><\/div><\/div><\/div>\n<div class=\"col-md-4 col-sm-6 col-xs-12 pt-cv-content-item pt-cv-1-col\" ><div class='pt-cv-ifield'><a href=\"https:\/\/zonales.quito.gob.ec\/?p=402059\" class=\"_self pt-cv-href-thumbnail pt-cv-thumb-default\" target=\"_self\" ><img loading=\"lazy\" decoding=\"async\" width=\"141\" height=\"250\" src=\"https:\/\/zonales.quito.gob.ec\/wp-content\/uploads\/Tulipanes-con-globos.jpg\" class=\"pt-cv-thumbnail\" alt=\"\" \/><\/a>\n<h3 class=\"pt-cv-title\"><a href=\"https:\/\/zonales.quito.gob.ec\/?p=402059\" class=\"_self\" target=\"_self\" >GLOBOS ARTES\/PRODUCCI\u00d3N ARTESANAL Y MANUALIDADES\/NAY\u00d3N CENTRO<\/a><\/h3>\n<div class=\"pt-cv-content\">CASA SOMOS NAY\u00d3N Men\u00fa Informaci\u00f3n 57 Casas Somos Quito Talleres Deja t\u00fa opini\u00f3n Calder\u00f3n Choc\u00f3 Andino Eugenio Espejo Eloy Alfaro La Mariscal La Delicia Los Chillos Manuela S\u00e1enz Tumbaco Quitumbe ...<br \/><div class=\"pt-cv-rmwrap\"><a href=\"https:\/\/zonales.quito.gob.ec\/?p=402059\" class=\"_self pt-cv-readmore btn btn-success\" target=\"_self\">Leer M\u00e1s<\/a><\/div><\/div><\/div><\/div>\n<div class=\"col-md-4 col-sm-6 col-xs-12 pt-cv-content-item pt-cv-1-col\" ><div class='pt-cv-ifield'><a href=\"https:\/\/zonales.quito.gob.ec\/?p=402053\" class=\"_self pt-cv-href-thumbnail pt-cv-thumb-default\" target=\"_self\" ><img loading=\"lazy\" decoding=\"async\" width=\"141\" height=\"250\" src=\"https:\/\/zonales.quito.gob.ec\/wp-content\/uploads\/macrame-3.jpg\" class=\"pt-cv-thumbnail\" alt=\"\" \/><\/a>\n<h3 class=\"pt-cv-title\"><a href=\"https:\/\/zonales.quito.gob.ec\/?p=402053\" class=\"_self\" target=\"_self\" >MACRAME\/PRODUCCI\u00d3N ARTESANAL Y MANUALIDADES\/NAY\u00d3N CENTRO<\/a><\/h3>\n<div class=\"pt-cv-content\">CASA SOMOS NAY\u00d3N Men\u00fa Informaci\u00f3n 57 Casas Somos Quito Talleres Deja t\u00fa opini\u00f3n Calder\u00f3n Choc\u00f3 Andino Eugenio Espejo Eloy Alfaro La Mariscal La Delicia Los Chillos Manuela S\u00e1enz Tumbaco Quitumbe ...<br \/><div class=\"pt-cv-rmwrap\"><a href=\"https:\/\/zonales.quito.gob.ec\/?p=402053\" class=\"_self pt-cv-readmore btn btn-success\" target=\"_self\">Leer M\u00e1s<\/a><\/div><\/div><\/div><\/div>\n<div class=\"col-md-4 col-sm-6 col-xs-12 pt-cv-content-item pt-cv-1-col\" ><div class='pt-cv-ifield'><a href=\"https:\/\/zonales.quito.gob.ec\/?p=401876\" class=\"_self pt-cv-href-thumbnail pt-cv-thumb-default\" target=\"_self\" ><img loading=\"lazy\" decoding=\"async\" width=\"192\" height=\"250\" src=\"https:\/\/zonales.quito.gob.ec\/wp-content\/uploads\/corea.jpg\" class=\"pt-cv-thumbnail\" alt=\"\" \/><\/a>\n<h3 class=\"pt-cv-title\"><a href=\"https:\/\/zonales.quito.gob.ec\/?p=401876\" class=\"_self\" target=\"_self\" >COREANO\/EDUCACI\u00d3N\/LECTURA Y ESCRITURA PARA NI\u00d1OS Y NI\u00d1AS<\/a><\/h3>\n<div class=\"pt-cv-content\">CASA SOMOS TUMBACO Descripci\u00f3n:En el taller de coreano para ni\u00f1os y ni\u00f1as, los estudiantes desarrollan el alfabeto (Hangul), vocabulario b\u00e1sico y gram\u00e1tica mediante din\u00e1micas l\u00fadicas y conversacionales. Tambi\u00e9n se explora ...<br \/><div class=\"pt-cv-rmwrap\"><a href=\"https:\/\/zonales.quito.gob.ec\/?p=401876\" class=\"_self pt-cv-readmore btn btn-success\" target=\"_self\">Leer M\u00e1s<\/a><\/div><\/div><\/div><\/div>\n<div class=\"col-md-4 col-sm-6 col-xs-12 pt-cv-content-item pt-cv-1-col\" ><div class='pt-cv-ifield'><a href=\"https:\/\/zonales.quito.gob.ec\/?p=401559\" class=\"_self pt-cv-href-thumbnail pt-cv-thumb-default\" target=\"_self\" ><img loading=\"lazy\" decoding=\"async\" width=\"450\" height=\"169\" src=\"https:\/\/zonales.quito.gob.ec\/wp-content\/uploads\/perfumeria-fina-convertido-a-1600x600-1.jpeg\" class=\"pt-cv-thumbnail\" alt=\"\" \/><\/a>\n<h3 class=\"pt-cv-title\"><a href=\"https:\/\/zonales.quito.gob.ec\/?p=401559\" class=\"_self\" target=\"_self\" >ELABORACI\u00d3N DE PRODUCTOS CREMAS, PERFUMES Y LOCIONES\/ PRODUCCI\u00d3N ARTESANAL Y MANUALIDADES<\/a><\/h3>\n<div class=\"pt-cv-content\">CASA SOMOS LA BALBINA Descripci\u00f3n:Taller pr\u00e1ctico para aprender a preparar productos de limpieza caseros de forma sencilla y econ\u00f3mica.Rango de edad: 12 a\u00f1os en adelanteNOTA: Una vez realizada la inscripci\u00f3n, ...<br \/><div class=\"pt-cv-rmwrap\"><a href=\"https:\/\/zonales.quito.gob.ec\/?p=401559\" class=\"_self pt-cv-readmore btn btn-success\" target=\"_self\">Leer M\u00e1s<\/a><\/div><\/div><\/div><\/div>\n<div class=\"col-md-4 col-sm-6 col-xs-12 pt-cv-content-item pt-cv-1-col\" ><div class='pt-cv-ifield'><a href=\"https:\/\/zonales.quito.gob.ec\/?p=401543\" class=\"_self pt-cv-href-thumbnail pt-cv-thumb-default\" target=\"_self\" ><img loading=\"lazy\" decoding=\"async\" width=\"300\" height=\"168\" src=\"https:\/\/zonales.quito.gob.ec\/wp-content\/uploads\/pirograbado-2.jpg\" class=\"pt-cv-thumbnail\" alt=\"\" \/><\/a>\n<h3 class=\"pt-cv-title\"><a href=\"https:\/\/zonales.quito.gob.ec\/?p=401543\" class=\"_self\" target=\"_self\" >PIROGRABADO\/PRODUCCI\u00d3N ARTESANAL Y MANUALIDADES<\/a><\/h3>\n<div class=\"pt-cv-content\">CASA SOMOS LA BALBINA \u00a0Descripci\u00f3n:En este taller los y las participantes adquirir\u00e1n t\u00e9cnicas de pirograbado y pintura en tela para recrear im\u00e1genes art\u00edsticas para decorar diversos ambientes.\u00a0Rango de edad: 12 ...<br \/><div class=\"pt-cv-rmwrap\"><a href=\"https:\/\/zonales.quito.gob.ec\/?p=401543\" class=\"_self pt-cv-readmore btn btn-success\" target=\"_self\">Leer M\u00e1s<\/a><\/div><\/div><\/div><\/div>\n<div class=\"col-md-4 col-sm-6 col-xs-12 pt-cv-content-item pt-cv-1-col\" ><div class='pt-cv-ifield'><a href=\"https:\/\/zonales.quito.gob.ec\/?p=401258\" class=\"_self pt-cv-href-thumbnail pt-cv-thumb-default\" target=\"_self\" ><img loading=\"lazy\" decoding=\"async\" width=\"188\" height=\"250\" src=\"https:\/\/zonales.quito.gob.ec\/wp-content\/uploads\/bonsai-1-1.jpg\" class=\"pt-cv-thumbnail\" alt=\"\" \/><\/a>\n<h3 class=\"pt-cv-title\"><a href=\"https:\/\/zonales.quito.gob.ec\/?p=401258\" class=\"_self\" target=\"_self\" >ALAMBRISMO\/RODUCCI\u00d3N ARTESANAL Y MANUALIDADES\/ BONSAI EN MINIATURA<\/a><\/h3>\n<div class=\"pt-cv-content\">CASA SOMOS TUMBACO Descripci\u00f3n:En este taller te ense\u00f1a a crear r\u00e9plicas artesanales miniatura utilizando t\u00e9cnicas de alambrismo, combinando alambre de cobre o aluminio con mostacillas para formar troncos, ramas y ...<br \/><div class=\"pt-cv-rmwrap\"><a href=\"https:\/\/zonales.quito.gob.ec\/?p=401258\" class=\"_self pt-cv-readmore btn btn-success\" target=\"_self\">Leer M\u00e1s<\/a><\/div><\/div><\/div><\/div><\/div><\/div><\/div><\/div>\n\t\t\t\t\t\t<\/div>\n\t\t\t\t<\/div>\n\t\t\t\t\t<\/div>\n\t\t<\/div>\n\t\t\t\t\t<\/div>\n\t\t<\/section>\n\t\t\t\t<\/div>\n\t\t","protected":false},"excerpt":{"rendered":"<p>Producci\u00f3n artesanal y Manualidades Visualiza, consulta\u00a0 e inscr\u00edbete en los talleres de esta categor\u00eda Men\u00fa 54 CASAS SOMOS Educaci\u00f3n Cuidado Animal Belleza Deportes Desarrollo Art\u00edstico Inclusi\u00f3n para Grupos de Atenci\u00f3n Prioritaria Gastronom\u00eda Generaci\u00f3n de Emprendimientos Ocupacional Producci\u00f3n artesanal y Manualidades Tecnolog\u00eda y Computaci\u00f3n Busque el taller que desee<\/p>\n","protected":false},"author":2,"featured_media":294900,"parent":0,"menu_order":0,"comment_status":"closed","ping_status":"closed","template":"elementor_header_footer","meta":{"_monsterinsights_skip_tracking":false,"_monsterinsights_sitenote_active":false,"_monsterinsights_sitenote_note":"","_monsterinsights_sitenote_category":0,"footnotes":""},"class_list":["post-27460","page","type-page","status-publish","has-post-thumbnail","hentry"],"_links":{"self":[{"href":"https:\/\/zonales.quito.gob.ec\/index.php?rest_route=\/wp\/v2\/pages\/27460","targetHints":{"allow":["GET"]}}],"collection":[{"href":"https:\/\/zonales.quito.gob.ec\/index.php?rest_route=\/wp\/v2\/pages"}],"about":[{"href":"https:\/\/zonales.quito.gob.ec\/index.php?rest_route=\/wp\/v2\/types\/page"}],"author":[{"embeddable":true,"href":"https:\/\/zonales.quito.gob.ec\/index.php?rest_route=\/wp\/v2\/users\/2"}],"replies":[{"embeddable":true,"href":"https:\/\/zonales.quito.gob.ec\/index.php?rest_route=%2Fwp%2Fv2%2Fcomments&post=27460"}],"version-history":[{"count":14,"href":"https:\/\/zonales.quito.gob.ec\/index.php?rest_route=\/wp\/v2\/pages\/27460\/revisions"}],"predecessor-version":[{"id":280806,"href":"https:\/\/zonales.quito.gob.ec\/index.php?rest_route=\/wp\/v2\/pages\/27460\/revisions\/280806"}],"wp:featuredmedia":[{"embeddable":true,"href":"https:\/\/zonales.quito.gob.ec\/index.php?rest_route=\/wp\/v2\/media\/294900"}],"wp:attachment":[{"href":"https:\/\/zonales.quito.gob.ec\/index.php?rest_route=%2Fwp%2Fv2%2Fmedia&parent=27460"}],"curies":[{"name":"wp","href":"https:\/\/api.w.org\/{rel}","templated":true}]}}