{"id":327946,"date":"2025-11-10T08:33:04","date_gmt":"2025-11-10T13:33:04","guid":{"rendered":"https:\/\/zonales.quito.gob.ec\/?page_id=327946"},"modified":"2025-12-17T09:03:47","modified_gmt":"2025-12-17T14:03:47","slug":"informacion-cabildo-popular-2025","status":"publish","type":"page","link":"https:\/\/zonales.quito.gob.ec\/?page_id=327946","title":{"rendered":"Informaci\u00f3n &#8211; Cabildo Popular 2025"},"content":{"rendered":"\t\t<div data-elementor-type=\"wp-page\" data-elementor-id=\"327946\" class=\"elementor elementor-327946\" data-elementor-post-type=\"page\">\n\t\t\t\t\t\t<section class=\"elementor-section elementor-top-section elementor-element elementor-element-f323519 elementor-section-height-min-height elementor-section-boxed elementor-section-height-default elementor-section-items-middle\" data-id=\"f323519\" data-element_type=\"section\" data-settings=\"{&quot;background_background&quot;:&quot;classic&quot;}\">\n\t\t\t\t\t\t\t<div class=\"elementor-background-overlay\"><\/div>\n\t\t\t\t\t\t\t<div class=\"elementor-container elementor-column-gap-default\">\n\t\t\t\t\t<div class=\"elementor-column elementor-col-100 elementor-top-column elementor-element elementor-element-e92100c\" data-id=\"e92100c\" data-element_type=\"column\">\n\t\t\t<div class=\"elementor-widget-wrap elementor-element-populated\">\n\t\t\t\t\t\t<div class=\"elementor-element elementor-element-fe35dde elementor-widget elementor-widget-heading\" data-id=\"fe35dde\" data-element_type=\"widget\" data-widget_type=\"heading.default\">\n\t\t\t\t<div class=\"elementor-widget-container\">\n\t\t\t\t\t<h2 class=\"elementor-heading-title elementor-size-default\">Cabildo Popular 2025<\/h2>\t\t\t\t<\/div>\n\t\t\t\t<\/div>\n\t\t\t\t<div class=\"elementor-element elementor-element-b2ab4b5 elementor-widget elementor-widget-heading\" data-id=\"b2ab4b5\" data-element_type=\"widget\" data-widget_type=\"heading.default\">\n\t\t\t\t<div class=\"elementor-widget-container\">\n\t\t\t\t\t<h2 class=\"elementor-heading-title elementor-size-default\">Informaci\u00f3n<\/h2>\t\t\t\t<\/div>\n\t\t\t\t<\/div>\n\t\t\t\t\t<\/div>\n\t\t<\/div>\n\t\t\t\t\t<\/div>\n\t\t<\/section>\n\t\t\t\t<section class=\"elementor-section elementor-top-section elementor-element elementor-element-e48754e elementor-section-full_width elementor-section-height-default elementor-section-height-default\" data-id=\"e48754e\" data-element_type=\"section\" data-settings=\"{&quot;background_background&quot;:&quot;classic&quot;}\">\n\t\t\t\t\t\t\t<div class=\"elementor-background-overlay\"><\/div>\n\t\t\t\t\t\t\t<div class=\"elementor-container elementor-column-gap-no\">\n\t\t\t\t\t<div class=\"elementor-column elementor-col-100 elementor-top-column elementor-element elementor-element-c2d6989\" data-id=\"c2d6989\" data-element_type=\"column\">\n\t\t\t<div class=\"elementor-widget-wrap elementor-element-populated\">\n\t\t\t\t\t\t<div class=\"elementor-element elementor-element-e933039 hfe-nav-menu__align-center hfe-submenu-icon-classic hfe-submenu-animation-slide_up hfe-nav-menu__breakpoint-none hfe-link-redirect-child elementor-widget elementor-widget-navigation-menu\" data-id=\"e933039\" data-element_type=\"widget\" data-settings=\"{&quot;distance_from_menu_mobile&quot;:{&quot;unit&quot;:&quot;px&quot;,&quot;size&quot;:-3,&quot;sizes&quot;:[]},&quot;padding_horizontal_menu_item&quot;:{&quot;unit&quot;:&quot;px&quot;,&quot;size&quot;:15,&quot;sizes&quot;:[]},&quot;padding_horizontal_menu_item_tablet&quot;:{&quot;unit&quot;:&quot;px&quot;,&quot;size&quot;:&quot;&quot;,&quot;sizes&quot;:[]},&quot;padding_horizontal_menu_item_mobile&quot;:{&quot;unit&quot;:&quot;px&quot;,&quot;size&quot;:&quot;&quot;,&quot;sizes&quot;:[]},&quot;padding_vertical_menu_item&quot;:{&quot;unit&quot;:&quot;px&quot;,&quot;size&quot;:15,&quot;sizes&quot;:[]},&quot;padding_vertical_menu_item_tablet&quot;:{&quot;unit&quot;:&quot;px&quot;,&quot;size&quot;:&quot;&quot;,&quot;sizes&quot;:[]},&quot;padding_vertical_menu_item_mobile&quot;:{&quot;unit&quot;:&quot;px&quot;,&quot;size&quot;:&quot;&quot;,&quot;sizes&quot;:[]},&quot;menu_space_between&quot;:{&quot;unit&quot;:&quot;px&quot;,&quot;size&quot;:&quot;&quot;,&quot;sizes&quot;:[]},&quot;menu_space_between_tablet&quot;:{&quot;unit&quot;:&quot;px&quot;,&quot;size&quot;:&quot;&quot;,&quot;sizes&quot;:[]},&quot;menu_space_between_mobile&quot;:{&quot;unit&quot;:&quot;px&quot;,&quot;size&quot;:&quot;&quot;,&quot;sizes&quot;:[]},&quot;menu_row_space&quot;:{&quot;unit&quot;:&quot;px&quot;,&quot;size&quot;:&quot;&quot;,&quot;sizes&quot;:[]},&quot;menu_row_space_tablet&quot;:{&quot;unit&quot;:&quot;px&quot;,&quot;size&quot;:&quot;&quot;,&quot;sizes&quot;:[]},&quot;menu_row_space_mobile&quot;:{&quot;unit&quot;:&quot;px&quot;,&quot;size&quot;:&quot;&quot;,&quot;sizes&quot;:[]},&quot;dropdown_border_radius&quot;:{&quot;unit&quot;:&quot;px&quot;,&quot;top&quot;:&quot;&quot;,&quot;right&quot;:&quot;&quot;,&quot;bottom&quot;:&quot;&quot;,&quot;left&quot;:&quot;&quot;,&quot;isLinked&quot;:true},&quot;dropdown_border_radius_tablet&quot;:{&quot;unit&quot;:&quot;px&quot;,&quot;top&quot;:&quot;&quot;,&quot;right&quot;:&quot;&quot;,&quot;bottom&quot;:&quot;&quot;,&quot;left&quot;:&quot;&quot;,&quot;isLinked&quot;:true},&quot;dropdown_border_radius_mobile&quot;:{&quot;unit&quot;:&quot;px&quot;,&quot;top&quot;:&quot;&quot;,&quot;right&quot;:&quot;&quot;,&quot;bottom&quot;:&quot;&quot;,&quot;left&quot;:&quot;&quot;,&quot;isLinked&quot;:true},&quot;width_dropdown_item&quot;:{&quot;unit&quot;:&quot;px&quot;,&quot;size&quot;:&quot;220&quot;,&quot;sizes&quot;:[]},&quot;width_dropdown_item_tablet&quot;:{&quot;unit&quot;:&quot;px&quot;,&quot;size&quot;:&quot;&quot;,&quot;sizes&quot;:[]},&quot;width_dropdown_item_mobile&quot;:{&quot;unit&quot;:&quot;px&quot;,&quot;size&quot;:&quot;&quot;,&quot;sizes&quot;:[]},&quot;padding_horizontal_dropdown_item&quot;:{&quot;unit&quot;:&quot;px&quot;,&quot;size&quot;:&quot;&quot;,&quot;sizes&quot;:[]},&quot;padding_horizontal_dropdown_item_tablet&quot;:{&quot;unit&quot;:&quot;px&quot;,&quot;size&quot;:&quot;&quot;,&quot;sizes&quot;:[]},&quot;padding_horizontal_dropdown_item_mobile&quot;:{&quot;unit&quot;:&quot;px&quot;,&quot;size&quot;:&quot;&quot;,&quot;sizes&quot;:[]},&quot;padding_vertical_dropdown_item&quot;:{&quot;unit&quot;:&quot;px&quot;,&quot;size&quot;:15,&quot;sizes&quot;:[]},&quot;padding_vertical_dropdown_item_tablet&quot;:{&quot;unit&quot;:&quot;px&quot;,&quot;size&quot;:&quot;&quot;,&quot;sizes&quot;:[]},&quot;padding_vertical_dropdown_item_mobile&quot;:{&quot;unit&quot;:&quot;px&quot;,&quot;size&quot;:&quot;&quot;,&quot;sizes&quot;:[]},&quot;distance_from_menu&quot;:{&quot;unit&quot;:&quot;px&quot;,&quot;size&quot;:&quot;&quot;,&quot;sizes&quot;:[]},&quot;distance_from_menu_tablet&quot;:{&quot;unit&quot;:&quot;px&quot;,&quot;size&quot;:&quot;&quot;,&quot;sizes&quot;:[]},&quot;toggle_size&quot;:{&quot;unit&quot;:&quot;px&quot;,&quot;size&quot;:&quot;&quot;,&quot;sizes&quot;:[]},&quot;toggle_size_tablet&quot;:{&quot;unit&quot;:&quot;px&quot;,&quot;size&quot;:&quot;&quot;,&quot;sizes&quot;:[]},&quot;toggle_size_mobile&quot;:{&quot;unit&quot;:&quot;px&quot;,&quot;size&quot;:&quot;&quot;,&quot;sizes&quot;:[]},&quot;toggle_border_width&quot;:{&quot;unit&quot;:&quot;px&quot;,&quot;size&quot;:&quot;&quot;,&quot;sizes&quot;:[]},&quot;toggle_border_width_tablet&quot;:{&quot;unit&quot;:&quot;px&quot;,&quot;size&quot;:&quot;&quot;,&quot;sizes&quot;:[]},&quot;toggle_border_width_mobile&quot;:{&quot;unit&quot;:&quot;px&quot;,&quot;size&quot;:&quot;&quot;,&quot;sizes&quot;:[]},&quot;toggle_border_radius&quot;:{&quot;unit&quot;:&quot;px&quot;,&quot;size&quot;:&quot;&quot;,&quot;sizes&quot;:[]},&quot;toggle_border_radius_tablet&quot;:{&quot;unit&quot;:&quot;px&quot;,&quot;size&quot;:&quot;&quot;,&quot;sizes&quot;:[]},&quot;toggle_border_radius_mobile&quot;:{&quot;unit&quot;:&quot;px&quot;,&quot;size&quot;:&quot;&quot;,&quot;sizes&quot;:[]}}\" data-widget_type=\"navigation-menu.default\">\n\t\t\t\t<div class=\"elementor-widget-container\">\n\t\t\t\t\t\t\t\t<div class=\"hfe-nav-menu hfe-layout-horizontal hfe-nav-menu-layout horizontal hfe-pointer__underline hfe-animation__fade\" data-layout=\"horizontal\">\n\t\t\t\t<div role=\"button\" class=\"hfe-nav-menu__toggle elementor-clickable\" tabindex=\"0\" aria-label=\"Alternar men\u00fa\">\n\t\t\t\t\t<span class=\"screen-reader-text\">Men\u00fa<\/span>\n\t\t\t\t\t<div class=\"hfe-nav-menu-icon\">\n\t\t\t\t\t\t\t\t\t\t\t<\/div>\n\t\t\t\t<\/div>\n\t\t\t\t<nav itemscope=\"itemscope\" itemtype=\"https:\/\/schema.org\/SiteNavigationElement\" class=\"hfe-nav-menu__layout-horizontal hfe-nav-menu__submenu-classic\" data-toggle-icon=\"\" data-close-icon=\"\" data-full-width=\"\">\n\t\t\t\t\t<ul id=\"menu-1-e933039\" class=\"hfe-nav-menu\"><li id=\"menu-item-328016\" itemprop=\"name\" class=\"menu-item menu-item-type-post_type menu-item-object-page parent hfe-creative-menu\"><a href=\"https:\/\/zonales.quito.gob.ec\/?page_id=224288\" itemprop=\"url\" class = \"hfe-menu-item\">Inicio<\/a><\/li>\n<li id=\"menu-item-328015\" itemprop=\"name\" class=\"menu-item menu-item-type-post_type menu-item-object-page parent hfe-creative-menu\"><a href=\"https:\/\/zonales.quito.gob.ec\/?page_id=327946\" itemprop=\"url\" class = \"hfe-menu-item\">Informaci\u00f3n<\/a><\/li>\n<li id=\"menu-item-328014\" itemprop=\"name\" class=\"menu-item menu-item-type-post_type menu-item-object-page parent hfe-creative-menu\"><a href=\"https:\/\/zonales.quito.gob.ec\/?page_id=327948\" itemprop=\"url\" class = \"hfe-menu-item\">Participar<\/a><\/li>\n<li id=\"menu-item-328013\" itemprop=\"name\" class=\"menu-item menu-item-type-post_type menu-item-object-page parent hfe-creative-menu\"><a href=\"https:\/\/zonales.quito.gob.ec\/?page_id=327957\" itemprop=\"url\" class = \"hfe-menu-item\">Resultados<\/a><\/li>\n<\/ul> \n\t\t\t\t<\/nav>\n\t\t\t<\/div>\n\t\t\t\t\t\t\t<\/div>\n\t\t\t\t<\/div>\n\t\t\t\t\t<\/div>\n\t\t<\/div>\n\t\t\t\t\t<\/div>\n\t\t<\/section>\n\t\t\t\t<section class=\"elementor-section elementor-top-section elementor-element elementor-element-52cf353 elementor-section-boxed elementor-section-height-default elementor-section-height-default\" data-id=\"52cf353\" data-element_type=\"section\" data-settings=\"{&quot;background_background&quot;:&quot;classic&quot;}\">\n\t\t\t\t\t\t<div class=\"elementor-container elementor-column-gap-default\">\n\t\t\t\t\t<div class=\"elementor-column elementor-col-100 elementor-top-column elementor-element elementor-element-b82ab29\" data-id=\"b82ab29\" data-element_type=\"column\">\n\t\t\t<div class=\"elementor-widget-wrap elementor-element-populated\">\n\t\t\t\t\t\t<section class=\"elementor-section elementor-inner-section elementor-element elementor-element-065dc9d elementor-section-boxed elementor-section-height-default elementor-section-height-default\" data-id=\"065dc9d\" data-element_type=\"section\" data-settings=\"{&quot;background_background&quot;:&quot;classic&quot;}\">\n\t\t\t\t\t\t\t<div class=\"elementor-background-overlay\"><\/div>\n\t\t\t\t\t\t\t<div class=\"elementor-container elementor-column-gap-no\">\n\t\t\t\t\t<div class=\"elementor-column elementor-col-50 elementor-inner-column elementor-element elementor-element-071c977\" data-id=\"071c977\" data-element_type=\"column\">\n\t\t\t<div class=\"elementor-widget-wrap elementor-element-populated\">\n\t\t\t\t\t\t<div class=\"elementor-element elementor-element-3a04067 elementor-widget elementor-widget-image\" data-id=\"3a04067\" data-element_type=\"widget\" data-widget_type=\"image.default\">\n\t\t\t\t<div class=\"elementor-widget-container\">\n\t\t\t\t\t\t\t\t\t\t\t\t\t\t\t<img fetchpriority=\"high\" decoding=\"async\" width=\"843\" height=\"596\" src=\"https:\/\/zonales.quito.gob.ec\/wp-content\/uploads\/Cabildo-Popular-2025.png\" class=\"attachment-2048x2048 size-2048x2048 wp-image-328024\" alt=\"\" srcset=\"https:\/\/zonales.quito.gob.ec\/wp-content\/uploads\/Cabildo-Popular-2025.png 843w, https:\/\/zonales.quito.gob.ec\/wp-content\/uploads\/Cabildo-Popular-2025-768x543.png 768w\" sizes=\"(max-width: 843px) 100vw, 843px\" \/>\t\t\t\t\t\t\t\t\t\t\t\t\t\t\t<\/div>\n\t\t\t\t<\/div>\n\t\t\t\t\t<\/div>\n\t\t<\/div>\n\t\t\t\t<div class=\"elementor-column elementor-col-50 elementor-inner-column elementor-element elementor-element-f593c59\" data-id=\"f593c59\" data-element_type=\"column\">\n\t\t\t<div class=\"elementor-widget-wrap elementor-element-populated\">\n\t\t\t\t\t\t<div class=\"elementor-element elementor-element-8eac0a8 elementor-widget__width-initial elementor-widget elementor-widget-heading\" data-id=\"8eac0a8\" data-element_type=\"widget\" data-widget_type=\"heading.default\">\n\t\t\t\t<div class=\"elementor-widget-container\">\n\t\t\t\t\t<h2 class=\"elementor-heading-title elementor-size-default\">Pol\u00edtica de protecci\u00f3n social para las ni\u00f1eces y juventudes<\/h2>\t\t\t\t<\/div>\n\t\t\t\t<\/div>\n\t\t\t\t\t<\/div>\n\t\t<\/div>\n\t\t\t\t\t<\/div>\n\t\t<\/section>\n\t\t\t\t\t<\/div>\n\t\t<\/div>\n\t\t\t\t\t<\/div>\n\t\t<\/section>\n\t\t<div class=\"elementor-element elementor-element-dcad731 e-flex e-con-boxed e-con e-parent\" data-id=\"dcad731\" data-element_type=\"container\" data-settings=\"{&quot;background_background&quot;:&quot;classic&quot;}\">\n\t\t\t\t\t<div class=\"e-con-inner\">\n\t\t\t\t<div class=\"elementor-element elementor-element-004147f elementor-widget elementor-widget-html\" data-id=\"004147f\" data-element_type=\"widget\" data-widget_type=\"html.default\">\n\t\t\t\t<div class=\"elementor-widget-container\">\n\t\t\t\t\t<div id=\"cabildo-info-section\">\r\n  <div class=\"ci-wrapper\">\r\n\r\n    <div class=\"ci-container\">\r\n\r\n      <!-- TARJETA 1: FECHA -->\r\n      <div class=\"ci-card\">\r\n        <div class=\"icon\">\ud83d\uddd3\ufe0f<\/div>\r\n        <div class=\"content\">\r\n          <h3>Fecha del evento<\/h3>\r\n          <p>Lunes, 15 de diciembre de 2025<\/p>\r\n        <\/div>\r\n      <\/div>\r\n\r\n      <!-- TARJETA 2: LUGAR -->\r\n      <div class=\"ci-card\">\r\n        <div class=\"icon\">\ud83d\udccd<\/div>\r\n        <div class=\"content\">\r\n          <h3>Lugar del evento<\/h3>\r\n          <p>Centro de Exposiciones Quito, Auditorio Los Caras<\/p>\r\n        <\/div>\r\n      <\/div>\r\n\r\n      <!-- TARJETA 3: HORA -->\r\n      <div class=\"ci-card\">\r\n        <div class=\"icon\">\u23f0<\/div>\r\n        <div class=\"content\">\r\n          <h3>Hora del evento<\/h3>\r\n          <p>17:00<\/p>\r\n        <\/div>\r\n      <\/div>\r\n\r\n    <\/div>\r\n\r\n  <\/div>\r\n<\/div>\r\n\r\n<style>\r\n\/* Se aplica solo al contenedor principal *\/\r\n#cabildo-info-section {\r\n  background: #ffffff;\r\n  padding: 40px 0;\r\n  font-family: 'Montserrat', sans-serif;\r\n  color: #0b1226;\r\n  display: flex;\r\n  justify-content: center;\r\n}\r\n\r\n#cabildo-info-section .ci-wrapper {\r\n  width: 100%;\r\n  max-width: 1100px;\r\n  padding: 0 20px;\r\n  text-align: center;\r\n}\r\n\r\n\/* Contenedor de tarjetas en fila *\/\r\n#cabildo-info-section .ci-container {\r\n  display: flex;\r\n  flex-direction: row;\r\n  justify-content: center;\r\n  gap: 25px;\r\n}\r\n\r\n\/* Tarjetas *\/\r\n#cabildo-info-section .ci-card {\r\n  background: #f7f7f7;\r\n  border-radius: 12px;\r\n  padding: 20px;\r\n  width: 31%;\r\n  min-width: 250px;\r\n  display: flex;\r\n  align-items: center;\r\n  gap: 18px;\r\n  transition: transform 0.25s ease, background 0.25s ease;\r\n}\r\n\r\n#cabildo-info-section .ci-card:hover {\r\n  background: #ececec;\r\n  transform: translateY(-3px);\r\n}\r\n\r\n\/* Iconos *\/\r\n#cabildo-info-section .ci-card .icon {\r\n  font-size: 32px;\r\n  width: 65px;\r\n  height: 65px;\r\n  background: #EBC308;\r\n  border-radius: 50%;\r\n  display: flex;\r\n  align-items: center;\r\n  justify-content: center;\r\n  flex-shrink: 0;\r\n}\r\n\r\n\/* Colores seg\u00fan tarjeta *\/\r\n#cabildo-info-section .ci-card:nth-child(2) .icon { background: #00c6ff; }\r\n#cabildo-info-section .ci-card:nth-child(3) .icon { background: #1275bb; color: #fff; }\r\n\r\n\/* Textos *\/\r\n#cabildo-info-section .ci-card h3 {\r\n  margin: 0 0 6px 0;\r\n  font-size: 1.15em;\r\n  color: #1275bb;\r\n  text-align: left;\r\n}\r\n\r\n#cabildo-info-section .ci-card p {\r\n  margin: 0;\r\n  font-size: 0.92em;\r\n  line-height: 1.38;\r\n  color: #333;\r\n  text-align: left;\r\n}\r\n\r\n\/* Responsive: cambia a vertical *\/\r\n@media(max-width: 900px){\r\n  #cabildo-info-section .ci-container {\r\n    flex-direction: column;\r\n    gap: 18px;\r\n  }\r\n\r\n  #cabildo-info-section .ci-card {\r\n    width: 100%;\r\n  }\r\n}\r\n\r\n\/* Muy peque\u00f1os *\/\r\n@media(max-width: 450px){\r\n  #cabildo-info-section .ci-card {\r\n    gap: 12px;\r\n    padding: 16px;\r\n  }\r\n\r\n  #cabildo-info-section .ci-card .icon {\r\n    width: 50px;\r\n    height: 50px;\r\n    font-size: 24px;\r\n  }\r\n\r\n  #cabildo-info-section .ci-card h3 {\r\n    font-size: 1.05em;\r\n  }\r\n\r\n  #cabildo-info-section .ci-card p {\r\n    font-size: 0.88em;\r\n  }\r\n}\r\n<\/style>\r\n\t\t\t\t<\/div>\n\t\t\t\t<\/div>\n\t\t<div class=\"elementor-element elementor-element-e072a30 e-con-full e-flex e-con e-child\" data-id=\"e072a30\" data-element_type=\"container\">\n\t\t\t\t<div class=\"elementor-element elementor-element-7198654 elementor-widget elementor-widget-video\" data-id=\"7198654\" data-element_type=\"widget\" data-settings=\"{&quot;video_type&quot;:&quot;hosted&quot;,&quot;show_image_overlay&quot;:&quot;yes&quot;,&quot;image_overlay&quot;:{&quot;url&quot;:&quot;https:\\\/\\\/zonales.quito.gob.ec\\\/wp-content\\\/uploads\\\/Cabildo-Popular-2025.png&quot;,&quot;id&quot;:328024,&quot;size&quot;:&quot;&quot;,&quot;alt&quot;:&quot;&quot;,&quot;source&quot;:&quot;library&quot;},&quot;lightbox&quot;:&quot;yes&quot;,&quot;controls&quot;:&quot;yes&quot;}\" data-widget_type=\"video.default\">\n\t\t\t\t<div class=\"elementor-widget-container\">\n\t\t\t\t\t\t\t<div class=\"e-hosted-video elementor-wrapper elementor-open-lightbox\">\n\t\t\t\t\t\t\t<div class=\"elementor-custom-embed-image-overlay\" data-elementor-open-lightbox=\"yes\" data-elementor-lightbox=\"{&quot;type&quot;:&quot;video&quot;,&quot;videoType&quot;:&quot;hosted&quot;,&quot;url&quot;:&quot;https:\\\/\\\/zonales.quito.gob.ec\\\/wp-content\\\/uploads\\\/Video-Cabildo-2025.mp4&quot;,&quot;autoplay&quot;:&quot;&quot;,&quot;modalOptions&quot;:{&quot;id&quot;:&quot;elementor-lightbox-7198654&quot;,&quot;entranceAnimation&quot;:&quot;&quot;,&quot;entranceAnimation_tablet&quot;:&quot;&quot;,&quot;entranceAnimation_mobile&quot;:&quot;&quot;,&quot;videoAspectRatio&quot;:&quot;169&quot;},&quot;videoParams&quot;:{&quot;controls&quot;:&quot;&quot;,&quot;preload&quot;:&quot;metadata&quot;,&quot;controlsList&quot;:&quot;nodownload&quot;}}\" data-e-action-hash=\"#elementor-action%3Aaction%3Dlightbox%26settings%3DeyJ0eXBlIjoidmlkZW8iLCJ2aWRlb1R5cGUiOiJob3N0ZWQiLCJ1cmwiOiJodHRwczpcL1wvem9uYWxlcy5xdWl0by5nb2IuZWNcL3dwLWNvbnRlbnRcL3VwbG9hZHNcL1ZpZGVvLUNhYmlsZG8tMjAyNS5tcDQiLCJhdXRvcGxheSI6IiIsIm1vZGFsT3B0aW9ucyI6eyJpZCI6ImVsZW1lbnRvci1saWdodGJveC03MTk4NjU0IiwiZW50cmFuY2VBbmltYXRpb24iOiIiLCJlbnRyYW5jZUFuaW1hdGlvbl90YWJsZXQiOiIiLCJlbnRyYW5jZUFuaW1hdGlvbl9tb2JpbGUiOiIiLCJ2aWRlb0FzcGVjdFJhdGlvIjoiMTY5In0sInZpZGVvUGFyYW1zIjp7ImNvbnRyb2xzIjoiIiwicHJlbG9hZCI6Im1ldGFkYXRhIiwiY29udHJvbHNMaXN0Ijoibm9kb3dubG9hZCJ9fQ%3D%3D\">\n\t\t\t\t\t\t\t\t\t\t\t<img decoding=\"async\" width=\"843\" height=\"596\" src=\"https:\/\/zonales.quito.gob.ec\/wp-content\/uploads\/Cabildo-Popular-2025.png\" class=\"attachment-full size-full wp-image-328024\" alt=\"\" srcset=\"https:\/\/zonales.quito.gob.ec\/wp-content\/uploads\/Cabildo-Popular-2025.png 843w, https:\/\/zonales.quito.gob.ec\/wp-content\/uploads\/Cabildo-Popular-2025-768x543.png 768w\" sizes=\"(max-width: 843px) 100vw, 843px\" \/>\t\t\t\t\t\t\t\t\t\t\t\t\t\t\t\t<div class=\"elementor-custom-embed-play\" role=\"button\" aria-label=\"Reproducir v\u00eddeo\" tabindex=\"0\">\n\t\t\t\t\t\t\t<svg aria-hidden=\"true\" class=\"e-font-icon-svg e-eicon-play\" viewBox=\"0 0 1000 1000\" xmlns=\"http:\/\/www.w3.org\/2000\/svg\"><path d=\"M838 162C746 71 633 25 500 25 371 25 258 71 163 162 71 254 25 367 25 500 25 633 71 746 163 837 254 929 367 979 500 979 633 979 746 933 838 837 929 746 975 633 975 500 975 367 929 254 838 162M808 192C892 279 933 379 933 500 933 621 892 725 808 808 725 892 621 938 500 938 379 938 279 896 196 808 113 725 67 621 67 500 67 379 108 279 196 192 279 108 383 62 500 62 621 62 721 108 808 192M438 392V642L642 517 438 392Z\"><\/path><\/svg>\t\t\t\t\t\t<\/div>\n\t\t\t\t\t\t\t\t\t<\/div>\n\t\t\t\t\t<\/div>\n\t\t\t\t\t\t<\/div>\n\t\t\t\t<\/div>\n\t\t\t\t<\/div>\n\t\t\t\t\t<\/div>\n\t\t\t\t<\/div>\n\t\t<div class=\"elementor-element elementor-element-9627c53 e-con-full e-flex e-con e-parent\" data-id=\"9627c53\" data-element_type=\"container\" data-settings=\"{&quot;background_background&quot;:&quot;classic&quot;}\">\n\t\t<div class=\"elementor-element elementor-element-e0da468 e-con-full e-flex e-con e-child\" data-id=\"e0da468\" data-element_type=\"container\" data-settings=\"{&quot;background_background&quot;:&quot;classic&quot;}\">\n\t\t\t\t<div class=\"elementor-element elementor-element-89179ca elementor-widget elementor-widget-heading\" data-id=\"89179ca\" data-element_type=\"widget\" data-widget_type=\"heading.default\">\n\t\t\t\t<div class=\"elementor-widget-container\">\n\t\t\t\t\t<h2 class=\"elementor-heading-title elementor-size-default\">Cronograma de sesiones informativas del cabildo en las Administraciones Zonales<\/h2>\t\t\t\t<\/div>\n\t\t\t\t<\/div>\n\t\t\t\t<div class=\"elementor-element elementor-element-f6efca6 elementor-widget elementor-widget-html\" data-id=\"f6efca6\" data-element_type=\"widget\" data-widget_type=\"html.default\">\n\t\t\t\t<div class=\"elementor-widget-container\">\n\t\t\t\t\t<div id=\"cronograma-minimal\">\r\n  <div class=\"cm-wrapper\">\r\n\r\n    <div class=\"cm-container\">\r\n\r\n      <!-- FILA 1 (5 TARJETAS) -->\r\n      <div class=\"cm-card\">\r\n        <h3>Calder\u00f3n<\/h3>\r\n        <p><span>Hora:<\/span> 15:00<\/p>\r\n        <p><span>Fecha:<\/span> 11-12-25<\/p>\r\n        <p><span>Lugar:<\/span> Casa Somos Carapungo<\/p>\r\n      <\/div>\r\n\r\n      <div class=\"cm-card\">\r\n        <h3>Eugenio Espejo<\/h3>\r\n        <p><span>Hora:<\/span> 16:00<\/p>\r\n        <p><span>Fecha:<\/span> 11-12-25<\/p>\r\n        <p><span>Lugar:<\/span> Auditorio Administraci\u00f3n Zonal<\/p>\r\n      <\/div>\r\n\r\n      <div class=\"cm-card\">\r\n        <h3>La Delicia<\/h3>\r\n        <p><span>Hora:<\/span> 18:00<\/p>\r\n        <p><span>Fecha:<\/span> 11-12-25<\/p>\r\n        <p><span>Lugar:<\/span> Casa Somos Cotocollao<\/p>\r\n      <\/div>\r\n\r\n      <div class=\"cm-card\">\r\n        <h3>Los Chillos<\/h3>\r\n        <p><span>Hora:<\/span> 16:00<\/p>\r\n        <p><span>Fecha:<\/span> 11-12-25<\/p>\r\n        <p><span>Lugar:<\/span> Auditorio Administraci\u00f3n Zonal<\/p>\r\n      <\/div>\r\n\r\n      <div class=\"cm-card\">\r\n        <h3>Tumbaco<\/h3>\r\n        <p><span>Hora:<\/span> 17:00<\/p>\r\n        <p><span>Fecha:<\/span> 11-12-25<\/p>\r\n        <p><span>Lugar:<\/span> Casa Somos Tumbaco<\/p>\r\n      <\/div>\r\n\r\n      <!-- FILA 2 (5 TARJETAS) -->\r\n      <div class=\"cm-card\">\r\n        <h3>Choc\u00f3 Andino<\/h3>\r\n        <p><span>Hora:<\/span> 9:30<\/p>\r\n        <p><span>Fecha:<\/span> 12-12-25<\/p>\r\n        <p><span>Lugar:<\/span> Casa Somos Nanegalito<\/p>\r\n      <\/div>\r\n\r\n      <div class=\"cm-card\">\r\n        <h3>Eloy Alfaro<\/h3>\r\n        <p><span>Hora:<\/span> 17:30<\/p>\r\n        <p><span>Fecha:<\/span> 12-12-25<\/p>\r\n        <p><span>Lugar:<\/span> Auditorio Administraci\u00f3n Zonal<\/p>\r\n      <\/div>\r\n\r\n      <div class=\"cm-card\">\r\n        <h3>Manuela S\u00e1enz<\/h3>\r\n        <p><span>Hora:<\/span> 17:00<\/p>\r\n        <p><span>Fecha:<\/span> 12-12-25<\/p>\r\n        <p><span>Lugar:<\/span> Sala Hugo Alem\u00e1n, Centro Cultural Metropolitano<\/p>\r\n      <\/div>\r\n\r\n      <div class=\"cm-card\">\r\n        <h3>La Mariscal<\/h3>\r\n        <p><span>Hora:<\/span> 10:00<\/p>\r\n        <p><span>Fecha:<\/span> 12-12-25<\/p>\r\n        <p><span>Lugar:<\/span> Auditorio Administraci\u00f3n Zonal<\/p>\r\n      <\/div>\r\n\r\n      <div class=\"cm-card\">\r\n        <h3>Quitumbe<\/h3>\r\n        <p><span>Hora:<\/span> 16:00<\/p>\r\n        <p><span>Fecha:<\/span> 12-12-25<\/p>\r\n        <p><span>Lugar:<\/span> Auditorio del Terminal Terrestre<\/p>\r\n      <\/div>\r\n\r\n    <\/div>\r\n\r\n  <\/div>\r\n<\/div>\r\n\r\n<style>\r\n#cronograma-minimal {\r\n  font-family: 'Montserrat', sans-serif;\r\n  padding: 40px 20px;\r\n  background: #fafafa;\r\n  display: flex;\r\n  justify-content: center;\r\n}\r\n\r\n.cm-wrapper {\r\n  width: 100%;\r\n  max-width: 1200px;\r\n}\r\n\r\n.cm-container {\r\n  display: grid;\r\n  grid-template-columns: repeat(5, 1fr); \/* 5 TARJETAS POR FILA *\/\r\n  gap: 22px;\r\n}\r\n\r\n.cm-card {\r\n  background: #ffffff;\r\n  border-radius: 12px;\r\n  padding: 20px 22px;\r\n  box-shadow: 0 3px 12px rgba(0,0,0,0.05);\r\n  transition: transform .2s ease, box-shadow .2s ease;\r\n  border: 1px solid #eaeaea;\r\n}\r\n\r\n.cm-card:hover {\r\n  transform: translateY(-4px);\r\n  box-shadow: 0 5px 18px rgba(0,0,0,0.08);\r\n}\r\n\r\n.cm-card h3 {\r\n  font-size: 18px;\r\n  font-weight: 600;\r\n  color: #1275bb;\r\n  margin-bottom: 12px;\r\n}\r\n\r\n.cm-card p {\r\n  margin: 4px 0;\r\n  font-size: 14.5px;\r\n  color: #444;\r\n}\r\n\r\n.cm-card p span {\r\n  font-weight: 600;\r\n  color: #000;\r\n}\r\n\r\n\/* RESPONSIVE *\/\r\n@media(max-width: 1024px) {\r\n  .cm-container {\r\n    grid-template-columns: repeat(3, 1fr); \/* 3 por fila *\/\r\n  }\r\n}\r\n\r\n@media(max-width: 768px) {\r\n  .cm-container {\r\n    grid-template-columns: repeat(2, 1fr); \/* 2 por fila *\/\r\n  }\r\n}\r\n\r\n@media(max-width: 480px) {\r\n  .cm-container {\r\n    grid-template-columns: 1fr; \/* 1 por fila *\/\r\n  }\r\n}\r\n<\/style>\r\n\t\t\t\t<\/div>\n\t\t\t\t<\/div>\n\t\t\t\t<\/div>\n\t\t\t\t<\/div>\n\t\t\t\t<section class=\"elementor-section elementor-top-section elementor-element elementor-element-8e95431 elementor-hidden-desktop elementor-hidden-tablet elementor-hidden-mobile elementor-section-boxed elementor-section-height-default elementor-section-height-default\" data-id=\"8e95431\" data-element_type=\"section\" data-settings=\"{&quot;background_background&quot;:&quot;classic&quot;}\">\n\t\t\t\t\t\t<div class=\"elementor-container elementor-column-gap-default\">\n\t\t\t\t\t<div class=\"elementor-column elementor-col-100 elementor-top-column elementor-element elementor-element-a35851b\" data-id=\"a35851b\" data-element_type=\"column\">\n\t\t\t<div class=\"elementor-widget-wrap elementor-element-populated\">\n\t\t\t\t\t\t<div class=\"elementor-element elementor-element-59e7d6a elementor-widget elementor-widget-heading\" data-id=\"59e7d6a\" data-element_type=\"widget\" data-widget_type=\"heading.default\">\n\t\t\t\t<div class=\"elementor-widget-container\">\n\t\t\t\t\t<h2 class=\"elementor-heading-title elementor-size-default\">Informaci\u00f3n Adicional<\/h2>\t\t\t\t<\/div>\n\t\t\t\t<\/div>\n\t\t\t\t<div class=\"elementor-element elementor-element-9c5c937 elementor-widget elementor-widget-text-editor\" data-id=\"9c5c937\" data-element_type=\"widget\" data-widget_type=\"text-editor.default\">\n\t\t\t\t<div class=\"elementor-widget-container\">\n\t\t\t\t\t\t\t\t\t<p>El Municipio de Quito, a trav\u00e9s de su Secretar\u00eda de Ambiente, aborda el cambio clim\u00e1tico como un desaf\u00edo clave para garantizar el bienestar de sus habitantes y preservar los recursos naturales. Este fen\u00f3meno, impulsado principalmente por actividades humanas como la quema de combustibles f\u00f3siles y la deforestaci\u00f3n, genera consecuencias graves como eventos clim\u00e1ticos extremos, deshielo de glaciares y afectaciones a la biodiversidad.<\/p><p>Quito cuenta con un Plan de Acci\u00f3n Clim\u00e1tica al 2050, enfocado en la reducci\u00f3n de emisiones de gases de efecto invernadero (GEI), la adaptaci\u00f3n a riesgos clim\u00e1ticos y la promoci\u00f3n de una transici\u00f3n hacia la sostenibilidad. Este plan se alinea al acuerdo de Par\u00eds y convenciones internacionales; y busca implementar soluciones concretas, como la descarbonizaci\u00f3n energ\u00e9tica, la creaci\u00f3n de barrios ecoeficientes y la mejora de la calidad de vida de los quite\u00f1os mediante iniciativas que incluyen empleos verdes y est\u00e1ndares urban\u00edsticos adaptados al clima.<\/p><p>La estrategia es el resultado de un esfuerzo multisectorial, apoyado por organizaciones internacionales como C40 y la gesti\u00f3n de la Alcald\u00eda. Estos pasos reafirman el compromiso de Quito como l\u00edder en la lucha contra el cambio clim\u00e1tico, promoviendo tanto la mitigaci\u00f3n de impactos como la adaptaci\u00f3n a nuevas condiciones ambientales para proteger a las comunidades y su entorno.<\/p>\t\t\t\t\t\t\t\t<\/div>\n\t\t\t\t<\/div>\n\t\t\t\t\t<\/div>\n\t\t<\/div>\n\t\t\t\t\t<\/div>\n\t\t<\/section>\n\t\t<div class=\"elementor-element elementor-element-3b92e9b e-flex e-con-boxed e-con e-parent\" data-id=\"3b92e9b\" data-element_type=\"container\" data-settings=\"{&quot;background_background&quot;:&quot;classic&quot;}\">\n\t\t\t\t\t<div class=\"e-con-inner\">\n\t\t\t\t<div class=\"elementor-element elementor-element-dbd6883 elementor-widget elementor-widget-heading\" data-id=\"dbd6883\" data-element_type=\"widget\" data-widget_type=\"heading.default\">\n\t\t\t\t<div class=\"elementor-widget-container\">\n\t\t\t\t\t<h2 class=\"elementor-heading-title elementor-size-default\">Documentaci\u00f3n <\/h2>\t\t\t\t<\/div>\n\t\t\t\t<\/div>\n\t\t\t\t<div class=\"elementor-element elementor-element-bc5c50e elementor-hidden-desktop elementor-hidden-tablet elementor-hidden-mobile elementor-widget elementor-widget-heading\" data-id=\"bc5c50e\" data-element_type=\"widget\" data-widget_type=\"heading.default\">\n\t\t\t\t<div class=\"elementor-widget-container\">\n\t\t\t\t\t<h1 class=\"elementor-heading-title elementor-size-default\">PLAN DE ACCI\u00d3N CAMBIO CLIM\u00c1TICO PACQ<\/h1>\t\t\t\t<\/div>\n\t\t\t\t<\/div>\n\t\t\t\t<div class=\"elementor-element elementor-element-259dfde elementor-widget elementor-widget-shortcode\" data-id=\"259dfde\" data-element_type=\"widget\" data-widget_type=\"shortcode.default\">\n\t\t\t\t<div class=\"elementor-widget-container\">\n\t\t\t\t\t\t\t<div class=\"elementor-shortcode\"><div class=\"_df_book df-lite\" id=\"df_335221\"  _slug=\"cabildo-2025\" data-title=\"cabildo-2025\" wpoptions=\"true\" thumbtype=\"\" ><\/div><script class=\"df-shortcode-script\" nowprocket type=\"application\/javascript\">window.option_df_335221 = {\"outline\":[],\"backgroundColor\":\"#ffff\",\"autoEnableOutline\":\"false\",\"autoEnableThumbnail\":\"false\",\"overwritePDFOutline\":\"false\",\"direction\":\"1\",\"pageSize\":\"0\",\"source\":\"https:\\\/\\\/zonales.quito.gob.ec\\\/wp-content\\\/uploads\\\/Cabildo-FINAL.pdf\",\"wpOptions\":\"true\"}; if(window.DFLIP && window.DFLIP.parseBooks){window.DFLIP.parseBooks();}<\/script><\/div>\n\t\t\t\t\t\t<\/div>\n\t\t\t\t<\/div>\n\t\t\t\t\t<\/div>\n\t\t\t\t<\/div>\n\t\t\t\t<\/div>\n\t\t","protected":false},"excerpt":{"rendered":"<p>Cabildo Popular 2025 Informaci\u00f3n Men\u00fa Inicio Informaci\u00f3n Participar Resultados Pol\u00edtica de protecci\u00f3n social para las ni\u00f1eces y juventudes \ud83d\uddd3\ufe0f Fecha del evento Lunes, 15 de diciembre de 2025 \ud83d\udccd Lugar del evento Centro de Exposiciones Quito, Auditorio Los Caras \u23f0 Hora del evento 17:00 https:\/\/zonales.quito.gob.ec\/wp-content\/uploads\/Video-Cabildo-2025.mp4 Cronograma de sesiones informativas del cabildo en las Administraciones Zonales [&hellip;]<\/p>\n","protected":false},"author":1,"featured_media":0,"parent":0,"menu_order":0,"comment_status":"closed","ping_status":"closed","template":"elementor_header_footer","meta":{"_monsterinsights_skip_tracking":false,"_monsterinsights_sitenote_active":false,"_monsterinsights_sitenote_note":"","_monsterinsights_sitenote_category":0,"footnotes":""},"class_list":["post-327946","page","type-page","status-publish","hentry"],"_links":{"self":[{"href":"https:\/\/zonales.quito.gob.ec\/index.php?rest_route=\/wp\/v2\/pages\/327946","targetHints":{"allow":["GET"]}}],"collection":[{"href":"https:\/\/zonales.quito.gob.ec\/index.php?rest_route=\/wp\/v2\/pages"}],"about":[{"href":"https:\/\/zonales.quito.gob.ec\/index.php?rest_route=\/wp\/v2\/types\/page"}],"author":[{"embeddable":true,"href":"https:\/\/zonales.quito.gob.ec\/index.php?rest_route=\/wp\/v2\/users\/1"}],"replies":[{"embeddable":true,"href":"https:\/\/zonales.quito.gob.ec\/index.php?rest_route=%2Fwp%2Fv2%2Fcomments&post=327946"}],"version-history":[{"count":127,"href":"https:\/\/zonales.quito.gob.ec\/index.php?rest_route=\/wp\/v2\/pages\/327946\/revisions"}],"predecessor-version":[{"id":337453,"href":"https:\/\/zonales.quito.gob.ec\/index.php?rest_route=\/wp\/v2\/pages\/327946\/revisions\/337453"}],"wp:attachment":[{"href":"https:\/\/zonales.quito.gob.ec\/index.php?rest_route=%2Fwp%2Fv2%2Fmedia&parent=327946"}],"curies":[{"name":"wp","href":"https:\/\/api.w.org\/{rel}","templated":true}]}}